{"id":11649,"date":"2016-08-30T11:32:45","date_gmt":"2016-08-30T11:32:45","guid":{"rendered":"https:\/\/www.justhvk.hu\/blog\/?page_id=11649"},"modified":"2026-04-29T12:52:33","modified_gmt":"2026-04-29T12:52:33","slug":"galeria-2","status":"publish","type":"page","link":"https:\/\/blog.justhvk.hu\/blog\/galeria-2\/","title":{"rendered":"Gal\u00e9ria"},"content":{"rendered":"<p><strong>2026<\/strong><\/p>\n<ul>\n<li><a href=\"https:\/\/blog.justhvk.hu\/blog\/2026-os-fotok\/nggallery\/album\/az-eotvos-iskola-2-c-osztalya-a-gyermekkonyvtarban-2026-aprilis-29\">Az E\u00f6tv\u00f6s iskola 2\/c oszt\u00e1lya a gyermekk\u00f6nyvt\u00e1rban &#8211; 2026. \u00e1prilis 29.<\/a><\/li>\n<li><a href=\"https:\/\/blog.justhvk.hu\/blog\/2026-os-fotok\/nggallery\/album\/rakoczitelepi-iskola-3-4-osztalyosai-a-gyermekkonyvtarban-2026-aprilis-29\">R\u00e1k\u00f3czitelepi iskola 3-4. oszt\u00e1lyosai a gyermekk\u00f6nyvt\u00e1rban &#8211; 2026. \u00e1prilis 29.<\/a><\/li>\n<li><a href=\"https:\/\/blog.justhvk.hu\/blog\/2026-os-fotok\/nggallery\/album\/a-szekacs-iskola-4-c-osztalyosai-a-gyermekkonyvtarban-2026-aprilis-27\">A Sz\u00e9k\u00e1cs iskola 4\/c oszt\u00e1lyosai a gyermekk\u00f6nyvt\u00e1rban &#8211; 2026. \u00e1prilis 27.<\/a><\/li>\n<li><a href=\"https:\/\/blog.justhvk.hu\/blog\/2026-os-fotok\/nggallery\/album\/19-gyoparka-tunder-mesemondo-verseny-2026-aprilis-25\">19. Gyop\u00e1rka T\u00fcnd\u00e9r mesemond\u00f3 verseny &#8211; 2026. \u00e1prilis 25.<\/a><\/li>\n<li><a href=\"https:\/\/blog.justhvk.hu\/blog\/2026-os-fotok\/nggallery\/album\/utazas-bibliai-tajakon-eloadassorozat-2026-aprilis-23\">Utaz\u00e1s bibliai t\u00e1jakon &#8211; el\u0151ad\u00e1ssorozat &#8211; 2026. \u00e1prilis 23.<\/a><\/li>\n<li><a href=\"https:\/\/blog.justhvk.hu\/blog\/2026-os-fotok\/nggallery\/album\/a-tancsics-gimnazium-6-8-osztalyosai-a-gyermekkonyvtarban-2026-aprilis-22\">A T\u00e1ncsics gimn\u00e1zium 6\/8 oszt\u00e1lyosai a gyermekk\u00f6nyvt\u00e1rban &#8211; 2026. \u00e1prilis 22.<\/a><\/li>\n<li><a href=\"https:\/\/blog.justhvk.hu\/blog\/2026-os-fotok\/nggallery\/album\/a-tancsics-gimnazium-7-8-osztalyosai-a-gyermekkonyvtarban-2026-aprilis-22\">A T\u00e1ncsics gimn\u00e1zium 7\/8 oszt\u00e1lyosai a gyermekk\u00f6nyvt\u00e1rban &#8211; 2026. \u00e1prilis 22.<\/a><\/li>\n<li><a href=\"https:\/\/blog.justhvk.hu\/blog\/2026-os-fotok\/nggallery\/album\/kond-utcai-ovisok-a-gyermekkonyvtarban-2026-aprilis-20\">K\u00f6nd utcai ovisok a gyermekk\u00f6nyvt\u00e1rban &#8211; 2026. \u00e1prilis 20.<\/a><\/li>\n<li><a href=\"https:\/\/blog.justhvk.hu\/blog\/2026-os-fotok\/nggallery\/album\/lepj-be-a-mesek-vilagaba-2026-aprilis-18\">L\u00e9pj be a mes\u00e9k vil\u00e1g\u00e1ba &#8211; 2026. \u00e1prilis 18.<\/a>&nbsp;<\/li>\n<li><a href=\"https:\/\/blog.justhvk.hu\/blog\/2026-os-fotok\/nggallery\/album\/a-vorosmarty-iskola-2-a-osztalyosai-a-gyermekkonyvtarban-2026-aprilis-17\">A V\u00f6r\u00f6smarty iskola 2\/a oszt\u00e1lyosai a gyermekk\u00f6nyvt\u00e1rban &#8211; 2026. \u00e1prilis 17.<\/a><\/li>\n<li><a href=\"https:\/\/blog.justhvk.hu\/blog\/2026-os-fotok\/nggallery\/album\/a-tancsics-gimnazium-5-8-osztalyosai-a-gyermekkonyvtarban-2026-aprilis-17\">A T\u00e1ncsics gimn\u00e1zium 5\/8 oszt\u00e1lyosai a gyermekk\u00f6nyvt\u00e1rban &#8211; 2026. \u00e1prilis 17.<\/a><\/li>\n<li><a href=\"https:\/\/blog.justhvk.hu\/blog\/2026-os-fotok\/nggallery\/album\/lelekvitamin-2026-aprilis-15\">L\u00e9lekVitamin &#8211; 2026 \u00e1prilis 15.<\/a><\/li>\n<li><a href=\"https:\/\/blog.justhvk.hu\/blog\/2026-os-fotok\/nggallery\/album\/az-eotvos-iskola-4-a-osztalyosai-a-gyermekkonyvtarban-2026-aprilis-15\">Az E\u00f6tv\u00f6s iskola 4\/a oszt\u00e1lyosai a gyermekk\u00f6nyvt\u00e1rban &#8211; 2026. \u00e1prilis 15.<\/a><\/li>\n<li><a href=\"https:\/\/blog.justhvk.hu\/blog\/2026-os-fotok\/nggallery\/album\/az-eotvos-iskola-3-a-osztalyosai-a-gyermekkonyvtarban-2026-aprilis-15\">Az E\u00f6tv\u00f6s iskola 3\/a oszt\u00e1lyosai a gyermekk\u00f6nyvt\u00e1rban &#8211; 2026. \u00e1prilis 15.<\/a><\/li>\n<li><a href=\"https:\/\/blog.justhvk.hu\/blog\/2026-os-fotok\/nggallery\/album\/a-vorosmarty-iskola-2-b-osztalyosai-a-gyermekkonyvtarban-2026-aprilis-13\">A V\u00f6r\u00f6smarty iskola 2\/b oszt\u00e1lyosai a gyermekk\u00f6nyvt\u00e1rban &#8211; 2026. \u00e1prilis 13.<\/a><\/li>\n<li><a href=\"https:\/\/blog.justhvk.hu\/blog\/2026-os-fotok\/nggallery\/album\/megzenesitett-es-kedvenc-versek-vendegunk-kormoczi-zoltan-2026-aprilis-9\">Megzen\u00e9s\u00edtett \u00e9s kedvenc versek &#8211; vend\u00e9g\u00fcnk K\u00f6rm\u00f6czi Zolt\u00e1n &#8211; 2026. \u00e1prilis 9.<\/a><\/li>\n<li><a href=\"https:\/\/blog.justhvk.hu\/blog\/2026-os-fotok\/nggallery\/album\/olvasokor-2026-aprilis-8\">Olvas\u00f3k\u00f6r 2026. \u00e1prilis 8.<\/a><\/li>\n<li><a href=\"https:\/\/blog.justhvk.hu\/blog\/2026-os-fotok\/nggallery\/album\/kreativ-konyvtari-delutan-felnotteknek-2026-aprilis-2\">Kreat\u00edv k\u00f6nyvt\u00e1ri d\u00e9lut\u00e1n feln\u0151tteknek &#8211; 2026. \u00e1prilis 2.<\/a><\/li>\n<li><a href=\"https:\/\/blog.justhvk.hu\/blog\/2026-os-fotok\/nggallery\/album\/husveti-jatszohaz-a-gyermekkonyvtarban-2026-aprilis-2\">H\u00fasv\u00e9ti j\u00e1tsz\u00f3h\u00e1z a gyermekk\u00f6nyvt\u00e1rban &#8211; 2026. \u00e1prilis 2.<\/a><\/li>\n<li><a href=\"https:\/\/blog.justhvk.hu\/blog\/2026-os-fotok\/nggallery\/album\/az-eotvos-iskola-1-b-osztalyosai-a-gyermekkonyvtarban-2026-marcius-31\">Az E\u00f6tv\u00f6s iskola 1\/b oszt\u00e1lyosai a gyermekk\u00f6nyvt\u00e1rban &#8211; 2026. m\u00e1rcius 31.<\/a><\/li>\n<li><a href=\"https:\/\/blog.justhvk.hu\/blog\/2026-os-fotok\/nggallery\/album\/a-reformatus-iskola-5-a-es-5-c-osztalyosai-a-gyermekkonyvtarban-2026-marcius-31\">A Reform\u00e1tus iskola 5\/a \u00e9s 5\/c oszt\u00e1lyosai a gyermekk\u00f6nyvt\u00e1rban &#8211; 2026. m\u00e1rcius 31.<\/a><\/li>\n<li><a href=\"https:\/\/blog.justhvk.hu\/blog\/2026-os-fotok\/nggallery\/album\/a-vorosmarty-iskola-2-a-osztalyosai-a-gyermekkonyvtarban-2026-marcius-31\">A V\u00f6r\u00f6smarty iskola 2\/a oszt\u00e1lyosai a gyermekk\u00f6nyvt\u00e1rban &#8211; 2026. m\u00e1rcius 31.<\/a><\/li>\n<li><a href=\"https:\/\/blog.justhvk.hu\/blog\/2026-os-fotok\/nggallery\/album\/az-eotvos-iskola-3-b-osztalyosai-a-gyermekkonyvtarban-2026-marcius-31\">Az E\u00f6tv\u00f6s iskola 3\/b oszt\u00e1lyosai a gyermekk\u00f6nyvt\u00e1rban &#8211; 2026. m\u00e1rcius 31.<\/a><\/li>\n<li><a href=\"https:\/\/blog.justhvk.hu\/blog\/2026-os-fotok\/nggallery\/album\/az-eotvos-iskola-2-b-osztalyosai-a-gyermekkonyvtarban-2026-marcius-30\">Az E\u00f6tv\u00f6s iskola 2\/b oszt\u00e1lyosai a gyermekk\u00f6nyvt\u00e1rban &#8211; 2026. m\u00e1rcius 30.<\/a><\/li>\n<li><a href=\"https:\/\/blog.justhvk.hu\/blog\/2026-os-fotok\/nggallery\/album\/az-eotvos-iskola-2-a-osztalyosai-a-gyermekkonyvtarban-2026-marcius-30\">Az E\u00f6tv\u00f6s iskola 2\/a oszt\u00e1lyosai a gyermekk\u00f6nyvt\u00e1rban &#8211; 2026. m\u00e1rcius 30.<\/a><\/li>\n<li><a href=\"https:\/\/blog.justhvk.hu\/blog\/2026-os-fotok\/nggallery\/album\/az-eotvos-iskola-1-a-osztalyosai-a-gyermekkonyvtarban-2026-marcius-30\">Az E\u00f6tv\u00f6s iskola 1\/a oszt\u00e1lyosai a gyermekk\u00f6nyvt\u00e1rban &#8211; 2026. m\u00e1rcius 30.<\/a><\/li>\n<li><a href=\"https:\/\/blog.justhvk.hu\/blog\/2026-os-fotok\/nggallery\/album\/fantasy-vilagok-angol-verseny-2026-marcius-28\">&#8222;Fantasy vil\u00e1gok&#8221; &#8211; angol verseny &#8211; 2026. m\u00e1rcius 28.<\/a><\/li>\n<li><a href=\"https:\/\/blog.justhvk.hu\/blog\/2026-os-fotok\/nggallery\/album\/a-vorosmarty-iskola-2-a-osztalyosai-a-gyermekkonyvtarban-2026-marcius-27\">A V\u00f6r\u00f6smarty iskola 2\/a oszt\u00e1lyosai a gyermekk\u00f6nyvt\u00e1rban &#8211; 2026. m\u00e1rcius 27.<\/a><\/li>\n<li><a href=\"https:\/\/blog.justhvk.hu\/blog\/2026-os-fotok\/nggallery\/album\/az-eotvos-iskola-1-c-osztalyosai-a-gyermekkonyvtarban-2026-marcius-26\">Az E\u00f6tv\u00f6s iskola 1\/c oszt\u00e1lyosai a gyermekk\u00f6nyvt\u00e1rban &#8211; 2026. m\u00e1rcius 26.<\/a><\/li>\n<li><a href=\"https:\/\/blog.justhvk.hu\/blog\/2026-os-fotok\/nggallery\/album\/moricz-ovisok-a-gyermekkonyvtarban-2026-marcius-26\">M\u00f3ricz ovisok a gyermekk\u00f6nyvt\u00e1rban &#8211; 2026. m\u00e1rcius 26.<\/a><\/li>\n<li><a href=\"https:\/\/blog.justhvk.hu\/blog\/2026-os-fotok\/nggallery\/album\/iro-olvaso-talalkozo-kollar-bettivel-2026-marcius-25\">\u00cdr\u00f3-olvas\u00f3 tal\u00e1lkoz\u00f3 Koll\u00e1r Bettivel &#8211; 2026. m\u00e1rcius 25.<\/a><\/li>\n<li><a href=\"https:\/\/blog.justhvk.hu\/blog\/2026-os-fotok\/nggallery\/album\/a-tancsics-gimnazium-8-8-osztalyosai-a-gyermekkonyvtarban-2026-marcius-25\">A T\u00e1ncsics gimn\u00e1zium 8\/8 oszt\u00e1lyosai a gyermekk\u00f6nyvt\u00e1rban &#8211; 2026. m\u00e1rcius 25.<\/a><\/li>\n<li><a href=\"https:\/\/blog.justhvk.hu\/blog\/2026-os-fotok\/nggallery\/album\/a-szekacs-iskola-4-c-osztalyosai-a-gyermekkonyvtarban-2026-marcius-25\">A Sz\u00e9k\u00e1cs iskola 4\/c oszt\u00e1lyosai a gyermekk\u00f6nyvt\u00e1rban &#8211; 2026. m\u00e1rcius 25.<\/a><\/li>\n<li><a href=\"https:\/\/blog.justhvk.hu\/blog\/2026-os-fotok\/nggallery\/album\/kond-utcai-ovisok-a-gyermekkonyvtarban-2026-marcius-25\">K\u00f6nd utcai ovisok a gyermekk\u00f6nyvt\u00e1rban &#8211; 2026. m\u00e1rcius 25.<\/a><\/li>\n<li><a href=\"https:\/\/blog.justhvk.hu\/blog\/2026-os-fotok\/nggallery\/album\/a-forras-ovi-kozepso-csoportosai-a-gyermekkonyvtarban-2026-marcius-24\">A Forr\u00e1s ovi k\u00f6z\u00e9ps\u0151 csoportosai a gyermekk\u00f6nyvt\u00e1rban &#8211; 2026. m\u00e1rcius 24.<\/a><\/li>\n<li><a href=\"https:\/\/blog.justhvk.hu\/blog\/2026-os-fotok\/nggallery\/album\/rakoczitelepi-2-osztalyosok-a-gyermekkonyvtarban-2026-marcius-23\">R\u00e1k\u00f3czitelepi 2. oszt\u00e1lyosok a gyermekk\u00f6nyvt\u00e1rban &#8211; 2026. m\u00e1rcius 23.<\/a><\/li>\n<li><a href=\"https:\/\/blog.justhvk.hu\/blog\/2026-os-fotok\/nggallery\/album\/a-forras-ovi-nagycsoportosai-a-gyermekkonyvtarban-2026-marcius-23\">A Forr\u00e1s ovi nagycsoportosai a gyermekk\u00f6nyvt\u00e1rban &#8211; 2026. m\u00e1rcius 23.<\/a><\/li>\n<li><a href=\"https:\/\/blog.justhvk.hu\/blog\/2026-os-fotok\/nggallery\/album\/utazas-bibliai-tajakon-eloadassorozat-2026-marcius-19\">Utaz\u00e1s bibliai t\u00e1jakon &#8211; el\u0151ad\u00e1ssorozat &#8211; 2026. m\u00e1rcius 19.<\/a><\/li>\n<li><a href=\"https:\/\/blog.justhvk.hu\/blog\/2026-os-fotok\/nggallery\/album\/lelekvitamin-2026-marcius-18\">L\u00e9lekVitamin &#8211; 2026. m\u00e1rcius 18.<\/a><\/li>\n<li><a href=\"https:\/\/blog.justhvk.hu\/blog\/2026-os-fotok\/nggallery\/album\/a-vorosmarty-iskola-szavaloversenye-a-gyermekkonyvtarban-2026-marcius-18\">A V\u00f6r\u00f6smarty iskola szaval\u00f3versenye a gyermekk\u00f6nyvt\u00e1rban &#8211; 2026. m\u00e1rcius 18.<\/a><\/li>\n<li><a href=\"https:\/\/blog.justhvk.hu\/blog\/2026-os-fotok\/nggallery\/album\/az-en-arckepcsarnokom-iro-olvaso-talalkozo-hars-gaborral-2026-marcius-17\">Az \u00e9n arck\u00e9pcsarnokom &#8211; \u00cdr\u00f3-olvas\u00f3 tal\u00e1lkoz\u00f3 H\u00e1rs G\u00e1borral &#8211; 2026. m\u00e1rcius 17.<\/a><\/li>\n<li><a href=\"https:\/\/blog.justhvk.hu\/blog\/2026-os-fotok\/nggallery\/album\/vakok-es-gyengenlatok-egyesulete-oroshazi-korzeti-csoportjanak-klubtalalkozoja-2026-marcius-17\">Vakok \u00e9s Gyeng\u00e9nl\u00e1t\u00f3k Egyes\u00fclete Orosh\u00e1zi K\u00f6rzeti Csoportj\u00e1nak klubtal\u00e1lkoz\u00f3ja &#8211; 2026. m\u00e1rcius 17.<\/a><\/li>\n<li><a href=\"https:\/\/blog.justhvk.hu\/blog\/2026-os-fotok\/nggallery\/album\/lapozz-velunk-olvasasnepszerusito-verseny-zaro-fordulo-2026-marcius-17\">Lapozz vel\u00fcnk! olvas\u00e1sn\u00e9pszer\u0171s\u00edt\u0151 verseny z\u00e1r\u00f3 fordul\u00f3 &#8211; 2026. m\u00e1rcius 17.<\/a><\/li>\n<li><a href=\"https:\/\/blog.justhvk.hu\/blog\/2026-os-fotok\/nggallery\/album\/a-vorosmarty-iskola-2-b-osztalyosai-a-gyermekkonyvtarban-2026-marcius-16\">A V\u00f6r\u00f6smarty iskola 2\/b oszt\u00e1lyosai a gyermekk\u00f6nyvt\u00e1rban &#8211; 2026. m\u00e1rcius 16.<\/a><\/li>\n<li><a href=\"https:\/\/blog.justhvk.hu\/blog\/2026-os-fotok\/nggallery\/album\/a-vorosmarty-iskola-3-b-osztalyosai-a-gyermekkonyvtarban-2026-marcius-13\">A V\u00f6r\u00f6smarty iskola 3\/b oszt\u00e1lyosai a gyermekk\u00f6nyvt\u00e1rban &#8211; 2026. m\u00e1rcius 13.<\/a>&nbsp;<\/li>\n<li><a href=\"https:\/\/blog.justhvk.hu\/blog\/2026-os-fotok\/nggallery\/album\/lehel-ovisok-a-gyermekkonyvtarban-2026-marcius-13\">Lehel ovisok a gyermekk\u00f6nyvt\u00e1rban &#8211; 2026. m\u00e1rcius 13.<\/a>&nbsp;<\/li>\n<li><a href=\"https:\/\/blog.justhvk.hu\/blog\/2026-os-fotok\/nggallery\/album\/bajcsy-ovisok-a-gyermekkonyvtarban-2026-marcius-12\">Bajcsy ovisok a gyermekk\u00f6nyvt\u00e1rban &#8211; 2026. m\u00e1rcius 12.<\/a><\/li>\n<li><a href=\"https:\/\/blog.justhvk.hu\/blog\/2026-os-fotok\/nggallery\/album\/olvasokor-2026-marcius-11\">Olvas\u00f3k\u00f6r &#8211; 2026. m\u00e1rcius 11.<\/a><\/li>\n<li><a href=\"https:\/\/blog.justhvk.hu\/blog\/2026-os-fotok\/nggallery\/album\/a-szekacs-iskola-4-c-osztalyosai-a-gyermekkonyvtarban-2026-marcius-9\">A Sz\u00e9k\u00e1cs iskola 4\/c oszt\u00e1lyosai a gyermekk\u00f6nyvt\u00e1rban &#8211; 2026. m\u00e1rcius 9.<\/a><\/li>\n<li><a href=\"https:\/\/blog.justhvk.hu\/blog\/2026-os-fotok\/nggallery\/album\/zilahi-anna-konyvbemutato-2026-marcius-6\">Zilahi Anna k\u00f6nyvbemutat\u00f3 &#8211; 2026. m\u00e1rcius 6.<\/a>&nbsp;<\/li>\n<li><a href=\"https:\/\/blog.justhvk.hu\/blog\/2026-os-fotok\/nggallery\/album\/a-reformatus-iskola-2-a-osztalyosai-a-gyermekkonyvtarban-2026-februar-27\">A Reform\u00e1tus iskola 2\/a oszt\u00e1lyosai a gyermekk\u00f6nyvt\u00e1rban &#8211; 2026. febru\u00e1r 27.<\/a>&nbsp;<\/li>\n<li><a href=\"https:\/\/blog.justhvk.hu\/blog\/2026-os-fotok\/nggallery\/album\/utazas-bibliai-tajakon-eloadassorozat-2026-februar-26\">Utaz\u00e1s bibliai t\u00e1jakon &#8211; el\u0151ad\u00e1ssorozat &#8211; 2026. febru\u00e1r 26.<\/a><\/li>\n<li><a href=\"https:\/\/blog.justhvk.hu\/blog\/2026-os-fotok\/nggallery\/album\/eotvos-ovisok-a-gyermekkonyvtarban-2026-februar-26\">E\u00f6tv\u00f6s ovisok a gyermekk\u00f6nyvt\u00e1rban &#8211; 2026. febru\u00e1r 26.<\/a><\/li>\n<li><a href=\"https:\/\/blog.justhvk.hu\/blog\/2026-os-fotok\/nggallery\/album\/tanuljunk-eletul-konyvbemutato-2026-februar-25\">Tanuljunk \u00c9let\u00fcl k\u00f6nyvbemutat\u00f3 \u2013 2026. febru\u00e1r 25.<\/a><\/li>\n<li><a href=\"https:\/\/blog.justhvk.hu\/blog\/2026-os-fotok\/nggallery\/album\/eotvos-ovisok-a-gyermekkonyvtarban-2026-februar-25\">E\u00f6tv\u00f6s ovisok a gyermekk\u00f6nyvt\u00e1rban &#8211; 2026. febru\u00e1r 25.<\/a><\/li>\n<li><a href=\"https:\/\/blog.justhvk.hu\/blog\/2026-os-fotok\/nggallery\/album\/a-vorosmarty-iskola-1-b-osztalyosai-a-gyermekkonyvtarban-2026-februar-24\">A V\u00f6r\u00f6smarty iskola 1\/b oszt\u00e1lyosai a gyermekk\u00f6nyvt\u00e1rban &#8211; 2026. febru\u00e1r 24.<\/a><\/li>\n<li><a href=\"https:\/\/blog.justhvk.hu\/blog\/2026-os-fotok\/nggallery\/album\/a-vorosmarty-iskola-2-a-osztalyosai-a-gyermekkonyvtarban-2026-februar-20\">A V\u00f6r\u00f6smarty iskola 2\/a oszt\u00e1lyosai a gyermekk\u00f6nyvt\u00e1rban &#8211; 2026. febru\u00e1r 20.<\/a><\/li>\n<li><a href=\"https:\/\/blog.justhvk.hu\/blog\/2026-os-fotok\/nggallery\/album\/lelekvitamin-2026-februar-18\">L\u00e9lekVitamin &#8211; 2026. febru\u00e1r 18.<\/a><\/li>\n<li><a href=\"https:\/\/blog.justhvk.hu\/blog\/2026-os-fotok\/nggallery\/album\/nyugdijasok-egyesulete-barati-klubjanak-foglalkozasa-2026-februar-17\">Nyugd\u00edjasok Egyes\u00fclete Bar\u00e1ti Klubj\u00e1nak foglalkoz\u00e1sa &#8211; 2026. febru\u00e1r 17.<\/a><\/li>\n<li><a href=\"https:\/\/blog.justhvk.hu\/blog\/2026-os-fotok\/nggallery\/album\/vakok-es-gyengenlatok-egyesulete-oroshazi-korzeti-csoportjanak-klubtalalkozoja-2026-februar-17\">Vakok \u00e9s Gyeng\u00e9nl\u00e1t\u00f3k Egyes\u00fclete Orosh\u00e1zi K\u00f6rzeti Csoportj\u00e1nak klubtal\u00e1lkoz\u00f3ja &#8211; 2026. febru\u00e1r 17.<\/a><\/li>\n<li><a href=\"https:\/\/blog.justhvk.hu\/blog\/2026-os-fotok\/nggallery\/album\/25-justh-zsigmond-szavaloverseny-2026-februar-16\">25. Justh Zsigmond szaval\u00f3verseny \u2013 2026. febru\u00e1r 16.<\/a>&nbsp;<\/li>\n<li><a href=\"https:\/\/blog.justhvk.hu\/blog\/2026-os-fotok\/nggallery\/album\/farsangi-jatszohaz-a-gyermekkonyvtarban-2025-februar-13\">Farsangi j\u00e1tsz\u00f3h\u00e1z a gyermekk\u00f6nyvt\u00e1rban &#8211; 2025. febru\u00e1r 13.<\/a><\/li>\n<li><a href=\"https:\/\/blog.justhvk.hu\/blog\/2026-os-fotok\/nggallery\/album\/a-huseg-kodja-2026-februar-12\">A h\u0171s\u00e9g k\u00f3dja &#8211; 2026. febru\u00e1r 12.<\/a>&nbsp;<\/li>\n<li><a href=\"https:\/\/blog.justhvk.hu\/blog\/2026-os-fotok\/nggallery\/album\/olvasokor-2026-februar-11\">Olvas\u00f3k\u00f6r &#8211; 2026. febru\u00e1r 11.<\/a><\/li>\n<li><a href=\"https:\/\/blog.justhvk.hu\/blog\/2026-os-fotok\/nggallery\/album\/lehel-ovisok-a-gyermekkonyvtarban-2026-februar-11\">Lehel ovisok a gyermekk\u00f6nyvt\u00e1rban &#8211; 2026. febru\u00e1r 11.<\/a><\/li>\n<li><a href=\"https:\/\/blog.justhvk.hu\/blog\/2026-os-fotok\/nggallery\/album\/a-szekacs-iskola-4-c-osztalyosai-a-gyermekkonyvtarban-2026-februar-9\">A Sz\u00e9k\u00e1cs iskola 4\/c oszt\u00e1lyosai a gyermekk\u00f6nyvt\u00e1rban &#8211; 2026. febru\u00e1r 9.<\/a><\/li>\n<li><a href=\"https:\/\/blog.justhvk.hu\/blog\/2026-os-fotok\/nggallery\/album\/kazinczy-verseny-2026-februar-5\">Kazinczy-verseny &#8211; 2026. febru\u00e1r 5.<\/a>&nbsp;<\/li>\n<li><a href=\"https:\/\/blog.justhvk.hu\/blog\/2026-os-fotok\/nggallery\/album\/kond-utcai-ovisok-a-gyermekkonyvtarban-2026-februar-4\">K\u00f6nd utcai ovisok a gyermekk\u00f6nyvt\u00e1rban &#8211; 2026. febru\u00e1r 4.<\/a><\/li>\n<li><a href=\"https:\/\/blog.justhvk.hu\/blog\/2026-os-fotok\/nggallery\/album\/ekember-dokumentumfilm-bemutato-michnay-laszlo-es-tarsai-emlekere-2026-februar-3\">\u00c9kember &#8211; dokumentumfilm bemutat\u00f3 Michnay L\u00e1szl\u00f3 \u00e9s t\u00e1rsai eml\u00e9k\u00e9re &#8211; 2026. febru\u00e1r 3.<\/a><\/li>\n<li><a href=\"https:\/\/blog.justhvk.hu\/blog\/2026-os-fotok\/nggallery\/album\/a-vorosmarty-iskola-2-b-osztalyosai-a-gyermekkonyvtarban-2026-februar-2\">A V\u00f6r\u00f6smarty iskola 2\/b oszt\u00e1lyosai a gyermekk\u00f6nyvt\u00e1rban &#8211; 2026. febru\u00e1r 2.<\/a><\/li>\n<li><a href=\"https:\/\/blog.justhvk.hu\/blog\/2026-os-fotok\/nggallery\/album\/forras-ovisok-a-gyermekkonyvtarban-2026-februar-2\">Forr\u00e1s ovisok a gyermekk\u00f6nyvt\u00e1rban &#8211; 2026. febru\u00e1r 2.<\/a><\/li>\n<li><a href=\"https:\/\/blog.justhvk.hu\/blog\/2026-os-fotok\/nggallery\/album\/lapozz-velunk-a-tancsics-gimnazium-9-d-osztalyosai-a-gyermekkonyvtarban-2026-januar-30\">Lapozz vel\u00fcnk! &#8211; A T\u00e1ncsics gimn\u00e1zium 9\/d oszt\u00e1lyosai a gyermekk\u00f6nyvt\u00e1rban &#8211; 2026. janu\u00e1r 30.<\/a><\/li>\n<li><a href=\"https:\/\/blog.justhvk.hu\/blog\/2026-os-fotok\/nggallery\/album\/lapozz-velunk-a-tancsics-gimnazium-9-8-osztalyosai-a-gyermekkonyvtarban-2026-januar-30\">Lapozz vel\u00fcnk! &#8211; A T\u00e1ncsics gimn\u00e1zium 9\/8 oszt\u00e1lyosai a gyermekk\u00f6nyvt\u00e1rban &#8211; 2026. janu\u00e1r 30.<\/a><\/li>\n<li><a href=\"https:\/\/blog.justhvk.hu\/blog\/2026-os-fotok\/nggallery\/album\/utazas-bibliai-tajakon-eloadassorozat-2026-januar-29\">Utaz\u00e1s bibliai t\u00e1jakon &#8211; el\u0151ad\u00e1ssorozat &#8211; 2026. janu\u00e1r 29.<\/a><\/li>\n<li><a href=\"https:\/\/blog.justhvk.hu\/blog\/2026-os-fotok\/nggallery\/album\/lapozz-velunk-a-tancsics-gimnazium-8-8-osztalyosai-a-gyermekkonyvtarban-2026-januar-29\">Lapozz vel\u00fcnk! &#8211; A T\u00e1ncsics gimn\u00e1zium 8\/8 oszt\u00e1lyosai a gyermekk\u00f6nyvt\u00e1rban &#8211; 2026. janu\u00e1r 29.<\/a><\/li>\n<li><a href=\"https:\/\/blog.justhvk.hu\/blog\/2026-os-fotok\/nggallery\/album\/eotvos-ovisok-a-gyermekkonyvtarban-2026-januar-29\">E\u00f6tv\u00f6s ovisok a gyermekk\u00f6nyvt\u00e1rban &#8211; 2026. janu\u00e1r 29.<\/a><\/li>\n<li><a href=\"https:\/\/blog.justhvk.hu\/blog\/2026-os-fotok\/nggallery\/album\/lapozz-velunk-a-tancsics-gimnazium-9-b-osztalyosai-a-gyermekkonyvtarban-2026-januar-27\">Lapozz vel\u00fcnk! &#8211; A T\u00e1ncsics gimn\u00e1zium 9\/b oszt\u00e1lyosai a gyermekk\u00f6nyvt\u00e1rban &#8211; 2026. janu\u00e1r 27.<\/a><\/li>\n<li><a href=\"https:\/\/blog.justhvk.hu\/blog\/2026-os-fotok\/nggallery\/album\/lapozz-velunk-a-tancsics-gimnazium-9-a-osztalyosai-a-gyermekkonyvtarban-2026-januar-27\">Lapozz vel\u00fcnk! &#8211; A T\u00e1ncsics gimn\u00e1zium 9\/a oszt\u00e1lyosai a gyermekk\u00f6nyvt\u00e1rban &#8211; 2026. janu\u00e1r 27.<\/a><\/li>\n<li><a href=\"https:\/\/blog.justhvk.hu\/blog\/2026-os-fotok\/nggallery\/album\/lelekvitamin-2026-januar-21\">L\u00e9lekVitamin &#8211; 2026. janu\u00e1r 21.<\/a><\/li>\n<li><a href=\"https:\/\/blog.justhvk.hu\/blog\/2026-os-fotok\/nggallery\/album\/leltar-varga-zoltan-szerzoi-estje-a-konyvtarban-2025-januar-20\">Lelt\u00e1r &#8211; Varga Zolt\u00e1n szerz\u0151i estje a k\u00f6nyvt\u00e1rban &#8211; 2025. janu\u00e1r 20.<\/a><\/li>\n<li><a href=\"https:\/\/blog.justhvk.hu\/blog\/2026-os-fotok\/nggallery\/album\/vakok-es-gyengenlatok-egyesulete-oroshazi-korzeti-csoportjanak-klubtalalkozoja-2026-januar-20\">Vakok \u00e9s Gyeng\u00e9nl\u00e1t\u00f3k Egyes\u00fclete Orosh\u00e1zi K\u00f6rzeti Csoportj\u00e1nak klubtal\u00e1lkoz\u00f3ja &#8211; 2026. janu\u00e1r 20.<\/a><\/li>\n<li><a href=\"https:\/\/blog.justhvk.hu\/blog\/2026-os-fotok\/nggallery\/album\/a-vorosmarty-iskola-2-b-osztalyosai-a-gyermekkonyvtarban-2026-januar-19\">A V\u00f6r\u00f6smarty iskola 2\/b oszt\u00e1lyosai a gyermekk\u00f6nyvt\u00e1rban &#8211; 2026. janu\u00e1r 19.<\/a><\/li>\n<li><a href=\"https:\/\/blog.justhvk.hu\/blog\/2026-os-fotok\/nggallery\/album\/a-vorosmarty-iskola-2-a-osztalyosai-a-gyermekkonyvtarban-2026-januar-16\">A V\u00f6r\u00f6smarty iskola 2\/a oszt\u00e1lyosai a gyermekk\u00f6nyvt\u00e1rban &#8211; 2026. janu\u00e1r 16.<\/a><\/li>\n<li><a href=\"https:\/\/blog.justhvk.hu\/blog\/2026-os-fotok\/nggallery\/album\/a-vorosmarty-iskola-3-b-osztalyosai-a-gyermekkonyvtarban-2026-januar-10\">A V\u00f6r\u00f6smarty iskola 3\/b oszt\u00e1lyosai a gyermekk\u00f6nyvt\u00e1rban &#8211; 2026. janu\u00e1r 10.<\/a><\/li>\n<\/ul>\n<p><strong>2025<\/strong><\/p>\n<ul>\n<li><a href=\"https:\/\/blog.justhvk.hu\/blog\/2025-os-fotok\/nggallery\/album\/kon-tiki-zenekar-jotekonysagi-koncertje-2025-december-22\">Kon-Tiki zenekar j\u00f3t\u00e9konys\u00e1gi koncertje &#8211; 2025. december 22.<\/a>&nbsp;<\/li>\n<li><a href=\"https:\/\/blog.justhvk.hu\/blog\/2025-os-fotok\/nggallery\/album\/karacsonyi-jatszohaz-a-gyermekkonyvtarban-2025-december-22\">Kar\u00e1csonyi j\u00e1tsz\u00f3h\u00e1z a gyermekk\u00f6nyvt\u00e1rban &#8211; 2025. december 22.<\/a><\/li>\n<li><a href=\"https:\/\/blog.justhvk.hu\/blog\/2025-os-fotok\/nggallery\/album\/utazas-bibliai-tajakon-eloadassorozat-2025-december-18\">Utaz\u00e1s bibliai t\u00e1jakon &#8211; el\u0151ad\u00e1ssorozat &#8211; 2025. december 18.<\/a><\/li>\n<li><a href=\"https:\/\/blog.justhvk.hu\/blog\/2025-os-fotok\/nggallery\/album\/lelekvitamin-klub-talalkozo-2025-december-18\">L\u00e9lekVitamin Klub tal\u00e1lkoz\u00f3 &#8211; 2025. december 18.<\/a><\/li>\n<li><a href=\"https:\/\/blog.justhvk.hu\/blog\/2025-os-fotok\/nggallery\/album\/a-vorosmarty-iskola-1-b-osztalyosai-a-gyermekkonyvtarban-2025-december-17\">A V\u00f6r\u00f6smarty iskola 1\/b oszt\u00e1lyosai a gyermekk\u00f6nyvt\u00e1rban &#8211; 2025. december 17.<\/a><\/li>\n<li><a href=\"https:\/\/blog.justhvk.hu\/blog\/2025-os-fotok\/nggallery\/album\/a-vorosmarty-iskola-2-a-osztalyosai-a-gyermekkonyvtarban-2025-december-17\">A V\u00f6r\u00f6smarty iskola 2\/a oszt\u00e1lyosai a gyermekk\u00f6nyvt\u00e1rban &#8211; 2025. december 17.<\/a><\/li>\n<li><a href=\"https:\/\/blog.justhvk.hu\/blog\/2025-os-fotok\/nggallery\/album\/a-tancsics-gimnazium-5-8-osztalyosai-a-gyermekkonyvtarban-2025-december-17\">A T\u00e1ncsics gimn\u00e1zium 5\/8 oszt\u00e1lyosai a gyermekk\u00f6nyvt\u00e1rban &#8211; 2025. december 17.<\/a><\/li>\n<li><a href=\"https:\/\/blog.justhvk.hu\/blog\/2025-os-fotok\/nggallery\/album\/franko-tunde-konyvbemutatoja-2025-december-16\">Frank\u00f3 T\u00fcnde k\u00f6nyvbemutat\u00f3ja &#8211; 2025. december 16.<\/a><\/li>\n<li><a href=\"https:\/\/blog.justhvk.hu\/blog\/2025-os-fotok\/nggallery\/album\/vakok-es-gyengenlatok-egyesulete-oroshazi-korzeti-csoportjanak-klubtalalkozoja-2025-december-16\">Vakok \u00e9s Gyeng\u00e9nl\u00e1t\u00f3k Egyes\u00fclete Orosh\u00e1zi K\u00f6rzeti Csoportj\u00e1nak klubtal\u00e1lkoz\u00f3ja &#8211; 2025. december 16.<\/a><\/li>\n<li><a href=\"https:\/\/blog.justhvk.hu\/blog\/2025-os-fotok\/nggallery\/album\/az-eotvos-iskola-1-a-osztalyosai-a-gyermekkonyvtarban-2025-december-15\">Az E\u00f6tv\u00f6s iskola 1\/a. oszt\u00e1lyosai a gyermekk\u00f6nyvt\u00e1rban &#8211; 2025. december 15.<\/a><\/li>\n<li><a href=\"https:\/\/blog.justhvk.hu\/blog\/2025-os-fotok\/nggallery\/album\/a-vorosmarty-iskola-3-b-osztalyosai-a-gyermekkonyvtarban-2025-december-13\">A V\u00f6r\u00f6smarty iskola 3\/b oszt\u00e1lyosai a gyermekk\u00f6nyvt\u00e1rban &#8211; 2025. december 13.<\/a><\/li>\n<li><a href=\"https:\/\/blog.justhvk.hu\/blog\/2025-os-fotok\/nggallery\/album\/bodai-beata-panka-nagyapam-es-en-cimu-konyvenek-bemutatoja-2025-december-12\">B\u00f3dai Be\u00e1ta: Panka &#8211; Nagyap\u00e1m \u00e9s \u00e9n c\u00edm\u0171 k\u00f6nyv\u00e9nek bemutat\u00f3ja &#8211; 2025. december 12.<\/a><\/li>\n<li><a href=\"https:\/\/blog.justhvk.hu\/blog\/2025-os-fotok\/nggallery\/album\/kond-utcai-ovisok-a-gyermekkonyvtarban-2025-december-12\">K\u00f6nd utcai ovisok a gyermekk\u00f6nyvt\u00e1rban &#8211; 2025. december 12.<\/a><\/li>\n<li><a href=\"https:\/\/blog.justhvk.hu\/blog\/2025-os-fotok\/nggallery\/album\/a-szekacs-iskola-3-c-osztalyosai-a-gyermekkonyvtarban-2025-december-11\">A Sz\u00e9k\u00e1cs iskola 3\/c. oszt\u00e1lyosai a gyermekk\u00f6nyvt\u00e1rban &#8211; 2025. december 11.<\/a><\/li>\n<li><a href=\"https:\/\/blog.justhvk.hu\/blog\/2025-os-fotok\/nggallery\/album\/olvasokor-2025-december-10\">Olvas\u00f3k\u00f6r &#8211; 2025. december 10.<\/a><\/li>\n<li><a href=\"https:\/\/blog.justhvk.hu\/blog\/2025-os-fotok\/nggallery\/album\/a-vorosmarty-iskola-2-b-osztalyosai-a-gyermekkonyvtarba-2025-december-8\">A<\/a><a href=\"https:\/\/blog.justhvk.hu\/blog\/2025-os-fotok\/nggallery\/album\/a-vorosmarty-iskola-2-b-osztalyosai-a-gyermekkonyvtarba-2025-december-8\"> V\u00f6r\u00f6smarty iskola 2\/b oszt\u00e1lyosai a gyermekk\u00f6nyvt\u00e1rba &#8211; 2025. december 8.<\/a><\/li>\n<li><a href=\"https:\/\/blog.justhvk.hu\/blog\/2025-os-fotok\/nggallery\/album\/bajcsy-ovisok-a-gyermekkonyvtarban-2025-december-8\">Bajcsy ovisok a gyermekk\u00f6nyvt\u00e1rban &#8211; 2025. december 8.<\/a><\/li>\n<li><a href=\"https:\/\/blog.justhvk.hu\/blog\/2025-os-fotok\/nggallery\/album\/hattyugyermek-tanmesei-kreativ-csaladi-foglalkozas-2025-december-6\">Hatty\u00fagyermek tanmes\u00e9i: Kreat\u00edv csal\u00e1di foglalkoz\u00e1s &#8211; 2025. december 6.<\/a><\/li>\n<li><a href=\"https:\/\/blog.justhvk.hu\/blog\/2025-os-fotok\/nggallery\/album\/ferencz-melania-konyvbemutato-2025-december-4\">Ferencz Mel\u00e1nia k\u00f6nyvbemutat\u00f3 &#8211; 2025. december 4.<\/a>&nbsp;<\/li>\n<li><a href=\"https:\/\/blog.justhvk.hu\/blog\/2025-os-fotok\/nggallery\/album\/lapozz-velunk-a-szekacs-iskola-7-b-osztalyosai-a-gyermekkonyvtarban-2025-december-4\">Lapozz vel\u00fcnk! &#8211; A Sz\u00e9k\u00e1cs iskola 7\/b oszt\u00e1lyosai a gyermekk\u00f6nyvt\u00e1rban &#8211; 2025. december 4.<\/a><\/li>\n<li><a href=\"https:\/\/blog.justhvk.hu\/blog\/2025-os-fotok\/nggallery\/album\/kond-utcai-ovisok-a-gyermekkonyvtarban-2025-december-1\">K\u00f6nd utcai ovisok a gyermekk\u00f6nyvt\u00e1rban &#8211; 2025. december 1.<\/a><\/li>\n<li><a href=\"https:\/\/blog.justhvk.hu\/blog\/2025-os-fotok\/nggallery\/album\/a-vorosmarty-iskola-2-a-osztalyosai-a-gyermekkonyvtarban-2025-november-28\">A V\u00f6r\u00f6smarty iskola 2\/a. oszt\u00e1lyosai a gyermekk\u00f6nyvt\u00e1rban &#8211; 2025. november 28.<\/a><\/li>\n<li><a href=\"https:\/\/blog.justhvk.hu\/blog\/2025-os-fotok\/nggallery\/album\/lapozz-velunk-a-szekacs-iskola-9-a-osztalyosai-a-gyermekkonyvtarban-2025-november-28\">Lapozz vel\u00fcnk! &#8211; A Sz\u00e9k\u00e1cs iskola 9\/a oszt\u00e1lyosai a gyermekk\u00f6nyvt\u00e1rban &#8211; 2025. november 28.<\/a><\/li>\n<li><a href=\"https:\/\/blog.justhvk.hu\/blog\/2025-os-fotok\/nggallery\/album\/koteles-lajos-konyvbemutatoja-2025-november-27\">K\u00f6teles Lajos k\u00f6nyvbemutat\u00f3ja &#8211; 2025. november 27.<\/a>&nbsp;<\/li>\n<li><a href=\"https:\/\/blog.justhvk.hu\/blog\/2025-os-fotok\/nggallery\/album\/lapozz-velunk-a-szekacs-iskola-8-a-osztalyosai-a-gyermekkonyvtarban-2025-november-27\">Lapozz vel\u00fcnk! &#8211; A Sz\u00e9k\u00e1cs iskola 8\/a oszt\u00e1lyosai a gyermekk\u00f6nyvt\u00e1rban &#8211; 2025. november 27.<\/a><\/li>\n<li><a href=\"https:\/\/blog.justhvk.hu\/blog\/2025-os-fotok\/nggallery\/album\/lapozz-velunk-a-szekacs-iskola-8-b-osztalyosai-a-gyermekkonyvtarban-2025-november-26\">Lapozz vel\u00fcnk! &#8211; A Sz\u00e9k\u00e1cs iskola 8\/b oszt\u00e1lyosai a gyermekk\u00f6nyvt\u00e1rban &#8211; 2025. november 26.<\/a><\/li>\n<li><a href=\"https:\/\/blog.justhvk.hu\/blog\/2025-os-fotok\/nggallery\/album\/a-szekacs-iskola-4-c-osztalyosai-a-gyermekkonyvtarban-2025-november-24\">A Sz\u00e9k\u00e1cs iskola 4\/c. oszt\u00e1lyosai a gyermekk\u00f6nyvt\u00e1rban &#8211; 2025. november 24.<\/a><\/li>\n<li><a href=\"https:\/\/blog.justhvk.hu\/blog\/2025-os-fotok\/nggallery\/album\/utazas-bibliai-tajakon-a-sinai-pusztaban-2025-november-20\">Utaz\u00e1s bibliai t\u00e1jakon &#8211; A S\u00ednai puszt\u00e1ban &#8211; 2025. november 20.<\/a>&nbsp;<\/li>\n<li><a href=\"https:\/\/blog.justhvk.hu\/blog\/2025-os-fotok\/nggallery\/album\/lelekvitamin-klub-talalkozo-2025-november-20\">L\u00e9lekVitamin Klub tal\u00e1lkoz\u00f3 &#8211; 2025. november 19.<\/a><\/li>\n<li><a href=\"https:\/\/blog.justhvk.hu\/blog\/2025-os-fotok\/nggallery\/album\/a-tancsics-gimnazium-8-8-osztalyosai-a-gyermekkonyvtarban-2025-november-19\">A T\u00e1ncsics gimn\u00e1zium 8\/8 oszt\u00e1lyosai a gyermekk\u00f6nyvt\u00e1rban &#8211; 2025. november 19.<\/a>&nbsp;<\/li>\n<li><a href=\"https:\/\/blog.justhvk.hu\/blog\/2025-os-fotok\/nggallery\/album\/vakok-es-gyengenlatok-egyesulete-oroshazi-korzeti-csoportjanak-klubtalalkozoja-2025-november-18\">Vakok \u00e9s Gyeng\u00e9nl\u00e1t\u00f3k Egyes\u00fclete Orosh\u00e1zi K\u00f6rzeti Csoportj\u00e1nak klubtal\u00e1lkoz\u00f3ja &#8211; 2025. november 18.<\/a><\/li>\n<li><a href=\"https:\/\/blog.justhvk.hu\/blog\/2025-os-fotok\/nggallery\/album\/kudlik-julia-konyvbemutatoja-2025-november-17\">Kudlik J\u00falia k\u00f6nyvbemutat\u00f3ja &#8211; 2025. november 17.<\/a><\/li>\n<li><a href=\"https:\/\/blog.justhvk.hu\/blog\/2025-os-fotok\/nggallery\/album\/transzgeneracios-orokseg-a-betegsegek-teren-eloadas-2025-november-14\">Transzgener\u00e1ci\u00f3s \u00f6r\u00f6ks\u00e9g a betegs\u00e9gek ter\u00e9n &#8211; el\u0151ad\u00e1s &#8211; 2025. november 14.<\/a><\/li>\n<li><a href=\"https:\/\/blog.justhvk.hu\/blog\/2025-os-fotok\/nggallery\/album\/a-szekacs-iskola-3-c-osztalyosai-a-gyermekkonyvtarban-2025-november-13\">A Sz\u00e9k\u00e1cs iskola 3\/c. oszt\u00e1lyosai a gyermekk\u00f6nyvt\u00e1rban &#8211; 2025. november 13.<\/a><\/li>\n<li><a href=\"https:\/\/blog.justhvk.hu\/blog\/2025-os-fotok\/nggallery\/album\/olvasokor-2025-november-12\">Olvas\u00f3k\u00f6r &#8211; 2025. november 12.<\/a><\/li>\n<li><a href=\"https:\/\/blog.justhvk.hu\/blog\/2025-os-fotok\/nggallery\/album\/a-tancsics-gimnazium-5-8-osztalyosai-a-gyermekkonyvtarban-2025-november-12\">A T\u00e1ncsics gimn\u00e1zium 5\/8 oszt\u00e1lyosai a gyermekk\u00f6nyvt\u00e1rban &#8211; 2025. november 12.<\/a><\/li>\n<li><a href=\"https:\/\/blog.justhvk.hu\/blog\/2025-os-fotok\/nggallery\/album\/a-vorosmarty-iskola-2-b-osztalyosai-a-gyermekkonyvtarban-2025-november-10\">A V\u00f6r\u00f6smarty iskola 2\/b. oszt\u00e1lyosai a gyermekk\u00f6nyvt\u00e1rban &#8211; 2025. november 10.<\/a><\/li>\n<li><a href=\"https:\/\/blog.justhvk.hu\/blog\/2025-os-fotok\/nggallery\/album\/kond-utcai-ovi-ficanka-csoportja-a-gyermekkonyvtarban-2025-november-10\">K\u00f6nd utcai ovi Fic\u00e1nka csoportja a gyermekk\u00f6nyvt\u00e1rban &#8211; 2025. november 10.<\/a><\/li>\n<li><a href=\"https:\/\/blog.justhvk.hu\/blog\/2025-os-fotok\/nggallery\/album\/az-eotvos-iskola-1-b-osztalyosai-a-gyermekkonyvtarban-2025-november-6\">Az E\u00f6tv\u00f6s iskola 1\/b. oszt\u00e1lyosai a gyermekk\u00f6nyvt\u00e1rban &#8211; 2025. november 6.<\/a><\/li>\n<li><a href=\"https:\/\/blog.justhvk.hu\/blog\/2025-os-fotok\/nggallery\/album\/az-eotvos-iskola-4-a-osztalyosai-a-gyermekkonyvtarban-2025-november-5\">Az E\u00f6tv\u00f6s iskola 4\/a. oszt\u00e1lyosai a gyermekk\u00f6nyvt\u00e1rban &#8211; 2025. november 5.<\/a><\/li>\n<li><a href=\"https:\/\/blog.justhvk.hu\/blog\/2025-os-fotok\/nggallery\/album\/az-eotvos-iskola-2-b-osztalyosai-a-gyermekkonyvtarban-2025-november-3\">Az E\u00f6tv\u00f6s iskola 2\/b. oszt\u00e1lyosai a gyermekk\u00f6nyvt\u00e1rban &#8211; 2025. november 3.<\/a><\/li>\n<li><a href=\"https:\/\/blog.justhvk.hu\/blog\/2025-os-fotok\/nggallery\/album\/utazas-bibliai-tajakon-egyiptom-titkai-2025-oktober-30\">Utaz\u00e1s bibliai t\u00e1jakon &#8211; Egyiptom titkai &#8211; 2025. okt\u00f3ber 30.<\/a><\/li>\n<li><a href=\"https:\/\/blog.justhvk.hu\/blog\/2025-os-fotok\/nggallery\/album\/oszi-kezmuves-foglalkozas-a-gyermekkonyvtarban-2025-oktober-30\">\u0150szi k\u00e9zm\u0171ves foglalkoz\u00e1s a gyermekk\u00f6nyvt\u00e1rban &#8211; 2025. okt\u00f3ber 30.<\/a><\/li>\n<li><a href=\"https:\/\/blog.justhvk.hu\/blog\/2025-os-fotok\/nggallery\/album\/a-reformatus-iskola-6-osztalyosai-a-gyermekkonyvtarban-2025-oktober-22\">A reform\u00e1tus iskola 6. oszt\u00e1lyosai a gyermekk\u00f6nyvt\u00e1rban &#8211; 2025. okt\u00f3ber 22.<\/a><\/li>\n<li><a href=\"https:\/\/blog.justhvk.hu\/blog\/2025-os-fotok\/nggallery\/album\/a-reformatus-iskola-5-osztalyosai-a-gyermekkonyvtarban-2025-oktober-22\">A reform\u00e1tus iskola 5. oszt\u00e1lyosai a gyermekk\u00f6nyvt\u00e1rban &#8211; 2025. okt\u00f3ber 22.<\/a><\/li>\n<li><a href=\"https:\/\/blog.justhvk.hu\/blog\/2025-os-fotok\/nggallery\/album\/lapozz-velunk-a-reformatus-iskola-8-osztalyosai-a-gyermekkonyvtarban-2025-oktober-21\">Lapozz vel\u00fcnk! &#8211; A reform\u00e1tus iskola 8. oszt\u00e1lyosai a gyermekk\u00f6nyvt\u00e1rban &#8211; 2025. okt\u00f3ber 21.<\/a><\/li>\n<li><a href=\"https:\/\/blog.justhvk.hu\/blog\/2025-os-fotok\/nggallery\/album\/lapozz-velunk-a-reformatus-iskola-7-osztalyosai-a-gyermekkonyvtarban-2025-oktober-21\">Lapozz vel\u00fcnk! &#8211; A reform\u00e1tus iskola 7. oszt\u00e1lyosai a gyermekk\u00f6nyvt\u00e1rban &#8211; 2025. okt\u00f3ber 21.<\/a><\/li>\n<li><a href=\"https:\/\/blog.justhvk.hu\/blog\/2025-os-fotok\/nggallery\/album\/vakok-es-gyengenlatok-egyesulete-oroshazi-korzeti-csoportjanak-klubtalalkozoja-2025-oktober-21\">Vakok \u00e9s Gyeng\u00e9nl\u00e1t\u00f3k Egyes\u00fclete Orosh\u00e1zi K\u00f6rzeti Csoportj\u00e1nak klubtal\u00e1lkoz\u00f3ja &#8211; 2025. okt\u00f3ber 21.<\/a><\/li>\n<li><a href=\"https:\/\/blog.justhvk.hu\/blog\/2025-os-fotok\/nggallery\/album\/a-szekacs-iskola-4-c-osztalyosai-a-gyermekkonyvtarban-2025-oktober-20\">A Sz\u00e9k\u00e1cs iskola 4\/c. oszt\u00e1lyosai a gyermekk\u00f6nyvt\u00e1rban &#8211; 2025. okt\u00f3ber 20.<\/a><\/li>\n<li><a href=\"https:\/\/blog.justhvk.hu\/blog\/2025-os-fotok\/nggallery\/album\/a-czina-iskola-5-es-7-osztalyosai-a-gyermekkonyvtarban-2025-oktober-18\">A Czina iskola 5. \u00e9s 7. oszt\u00e1lyosai a gyermekk\u00f6nyvt\u00e1rban &#8211; 2025. okt\u00f3ber 18.<\/a><\/li>\n<li><a href=\"https:\/\/blog.justhvk.hu\/blog\/2025-os-fotok\/nggallery\/album\/a-szekacs-iskola-6-osztalyosai-a-gyermekkonyvtarban-2025-oktober-18\">A Sz\u00e9k\u00e1cs iskola 6. oszt\u00e1lyosai a gyermekk\u00f6nyvt\u00e1rban &#8211; 2025. okt\u00f3ber 18.<\/a><\/li>\n<li><a href=\"https:\/\/blog.justhvk.hu\/blog\/2025-os-fotok\/nggallery\/album\/a-vorosmarty-iskola-2-a-osztalyosai-a-gyermekkonyvtarban-2025-oktober-17\">A V\u00f6r\u00f6smarty iskola 2\/a. oszt\u00e1lyosai a gyermekk\u00f6nyvt\u00e1rban &#8211; 2025. okt\u00f3ber 17.<\/a><\/li>\n<li><a href=\"https:\/\/blog.justhvk.hu\/blog\/2025-os-fotok\/nggallery\/album\/a-szekacs-iskola-3-c-osztalyosai-a-gyermekkonyvtarban-2025-oktober-16\">A Sz\u00e9k\u00e1cs iskola 3\/c. oszt\u00e1lyosai a gyermekk\u00f6nyvt\u00e1rban &#8211; 2025. okt\u00f3ber 16.<\/a><\/li>\n<li><a href=\"https:\/\/blog.justhvk.hu\/blog\/2025-os-fotok\/nggallery\/album\/az-eotvos-iskola-3-b-osztalyosai-a-gyermekkonyvtarban-2025-oktober-16\">Az E\u00f6tv\u00f6s iskola 3\/b. oszt\u00e1lyosai a gyermekk\u00f6nyvt\u00e1rban &#8211; 2025. okt\u00f3ber 16.<\/a><\/li>\n<li><a href=\"https:\/\/blog.justhvk.hu\/blog\/2025-os-fotok\/nggallery\/album\/lelekvitamin-2025-oktober-15\">L\u00e9lekVitamin &#8211; 2025. okt\u00f3ber 15.<\/a><\/li>\n<li><a href=\"https:\/\/blog.justhvk.hu\/blog\/2025-os-fotok\/nggallery\/album\/bajcsy-ovisok-a-gyermekkonyvtarban-2025-oktober-15\">Bajcsy ovisok a gyermekk\u00f6nyvt\u00e1rban &#8211; 2025. okt\u00f3ber 15.<\/a><\/li>\n<li><a href=\"https:\/\/blog.justhvk.hu\/blog\/2025-os-fotok\/nggallery\/album\/az-eotvos-iskola-3-a-osztalyosai-a-gyermekkonyvtarban-2025-oktober-14\">Az E\u00f6tv\u00f6s iskola 3\/a. oszt\u00e1lyosai a gyermekk\u00f6nyvt\u00e1rban &#8211; 2025. okt\u00f3ber 14.<\/a><\/li>\n<li><a href=\"https:\/\/blog.justhvk.hu\/blog\/2025-os-fotok\/nggallery\/album\/a-szekacs-ovi-halacska-csoportja-a-gyermekkonyvtarban-2025-oktober-14\">A Sz\u00e9k\u00e1cs ovi Halacska csoportja a gyermekk\u00f6nyvt\u00e1rban &#8211; 2025. okt\u00f3ber 14.<\/a><\/li>\n<li><a href=\"https:\/\/blog.justhvk.hu\/blog\/2025-os-fotok\/nggallery\/album\/a-vorosmarty-iskola-2-b-osztalyosai-a-gyermekkonyvtarban-2025-oktober-13\">A V\u00f6r\u00f6smarty iskola 2\/b. oszt\u00e1lyosai a gyermekk\u00f6nyvt\u00e1rban &#8211; 2025. okt\u00f3ber 13.<\/a><\/li>\n<li><a href=\"https:\/\/blog.justhvk.hu\/blog\/2025-os-fotok\/nggallery\/album\/az-eotvos-iskola-2-a-osztalyosai-a-gyermekkonyvtarban-2025-oktober-13\">Az E\u00f6tv\u00f6s iskola 2\/a. oszt\u00e1lyosai a gyermekk\u00f6nyvt\u00e1rban &#8211; 2025. okt\u00f3ber 13.<\/a><\/li>\n<li><a href=\"https:\/\/blog.justhvk.hu\/blog\/2025-os-fotok\/nggallery\/album\/kerekpartura-gadorosra-2025-oktober-11\">Ker\u00e9kp\u00e1rt\u00fara G\u00e1dorosra &#8211; 2025. okt\u00f3ber 11.<\/a><\/li>\n<li><a href=\"https:\/\/blog.justhvk.hu\/blog\/2025-os-fotok\/nggallery\/album\/az-uzsoki-utcai-ovoda-nagycsoportosai-a-gyermekkonyvtarban-2025-oktober-10\">Az Uzsoki utcai \u00f3voda nagycsoportosai a gyermekk\u00f6nyvt\u00e1rban &#8211; 2025. okt\u00f3ber 10.<\/a><\/li>\n<li><a href=\"https:\/\/blog.justhvk.hu\/blog\/2025-os-fotok\/nggallery\/album\/olvasokor-2025-oktober-8\">Olvas\u00f3k\u00f6r &#8211; 2025. okt\u00f3ber 8.<\/a><\/li>\n<li><a href=\"https:\/\/blog.justhvk.hu\/blog\/2025-os-fotok\/nggallery\/album\/a-moricz-ovi-kozepso-csoportosai-a-gyermekkonyvtarban-2025-oktober-8\">A M\u00f3ricz ovi k\u00f6z\u00e9ps\u0151 csoportosai a gyermekk\u00f6nyvt\u00e1rban &#8211; 2025. okt\u00f3ber 8.<\/a><\/li>\n<li><a href=\"https:\/\/blog.justhvk.hu\/blog\/2025-os-fotok\/nggallery\/album\/micsoda-anyak-voltak-iro-olvaso-talalkozo-budai-lottival-2025-oktober-7\">Micsoda any\u00e1k voltak! &#8211; \u00edr\u00f3-olvas\u00f3 tal\u00e1lkoz\u00f3 Budai Lottival &#8211; 2025. okt\u00f3ber 7.<\/a><\/li>\n<li><a href=\"https:\/\/blog.justhvk.hu\/blog\/2025-os-fotok\/nggallery\/album\/salamon-ferenc-konyvbemutato-2025-oktober-6\">Salamon Ferenc k\u00f6nyvbemutat\u00f3 &#8211; 2025. okt\u00f3ber 6.<\/a><\/li>\n<li><a href=\"https:\/\/blog.justhvk.hu\/blog\/2025-os-fotok\/nggallery\/album\/a-vorosmarty-iskola-5-a-osztalyosai-a-gyermekkonyvtarban-2025-oktober-6\">A V\u00f6r\u00f6smarty iskola 5\/a. oszt\u00e1lyosai a gyermekk\u00f6nyvt\u00e1rban &#8211; 2025. okt\u00f3ber 6.<\/a><\/li>\n<li><a href=\"https:\/\/blog.justhvk.hu\/blog\/2025-os-fotok\/nggallery\/album\/szemuvegkolcsonzo-atado-2025-oktober-6\">Szem\u00fcvegk\u00f6lcs\u00f6nz\u0151 \u00e1tad\u00f3 &#8211; 2025. okt\u00f3ber 6.<\/a><\/li>\n<li><a href=\"https:\/\/blog.justhvk.hu\/blog\/2025-os-fotok\/nggallery\/album\/a-moricz-ovi-katica-csoportja-a-gyermekkonyvtarban-2025-oktober-3\">A M\u00f3ricz ovi Katica csoportja a gyermekk\u00f6nyvt\u00e1rban &#8211; 2025. okt\u00f3ber 3.<\/a><\/li>\n<li><a href=\"https:\/\/blog.justhvk.hu\/blog\/2025-os-fotok\/nggallery\/album\/az-oroshazi-madrigal-korus-hangversenye-2025-oktober-2\">Az orosh\u00e1zi Madrig\u00e1l k\u00f3rus hangversenye &#8211; 2025. okt\u00f3ber 2.<\/a>&nbsp;<\/li>\n<li><a href=\"https:\/\/blog.justhvk.hu\/blog\/2025-os-fotok\/nggallery\/album\/kardoskuti-ovodasok-a-gyermekkonyvtarban-2025-oktober-2\">Kardosk\u00fati \u00f3vod\u00e1sok a gyermekk\u00f6nyvt\u00e1rban &#8211; 2025. okt\u00f3ber 2.<\/a><\/li>\n<li><a href=\"https:\/\/blog.justhvk.hu\/blog\/2025-os-fotok\/nggallery\/album\/nepmese-napja-a-rakoczitelepi-iskola-2-osztalyosaival-2025-szeptember-30\">N\u00e9pmese napja a R\u00e1k\u00f3czitelepi iskola 2. oszt\u00e1lyosaival &#8211; 2025. szeptember 30.<\/a><\/li>\n<li><a href=\"https:\/\/blog.justhvk.hu\/blog\/2025-os-fotok\/nggallery\/album\/nepmese-napja-a-lehel-utcai-ovoda-mokus-es-pillango-csoporttal-2025-szeptember-30\">N\u00e9pmese napja a Lehel utcai \u00f3voda M\u00f3kus \u00e9s Pillang\u00f3 csoporttal &#8211; 2025. szeptember 30.<\/a><\/li>\n<li><a href=\"https:\/\/blog.justhvk.hu\/blog\/2025-os-fotok\/nggallery\/album\/palyaorientacios-nap-vorosmarty-iskola-3-b-2025-szeptember-29\">P\u00e1lyaorient\u00e1ci\u00f3s nap &#8211; V\u00f6r\u00f6smarty iskola 3.b &#8211; 2025. szeptember 29.<\/a><\/li>\n<li><a href=\"https:\/\/blog.justhvk.hu\/blog\/2025-os-fotok\/nggallery\/album\/palyaorientacios-nap-vorosmarty-iskola-5-b-2025-szeptember-29\">P\u00e1lyaorient\u00e1ci\u00f3s nap &#8211; V\u00f6r\u00f6smarty iskola 5.b &#8211; 2025. szeptember 29.<\/a><\/li>\n<li><a href=\"https:\/\/blog.justhvk.hu\/blog\/2025-os-fotok\/nggallery\/album\/palyaorientacios-nap-vorosmarty-iskola-1-b-2025-szeptember-29\">P\u00e1lyaorient\u00e1ci\u00f3s nap &#8211; V\u00f6r\u00f6smarty iskola 1.b &#8211; 2025. szeptember 29.<\/a><\/li>\n<li><a href=\"https:\/\/blog.justhvk.hu\/blog\/2025-os-fotok\/nggallery\/album\/palyaorientacios-nap-vorosmarty-iskola-5-a-2025-szeptember-29\">P\u00e1lyaorient\u00e1ci\u00f3s nap &#8211; V\u00f6r\u00f6smarty iskola 5.a &#8211; 2025. szeptember 29.<\/a><\/li>\n<li><a href=\"https:\/\/blog.justhvk.hu\/blog\/2025-os-fotok\/nggallery\/album\/lelekvitamin-2025-szeptember-24\">L\u00e9lekVitamin &#8211; 2025. szeptember 24.<\/a><\/li>\n<li><a href=\"https:\/\/blog.justhvk.hu\/blog\/2025-os-fotok\/nggallery\/album\/a-moricz-ovi-nagycsoportosai-a-gyermekkonyvtarban-2025-szeptember-24\">A M\u00f3ricz ovi nagycsoportosai a gyermekk\u00f6nyvt\u00e1rban &#8211; 2025. szeptember 24.<\/a><\/li>\n<li><a href=\"https:\/\/blog.justhvk.hu\/blog\/2025-os-fotok\/nggallery\/album\/a-szekacs-iskola-4-c-osztalyosai-a-gyermekkonyvtarban-2025-szeptember-22\">A Sz\u00e9k\u00e1cs iskola 4\/c. oszt\u00e1lyosai a gyermekk\u00f6nyvt\u00e1rban &#8211; 2025. szeptember 22.<\/a><\/li>\n<li><a href=\"https:\/\/blog.justhvk.hu\/blog\/2025-os-fotok\/nggallery\/album\/nagy-tunde-gyogyito-tortenetek-konyvbemutato-es-eloadas-2025-szeptember-19\">Nagy T\u00fcnde: Gy\u00f3gy\u00edt\u00f3 t\u00f6rt\u00e9netek &#8211; k\u00f6nyvbemutat\u00f3 \u00e9s el\u0151ad\u00e1s &#8211; 2025. szeptember 19.<\/a><\/li>\n<li><a href=\"https:\/\/blog.justhvk.hu\/blog\/2025-os-fotok\/nggallery\/album\/a-vorosmarty-iskola-2-a-osztalyosai-a-gyermekkonyvtarban-2025-szeptember-19\">A V\u00f6r\u00f6smarty iskola 2\/a. oszt\u00e1lyosai a gyermekk\u00f6nyvt\u00e1rban &#8211; 2025. szeptember 19.<\/a><\/li>\n<li><a href=\"https:\/\/blog.justhvk.hu\/blog\/2025-os-fotok\/nggallery\/album\/a-szekacs-iskola-3-c-osztalyosai-a-gyermekkonyvtarban-2025-szeptember-18\">A Sz\u00e9k\u00e1cs iskola 3\/c. oszt\u00e1lyosai a gyermekk\u00f6nyvt\u00e1rban &#8211; 2025. szeptember 18.<\/a><\/li>\n<li><a href=\"https:\/\/blog.justhvk.hu\/blog\/2025-os-fotok\/nggallery\/album\/a-vorosmarty-iskola-2-b-osztalyosai-a-gyermekkonyvtarban-2025-szeptember-15\">A V\u00f6r\u00f6smarty iskola 2\/b. oszt\u00e1lyosai a gyermekk\u00f6nyvt\u00e1rban &#8211; 2025. szeptember 15.<\/a><\/li>\n<li><a href=\"https:\/\/blog.justhvk.hu\/blog\/2025-os-fotok\/nggallery\/album\/ivanyi-szabolcs-konyvbemutatoja-2025-szeptember-13\">Iv\u00e1nyi Szabolcs k\u00f6nyvbemutat\u00f3ja &#8211; 2025. szeptember 13.<\/a>&nbsp;<\/li>\n<li><a href=\"https:\/\/blog.justhvk.hu\/blog\/2025-os-fotok\/nggallery\/album\/olvasokor-2025-szeptember-10\">Olvas\u00f3k\u00f6r &#8211; 2025. szeptember 10.<\/a><\/li>\n<li><a href=\"https:\/\/blog.justhvk.hu\/blog\/2025-os-fotok\/nggallery\/album\/vakok-es-gyengenlatok-egyesulete-oroshazi-korzeti-csoportjanak-klubtalalkozoja-2025-augusztus-19\">Vakok \u00e9s Gyeng\u00e9nl\u00e1t\u00f3k Egyes\u00fclete Orosh\u00e1zi K\u00f6rzeti Csoportj\u00e1nak klubtal\u00e1lkoz\u00f3ja &#8211; 2025. augusztus 19.<\/a><\/li>\n<li><a href=\"https:\/\/blog.justhvk.hu\/blog\/2025-os-fotok\/nggallery\/album\/a-csaladsegito-altal-szervezett-nyari-gyerektabor-a-gyermekkonyvtarban-2025-augusztus-18\">A csal\u00e1dseg\u00edt\u0151 \u00e1ltal szervezett ny\u00e1ri gyerekt\u00e1bor a gyermekk\u00f6nyvt\u00e1rban &#8211; 2025. augusztus 18.<\/a><\/li>\n<li><a href=\"https:\/\/blog.justhvk.hu\/blog\/2025-os-fotok\/nggallery\/album\/kezilabda-taboros-gyerekek-a-gyermekkonyvtarban-2025-augusztus-11\">K\u00e9zilabda t\u00e1boros gyerekek a gyermekk\u00f6nyvt\u00e1rban &#8211; 2025. augusztus 11.<\/a><\/li>\n<li><a href=\"https:\/\/blog.justhvk.hu\/blog\/2025-os-fotok\/nggallery\/album\/nyari-jatszohaz-a-gyermekkonyvtarban-2025-augusztus-4-8\">Ny\u00e1ri j\u00e1tsz\u00f3h\u00e1z a gyermekk\u00f6nyvt\u00e1rban &#8211; 2025. augusztus 4-8.<\/a><\/li>\n<li><a href=\"https:\/\/blog.justhvk.hu\/blog\/2025-os-fotok\/nggallery\/album\/nyari-jatszohaz-a-gyermekkonyvtarban-2025-junius-30-julius-4\">Ny\u00e1ri j\u00e1tsz\u00f3h\u00e1z a gyermekk\u00f6nyvt\u00e1rban &#8211; 2025. j\u00fanius 30.-j\u00falius 4.<\/a><\/li>\n<li><a href=\"https:\/\/blog.justhvk.hu\/blog\/2025-os-fotok\/nggallery\/album\/klarinetest-szabados-toth-laszlo-es-szabados-toth-gabor-musora-2025-junius-26\">Klarin\u00e9test: Szabados-T\u00f3th L\u00e1szl\u00f3 \u00e9s Szabados-T\u00f3th G\u00e1bor m\u0171sora &#8211; 2025. j\u00fanius 26.<\/a><\/li>\n<li><a href=\"https:\/\/blog.justhvk.hu\/blog\/2025-os-fotok\/nggallery\/album\/strandkonyvtar-2025-junius-23\">Strandk\u00f6nyvt\u00e1r &#8211; 2025. j\u00fanius 23.<\/a>&nbsp;<\/li>\n<li><a href=\"https:\/\/blog.justhvk.hu\/blog\/2025-os-fotok\/nggallery\/album\/lelekvitamin-2025-junius-18\">L\u00e9lekVitamin &#8211; 2025. J\u00fanius 18.<\/a><\/li>\n<li><a href=\"https:\/\/blog.justhvk.hu\/blog\/2025-os-fotok\/nggallery\/album\/a-szekacs-iskola-4-osztalyosai-a-gyermekkonyvtarban-2025-junius-16\">A Sz\u00e9k\u00e1cs iskola 4. oszt\u00e1lyosai a gyermekk\u00f6nyvt\u00e1rban &#8211; 2025. j\u00fanius 16.<\/a><\/li>\n<li><a href=\"https:\/\/blog.justhvk.hu\/blog\/2025-os-fotok\/nggallery\/album\/petrus-marta-kaoszbol-szerelem-cimu-konyvenek-bemutatoja-2025-junius-13\">Petrus M\u00e1rta K\u00e1oszb\u00f3l szerelem c\u00edm\u0171 k\u00f6nyv\u00e9nek bemutat\u00f3ja &#8211; 2025. j\u00fanius 13.<\/a><\/li>\n<li><a href=\"https:\/\/blog.justhvk.hu\/blog\/2025-os-fotok\/nggallery\/album\/moricz-ovisok-a-gyermekkonyvtarban-2025-junius-12\">M\u00f3ricz ovisok a gyermekk\u00f6nyvt\u00e1rban &#8211; 2025. j\u00fanius 12.<\/a><\/li>\n<li><a href=\"https:\/\/blog.justhvk.hu\/blog\/2025-os-fotok\/nggallery\/album\/olvasokor-2025-junius-11\">Olvas\u00f3k\u00f6r &#8211; 2025. j\u00fanius 11.<\/a><\/li>\n<li><a href=\"https:\/\/blog.justhvk.hu\/blog\/2025-os-fotok\/nggallery\/album\/a-vorosmarty-iskola-2-b-osztalyosai-a-gyermekkonyvtarban-2025-junius-10\">A V\u00f6r\u00f6smarty iskola 2\/b oszt\u00e1lyosai a gyermekk\u00f6nyvt\u00e1rban &#8211; 2025. j\u00fanius 10.<\/a><\/li>\n<li><a href=\"https:\/\/blog.justhvk.hu\/blog\/2025-os-fotok\/nggallery\/album\/nyari-katalin-kuzdj-boldogan-es-sebkonyv-cimu-konyveinek-bemutatoja-2025-junius-5\">Ny\u00e1ri Katalin K\u00fczdj, boldogan! \u00e9s Sebk\u00f6nyv c\u00edm\u0171 k\u00f6nyveinek bemutat\u00f3ja &#8211; 2025. j\u00fanius 5.<\/a><\/li>\n<li><a href=\"https:\/\/blog.justhvk.hu\/blog\/2025-os-fotok\/nggallery\/album\/a-vorosmarty-iskola-2-b-osztalyosai-a-gyermekkonyvtarban-2025-majus-27\">A V\u00f6r\u00f6smarty iskola 2\/b oszt\u00e1lyosai a gyermekk\u00f6nyvt\u00e1rban &#8211; 2025. m\u00e1jus 27.<\/a><\/li>\n<li><a href=\"https:\/\/blog.justhvk.hu\/blog\/2025-os-fotok\/nggallery\/album\/a-vorosmarty-iskola-3-b-osztalyosai-a-gyermekkonyvtarban-2025-majus-27\">A V\u00f6r\u00f6smarty iskola 3\/b oszt\u00e1lyosai a gyermekk\u00f6nyvt\u00e1rban &#8211; 2025. m\u00e1jus 27.<\/a><\/li>\n<li><a href=\"https:\/\/blog.justhvk.hu\/blog\/2025-os-fotok\/nggallery\/album\/peking-sanghaj-gellert-maria-uti-beszamoloja-2025-majus-26\">Peking &#8211; Sanghaj. Gell\u00e9rt M\u00e1ria \u00fati besz\u00e1mol\u00f3ja &#8211; 2025. m\u00e1jus 26.<\/a><\/li>\n<li><a href=\"https:\/\/blog.justhvk.hu\/blog\/2025-os-fotok\/nggallery\/album\/a-vorosmarty-iskola-1-a-osztalyosai-a-gyermekkonyvtarban-2025-majus-23\">A V\u00f6r\u00f6smarty iskola 1\/a oszt\u00e1lyosai a gyermekk\u00f6nyvt\u00e1rban &#8211; 2025. m\u00e1jus 23.<\/a><\/li>\n<li><a href=\"https:\/\/blog.justhvk.hu\/blog\/2025-os-fotok\/nggallery\/album\/lelekvitamin-2025-majus-21\">L\u00e9lekVitamin &#8211; 2025. m\u00e1jus 21.<\/a><\/li>\n<li><a href=\"https:\/\/blog.justhvk.hu\/blog\/2025-os-fotok\/nggallery\/album\/a-tancsics-gimnazium-8-8-osztalyosai-a-gyermekkonyvtarban-2025-majus-21\">A T\u00e1ncsics gimn\u00e1zium 8\/8. oszt\u00e1lyosai a gyermekk\u00f6nyvt\u00e1rban &#8211; 2025. m\u00e1jus 21.<\/a><\/li>\n<li><a href=\"https:\/\/blog.justhvk.hu\/blog\/2025-os-fotok\/nggallery\/album\/a-vorosmarty-iskola-4-a-es-4-b-osztalyosai-a-gyermekkonyvtarban-2025-majus-17\">A V\u00f6r\u00f6smarty iskola 4\/a \u00e9s 4\/b oszt\u00e1lyosai a gyermekk\u00f6nyvt\u00e1rban &#8211; 2025. m\u00e1jus 17.<\/a><\/li>\n<li><a href=\"https:\/\/blog.justhvk.hu\/blog\/2025-os-fotok\/nggallery\/album\/nem-az-a-punk-aki-2-2025-majus-15\">&#8222;Nem az a punk, aki&#8230; 2.&#8221; &#8211; 2025. m\u00e1jus 15.<\/a>&nbsp;<\/li>\n<li><a href=\"https:\/\/blog.justhvk.hu\/blog\/2025-os-fotok\/nggallery\/album\/olvasokor-2025-majus-14\">Olvas\u00f3k\u00f6r &#8211; 2025. m\u00e1jus 14.<\/a><\/li>\n<li><a href=\"https:\/\/blog.justhvk.hu\/blog\/2025-os-fotok\/nggallery\/album\/olvasoklub-a-szekacs-iskola-diakjaival-2025-majus-14\">Olvas\u00f3klub a Sz\u00e9k\u00e1cs iskola di\u00e1kjaival &#8211; 2025. m\u00e1jus 14.<\/a><\/li>\n<li><a href=\"https:\/\/blog.justhvk.hu\/blog\/2025-os-fotok\/nggallery\/album\/a-tancsics-gimnazium-6-8-osztalyosai-a-gyermekkonyvtarban-2025-majus-14\">A T\u00e1ncsics gimn\u00e1zium 6\/8. oszt\u00e1lyosai a gyermekk\u00f6nyvt\u00e1rban &#8211; 2025. m\u00e1jus 14.<\/a><\/li>\n<li><a href=\"https:\/\/blog.justhvk.hu\/blog\/2025-os-fotok\/nggallery\/album\/a-vorosmarty-iskola-2-b-osztalyosai-a-gyermekkonyvtarban-2025-majus-13\">A V\u00f6r\u00f6smarty iskola 2\/b oszt\u00e1lyosai a gyermekk\u00f6nyvt\u00e1rban &#8211; 2025. m\u00e1jus 13.<\/a><\/li>\n<li><a href=\"https:\/\/blog.justhvk.hu\/blog\/2025-os-fotok\/nggallery\/album\/forras-ovi-kozepso-csoportosai-a-gyermekkonyvtarban-2025-majus-13\">Forr\u00e1s ovi k\u00f6z\u00e9ps\u0151 csoportosai a gyermekk\u00f6nyvt\u00e1rban &#8211; 2025. m\u00e1jus 13.<\/a><\/li>\n<li><a href=\"https:\/\/blog.justhvk.hu\/blog\/2025-os-fotok\/nggallery\/album\/a-vorosmarty-iskola-2-a-osztalyosai-a-gyermekkonyvtarban-2025-majus-12\">A V\u00f6r\u00f6smarty iskola 2\/a oszt\u00e1lyosai a gyermekk\u00f6nyvt\u00e1rban &#8211; 2025. m\u00e1jus 12.<\/a><\/li>\n<li><a href=\"https:\/\/blog.justhvk.hu\/blog\/2025-os-fotok\/nggallery\/album\/uzsoki-utcai-ovoda-nagycsoportosai-a-gyermekkonyvtarban-2025-majus-9\">Uzsoki utcai \u00f3voda nagycsoportosai a gyermekk\u00f6nyvt\u00e1rban &#8211; 2025. m\u00e1jus 9.<\/a><\/li>\n<li><a href=\"https:\/\/blog.justhvk.hu\/blog\/2025-os-fotok\/nggallery\/album\/a-vorosmarty-iskola-1-a-osztalyosai-a-gyermekkonyvtarban-2025-majus-7\">A V\u00f6r\u00f6smarty iskola 1\/a oszt\u00e1lyosai a gyermekk\u00f6nyvt\u00e1rban &#8211; 2025. m\u00e1jus 7.<\/a><\/li>\n<li><a href=\"https:\/\/blog.justhvk.hu\/blog\/2025-os-fotok\/nggallery\/album\/a-szekacs-iskola-2-b-osztalyosai-a-gyermekkonyvtarban-2025-majus-7\">A Sz\u00e9k\u00e1cs iskola 2\/b. oszt\u00e1lyosai a gyermekk\u00f6nyvt\u00e1rban &#8211; 2025. m\u00e1jus 7.<\/a><\/li>\n<li><a href=\"https:\/\/blog.justhvk.hu\/blog\/2025-os-fotok\/nggallery\/album\/a-szekacs-iskola-4-b-osztalyosai-a-gyermekkonyvtarban-2025-majus-7\">A Sz\u00e9k\u00e1cs iskola 4\/b. oszt\u00e1lyosai a gyermekk\u00f6nyvt\u00e1rban &#8211; 2025. m\u00e1jus 7.<\/a><\/li>\n<li><a href=\"https:\/\/blog.justhvk.hu\/blog\/2025-os-fotok\/nggallery\/album\/rendhagyo-szolfezs-ora-a-liszt-ferenc-alapfoku-muveszeti-iskola-4-a-osztalyaval-2025-aprilis-30\">Rendhagy\u00f3 szolf\u00e9zs \u00f3ra a Liszt Ferenc Alapfok\u00fa M\u0171v\u00e9szeti Iskola 4\/A oszt\u00e1ly\u00e1val &#8211; 2025. m\u00e1rcius 5.<\/a><\/li>\n<li><a href=\"https:\/\/blog.justhvk.hu\/blog\/2025-os-fotok\/nggallery\/album\/olvasoklub-a-szekacs-iskola-diakjaival-2025-aprilis-30\">Olvas\u00f3klub a Sz\u00e9k\u00e1cs iskola di\u00e1kjaival &#8211; 2025. \u00e1prilis 30.<\/a><\/li>\n<li><a href=\"https:\/\/blog.justhvk.hu\/blog\/2025-os-fotok\/nggallery\/album\/a-vorosmarty-iskola-2-b-osztalyosai-a-gyermekkonyvtarban-2025-aprilis-29\">A V\u00f6r\u00f6smarty iskola 2\/b oszt\u00e1lyosai a gyermekk\u00f6nyvt\u00e1rban &#8211; 2025. \u00e1prilis 29.<\/a><\/li>\n<li><a href=\"https:\/\/blog.justhvk.hu\/blog\/2025-os-fotok\/nggallery\/album\/a-vorosmarty-iskola-2-a-osztalyosai-a-gyermekkonyvtarban-2025-aprilis-28\">A V\u00f6r\u00f6smarty iskola 2\/a oszt\u00e1lyosai a gyermekk\u00f6nyvt\u00e1rban &#8211; 2025. \u00e1prilis 28.&nbsp;<\/a><\/li>\n<li><a href=\"https:\/\/blog.justhvk.hu\/blog\/2025-os-fotok\/nggallery\/album\/18-gyoparka-tunder-mesemondo-verseny-2025-aprilis-26\">18. Gyop\u00e1rka t\u00fcnd\u00e9r mesemond\u00f3 verseny &#8211; 2025. \u00e1prilis 26.<\/a>&nbsp;<\/li>\n<li><a href=\"https:\/\/blog.justhvk.hu\/blog\/2025-os-fotok\/nggallery\/album\/tavaszi-kezmuves-foglalkozas-a-gyermekkonyvtarban-2025-aprilis-24\">Tavaszi k\u00e9zm\u0171ves foglalkoz\u00e1s a gyermekk\u00f6nyvt\u00e1rban &#8211; 2025. \u00e1prilis 24.<\/a><\/li>\n<li><a href=\"https:\/\/blog.justhvk.hu\/blog\/2025-os-fotok\/nggallery\/album\/olvasokor-2025-aprilis-22\">Olvas\u00f3k\u00f6r &#8211; 2025. \u00e1prilis 22.<\/a><\/li>\n<li><a href=\"https:\/\/blog.justhvk.hu\/blog\/2025-os-fotok\/nggallery\/album\/partizan-a-konyvtarban-2025-aprilis-4\">Partiz\u00e1n a k\u00f6nyvt\u00e1rban &#8211; 2025. \u00e1prilis 4.<\/a>&nbsp;<\/li>\n<li><a href=\"https:\/\/blog.justhvk.hu\/blog\/2025-os-fotok\/nggallery\/album\/a-vorosmarty-iskola-3-b-osztalyosai-a-gyermekkonyvtarban-2025-marcius-28\">A V\u00f6r\u00f6smarty iskola 3\/b oszt\u00e1lyosai a gyermekk\u00f6nyvt\u00e1rban &#8211; 2025. m\u00e1rcius 28.<\/a>&nbsp;<\/li>\n<li><a href=\"https:\/\/blog.justhvk.hu\/blog\/2025-os-fotok\/nggallery\/album\/az-eotvos-ovi-vegyes-csoportja-a-gyermekkonyvtarban-2025-marcius-27\">Az E\u00f6tv\u00f6s ovi vegyes csoportja a gyermekk\u00f6nyvt\u00e1rban &#8211; 2025. m\u00e1rcius 27.<\/a><\/li>\n<li><a href=\"https:\/\/blog.justhvk.hu\/blog\/2025-os-fotok\/nggallery\/album\/olvasoklub-a-szekacs-iskola-diakjaival-2025-marcius-26\">Olvas\u00f3klub a Sz\u00e9k\u00e1cs iskola di\u00e1kjaival &#8211; 2025. m\u00e1rcius 26.<\/a><\/li>\n<li><a href=\"https:\/\/blog.justhvk.hu\/blog\/2025-os-fotok\/nggallery\/album\/az-eotvos-iskola-4-b-osztalyosai-a-gyermekkonyvtarban-2025-marcius-26\">Az E\u00f6tv\u00f6s iskola 4\/b oszt\u00e1lyosai a gyermekk\u00f6nyvt\u00e1rban &#8211; 2025. m\u00e1rcius 26.<\/a><\/li>\n<li><a href=\"https:\/\/blog.justhvk.hu\/blog\/2025-os-fotok\/nggallery\/album\/az-eotvos-iskola-3-b-osztalyosai-a-gyermekkonyvtarban-2025-marcius-26\">Az E\u00f6tv\u00f6s iskola 3\/b oszt\u00e1lyosai a gyermekk\u00f6nyvt\u00e1rban &#8211; 2025. m\u00e1rcius 26.<\/a><\/li>\n<li><a href=\"https:\/\/blog.justhvk.hu\/blog\/2025-os-fotok\/nggallery\/album\/az-eotvos-iskola-3-a-osztalyosai-a-gyermekkonyvtarban-2025-marcius-26\">Az E\u00f6tv\u00f6s iskola 3\/a oszt\u00e1lyosai a gyermekk\u00f6nyvt\u00e1rban &#8211; 2025. m\u00e1rcius 26.<\/a><\/li>\n<li><a href=\"https:\/\/blog.justhvk.hu\/blog\/2025-os-fotok\/nggallery\/album\/az-eotvos-iskola-4-a-osztalyosai-a-gyermekkonyvtarban-2025-marcius-25\">Az E\u00f6tv\u00f6s iskola 4\/a oszt\u00e1lyosai a gyermekk\u00f6nyvt\u00e1rban &#8211; 2025. m\u00e1rcius 25.<\/a><\/li>\n<li><a href=\"https:\/\/blog.justhvk.hu\/blog\/2025-os-fotok\/nggallery\/album\/a-vorosmarty-iskola-szavaloversenye-a-zenei-konyvtarban-2025-marcius-24\">A V\u00f6r\u00f6smarty iskola szaval\u00f3versenye a zenei k\u00f6nyvt\u00e1rban &#8211; 2025. m\u00e1rcius 24.<\/a><\/li>\n<li><a href=\"https:\/\/blog.justhvk.hu\/blog\/2025-os-fotok\/nggallery\/album\/forras-ovisok-a-gyermekkonyvtarban-2025-marcius-21\">Forr\u00e1s ovisok a gyermekk\u00f6nyvt\u00e1rban &#8211; 2025. m\u00e1rcius 21.<\/a><\/li>\n<li><a href=\"https:\/\/blog.justhvk.hu\/blog\/2025-os-fotok\/nggallery\/album\/az-eotvos-iskola-1-a-osztalyosai-a-gyermekkonyvtarban-2025-marcius-20\">Az E\u00f6tv\u00f6s iskola 1\/a oszt\u00e1lyosai a gyermekk\u00f6nyvt\u00e1rban &#8211; 2025. m\u00e1rcius 20.<\/a><\/li>\n<li><a href=\"https:\/\/blog.justhvk.hu\/blog\/2025-os-fotok\/nggallery\/album\/lelekvitamin-2025-marcius-19\">L\u00e9lekVitamin &#8211; 2025. m\u00e1rcius 19.<\/a><\/li>\n<li><a href=\"https:\/\/blog.justhvk.hu\/blog\/2025-os-fotok\/nggallery\/album\/az-eotvos-iskola-2-a-osztalyosai-a-gyermekkonyvtarban-2025-marcius-18\">Az E\u00f6tv\u00f6s iskola 2\/a oszt\u00e1lyosai a gyermekk\u00f6nyvt\u00e1rban &#8211; 2025. m\u00e1rcius 18.<\/a><\/li>\n<li><a href=\"https:\/\/blog.justhvk.hu\/blog\/2025-os-fotok\/nggallery\/album\/az-eotvos-iskola-2-b-osztalyosai-a-gyermekkonyvtarban-2025-marcius-18\">Az E\u00f6tv\u00f6s iskola 2\/b oszt\u00e1lyosai a gyermekk\u00f6nyvt\u00e1rban &#8211; 2025. m\u00e1rcius 18.<\/a><\/li>\n<li><a href=\"https:\/\/blog.justhvk.hu\/blog\/2025-os-fotok\/nggallery\/album\/vakok-es-gyengenlatok-egyesulete-oroshazi-korzeti-csoportjanak-klubtalalkozoja-2025-marcius-18\">Vakok \u00e9s Gyeng\u00e9nl\u00e1t\u00f3k Egyes\u00fclete Orosh\u00e1zi K\u00f6rzeti Csoportj\u00e1nak klubtal\u00e1lkoz\u00f3ja &#8211; 2025. m\u00e1rcius 18.<\/a><\/li>\n<li><a href=\"https:\/\/blog.justhvk.hu\/blog\/2025-os-fotok\/nggallery\/album\/az-eotvos-iskola-1-c-osztalyosai-a-gyermekkonyvtarban-2025-marcius-17\">Az E\u00f6tv\u00f6s iskola 1\/c oszt\u00e1lyosai a gyermekk\u00f6nyvt\u00e1rban &#8211; 2025. m\u00e1rcius 17.<\/a><\/li>\n<li><a href=\"https:\/\/blog.justhvk.hu\/blog\/2025-os-fotok\/nggallery\/album\/az-eotvos-iskola-1-b-osztalyosai-a-gyermekkonyvtarban-2025-marcius-17\">Az E\u00f6tv\u00f6s iskola 1\/b oszt\u00e1lyosai a gyermekk\u00f6nyvt\u00e1rban &#8211; 2025. m\u00e1rcius 17.<\/a><\/li>\n<li><a href=\"https:\/\/blog.justhvk.hu\/blog\/2025-os-fotok\/nggallery\/album\/olvasokor-2025-marcius-12\">Olvas\u00f3k\u00f6r &#8211; 2025. m\u00e1rcius 12.<\/a><\/li>\n<li><a href=\"https:\/\/blog.justhvk.hu\/blog\/2025-os-fotok\/nggallery\/album\/olvasoklub-a-szekacs-iskola-diakjaival-2025-marcius-12\">Olvas\u00f3klub a Sz\u00e9k\u00e1cs iskola di\u00e1kjaival &#8211; 2025. m\u00e1rcius 12.<\/a><\/li>\n<li><a href=\"https:\/\/blog.justhvk.hu\/blog\/2025-os-fotok\/nggallery\/album\/a-vorosmarty-iskola-1-a-osztalyosai-a-gyermekkonyvtarban-2025-marcius-12\">A V\u00f6r\u00f6smarty iskola 1\/a oszt\u00e1lyosai a gyermekk\u00f6nyvt\u00e1rban &#8211; 2025. m\u00e1rcius 12.<\/a><\/li>\n<li><a href=\"https:\/\/blog.justhvk.hu\/blog\/2025-os-fotok\/nggallery\/album\/rakoczitelepi-7-8-osztalyosok-a-gyermekkonyvtarban-2025-marcius-12\">R\u00e1k\u00f3czitelepi 7-8. oszt\u00e1lyosok a gyermekk\u00f6nyvt\u00e1rban &#8211; 2025. m\u00e1rcius 12.<\/a><\/li>\n<li><a href=\"https:\/\/blog.justhvk.hu\/blog\/2025-os-fotok\/nggallery\/album\/kond-utcai-ovisok-a-gyermekkonyvtarban-2025-marcius-11\">K\u00f6nd utcai ovisok a gyermekk\u00f6nyvt\u00e1rban &#8211; 2025. m\u00e1rcius 11.<\/a><\/li>\n<li><a href=\"https:\/\/blog.justhvk.hu\/blog\/2025-os-fotok\/nggallery\/album\/angol-probanyelvvizsga-2025-marcius-6-7\">Angol pr\u00f3banyelvvizsga &#8211; 2025. m\u00e1rcius 6-7.<\/a>&nbsp;<\/li>\n<li><a href=\"https:\/\/blog.justhvk.hu\/blog\/2025-os-fotok\/nggallery\/album\/rendhagyo-szolfezs-ora-a-liszt-ferenc-alapfoku-muveszeti-iskola-4-a-osztalyaval-2025-marcius-5\">Rendhagy\u00f3 szolf\u00e9zs \u00f3ra a Liszt Ferenc Alapfok\u00fa M\u0171v\u00e9szeti Iskola 4\/A oszt\u00e1ly\u00e1val &#8211; 2025. m\u00e1rcius 5.<\/a><\/li>\n<li><a href=\"https:\/\/blog.justhvk.hu\/blog\/2025-os-fotok\/nggallery\/album\/farsangi-jatszohaz-a-gyermekkonyvtarban-2025-februar-28\">Farsangi j\u00e1tsz\u00f3h\u00e1z a gyermekk\u00f6nyvt\u00e1rban &#8211; 2025. febru\u00e1r 28.<\/a><\/li>\n<li><a href=\"https:\/\/blog.justhvk.hu\/blog\/2025-os-fotok\/nggallery\/album\/olvasoklub-a-szekacs-iskola-diakjaival-2025-februar-26\">Olvas\u00f3klub a Sz\u00e9k\u00e1cs iskola di\u00e1kjaival &#8211; 2025. febru\u00e1r 26.<\/a><\/li>\n<li><a href=\"https:\/\/blog.justhvk.hu\/blog\/2025-os-fotok\/nggallery\/album\/a-vorosmarty-iskola-1-a-osztalyosai-a-gyermekkonyvtarban-2025-februar-26\">A V\u00f6r\u00f6smarty iskola 1\/a oszt\u00e1lyosai a gyermekk\u00f6nyvt\u00e1rban &#8211; 2025. febru\u00e1r 26.<\/a><\/li>\n<li><a href=\"https:\/\/blog.justhvk.hu\/blog\/2025-os-fotok\/nggallery\/album\/rakoczitelepi-3-4-osztalyosok-a-gyermekkonyvtarban-2025-februar-26\">R\u00e1k\u00f3czitelepi 3-4. oszt\u00e1lyosok a gyermekk\u00f6nyvt\u00e1rban &#8211; 2025. febru\u00e1r 26.<\/a><\/li>\n<li><a href=\"https:\/\/blog.justhvk.hu\/blog\/2025-os-fotok\/nggallery\/album\/kon-tiki-akusztik-koncert-2025-februar-25\">Kon-Tiki Akusztik koncert &#8211; 2025. febru\u00e1r 25.&nbsp;<\/a><\/li>\n<li><a href=\"https:\/\/blog.justhvk.hu\/blog\/2025-os-fotok\/nggallery\/album\/moricz-ovisok-a-gyermekkonyvtarban-2025-februar-25\">M\u00f3ricz ovisok a gyermekk\u00f6nyvt\u00e1rban &#8211; 2025. febru\u00e1r 25.<\/a><\/li>\n<li><a href=\"https:\/\/blog.justhvk.hu\/blog\/2025-os-fotok\/nggallery\/album\/lehel-utcai-ovoda-nagycsoportosai-a-gyermekkonyvtarban-2025-februar-24\">Lehel utcai \u00f3voda nagycsoportosai a gyermekk\u00f6nyvt\u00e1rban &#8211; 2025. febru\u00e1r 24.<\/a><\/li>\n<li><a href=\"https:\/\/blog.justhvk.hu\/blog\/2025-os-fotok\/nggallery\/album\/zavada-pal-pernye-es-fu-cimu-konyvenek-bemutatoja-2025-februar-19\">Z\u00e1vada P\u00e1l Pernye \u00e9s f\u0171 c\u00edm\u0171 k\u00f6nyv\u00e9nek bemutat\u00f3ja &#8211; 2025. febru\u00e1r 19.<\/a><\/li>\n<li><a href=\"https:\/\/blog.justhvk.hu\/blog\/2025-os-fotok\/nggallery\/album\/lelekvitamin-2025-februar-19\">L\u00e9lekVitamin &#8211; 2025. febru\u00e1r 19.<\/a><\/li>\n<li><a href=\"https:\/\/blog.justhvk.hu\/blog\/2025-os-fotok\/nggallery\/album\/rakoczitelepi-1-2-osztalyosok-a-gyermekkonyvtarban-2025-februar-19\">R\u00e1k\u00f3czitelepi 1-2. oszt\u00e1lyosok a gyermekk\u00f6nyvt\u00e1rban &#8211; 2025. febru\u00e1r 19.<\/a><\/li>\n<li><a href=\"https:\/\/blog.justhvk.hu\/blog\/2025-os-fotok\/nggallery\/album\/vakok-es-gyengenlatok-egyesulete-oroshazi-korzeti-csoportjanak-klubtalalkozoja-2025-februar-18\">Vakok \u00e9s Gyeng\u00e9nl\u00e1t\u00f3k Egyes\u00fclete Orosh\u00e1zi K\u00f6rzeti Csoportj\u00e1nak klubtal\u00e1lkoz\u00f3ja &#8211; 2025. febru\u00e1r 18.<\/a><\/li>\n<li><a href=\"https:\/\/blog.justhvk.hu\/blog\/2025-os-fotok\/nggallery\/album\/a-vorosmarty-iskola-2-a-osztalyosai-a-gyermekkonyvtarban-2025-februar-17\">A V\u00f6r\u00f6smarty iskola 2\/a oszt\u00e1lyosai a gyermekk\u00f6nyvt\u00e1rban &#8211; 2025. febru\u00e1r 17.<\/a><\/li>\n<li><a href=\"https:\/\/blog.justhvk.hu\/blog\/2025-os-fotok\/nggallery\/album\/24-justh-zsigmond-szavaloverseny-2025-februar-14\">24. Justh Zsigmond szaval\u00f3verseny &#8211; 2025. febru\u00e1r 14.<\/a><\/li>\n<li><a href=\"https:\/\/blog.justhvk.hu\/blog\/2025-os-fotok\/nggallery\/album\/olvasokor-2025-februar-12\">Olvas\u00f3k\u00f6r &#8211; 2025. febru\u00e1r 12.<\/a><\/li>\n<li><a href=\"https:\/\/blog.justhvk.hu\/blog\/2025-os-fotok\/nggallery\/album\/kazinczy-ferencrol-elnevezett-szep-magyar-beszed-verseny-2025-februar-6\">Kazinczy Ferencr\u0151l elnevezett Sz\u00e9p Magyar Besz\u00e9d verseny &#8211; 2025. febru\u00e1r 6.<\/a><\/li>\n<li><a href=\"https:\/\/blog.justhvk.hu\/blog\/2025-os-fotok\/nggallery\/album\/olvasoklub-a-szekacs-iskola-diakjaival-2025-februar-5\">Olvas\u00f3klub a Sz\u00e9k\u00e1cs iskola di\u00e1kjaival &#8211; 2025. febru\u00e1r 5.<\/a><\/li>\n<li><a href=\"https:\/\/blog.justhvk.hu\/blog\/2025-os-fotok\/nggallery\/album\/a-vorosmarty-iskola-1-a-osztalyosai-a-gyermekkonyvtarban-2025-februar-3\">A V\u00f6r\u00f6smarty iskola 1\/a oszt\u00e1lyosai a gyermekk\u00f6nyvt\u00e1rban &#8211; 2025. febru\u00e1r 3.<\/a><\/li>\n<li><a href=\"https:\/\/blog.justhvk.hu\/blog\/2025-os-fotok\/nggallery\/album\/olvasoklub-a-szekacs-iskola-diakjaival-2025-januar-30\">Olvas\u00f3klub a Sz\u00e9k\u00e1cs iskola di\u00e1kjaival &#8211; 2025. janu\u00e1r 30.<\/a><\/li>\n<li><a href=\"https:\/\/blog.justhvk.hu\/blog\/2025-os-fotok\/nggallery\/album\/gyongysorok-az-europai-mehnyakrak-megelozesi-het-oroshazi-rendezvenye-2025-januar-24\">Gy\u00f6ngysorok &#8211; az Eur\u00f3pai M\u00e9hnyakr\u00e1k Megel\u0151z\u00e9si H\u00e9t orosh\u00e1zi rendezv\u00e9nye &#8211; 2025. janu\u00e1r 24.<\/a><\/li>\n<li><a href=\"https:\/\/blog.justhvk.hu\/blog\/2025-os-fotok\/nggallery\/album\/a-tancsics-gimnazium-7-8-osztalyosai-a-gyermekkonyvtarban-2025-januar-22\">A T\u00e1ncsics gimn\u00e1zium 7\/8 oszt\u00e1lyosai a gyermekk\u00f6nyvt\u00e1rban &#8211; 2025. janu\u00e1r 22.<\/a><\/li>\n<li><a href=\"https:\/\/blog.justhvk.hu\/blog\/2025-os-fotok\/nggallery\/album\/a-tancsics-gimnazium-6-8-osztalyosai-a-gyermekkonyvtarban-2025-januar-22\">A T\u00e1ncsics gimn\u00e1zium 6\/8 oszt\u00e1lyosai a gyermekk\u00f6nyvt\u00e1rban &#8211; 2025. janu\u00e1r 22.<\/a><\/li>\n<li><a href=\"https:\/\/blog.justhvk.hu\/blog\/2025-os-fotok\/nggallery\/album\/a-tol-z-ig-es-z-tol-a-nak-kormoczi-zoltan-zenes-konyvbemutatoja-2025-januar-21\">A-t\u00f3l Z-ig \u00e9s Z-t\u0151l A-nak &#8211; K\u00f6rm\u00f6czi Zolt\u00e1n zen\u00e9s k\u00f6nyvbemutat\u00f3ja &#8211; 2025. janu\u00e1r 21.<\/a><\/li>\n<li><a href=\"https:\/\/blog.justhvk.hu\/blog\/2025-os-fotok\/nggallery\/album\/vakok-es-gyengenlatok-egyesuletenek-klubtalalkozoja-2025-januar-21\">Vakok \u00e9s Gyeng\u00e9nl\u00e1t\u00f3k Egyes\u00fclet\u00e9nek klubtal\u00e1lkoz\u00f3ja &#8211; 2025. janu\u00e1r 21.<\/a><\/li>\n<li><a href=\"https:\/\/blog.justhvk.hu\/blog\/2025-os-fotok\/nggallery\/album\/lelekvitamin-2025-januar-15\">L\u00e9lekVitamin &#8211; 2025. janu\u00e1r 15.<\/a><\/li>\n<li><a href=\"https:\/\/blog.justhvk.hu\/blog\/2025-os-fotok\/nggallery\/album\/olvasoklub-a-szekacs-iskola-diakjaival-2025-januar-15\">Olvas\u00f3klub a Sz\u00e9k\u00e1cs iskola di\u00e1kjaival &#8211; 2025. janu\u00e1r 15.<\/a><\/li>\n<li><a href=\"https:\/\/blog.justhvk.hu\/blog\/2025-os-fotok\/nggallery\/album\/a-tancsics-gimnazium-5-8-osztalyosai-a-gyermekkonyvtarban-2025-januar-15\">A T\u00e1ncsics gimn\u00e1zium 5\/8 oszt\u00e1lyosai a gyermekk\u00f6nyvt\u00e1rban &#8211; 2025. janu\u00e1r 15.<\/a><\/li>\n<li><a href=\"https:\/\/blog.justhvk.hu\/blog\/2025-os-fotok\/nggallery\/album\/a-tancsics-gimnazium-8-8-osztalyosai-a-gyermekkonyvtarban-2025-januar-15\">A T\u00e1ncsics gimn\u00e1zium 8\/8 oszt\u00e1lyosai a gyermekk\u00f6nyvt\u00e1rban &#8211; 2025. janu\u00e1r 15.<\/a><\/li>\n<li><a href=\"https:\/\/blog.justhvk.hu\/blog\/2025-os-fotok\/nggallery\/album\/olvasokor-2025-januar-8\">Olvas\u00f3k\u00f6r &#8211; 2025. janu\u00e1r 8.<\/a><\/li>\n<\/ul>\n<p><strong>2024<\/strong><\/p>\n<ul>\n<li><a href=\"https:\/\/blog.justhvk.hu\/blog\/2024-es-fotok\/nggallery\/album\/karacsonyvaro-jatszohaz-a-gyermekkonyvtarban-2024-december-20\">Kar\u00e1csonyv\u00e1r\u00f3 j\u00e1tsz\u00f3h\u00e1z a gyermekk\u00f6nyvt\u00e1rban &#8211; 2024. december 20.<\/a><\/li>\n<li><a href=\"https:\/\/blog.justhvk.hu\/blog\/2024-es-fotok\/nggallery\/album\/lelekvitamin-2024-december-18\">L\u00e9lekVitamin &#8211; 2024. december 18.<\/a><\/li>\n<li><a href=\"https:\/\/blog.justhvk.hu\/blog\/2024-es-fotok\/nggallery\/album\/a-vorosmarty-iskola-1-a-osztalyosai-a-gyermekkonyvtarban-2024-december-18\">A V\u00f6r\u00f6smarty iskola 1\/a oszt\u00e1lyosai a gyermekk\u00f6nyvt\u00e1rban &#8211; 2024. december 18.<\/a><\/li>\n<li><a href=\"https:\/\/blog.justhvk.hu\/blog\/2024-es-fotok\/nggallery\/album\/az-eotvos-iskola-4-a-osztalyosai-a-gyermekkonyvtarban-2024-december-17\">Az E\u00f6tv\u00f6s iskola 4\/a. oszt\u00e1lyosai a gyermekk\u00f6nyvt\u00e1rban &#8211; 2024. december 18.<\/a>&nbsp;<\/li>\n<li><a href=\"https:\/\/blog.justhvk.hu\/blog\/2024-es-fotok\/nggallery\/album\/az-eotvos-iskola-2-b-osztalyosai-a-gyermekkonyvtarban-2024-december-17\">Az E\u00f6tv\u00f6s iskola 2\/b. oszt\u00e1lyosai a gyermekk\u00f6nyvt\u00e1rban &#8211; 2024. december 17.<\/a><\/li>\n<li><a href=\"https:\/\/blog.justhvk.hu\/blog\/2024-es-fotok\/nggallery\/album\/vakok-es-gyengenlatok-egyesuletenek-klubtalalkozoja-2024-december-17\">Vakok \u00e9s Gyeng\u00e9nl\u00e1t\u00f3k Egyes\u00fclet\u00e9nek klubtal\u00e1lkoz\u00f3ja &#8211; 2024. december 17.<\/a><\/li>\n<li><a href=\"https:\/\/blog.justhvk.hu\/blog\/2024-es-fotok\/nggallery\/album\/az-eotvos-iskola-1-a-osztalyosai-a-gyermekkonyvtarban-2024-december-16\">Az E\u00f6tv\u00f6s iskola 1\/a. oszt\u00e1lyosai a gyermekk\u00f6nyvt\u00e1rban &#8211; 2024. december 16.<\/a><\/li>\n<li><a href=\"https:\/\/blog.justhvk.hu\/blog\/2024-es-fotok\/nggallery\/album\/a-vorosmarty-iskola-4-b-osztalyosai-a-gyermekkonyvtarban-2024-december-14\">A V\u00f6r\u00f6smarty iskola 4\/b oszt\u00e1lyosai a gyermekk\u00f6nyvt\u00e1rban &#8211; 2024. december 14.<\/a><\/li>\n<li><a href=\"https:\/\/blog.justhvk.hu\/blog\/2024-es-fotok\/nggallery\/album\/a-tancsics-mihaly-gimnazium-7-osztalyosai-a-gyermekkonyvtarban-2024-december-13\">A T\u00e1ncsics Mih\u00e1ly Gimn\u00e1zium 7. oszt\u00e1lyosai a gyermekk\u00f6nyvt\u00e1rban &#8211; 2024. december 13.<\/a><\/li>\n<li><a href=\"https:\/\/blog.justhvk.hu\/blog\/2024-es-fotok\/nggallery\/album\/moricz-ovisok-a-gyermekkonyvtarban-2024-december-12\">M\u00f3ricz ovisok a gyermekk\u00f6nyvt\u00e1rban &#8211; 2024. december 12.<\/a><\/li>\n<li><a href=\"https:\/\/blog.justhvk.hu\/blog\/2024-es-fotok\/nggallery\/album\/a-tancsics-mihaly-gimnazium-7-osztalyosai-a-gyermekkonyvtarban-2024-december-13\">A T\u00e1ncsics Mih\u00e1ly Gimn\u00e1zium 7. oszt\u00e1lyosai a gyermekk\u00f6nyvt\u00e1rban &#8211; 2024. december 13.<\/a><\/li>\n<li><a href=\"https:\/\/blog.justhvk.hu\/blog\/2024-es-fotok\/nggallery\/album\/a-tancsics-mihaly-gimnazium-7-osztalyosai-a-gyermekkonyvtarban-2024-december-13\">A T\u00e1ncsics Mih\u00e1ly Gimn\u00e1zium 7. oszt\u00e1lyosai a gyermekk\u00f6nyvt\u00e1rban &#8211; 2024. december 13.<\/a><\/li>\n<li><a href=\"https:\/\/blog.justhvk.hu\/blog\/2024-es-fotok\/nggallery\/album\/az-eotvos-iskola-2-a-osztalyosai-a-gyermekkonyvtarban-2024-december-10\">Az E\u00f6tv\u00f6s iskola 2\/a. oszt\u00e1lyosai a gyermekk\u00f6nyvt\u00e1rban &#8211; 2024. december 10.<\/a>&nbsp;<\/li>\n<li><a href=\"https:\/\/blog.justhvk.hu\/blog\/2024-es-fotok\/nggallery\/album\/a-vorosmarty-iskola-1-a-osztalyosai-a-gyermekkonyvtarban-2024-december-04\">A V\u00f6r\u00f6smarty iskola 1\/a oszt\u00e1lyosai a gyermekk\u00f6nyvt\u00e1rban &#8211; 2024. december 4.<\/a><\/li>\n<li><a href=\"https:\/\/blog.justhvk.hu\/blog\/2024-es-fotok\/nggallery\/album\/tarsas-jatek-est-a-gyermekkonyvtarban-2024-november-29\">T\u00e1rsas-J\u00e1t\u00e9k-Est a gyermekk\u00f6nyvt\u00e1rban &#8211; 2024. november 29.<\/a><\/li>\n<li><a href=\"https:\/\/blog.justhvk.hu\/blog\/2024-es-fotok\/nggallery\/album\/varosi-makkgyujtes-eredmenyhirdetes-2024-november-28\">V\u00e1rosi makkgy\u0171jt\u00e9s eredm\u00e9nyhirdet\u00e9s &#8211; 2024. november 28.<\/a><\/li>\n<li><a href=\"https:\/\/blog.justhvk.hu\/blog\/2024-es-fotok\/nggallery\/album\/olvasoklub-a-szekacs-iskola-diakjaival-2024-november-27\">Olvas\u00f3klub a Sz\u00e9k\u00e1cs iskola di\u00e1kjaival &#8211; 2024. november 27.<\/a><\/li>\n<li><a href=\"https:\/\/blog.justhvk.hu\/blog\/2024-es-fotok\/nggallery\/album\/bajcsy-ovisok-a-gyermekkonyvtarban-2024-november-27\">Bajcsy ovisok a gyermekk\u00f6nyvt\u00e1rban &#8211; 2024. november 27.<\/a><\/li>\n<li><a href=\"https:\/\/blog.justhvk.hu\/blog\/2024-es-fotok\/nggallery\/album\/lelekvitamin-2024-november-20\">L\u00e9lekVitamin &#8211; 2024. november 20.<\/a><\/li>\n<li><a href=\"https:\/\/blog.justhvk.hu\/blog\/2024-es-fotok\/nggallery\/album\/a-vorosmarty-iskola-1-a-osztalyosai-a-gyermekkonyvtarban-2024-november-20\">A V\u00f6r\u00f6smarty iskola 1\/a oszt\u00e1lyosai a gyermekk\u00f6nyvt\u00e1rban &#8211; 2024. november 20.<\/a><\/li>\n<li><a href=\"https:\/\/blog.justhvk.hu\/blog\/2024-es-fotok\/nggallery\/album\/vakok-es-gyengenlatok-egyesuletenek-klubtalalkozoja-2024-november-19\">Vakok \u00e9s Gyeng\u00e9nl\u00e1t\u00f3k Egyes\u00fclet\u00e9nek klubtal\u00e1lkoz\u00f3ja &#8211; 2024. november 19.<\/a><\/li>\n<li><a href=\"https:\/\/blog.justhvk.hu\/blog\/2024-es-fotok\/nggallery\/album\/orszagos-rajzfilmunnep-2024-november-15\">Orsz\u00e1gos Rajzfilm\u00fcnnep &#8211; 2024. november 15.<\/a>&nbsp;<\/li>\n<li><a href=\"https:\/\/blog.justhvk.hu\/blog\/2024-es-fotok\/nggallery\/album\/marton-napi-foglalkozas-a-reformatus-iskola-3-a-osztalyosaival-2024-november-14\">M\u00e1rton napi foglalkoz\u00e1s a Reform\u00e1tus iskola 3\/a oszt\u00e1lyosaival &#8211; 2024. november 14.<\/a><\/li>\n<li><a href=\"https:\/\/blog.justhvk.hu\/blog\/2024-es-fotok\/nggallery\/album\/olvasokor-2024-november-13\">Olvas\u00f3k\u00f6r &#8211; 2024. november 13.<\/a><\/li>\n<li><a href=\"https:\/\/blog.justhvk.hu\/blog\/2024-es-fotok\/nggallery\/album\/olvasoklub-a-szekacs-iskola-diakjaival-2024-november-13\">Olvas\u00f3klub a Sz\u00e9k\u00e1cs iskola di\u00e1kjaival &#8211; 2024. november 13.<\/a><\/li>\n<li><a href=\"https:\/\/blog.justhvk.hu\/blog\/2024-es-fotok\/nggallery\/album\/a-tancsics-gimnazium-7-8-osztalyosai-a-gyermekkonyvtarban-2024-november-13\">A T\u00e1ncsics gimn\u00e1zium 7\/8 oszt\u00e1lyosai a gyermekk\u00f6nyvt\u00e1rban &#8211; 2024. november 13.<\/a><\/li>\n<li><a href=\"https:\/\/blog.justhvk.hu\/blog\/2024-es-fotok\/nggallery\/album\/a-tancsics-gimnazium-6-8-osztalyosai-a-gyermekkonyvtarban-2024-november-13\">A T\u00e1ncsics gimn\u00e1zium 6\/8 oszt\u00e1lyosai a gyermekk\u00f6nyvt\u00e1rban &#8211; 2024. november 13.<\/a><\/li>\n<li><a href=\"https:\/\/blog.justhvk.hu\/blog\/2024-es-fotok\/nggallery\/album\/marton-napi-foglalkozas-a-lehel-utcai-ovisokkal-2024-november-11\">M\u00e1rton napi foglalkoz\u00e1s a Lehel utcai ovisokkal &#8211; 2024. november 11.<\/a><\/li>\n<li><a class=\"ngg-album-desc\" href=\"https:\/\/blog.justhvk.hu\/blog\/2024-es-fotok\/nggallery\/album\/marton-napi-foglalkozas-a-vorosmarty-iskola-1-a-osztalyosaival-2024-november-6\">M\u00e1rton napi foglalkoz\u00e1s a V\u00f6r\u00f6smarty iskola 1\/a oszt\u00e1lyosaival &#8211; 2024. november 6.<\/a><\/li>\n<li><a href=\"https:\/\/blog.justhvk.hu\/blog\/2024-es-fotok\/nggallery\/album\/marton-napi-foglalkozas-az-eotvos-iskola-3-b-osztalyosaival-2024-november-6\">M\u00e1rton napi foglalkoz\u00e1s az E\u00f6tv\u00f6s iskola 3\/b oszt\u00e1lyosaival &#8211; 2024. november 6.<\/a><\/li>\n<li><a href=\"https:\/\/blog.justhvk.hu\/blog\/2024-es-fotok\/nggallery\/album\/a-tancsics-gimnazium-5-8-osztalyosai-a-gyermekkonyvtarban-2024-november-6\">A T\u00e1ncsics gimn\u00e1zium 5\/8 oszt\u00e1lyosai a gyermekk\u00f6nyvt\u00e1rban &#8211; 2024. november 6.<\/a>&nbsp;<\/li>\n<li><a href=\"https:\/\/blog.justhvk.hu\/blog\/2024-es-fotok\/nggallery\/album\/oszi-jatszohaz-2024-oktober-31\">\u0150szi j\u00e1tsz\u00f3h\u00e1z &#8211; 2024. okt\u00f3ber 31.<\/a>&nbsp;<\/li>\n<li><a href=\"https:\/\/blog.justhvk.hu\/blog\/2024-es-fotok\/nggallery\/album\/lelekvitamin-2024-oktober-16\">L\u00e9lekVitamin &#8211; 2024. okt\u00f3ber 16.<\/a><\/li>\n<li><a href=\"https:\/\/blog.justhvk.hu\/blog\/2024-es-fotok\/nggallery\/album\/vakok-es-gyengenlatok-egyesuletenek-klubtalalkozoja-2024-oktober-15\">Vakok \u00e9s Gyeng\u00e9nl\u00e1t\u00f3k Egyes\u00fclet\u00e9nek klubtal\u00e1lkoz\u00f3ja &#8211; 2024. okt\u00f3ber 15.<\/a><\/li>\n<li><a href=\"https:\/\/blog.justhvk.hu\/blog\/2024-es-fotok\/nggallery\/album\/a-vorosmarty-iskola-1-a-osztalyosai-a-gyermekkonyvtarban-2024-oktober-14\">A V\u00f6r\u00f6smarty iskola 1\/a oszt\u00e1lyosai a gyermekk\u00f6nyvt\u00e1rban &#8211; 2024. okt\u00f3ber 14.<\/a><\/li>\n<li><a href=\"https:\/\/blog.justhvk.hu\/blog\/2024-es-fotok\/nggallery\/album\/iro-olvaso-talalkozo-toth-krisztinaval-2024-oktober-10\">\u00cdr\u00f3-olvas\u00f3 tal\u00e1lkoz\u00f3 T\u00f3th Krisztin\u00e1val &#8211; 2024. okt\u00f3ber 10.<\/a>&nbsp;<\/li>\n<li><a href=\"https:\/\/blog.justhvk.hu\/blog\/2024-es-fotok\/nggallery\/album\/toth-krisztina-gyermek-kozonsegtalalkozo-2024-oktober-10\">T\u00f3th Krisztina gyermek k\u00f6z\u00f6ns\u00e9gtal\u00e1lkoz\u00f3 &#8211; 2024. okt\u00f3ber 10.<\/a>&nbsp;<\/li>\n<li style=\"text-align: left;\"><a href=\"https:\/\/blog.justhvk.hu\/blog\/2024-es-fotok\/nggallery\/album\/makulane-gulicska-valeria-eloadasa-justh-zsigmondrol-2024-oktober-9\">Makul\u00e1n\u00e9 Gulicska Val\u00e9ria el\u0151ad\u00e1sa Justh Zsigmondr\u00f3l &#8211; 2024. okt\u00f3ber 9.<\/a>&nbsp;<\/li>\n<li><a href=\"https:\/\/blog.justhvk.hu\/blog\/2024-es-fotok\/nggallery\/album\/olvasoklub-a-szekacs-iskola-diakjaival-2024-oktober-9\">Olvas\u00f3klub a Sz\u00e9k\u00e1cs iskola di\u00e1kjaival &#8211; 2024. okt\u00f3ber 9.<\/a>&nbsp;<\/li>\n<li><a href=\"https:\/\/blog.justhvk.hu\/blog\/2024-es-fotok\/nggallery\/album\/kerekpartura-gadorosra-2024-oktober-5\">Ker\u00e9kp\u00e1rt\u00fara G\u00e1dorosra &#8211; 2024. okt\u00f3ber 5.<\/a>&nbsp;<\/li>\n<li><a href=\"https:\/\/blog.justhvk.hu\/blog\/2024-es-fotok\/nggallery\/album\/szabados-toth-laszlo-es-toth-judit-hangversenye-2024-oktober-4\">Szabados-T\u00f3th L\u00e1szl\u00f3 \u00e9s T\u00f3th Judit hangversenye &#8211; 2024. okt\u00f3ber 4.<\/a>&nbsp;<\/li>\n<li><a href=\"https:\/\/blog.justhvk.hu\/blog\/2024-es-fotok\/nggallery\/album\/m-kacsor-zoltan-rendhagyo-irodalomorai-2024-oktober-3\">M. K\u00e1csor Zolt\u00e1n rendhagy\u00f3 irodalom\u00f3r\u00e1i &#8211; 2024. okt\u00f3ber 3.<\/a>&nbsp;<\/li>\n<li><a href=\"https:\/\/blog.justhvk.hu\/blog\/2024-es-fotok\/nggallery\/album\/veradas-a-konyvtarban-2024-oktober-2\">V\u00e9rad\u00e1s a k\u00f6nyvt\u00e1rban &#8211; 2024. okt\u00f3ber 2.<\/a><\/li>\n<li><a href=\"https:\/\/blog.justhvk.hu\/blog\/2024-es-fotok\/nggallery\/album\/kond-utcai-ovisok-a-gyermekkonyvtarban-2024-szeptember-30\">K\u00f6nd utcai ovisok a gyermekk\u00f6nyvt\u00e1rban &#8211; 2024. szeptember 30.<\/a><\/li>\n<li><a href=\"https:\/\/blog.justhvk.hu\/blog\/2024-es-fotok\/nggallery\/album\/asterix-vilaga-vandorkiallitas-2024-szeptember-30-oktober-11\">Asterix vil\u00e1ga v\u00e1ndorki\u00e1ll\u00edt\u00e1s &#8211; 2024. szeptember 30. &#8211; okt\u00f3ber 11.<\/a>&nbsp;<\/li>\n<li><a href=\"https:\/\/blog.justhvk.hu\/blog\/2024-es-fotok\/nggallery\/album\/tarsas-jatek-est-a-gyermekkonyvtarban-2024-szeptember-27\">T\u00e1rsas-J\u00e1t\u00e9k-Est a gyermekk\u00f6nyvt\u00e1rban &#8211; 2024. szeptember 27.<\/a><\/li>\n<li><a href=\"https:\/\/blog.justhvk.hu\/blog\/2024-es-fotok\/nggallery\/album\/olvasoklub-a-szekacs-iskola-diakjaival-2024-szeptember-18\">Olvas\u00f3klub a Sz\u00e9k\u00e1cs iskola di\u00e1kjaival &#8211; 2024. szeptember 18.<\/a><\/li>\n<li><a href=\"https:\/\/blog.justhvk.hu\/blog\/2024-es-fotok\/nggallery\/album\/arpadhalmi-ovodasok-a-gyermekkonyvtarban-2024-szeptember-16\">\u00c1rp\u00e1dhalmi \u00f3vod\u00e1sok a gyermekk\u00f6nyvt\u00e1rban &#8211; 2024. szeptember 16.<\/a><\/li>\n<li><a href=\"https:\/\/blog.justhvk.hu\/blog\/2024-es-fotok\/nggallery\/album\/olvasokor-2024-szeptember-11\">Olvas\u00f3k\u00f6r &#8211; 2024 szeptember 11.<\/a><\/li>\n<li><a href=\"https:\/\/blog.justhvk.hu\/blog\/2024-es-fotok\/nggallery\/album\/konyvtarosbol-diszpolgar-beszelgetes-koszorus-oszkarral-2024-szeptember-10\">K\u00f6nyvt\u00e1rosb\u00f3l d\u00edszpolg\u00e1r \u2013 besz\u00e9lget\u00e9s Koszor\u00fas Oszk\u00e1rral &#8211; 2024. szeptember 10.<\/a>&nbsp;<\/li>\n<li><a href=\"https:\/\/blog.justhvk.hu\/blog\/2024-es-fotok\/nggallery\/album\/szall-a-vilag-lepke-szarnyon-enekelt-versek-sebo-ferenccel-2024-szeptember-6\">&#8222;Sz\u00e1ll a vil\u00e1g lepke-sz\u00e1rnyon&#8221; &#8211; \u00e9nekelt versek Seb\u0151 Ferenccel &#8211; 2024. szeptember 6.<\/a><\/li>\n<li><a href=\"https:\/\/blog.justhvk.hu\/blog\/2024-es-fotok\/nggallery\/album\/nyari-jatszohaz-2024-augusztus-5-9\">Ny\u00e1ri j\u00e1tsz\u00f3h\u00e1z &#8211; 2024. augusztus 5-9.<\/a><\/li>\n<li><a href=\"https:\/\/blog.justhvk.hu\/blog\/2024-es-fotok\/nggallery\/album\/szekkutasi-gyerekek-nyari-tabora-a-gyermekkonyvtarban-2024-julius-25\">Sz\u00e9kkutasi gyerekek ny\u00e1ri t\u00e1bora a gyermekk\u00f6nyvt\u00e1rban &#8211; 2024. j\u00falius 25.<\/a><\/li>\n<li><a href=\"https:\/\/blog.justhvk.hu\/blog\/2024-es-fotok\/nggallery\/album\/nyari-napkozi-a-gyermekkonyvtarban-2024-julius-22\">Ny\u00e1ri napk\u00f6zi a gyermekk\u00f6nyvt\u00e1rban &#8211; 2024. j\u00falius 22.<\/a><\/li>\n<li><a href=\"https:\/\/blog.justhvk.hu\/blog\/2024-es-fotok\/nggallery\/album\/nyari-napkozi-a-gyermekkonyvtarban-2024-julius-18\">Ny\u00e1ri napk\u00f6zi a gyermekk\u00f6nyvt\u00e1rban &#8211; 2024. j\u00falius 18.<\/a><\/li>\n<li><a href=\"https:\/\/blog.justhvk.hu\/blog\/2024-es-fotok\/nggallery\/album\/vakok-es-gyengenlatok-egyesuletenek-klubtalalkozoja-2024-julius-16\">Vakok \u00e9s Gyeng\u00e9nl\u00e1t\u00f3k Egyes\u00fclet\u00e9nek klubtal\u00e1lkoz\u00f3ja &#8211; 2024. j\u00falius 16.<\/a><\/li>\n<li><a href=\"https:\/\/blog.justhvk.hu\/blog\/2024-es-fotok\/nggallery\/album\/kattints-velunk-2024-nyar\">Kattints vel\u00fcnk! &#8211; 2024. ny\u00e1r<\/a>&nbsp;<\/li>\n<li><a href=\"https:\/\/blog.justhvk.hu\/blog\/2024-es-fotok\/nggallery\/album\/reformkori-olvasotabor-2024-julius-8-12\">Reformkori olvas\u00f3t\u00e1bor &#8211; 2024. j\u00falius 8-12.<\/a><\/li>\n<li><a href=\"https:\/\/blog.justhvk.hu\/blog\/2024-es-fotok\/nggallery\/album\/nyari-napkozi-a-gyermekkonyvtarban-2024-julius-1\">Ny\u00e1ri napk\u00f6zi a gyermekk\u00f6nyvt\u00e1rban &#8211; 2024. j\u00falius 1.<\/a><\/li>\n<li><a href=\"https:\/\/blog.justhvk.hu\/blog\/2024-es-fotok\/nggallery\/album\/nyari-jatszohaz-2024-julius-1-5\">Ny\u00e1ri j\u00e1tsz\u00f3h\u00e1z &#8211; 2024. j\u00falius 1-5.<\/a><\/li>\n<li><a href=\"https:\/\/blog.justhvk.hu\/blog\/2024-es-fotok\/nggallery\/album\/szemelvenyek-a-zenetortenet-korszakaibol-2024-junius-20\">Szemelv\u00e9nyek a zenet\u00f6rt\u00e9net korszakaib\u00f3l &#8211; 2024. j\u00fanius 20.<\/a>&nbsp;<\/li>\n<li><a href=\"https:\/\/blog.justhvk.hu\/blog\/2024-es-fotok\/nggallery\/album\/vorosmarty-iskola-2-b-osztalyosai-a-gyermekkonyvtarban-2024-junius-19\">A V\u00f6r\u00f6smarty iskola 2\/b oszt\u00e1lyosai a gyermekk\u00f6nyvt\u00e1rban &#8211; 2024. j\u00fanius 19.<\/a>&nbsp;<\/li>\n<li><a href=\"https:\/\/blog.justhvk.hu\/blog\/2024-es-fotok\/nggallery\/album\/reformatus-iskola-6-osztalyosai-a-gyermekkonyvtarban-2024-junius-18\">Reform\u00e1tus iskola 6. oszt\u00e1lyosai a gyermekk\u00f6nyvt\u00e1rban &#8211; 2024. j\u00fanius 18.<\/a><\/li>\n<li><a href=\"https:\/\/blog.justhvk.hu\/blog\/2024-es-fotok\/nggallery\/album\/mostan-szines-tintakrol-almodom-valogatas-a-magyar-kolteszet-szerelmes-verseibol-2024-junius-14\">Mostan sz\u00ednes tint\u00e1kr\u00f3l \u00e1lmodom. V\u00e1logat\u00e1s a magyar k\u00f6lt\u00e9szet szerelmes verseib\u0151l &#8211; 2024. j\u00fanius 14.<\/a><\/li>\n<li><a href=\"https:\/\/blog.justhvk.hu\/blog\/2024-es-fotok\/nggallery\/album\/xbox-fifa-bajnoksag-a-gyermekkonyvtarban-2024-junius-13\">Xbox FIFA bajnoks\u00e1g a gyermekk\u00f6nyvt\u00e1rban &#8211; 2024. j\u00fanius 13.<\/a><\/li>\n<li><a href=\"https:\/\/blog.justhvk.hu\/blog\/2024-es-fotok\/nggallery\/album\/a-help-egyuttes-szuletesnapi-koncertje-2024-junius-12\">A HELP egy\u00fcttes sz\u00fclet\u00e9snapi koncertje &#8211; 2024. j\u00fanius 12.<\/a><\/li>\n<li><a href=\"https:\/\/blog.justhvk.hu\/blog\/2024-es-fotok\/nggallery\/album\/szuletesnapi-felolvasomaraton-2024-junius-12\">Sz\u00fclet\u00e9snapi felolvas\u00f3maraton &#8211; 2024. j\u00fanius 12.<\/a><\/li>\n<li><a href=\"https:\/\/blog.justhvk.hu\/blog\/2024-es-fotok\/nggallery\/album\/eotvos-iskola-4-a-osztalyosok-a-gyermekkonyvtarban-2024-junius-4\">E\u00f6tv\u00f6s iskola 4\/a oszt\u00e1lyosok a gyermekk\u00f6nyvt\u00e1rban &#8211; 2024. j\u00fanius 4.<\/a><\/li>\n<li><a href=\"https:\/\/blog.justhvk.hu\/blog\/2024-es-fotok\/nggallery\/album\/eotvos-iskola-4-b-osztalyosok-a-gyermekkonyvtarban-2024-junius-4\">E\u00f6tv\u00f6s iskola 4\/b oszt\u00e1lyosok a gyermekk\u00f6nyvt\u00e1rban &#8211; 2024. j\u00fanius 4.<\/a><\/li>\n<li><a href=\"https:\/\/blog.justhvk.hu\/blog\/2024-es-fotok\/nggallery\/album\/just-dance-verseny-a-gyermekkonyvtarban-2024-majus-24\">Just Dance verseny a gyermekk\u00f6nyvt\u00e1rban &#8211; 2024. m\u00e1jus 24.<\/a><\/li>\n<li><a href=\"https:\/\/blog.justhvk.hu\/blog\/2024-es-fotok\/nggallery\/album\/konyvbemutato-bemutatkozik-vollay-laszlo-2024-majus-24\">K\u00f6nyvbemutat\u00f3 &#8211; bemutatkozik Vollay L\u00e1szl\u00f3 &#8211; 2024. m\u00e1jus 24.<\/a><\/li>\n<li><a href=\"https:\/\/blog.justhvk.hu\/blog\/2024-es-fotok\/nggallery\/album\/lelekvitamin-2024-majus-22\">L\u00e9lekVitamin &#8211; 2024. m\u00e1jus 22.<\/a><\/li>\n<li><a href=\"https:\/\/blog.justhvk.hu\/blog\/2024-es-fotok\/nggallery\/album\/olvasoklub-a-szekacs-iskola-diakjaival-2024-majus-22\">Olvas\u00f3klub a Sz\u00e9k\u00e1cs iskola di\u00e1kjaival &#8211; 2024. m\u00e1jus 22.<\/a><\/li>\n<li><a href=\"https:\/\/blog.justhvk.hu\/blog\/2024-es-fotok\/nggallery\/album\/rakoczitelepi-7-8-osztalyosok-a-gyermekkonyvtarban-2024-majus-8\">R\u00e1k\u00f3czitelepi 7-8. oszt\u00e1lyosok a gyermekk\u00f6nyvt\u00e1rban &#8211; 2024. m\u00e1jus 8.<\/a><\/li>\n<li><a href=\"https:\/\/blog.justhvk.hu\/blog\/2024-es-fotok\/nggallery\/album\/vigh-viktor-ordoglakat-bemutatoja-2024-majus-2\">V\u00edgh Viktor \u00f6rd\u00f6glakat bemutat\u00f3ja &#8211; 2024. m\u00e1jus 2.<\/a><\/li>\n<li><a href=\"https:\/\/blog.justhvk.hu\/blog\/2024-es-fotok\/nggallery\/album\/17-gyoparka-tunder-mesemondo-verseny-2024-aprilis-27\">17. Gyop\u00e1rka t\u00fcnd\u00e9r mesemond\u00f3 verseny \u2013 2024. \u00e1prilis 27.<\/a><\/li>\n<li><a href=\"https:\/\/blog.justhvk.hu\/blog\/2024-es-fotok\/nggallery\/album\/olvasoklub-a-szekacs-iskola-diakjaival-2024-aprilis-24\">Olvas\u00f3klub a Sz\u00e9k\u00e1cs iskola di\u00e1kjaival &#8211; 2024. \u00e1prilis 24.<\/a><\/li>\n<li><a href=\"https:\/\/blog.justhvk.hu\/blog\/2024-es-fotok\/nggallery\/album\/reformatus-iskola-6-c-osztalyosok-pal-utcai-fiuk-2024-aprilis-18\">Reform\u00e1tus iskola 6\/c oszt\u00e1lyosok &#8211; P\u00e1l utcai fi\u00fak &#8211; 2024. \u00e1prilis 18.<\/a><\/li>\n<li><a href=\"https:\/\/blog.justhvk.hu\/blog\/2024-es-fotok\/nggallery\/album\/reformatus-iskola-5-c-osztalyosok-pal-utcai-fiuk-2024-aprilis-18\">Reform\u00e1tus iskola 5\/c oszt\u00e1lyosok &#8211; P\u00e1l utcai fi\u00fak &#8211; 2024. \u00e1prilis 18.<\/a><\/li>\n<li><a href=\"https:\/\/blog.justhvk.hu\/blog\/2024-es-fotok\/nggallery\/album\/eotvos-iskola-5-a-osztalyosok-pal-utcai-fiuk-2024-aprilis-18\">E\u00f6tv\u00f6s iskola 5\/a oszt\u00e1lyosok &#8211; P\u00e1l utcai fi\u00fak &#8211; 2024. \u00e1prilis 18.<\/a><\/li>\n<li><a href=\"https:\/\/blog.justhvk.hu\/blog\/2024-es-fotok\/nggallery\/album\/lelekvitamin-2024-aprilis-17\">L\u00e9lekVitamin &#8211; 2024. \u00e1prilis 17.<\/a><\/li>\n<li><a href=\"https:\/\/blog.justhvk.hu\/blog\/2024-es-fotok\/nggallery\/album\/olvasoklub-a-szekacs-iskola-diakjaival-2024-aprilis-17\">Olvas\u00f3klub a Sz\u00e9k\u00e1cs iskola di\u00e1kjaival &#8211; 2024. \u00e1prilis 17.<\/a><\/li>\n<li><a href=\"https:\/\/blog.justhvk.hu\/blog\/2024-es-fotok\/nggallery\/album\/vorosmarty-iskola-5-b-osztalyosok-pal-utcai-fiuk-2024-aprilis-17\">V\u00f6r\u00f6smarty iskola 5\/b oszt\u00e1lyosok &#8211; P\u00e1l utcai fi\u00fak &#8211; 2024. \u00e1prilis 17.<\/a><\/li>\n<li><a href=\"https:\/\/blog.justhvk.hu\/blog\/2024-es-fotok\/nggallery\/album\/rakoczitelepi-3-4-osztalyosok-a-gyermekkonyvtarban-2024-aprilis-17\">R\u00e1k\u00f3czitelepi 3-4. oszt\u00e1lyosok a gyermekk\u00f6nyvt\u00e1rban &#8211; 2024. \u00e1prilis 17.<\/a><\/li>\n<li><a href=\"https:\/\/blog.justhvk.hu\/blog\/2024-es-fotok\/nggallery\/album\/czaban-samu-alt-isk-5-osztalyosok-pal-utcai-fiuk-2024-aprilis-16\">Czab\u00e1n Samu \u00c1lt. Isk. 5. oszt\u00e1lyosok &#8211; P\u00e1l utcai fi\u00fak &#8211; 2024. \u00e1prilis 16.<\/a><\/li>\n<li><a href=\"https:\/\/blog.justhvk.hu\/blog\/2024-es-fotok\/nggallery\/album\/eotvos-iskola-2-b-osztalyosok-a-gyermekkonyvtarban-2024-aprilis-16\">E\u00f6tv\u00f6s iskola 2\/b. oszt\u00e1lyosok a gyermekk\u00f6nyvt\u00e1rban &#8211; 2024. \u00e1prilis 16.<\/a><\/li>\n<li><a href=\"https:\/\/blog.justhvk.hu\/blog\/2024-es-fotok\/nggallery\/album\/eotvos-iskola-3-a-osztalyosok-a-gyermekkonyvtarban-2024-aprilis-16\">E\u00f6tv\u00f6s iskola 3\/a. oszt\u00e1lyosok a gyermekk\u00f6nyvt\u00e1rban &#8211; 2024. \u00e1prilis 16.<\/a><\/li>\n<li><a href=\"https:\/\/blog.justhvk.hu\/blog\/2024-es-fotok\/nggallery\/album\/vakok-es-gyengenlatok-egyesuletenek-klubtalalkozoja-2024-aprilis-16\">Vakok \u00e9s Gyeng\u00e9nl\u00e1t\u00f3k Egyes\u00fclet\u00e9nek klubtal\u00e1lkoz\u00f3ja &#8211; 2024. \u00e1prilis 16.<\/a><\/li>\n<li><a href=\"https:\/\/blog.justhvk.hu\/blog\/2024-es-fotok\/nggallery\/album\/rakoczitelepi-6-osztalyosok-pal-utcai-fiuk-2024-aprilis-16\">R\u00e1k\u00f3czitelepi 6. oszt\u00e1lyosok &#8211; P\u00e1l utcai fi\u00fak &#8211; 2024. \u00e1prilis 16.<\/a><\/li>\n<li><a href=\"https:\/\/blog.justhvk.hu\/blog\/2024-es-fotok\/nggallery\/album\/bakonyi-peter-a-tengerhez-erve-konyvbemutato-2024-aprilis-11\">Bakonyi P\u00e9ter: A tengerhez \u00e9rve &#8211; k\u00f6nyvbemutat\u00f3 &#8211; 2024. \u00e1prilis 11.<\/a><\/li>\n<li><a href=\"https:\/\/blog.justhvk.hu\/blog\/2024-es-fotok\/nggallery\/album\/koszorus-oszkar-eloadasa-2024-aprilis-10\">Koszor\u00fas Oszk\u00e1r el\u0151ad\u00e1sa &#8211; 2024. \u00e1prilis 10.<\/a>&nbsp;<\/li>\n<li><a href=\"https:\/\/blog.justhvk.hu\/blog\/2024-es-fotok\/nggallery\/album\/rakoczitelepi-1-2-osztalyosok-a-gyermekkonyvtarban-2024-aprilis-10\">R\u00e1k\u00f3czitelepi 1-2. oszt\u00e1lyosok a gyermekk\u00f6nyvt\u00e1rban &#8211; 2024. \u00e1prilis 10.<\/a><\/li>\n<li><a href=\"https:\/\/blog.justhvk.hu\/blog\/2024-es-fotok\/nggallery\/album\/tavaszi-jatszohaz-a-gyermekkonyvtarban-2024-marcius-28\">Tavaszi j\u00e1tsz\u00f3h\u00e1z a gyermekk\u00f6nyvt\u00e1rban &#8211; 2024. m\u00e1rcius 28.<\/a><\/li>\n<li><a href=\"https:\/\/blog.justhvk.hu\/blog\/2024-es-fotok\/nggallery\/album\/bajcsy-ovisok-a-gyermekkonyvtarban-2024-marcius-27\">Bajcsy ovisok a gyermekk\u00f6nyvt\u00e1rban &#8211; 2024. m\u00e1rcius 27.<\/a><\/li>\n<li><a href=\"https:\/\/blog.justhvk.hu\/blog\/2024-es-fotok\/nggallery\/album\/vorosmarty-iskola-versmondo-versenye-2024-marcius-26\">V\u00f6r\u00f6smarty iskola versmond\u00f3 versenye &#8211; 2024. m\u00e1rcius 26.<\/a><\/li>\n<li><a href=\"https:\/\/blog.justhvk.hu\/blog\/2024-es-fotok\/nggallery\/album\/eotvos-iskola-1-b-osztalyosok-a-gyermekkonyvtarban-2024-marcius-26\">E\u00f6tv\u00f6s iskola 1\/b oszt\u00e1lyosok a gyermekk\u00f6nyvt\u00e1rban &#8211; 2024. m\u00e1rcius 26.<\/a><\/li>\n<li><a href=\"https:\/\/blog.justhvk.hu\/blog\/2024-es-fotok\/nggallery\/album\/vadvirag-esely-klub-husveti-foglalkozas-a-gyermekkonyvtarban-2024-marcius-26\">Vadvir\u00e1g Es\u00e9ly Klub h\u00fasv\u00e9ti foglalkoz\u00e1s a gyermekk\u00f6nyvt\u00e1rban &#8211; 2024. m\u00e1rcius 26.<\/a><\/li>\n<li><a href=\"https:\/\/blog.justhvk.hu\/blog\/2024-es-fotok\/nggallery\/album\/pal-utcai-fiuk-vandorkiallitas-2024-marcius-26-aprilis-19\">P\u00e1l utcai fi\u00fak v\u00e1ndorki\u00e1ll\u00edt\u00e1s &#8211; 2024. m\u00e1rcius 26. &#8211; \u00e1prilis 19.<\/a>&nbsp;<\/li>\n<li><a href=\"https:\/\/blog.justhvk.hu\/blog\/2024-es-fotok\/nggallery\/album\/a-cukorbetegsegrol-husvet-elott-bozsone-horvath-ildiko-eloadasa-2024-marcius-22\">A cukorbetegs\u00e9gr\u0151l h\u00fasv\u00e9t el\u0151tt &#8211; Bozs\u00f3n\u00e9 Horv\u00e1th Ildik\u00f3 el\u0151ad\u00e1sa &#8211; 2024. m\u00e1rcius 22.<\/a><\/li>\n<li><a href=\"https:\/\/blog.justhvk.hu\/blog\/2024-es-fotok\/nggallery\/album\/eotvos-iskola-2-a-osztalyosok-a-gyermekkonyvtarban-2024-marcius-20\">E\u00f6tv\u00f6s iskola 2\/a oszt\u00e1lyosok a gyermekk\u00f6nyvt\u00e1rban &#8211; 2024. m\u00e1rcius 20.<\/a><\/li>\n<li><a href=\"https:\/\/blog.justhvk.hu\/blog\/2024-es-fotok\/nggallery\/album\/eotvos-iskola-2-b-osztalyosok-a-gyermekkonyvtarban-2024-marcius-19\">E\u00f6tv\u00f6s iskola 2\/b oszt\u00e1lyosok a gyermekk\u00f6nyvt\u00e1rban &#8211; 2024. m\u00e1rcius 19.<\/a><\/li>\n<li><a href=\"https:\/\/blog.justhvk.hu\/blog\/2024-es-fotok\/nggallery\/album\/vakok-es-gyengenlatok-egyesuletenek-taggyulese-2024-marcius-19\">Vakok \u00e9s Gyeng\u00e9nl\u00e1t\u00f3k Egyes\u00fclet\u00e9nek taggy\u0171l\u00e9se &#8211; 2024. m\u00e1rcius 19.<\/a><\/li>\n<li><a href=\"https:\/\/blog.justhvk.hu\/blog\/2024-es-fotok\/nggallery\/album\/rakoczitelepi-8-osztalyosok-a-gyermekkonyvtarban-2024-marcius-19\">R\u00e1k\u00f3czitelepi 8. oszt\u00e1lyosok a gyermekk\u00f6nyvt\u00e1rban &#8211; 2024. m\u00e1rcius 19.<\/a><\/li>\n<li><a href=\"https:\/\/blog.justhvk.hu\/blog\/2024-es-fotok\/nggallery\/album\/bring-joy-with-music-2024-marcius-18\">Bring Joy with Music &#8211; 2024. m\u00e1rcius 18.<\/a><\/li>\n<li><a href=\"https:\/\/blog.justhvk.hu\/blog\/2024-es-fotok\/nggallery\/album\/olvasokor-2024-marcius-13\">Olvas\u00f3k\u00f6r &#8211; 2024. m\u00e1rcius 13.<\/a>&nbsp;<\/li>\n<li><a href=\"https:\/\/blog.justhvk.hu\/blog\/2024-es-fotok\/nggallery\/album\/eotvos-iskola-1-a-osztalyosok-a-gyermekkonyvtarban-2024-marcius-12\">E\u00f6tv\u00f6s iskola 1\/a oszt\u00e1lyosok a gyermekk\u00f6nyvt\u00e1rban &#8211; 2024. m\u00e1rcius 12.<\/a>&nbsp;<\/li>\n<li><a href=\"https:\/\/blog.justhvk.hu\/blog\/2024-es-fotok\/nggallery\/album\/gog-aniko-szikra-a-gyujtozsinor-vegen-2024-marcius-8\">G\u00f3g Anik\u00f3: Szikra a gy\u00fajt\u00f3zsin\u00f3r v\u00e9g\u00e9n &#8211; 2024. m\u00e1rcius 8.<\/a>&nbsp;<\/li>\n<li><a href=\"https:\/\/blog.justhvk.hu\/blog\/2024-es-fotok\/nggallery\/album\/moricz-ovi-micimacko-csoport-a-gyermekkonyvtarban-2024-marcius-6\">M\u00f3ricz ovi Micimack\u00f3 csoport a gyermekk\u00f6nyvt\u00e1rban &#8211; 2024. m\u00e1rcius 6.<\/a><\/li>\n<li><a href=\"https:\/\/blog.justhvk.hu\/blog\/2024-es-fotok\/nggallery\/album\/vorosmarty-iskola-2-b-osztalyosok-a-gyermekkonyvtarban-2024-marcius-1\">V\u00f6r\u00f6smarty iskola 2\/b oszt\u00e1lyosok a gyermekk\u00f6nyvt\u00e1rban &#8211; 2024. m\u00e1rcius 1.<\/a><\/li>\n<li><a href=\"https:\/\/blog.justhvk.hu\/blog\/2024-es-fotok\/nggallery\/album\/olvasoklub-a-szekacs-iskola-diakjaival-2024-februar-28\">Olvas\u00f3klub a Sz\u00e9k\u00e1cs iskola di\u00e1kjaival &#8211; 2024. febru\u00e1r 28.<\/a><\/li>\n<li><a href=\"https:\/\/blog.justhvk.hu\/blog\/2024-es-fotok\/nggallery\/album\/akusztikus-kon-tiki-klubkoncert-2024-februar-27\">Akusztikus Kon-Tiki &#8211; klubkoncert &#8211; 2024. febru\u00e1r 27.<\/a><\/li>\n<li><a href=\"https:\/\/blog.justhvk.hu\/blog\/2024-es-fotok\/nggallery\/album\/nepdaleneklesi-verseny-a-gyermekkonyvtarban-2024-februar-24\">N\u00e9pdal\u00e9nekl\u00e9si verseny a gyermekk\u00f6nyvt\u00e1rban &#8211; 2024. febru\u00e1r 24.<\/a><\/li>\n<li><a href=\"https:\/\/blog.justhvk.hu\/blog\/2024-es-fotok\/nggallery\/album\/eotvos-ovisok-a-gyermekkonyvtarban-2024-februar-22\">E\u00f6tv\u00f6s ovisok a gyermekk\u00f6nyvt\u00e1rban &#8211; 2024. febru\u00e1r 22.<\/a><\/li>\n<li><a href=\"https:\/\/blog.justhvk.hu\/blog\/2024-es-fotok\/nggallery\/album\/10-eves-a-lelekvitamin-2024-februar-21\">10 \u00e9ves a L\u00e9lekVitamin &#8211; 2024. febru\u00e1r 21.<\/a><\/li>\n<li><a href=\"https:\/\/blog.justhvk.hu\/blog\/2024-es-fotok\/nggallery\/album\/vakok-es-gyengenlatok-egyesuletenek-farsangi-rendezvenye-2024-februar-20\">Vakok \u00e9s Gyeng\u00e9nl\u00e1t\u00f3k Egyes\u00fclet\u00e9nek farsangi rendezv\u00e9nye &#8211; 2024. febru\u00e1r 20.<\/a><\/li>\n<li><a href=\"https:\/\/blog.justhvk.hu\/blog\/2024-es-fotok\/nggallery\/album\/23-justh-zsigmond-szavaloverseny-2024-februar-16\">23. Justh Zsigmond szaval\u00f3verseny &#8211; 2024. febru\u00e1r 16.<\/a><\/li>\n<li><a href=\"https:\/\/blog.justhvk.hu\/blog\/2024-es-fotok\/nggallery\/album\/olvasokor-2024-februar-14\">Olvas\u00f3k\u00f6r &#8211; 2024. febru\u00e1r 14.<\/a><\/li>\n<li><a href=\"https:\/\/blog.justhvk.hu\/blog\/2024-es-fotok\/nggallery\/album\/lehel-ovisok-a-gyermekkonyvtarban-2024-februar-14\">Lehel ovisok a gyermekk\u00f6nyvt\u00e1rban &#8211; 2024. febru\u00e1r 14.<\/a><\/li>\n<li><a href=\"https:\/\/blog.justhvk.hu\/blog\/2024-es-fotok\/nggallery\/album\/farsangi-jatszohaz-a-gyermekkonyvtarban-2024-februar-9\">Farsangi j\u00e1tsz\u00f3h\u00e1z a gyermekk\u00f6nyvt\u00e1rban &#8211; 2024. febru\u00e1r 9.<\/a><\/li>\n<li><a href=\"https:\/\/blog.justhvk.hu\/blog\/2024-es-fotok\/nggallery\/album\/vorosmarty-iskola-2-osztalyosok-a-gyermekkonyvtarban-2024-februar-9\">V\u00f6r\u00f6smarty iskola 2. oszt\u00e1lyosok a gyermekk\u00f6nyvt\u00e1rban &#8211; 2024. febru\u00e1r 9.<\/a><\/li>\n<li><a href=\"https:\/\/blog.justhvk.hu\/blog\/2024-es-fotok\/nggallery\/album\/forras-ovi-halacska-csoport-a-gyermekkonyvtarban-2024-februar-8\">Forr\u00e1s ovi Halacska csoport a gyermekk\u00f6nyvt\u00e1rban &#8211; 2024. febru\u00e1r 8.<\/a><\/li>\n<li><a href=\"https:\/\/blog.justhvk.hu\/blog\/2024-es-fotok\/nggallery\/album\/olvaso-szakkor-a-gyermekkonyvtarban-2024-februar-7\">Olvas\u00f3 szakk\u00f6r a gyermekk\u00f6nyvt\u00e1rban &#8211; 2024. febru\u00e1r 7.<\/a><\/li>\n<li><a href=\"https:\/\/blog.justhvk.hu\/blog\/2024-es-fotok\/nggallery\/album\/bajcsy-ovisok-a-gyermekkonyvtarban-2024-februar-7\">Bajcsy ovisok a gyermekk\u00f6nyvt\u00e1rban &#8211; 2024. febru\u00e1r 7.<\/a><\/li>\n<li><a href=\"https:\/\/blog.justhvk.hu\/blog\/2024-es-fotok\/nggallery\/album\/farsangi-foglalkozas-a-vadvirag-esely-klub-fiataljaival-2024-februar-6\">Farsangi foglalkoz\u00e1s a Vadvir\u00e1g Es\u00e9ly Klub fiataljaival &#8211; 2024. febru\u00e1r 6.<\/a><\/li>\n<li><a href=\"https:\/\/blog.justhvk.hu\/blog\/2024-es-fotok\/nggallery\/2024-es-fotok\/kazinczy-ferencrol-elnevezett-szep-magyar-beszed-verseny-2024-februar-1\">Kazinczy Ferencr\u0151l elnevezett Sz\u00e9p Magyar Besz\u00e9d verseny &#8211; 2024. febru\u00e1r 1.<\/a>&nbsp;<\/li>\n<li><a href=\"https:\/\/blog.justhvk.hu\/blog\/2024-es-fotok\/nggallery\/2024-es-fotok\/veraszto-antal-mano-ul-a-teknoben-2024-januar-31\">Veraszt\u00f3 Antal: Man\u00f3 \u00fcl a tekn\u0151ben &#8211; 2024. janu\u00e1r 31.<\/a>&nbsp;<\/li>\n<li><a href=\"https:\/\/blog.justhvk.hu\/blog\/2024-es-fotok\/nggallery\/2024-es-fotok\/gyongy-percek-europai-mehnyakrak-megelozesi-het-2024-januar-27\">Gy\u00f6ngy-percek &#8211; Eur\u00f3pai M\u00e9hnyakr\u00e1k Megel\u0151z\u00e9si H\u00e9t &#8211; 2024. janu\u00e1r 27.<\/a><\/li>\n<li><a href=\"https:\/\/blog.justhvk.hu\/blog\/2024-es-fotok\/nggallery\/2024-es-fotok\/violinak-kamaraegyuttes-40-ev-mulva-bemutatkozo-kiskoncert-2024-januar-26\">Viol\u00edn\u00e1k kamaraegy\u00fcttes: 40 \u00e9v m\u00falva &#8211; bemutatkoz\u00f3 kiskoncert &#8211; 2024. janu\u00e1r 26.<\/a><\/li>\n<li><a href=\"https:\/\/blog.justhvk.hu\/blog\/2024-es-fotok\/nggallery\/2024-es-fotok\/konyvtarlatogatason-a-tancsics-gimnazium-9-a-osztalyos-tanuloi-2024-januar-23\">K\u00f6nyvt\u00e1rl\u00e1togat\u00e1son a T\u00e1ncsics gimn\u00e1zium 9\/a oszt\u00e1lyos tanul\u00f3i &#8211; 2024. janu\u00e1r 23.<\/a><\/li>\n<\/ul>\n<p><strong>2023<\/strong><\/p>\n<ul>\n<li><a href=\"https:\/\/blog.justhvk.hu\/blog\/2023-as-fotok\/nggallery\/2023-as-forok\/karacsonyvaro-jatszohaz-a-gyermekkonyvtarban-2023-december-22\">Kar\u00e1csonyv\u00e1r\u00f3 j\u00e1tsz\u00f3h\u00e1z a gyermekk\u00f6nyvt\u00e1rban &#8211; 2023. december 22.<\/a><\/li>\n<li><a href=\"https:\/\/blog.justhvk.hu\/blog\/2023-as-fotok\/nggallery\/2023-as-forok\/lelekvitamin-2023-december-20\">L\u00e9lekVitamin &#8211; 2023. december 20.<\/a><\/li>\n<li><a href=\"https:\/\/blog.justhvk.hu\/blog\/2023-as-fotok\/nggallery\/2023-as-forok\/vakok-es-gyengenlatok-egyesuletenek-klubtalalkozoja-2023-december-19\">Vakok \u00e9s Gyeng\u00e9nl\u00e1t\u00f3k Egyes\u00fclet\u00e9nek klubtal\u00e1lkoz\u00f3ja &#8211; 2023. december 19.<\/a><\/li>\n<li><a href=\"https:\/\/blog.justhvk.hu\/blog\/2023-as-fotok\/nggallery\/2023-as-forok\/pusztafoldvari-iskolasok-a-gyermekkonyvtarban-2023-december-18\">Pusztaf\u00f6ldv\u00e1ri iskol\u00e1sok a gyermekk\u00f6nyvt\u00e1rban &#8211; 2023. december 18.<\/a><\/li>\n<li><a href=\"https:\/\/blog.justhvk.hu\/blog\/2023-as-fotok\/nggallery\/2023-as-forok\/olvasokor-2023-december-13\">Olvas\u00f3k\u00f6r &#8211; 2023. december 13.<\/a><\/li>\n<li><a href=\"https:\/\/blog.justhvk.hu\/blog\/2023-as-fotok\/nggallery\/2023-as-forok\/rakoczitelepi-4-osztalyosok-a-gyermekkonyvtarban-2023-december-13\">R\u00e1k\u00f3czitelepi 4. oszt\u00e1lyosok a gyermekk\u00f6nyvt\u00e1rban &#8211; 2023. december 13.<\/a><\/li>\n<li><a href=\"https:\/\/blog.justhvk.hu\/blog\/2023-as-fotok\/nggallery\/2023-as-forok\/eotvos-iskola-1-b-osztalyosai-a-gyermekkonyvtarban-2023-december-12\">E\u00f6tv\u00f6s iskola 1\/b oszt\u00e1lyosai a gyermekk\u00f6nyvt\u00e1rban &#8211; 2023. december 12.<\/a><\/li>\n<li><a href=\"https:\/\/blog.justhvk.hu\/blog\/2023-as-fotok\/nggallery\/2023-as-forok\/eotvos-iskola-1-a-osztalyosai-a-gyermekkonyvtarban-2023-december-12\">E\u00f6tv\u00f6s iskola 1\/a oszt\u00e1lyosai a gyermekk\u00f6nyvt\u00e1rban &#8211; 2023. december 12.<\/a><\/li>\n<li><a href=\"https:\/\/blog.justhvk.hu\/blog\/2023-as-fotok\/nggallery\/2023-as-forok\/eotvos-iskola-2-b-osztalyosai-a-gyermekkonyvtarban-2023-december-6\">E\u00f6tv\u00f6s iskola 2\/b oszt\u00e1lyosai a gyermekk\u00f6nyvt\u00e1rban &#8211; 2023. december 6.<\/a><\/li>\n<li><a href=\"https:\/\/blog.justhvk.hu\/blog\/2023-as-fotok\/nggallery\/2023-as-forok\/eotvos-iskola-2-a-osztalyosai-a-gyermekkonyvtarban-2023-december-5\">E\u00f6tv\u00f6s iskola 2\/a oszt\u00e1lyosai a gyermekk\u00f6nyvt\u00e1rban &#8211; 2023. december 5.<\/a><\/li>\n<li><a href=\"https:\/\/blog.justhvk.hu\/blog\/2023-as-fotok\/nggallery\/2023-as-forok\/uzsoki-ovisok-a-gyermekkonyvtarban-2023-december-5\">Uzsoki ovisok a gyermekk\u00f6nyvt\u00e1rban &#8211; 2023. december 5.<\/a><\/li>\n<li><a href=\"https:\/\/blog.justhvk.hu\/blog\/2023-as-fotok\/nggallery\/2023-as-forok\/eotvos-iskola-4-b-osztalyosai-a-gyermekkonyvtarban-2023-november-30\">E\u00f6tv\u00f6s iskola 4\/b oszt\u00e1lyosai a gyermekk\u00f6nyvt\u00e1rban &#8211; 2023. november 30.<\/a><\/li>\n<li><a href=\"https:\/\/blog.justhvk.hu\/blog\/2023-as-fotok\/nggallery\/2023-as-forok\/bajcsy-ovisok-a-gyermekkonyvtarban-2023-november-29\">Bajcsy ovisok a gyermekk\u00f6nyvt\u00e1rban &#8211; 2023. november 29.<\/a><\/li>\n<li><a href=\"https:\/\/blog.justhvk.hu\/blog\/2023-as-fotok\/nggallery\/2023-as-forok\/eotvos-iskola-3-a-osztalyosai-a-gyermekkonyvtarban-2023-november-28\">E\u00f6tv\u00f6s iskola 3\/a oszt\u00e1lyosai a gyermekk\u00f6nyvt\u00e1rban &#8211; 2023. november 28.<\/a><\/li>\n<li><a href=\"https:\/\/blog.justhvk.hu\/blog\/2023-as-fotok\/nggallery\/2023-as-forok\/tarsas-jatek-est-2023-november-24\">T\u00e1rsas-j\u00e1t\u00e9k-est &#8211; 2023. november 24.<\/a><\/li>\n<li><a href=\"https:\/\/blog.justhvk.hu\/blog\/2023-as-fotok\/nggallery\/2023-as-forok\/filmvetites-elfogyni-az-olelesben-2023-november-22\">Filmvet\u00edt\u00e9s: Elfogyni az \u00f6lel\u00e9sben &#8211; 2023. november 22.<\/a><\/li>\n<li><a href=\"https:\/\/blog.justhvk.hu\/blog\/2023-as-fotok\/nggallery\/2023-as-forok\/olvaso-szakkor-a-gyermekkonyvtarban-2023-november-22\">Olvas\u00f3 szakk\u00f6r a gyermekk\u00f6nyvt\u00e1rban &#8211; 2023. november 22.<\/a><\/li>\n<li><a href=\"https:\/\/blog.justhvk.hu\/blog\/2023-as-fotok\/nggallery\/2023-as-forok\/vakok-es-gyengenlatok-egyesuletenek-klubtalalkozoja-2023-november-21\">Vakok \u00e9s Gyeng\u00e9nl\u00e1t\u00f3k Egyes\u00fclet\u00e9nek klubtal\u00e1lkoz\u00f3ja &#8211; 2023. november 21.<\/a><\/li>\n<li><a href=\"https:\/\/blog.justhvk.hu\/blog\/2023-as-fotok\/nggallery\/2023-as-forok\/eotvos-iskola-4-a-osztalyosai-a-gyermekkonyvtarban-2023-november-20\">E\u00f6tv\u00f6s iskola 4\/a oszt\u00e1lyosai a gyermekk\u00f6nyvt\u00e1rban &#8211; 2023. november 20.<\/a><\/li>\n<li><a href=\"https:\/\/blog.justhvk.hu\/blog\/2023-as-fotok\/nggallery\/2023-as-forok\/vorosmarty-iskola-4-b-osztalyosai-a-gyermekkonyvtarban-2023-november-17\">V\u00f6r\u00f6smarty iskola 4\/b oszt\u00e1lyosai a gyermekk\u00f6nyvt\u00e1rban &#8211; 2023. november 17.<\/a><\/li>\n<li><a href=\"https:\/\/blog.justhvk.hu\/blog\/2023-as-fotok\/nggallery\/2023-as-forok\/lelekvitamin-2023-november-15\">L\u00e9lekVitamin &#8211; 2023. november 15.<\/a><\/li>\n<li><a href=\"https:\/\/blog.justhvk.hu\/blog\/2023-as-fotok\/nggallery\/2023-as-forok\/forras-ovisok-a-gyermekkonyvtarban-2023-november-14\">Forr\u00e1s ovisok a gyermekk\u00f6nyvt\u00e1rban &#8211; 2023. november 14.<\/a><\/li>\n<li><a href=\"https:\/\/blog.justhvk.hu\/blog\/2023-as-fotok\/nggallery\/2023-as-forok\/eotvos-iskola-3-b-osztalyosai-a-gyermekkonyvtarban-2023-november-9\">E\u00f6tv\u00f6s iskola 3\/b oszt\u00e1lyosai a gyermekk\u00f6nyvt\u00e1rban &#8211; 2023. november 9.<\/a><\/li>\n<li><a href=\"https:\/\/blog.justhvk.hu\/blog\/2023-as-fotok\/nggallery\/2023-as-forok\/olvasokor-2023-november-8\">Olvas\u00f3k\u00f6r &#8211; 2023. november 8.<\/a><\/li>\n<li><a href=\"https:\/\/blog.justhvk.hu\/blog\/2023-as-fotok\/nggallery\/2023-as-forok\/ezt-latta-a-kamerank-2023-2023-november-7\">Ezt l\u00e1tta a kamer\u00e1nk 2023 &#8211; 2023. november 7.<\/a><\/li>\n<li><a href=\"https:\/\/blog.justhvk.hu\/blog\/2023-as-fotok\/nggallery\/2023-as-forok\/oszi-kezmuves-foglalkozas-2023-oktober-31\">\u0150szi k\u00e9zm\u0171ves foglalkoz\u00e1s &#8211; 2023. okt\u00f3ber 31.<\/a><\/li>\n<li><a href=\"https:\/\/blog.justhvk.hu\/blog\/2023-as-fotok\/nggallery\/2023-as-forok\/olvashaza-eredmenyhirdetes-2023-oktober-27\">Olvash\u00e1za eredm\u00e9nyhirdet\u00e9s &#8211; 2023. okt\u00f3ber 27.<\/a><\/li>\n<li><a href=\"https:\/\/blog.justhvk.hu\/blog\/2023-as-fotok\/nggallery\/2023-as-forok\/bajcsy-ovisok-a-gyermekkonyvtarban-2023-oktober-25\">Bajcsy ovisok a gyermekk\u00f6nyvt\u00e1rban &#8211; 2023. okt\u00f3ber 25.<\/a><\/li>\n<li><a href=\"https:\/\/blog.justhvk.hu\/blog\/2023-as-fotok\/nggallery\/2023-as-forok\/wesley-iskola-a-gyermekkonyvtarban-2023-oktober-19\">Wesley iskola a gyermekk\u00f6nyvt\u00e1rban &#8211; 2023. okt\u00f3ber 19.<\/a><\/li>\n<li><a href=\"https:\/\/blog.justhvk.hu\/blog\/2023-as-fotok\/nggallery\/2023-as-forok\/lelekvitamin-2023-oktober-18\">L\u00e9lekVitamin &#8211; 2023. okt\u00f3ber 18.<\/a><\/li>\n<li><a href=\"https:\/\/blog.justhvk.hu\/blog\/2023-as-fotok\/nggallery\/2023-as-forok\/vakok-es-gyengenlatok-egyesuletenek-klubtalalkozoja-2023-oktober-17\">Vakok \u00e9s Gyeng\u00e9nl\u00e1t\u00f3k Egyes\u00fclet\u00e9nek klubtal\u00e1lkoz\u00f3ja &#8211; 2023. okt\u00f3ber 17.<\/a><\/li>\n<li><a href=\"https:\/\/blog.justhvk.hu\/blog\/2023-as-fotok\/nggallery\/2023-as-forok\/olvasokor-2023-oktober-11\">Olvas\u00f3k\u00f6r &#8211; 2023. okt\u00f3ber 11.<\/a><\/li>\n<li><a href=\"https:\/\/blog.justhvk.hu\/blog\/2023-as-fotok\/nggallery\/2023-as-forok\/olvaso-szakkor-a-gyermekkonyvtarban-2023-oktober-11\">Olvas\u00f3 szakk\u00f6r a gyermekk\u00f6nyvt\u00e1rban &#8211; 2023. okt\u00f3ber 11.<\/a><\/li>\n<li><a href=\"https:\/\/blog.justhvk.hu\/blog\/2023-as-fotok\/nggallery\/2023-as-forok\/kerekpartura-gadorosra-2023-oktober-7\">Ker\u00e9kp\u00e1rt\u00fara G\u00e1dorosra &#8211; 2023. okt\u00f3ber 7.<\/a>&nbsp;<\/li>\n<li><a href=\"https:\/\/blog.justhvk.hu\/blog\/2023-as-fotok\/nggallery\/2023-as-forok\/olvassunk-lilinek-2023-oktober-6\">Olvassunk Lilinek! &#8211; 2023. okt\u00f3ber 6.<\/a>&nbsp;<\/li>\n<li><a href=\"https:\/\/blog.justhvk.hu\/blog\/2023-as-fotok\/nggallery\/2023-as-forok\/sulyok-csaba-konyvbemutato-2023-oktober-5\">Sulyok Csaba k\u00f6nyvbemutat\u00f3 &#8211; 2023. okt\u00f3ber 5.<\/a>&nbsp;<\/li>\n<li><a href=\"https:\/\/blog.justhvk.hu\/blog\/2023-as-fotok\/nggallery\/2023-as-forok\/szarka-karoly-konyvbemutato-2023-oktober-4\">Szarka K\u00e1roly k\u00f6nyvbemutat\u00f3 &#8211; 2023. okt\u00f3ber 4.<\/a>&nbsp;<\/li>\n<li><a href=\"https:\/\/blog.justhvk.hu\/blog\/2023-as-fotok\/nggallery\/2023-as-forok\/veradas-a-konyvtarban-2023-oktober-4\">V\u00e9rad\u00e1s a k\u00f6nyvt\u00e1rban &#8211; 2023. okt\u00f3ber 4.&nbsp;<\/a><\/li>\n<li><a href=\"https:\/\/blog.justhvk.hu\/blog\/2023-as-fotok\/nggallery\/2023-as-forok\/jammy-zenekar-2023-oktober-3\">Jammy zenekar &#8211; 2023. okt\u00f3ber 3.<\/a>&nbsp;<\/li>\n<li><a href=\"https:\/\/blog.justhvk.hu\/blog\/2023-as-fotok\/nggallery\/2023-as-forok\/filmvetites-emberszag-2023-oktober-2\">Filmvet\u00edt\u00e9s: Emberszag &#8211; 2023. okt\u00f3ber 2.<\/a><\/li>\n<li><a href=\"https:\/\/blog.justhvk.hu\/blog\/2023-as-fotok\/nggallery\/2023-as-forok\/palyaorientacios-nap-a-vorosmarty-iskola-diakjaival-2023-szeptember-29\">P\u00e1lyaorient\u00e1ci\u00f3s nap a V\u00f6r\u00f6smarty iskola di\u00e1kjaival &#8211; 2023. szeptember 29.<\/a>&nbsp;<\/li>\n<li><a href=\"https:\/\/blog.justhvk.hu\/blog\/2023-as-fotok\/nggallery\/2023-as-forok\/tarsas-jatek-est-2023-szeptember-28\">T\u00e1rsas-J\u00e1t\u00e9k-Est &#8211; 2023. szeptember 28.<\/a>&nbsp;<\/li>\n<li><a href=\"https:\/\/blog.justhvk.hu\/blog\/2023-as-fotok\/nggallery\/2023-as-forok\/lelekvitamin-2023-szeptember-27\">L\u00e9lekVitamin &#8211; 2023. szeptember 27.<\/a>&nbsp;<\/li>\n<li><a href=\"https:\/\/blog.justhvk.hu\/blog\/2023-as-fotok\/nggallery\/2023-as-forok\/filmvetites-tercett-2023-szeptember-19\">Filmvet\u00edt\u00e9s: Tercett &#8211; 2023. szeptember 19.<\/a><\/li>\n<li><a href=\"https:\/\/blog.justhvk.hu\/blog\/2023-as-fotok\/nggallery\/2023-as-forok\/olvasokor-2023-szeptember-13\">Olvas\u00f3k\u00f6r &#8211; 2023. szeptember 13.<\/a>&nbsp;<\/li>\n<li><a href=\"https:\/\/blog.justhvk.hu\/blog\/2023-as-fotok\/nggallery\/2023-as-forok\/filmvetites-a-ket-egyetlen-2023-augusztus-29\">Filmvet\u00edt\u00e9s: A k\u00e9t egyetlen &#8211; 2023. augusztus 29.<\/a><\/li>\n<li><a href=\"https:\/\/blog.justhvk.hu\/blog\/2023-as-fotok\/nggallery\/2023-as-forok\/bajcsy-ovisok-a-gyermekkonyvtarban-2023-augusztus-18\">Bajcsy ovisok a gyermekk\u00f6nyvt\u00e1rban &#8211; 2023. augusztus 18.<\/a><\/li>\n<li><a href=\"https:\/\/blog.justhvk.hu\/blog\/2023-as-fotok\/nggallery\/2023-as-forok\/gyerekjolet-tabor-a-gyermekkonyvtarban-2023-augusztus-17\">Gyerekj\u00f3l\u00e9t-t\u00e1bor a gyermekk\u00f6nyvt\u00e1rban &#8211; 2023. augusztus 17.<\/a><\/li>\n<li><a href=\"https:\/\/blog.justhvk.hu\/blog\/2023-as-fotok\/nggallery\/2023-as-forok\/vakok-es-gyengenlatok-egyesuletenek-klubtalalkozoja-2023-augusztus-15\">Vakok \u00e9s Gyeng\u00e9nl\u00e1t\u00f3k Egyes\u00fclet\u00e9nek klubtal\u00e1lkoz\u00f3ja &#8211; 2023. augusztus 15.<\/a><\/li>\n<li><a href=\"https:\/\/blog.justhvk.hu\/blog\/2023-as-fotok\/nggallery\/2023-as-forok\/nyari-jatszohaz-2023-augusztus-7-11\">Ny\u00e1ri j\u00e1tsz\u00f3h\u00e1z &#8211; 2023. augusztus 7-11.<\/a><\/li>\n<li><a href=\"https:\/\/blog.justhvk.hu\/blog\/2023-as-fotok\/nggallery\/2023-as-forok\/kattints-velunk-2023-nyar\">Kattints vel\u00fcnk! &#8211; 2023. ny\u00e1r<\/a><\/li>\n<li><a href=\"https:\/\/blog.justhvk.hu\/blog\/2023-as-fotok\/nggallery\/2023-as-forok\/nyari-napkozi-a-gyermekkonyvtarban-2023-julius-24\">Ny\u00e1ri napk\u00f6zi a gyermekk\u00f6nyvt\u00e1rban &#8211; 2023. j\u00falius 24.<\/a><\/li>\n<li><a href=\"https:\/\/blog.justhvk.hu\/blog\/2023-as-fotok\/nggallery\/2023-as-forok\/elmenyszerzo-nap-a-gyermekkonyvtarban-2023-julius-21\">\u00c9lm\u00e9nyszerz\u0151 nap a gyermekk\u00f6nyvt\u00e1rban &#8211; 2023. j\u00falius 21.<\/a><\/li>\n<li><a href=\"https:\/\/blog.justhvk.hu\/blog\/2023-as-fotok\/nggallery\/2023-as-forok\/lurko-ovisok-a-gyermekkonyvtarban-2023-julius-21\">Lurk\u00f3 ovisok a gyermekk\u00f6nyvt\u00e1rban &#8211; 2023. j\u00falius 21.<\/a><\/li>\n<li><a href=\"https:\/\/blog.justhvk.hu\/blog\/2023-as-fotok\/nggallery\/2023-as-forok\/nyari-napkozi-a-gyermekkonyvtarban-2023-julius-17\">Ny\u00e1ri napk\u00f6zi a gyermekk\u00f6nyvt\u00e1rban &#8211; 2023. j\u00falius 17.<\/a><\/li>\n<li><a href=\"https:\/\/blog.justhvk.hu\/blog\/2023-as-fotok\/nggallery\/2023-as-forok\/szekkutasi-nyari-tabor-a-gyermekkonyvtarban-2023-julius-14\">Sz\u00e9kkutasi ny\u00e1ri t\u00e1bor a gyermekk\u00f6nyvt\u00e1rban &#8211; 2023. j\u00falius 14.<\/a><\/li>\n<li><a href=\"https:\/\/blog.justhvk.hu\/blog\/2023-as-fotok\/nggallery\/2023-as-forok\/nyari-napkozi-a-gyermekkonyvtarban-2023-julius-10\">Ny\u00e1ri napk\u00f6zi a gyermekk\u00f6nyvt\u00e1rban &#8211; 2023. j\u00falius 10.<\/a><\/li>\n<li><a href=\"https:\/\/blog.justhvk.hu\/blog\/2023-as-fotok\/nggallery\/2023-as-forok\/nyari-jatszohaz-2023-julius-10-14\">Ny\u00e1ri j\u00e1tsz\u00f3h\u00e1z &#8211; 2023. j\u00falius 10-14.<\/a><\/li>\n<li><a href=\"https:\/\/blog.justhvk.hu\/blog\/2023-as-fotok\/nggallery\/2023-as-forok\/lelekvitamin-2023-junius-21\">L\u00e9lekVitamin &#8211; 2023. j\u00fanius 21.<\/a><\/li>\n<li><a href=\"https:\/\/blog.justhvk.hu\/blog\/2023-as-fotok\/nggallery\/2023-as-forok\/bajcsy-ovisok-a-gyermekkonyvtarban-2023-junius-20\">Bajcsy ovisok a gyermekk\u00f6nyvt\u00e1rban &#8211; 2023. j\u00fanius 20.<\/a><\/li>\n<li><a href=\"https:\/\/blog.justhvk.hu\/blog\/2023-as-fotok\/nggallery\/2023-as-forok\/vakok-es-gyengenlatok-egyesuletenek-klubtalalkozoja-2023-junius-20\">Vakok \u00e9s Gyeng\u00e9nl\u00e1t\u00f3k Egyes\u00fclet\u00e9nek klubtal\u00e1lkoz\u00f3ja &#8211; 2023. j\u00fanius 20.<\/a><\/li>\n<li><a href=\"https:\/\/blog.justhvk.hu\/blog\/2023-as-fotok\/nggallery\/2023-as-forok\/redance-tabor-2023-junius-19\">ReDance t\u00e1bor &#8211; 2023. j\u00fanius 19.<\/a><\/li>\n<li><a href=\"https:\/\/blog.justhvk.hu\/blog\/2023-as-fotok\/nggallery\/2023-as-forok\/olvasokor-2023-junius-14\">Olvas\u00f3k\u00f6r &#8211; 2023. j\u00fanius 14.<\/a><\/li>\n<li><a href=\"https:\/\/blog.justhvk.hu\/blog\/2023-as-fotok\/nggallery\/2023-as-forok\/csanadapacai-4-a-osztalyosok-a-gyermekkonyvtarban-2023-junius-6\">Csan\u00e1dap\u00e1cai 4\/a oszt\u00e1lyosok a gyermekk\u00f6nyvt\u00e1rban &#8211; 2023. j\u00fanius 6.<\/a>&nbsp;<\/li>\n<li><a href=\"https:\/\/blog.justhvk.hu\/blog\/2023-as-fotok\/nggallery\/2023-as-forok\/lelekvitamin-2023-majus-17\">L\u00e9lekVitamin &#8211; 2023. m\u00e1jus 17.<\/a><\/li>\n<li><a href=\"https:\/\/blog.justhvk.hu\/blog\/2023-as-fotok\/nggallery\/2023-as-forok\/rakoczitelepi-1-es-2-osztalyosok-a-gyermekkonyvtarban-2023-majus-17\">R\u00e1k\u00f3czitelepi 1. \u00e9s 2. oszt\u00e1lyosok a gyermekk\u00f6nyvt\u00e1rban &#8211; 2023. m\u00e1jus 17.<\/a><\/li>\n<li><a href=\"https:\/\/blog.justhvk.hu\/blog\/2023-as-fotok\/nggallery\/2023-as-forok\/vakok-es-gyengenlatok-egyesuletenek-klubtalalkozoja-2023-majus-16\">Vakok \u00e9s Gyeng\u00e9nl\u00e1t\u00f3k Egyes\u00fclet\u00e9nek klubtal\u00e1lkoz\u00f3ja &#8211; 2023. m\u00e1jus 16.<\/a><\/li>\n<li><a href=\"https:\/\/blog.justhvk.hu\/blog\/2023-as-fotok\/nggallery\/2023-as-forok\/olvasokor-2023-majus-10\">Olvas\u00f3k\u00f6r &#8211; 2023. m\u00e1jus 10.<\/a><\/li>\n<li><a href=\"https:\/\/blog.justhvk.hu\/blog\/2023-as-fotok\/nggallery\/2023-as-forok\/rakoczitelepi-3-es-4-osztalyosok-a-gyermekkonyvtarban-2023-majus-10\">R\u00e1k\u00f3czitelepi 3. \u00e9s 4. oszt\u00e1lyosok a gyermekk\u00f6nyvt\u00e1rban &#8211; 2023. m\u00e1jus 10.<\/a><\/li>\n<li><a href=\"https:\/\/blog.justhvk.hu\/blog\/2023-as-fotok\/nggallery\/2023-as-forok\/szekacs-iskola-2-b-osztalyosai-a-gyermekkonyvtarban-2023-majus-9\">Sz\u00e9k\u00e1cs iskola 2\/b oszt\u00e1lyosai a gyermekk\u00f6nyvt\u00e1rban &#8211; 2023. m\u00e1jus 9.<\/a><\/li>\n<li><a href=\"https:\/\/blog.justhvk.hu\/blog\/2023-as-fotok\/nggallery\/2023-as-forok\/szekacs-iskola-5-a-osztalyosai-a-gyermekkonyvtarban-2023-majus-8\">Sz\u00e9k\u00e1cs iskola 5\/a oszt\u00e1lyosai a gyermekk\u00f6nyvt\u00e1rban &#8211; 2023. m\u00e1jus 8.<\/a><\/li>\n<li><a href=\"https:\/\/blog.justhvk.hu\/blog\/2023-as-fotok\/nggallery\/2023-as-forok\/16-gyoparka-tunder-mesemondo-verseny-2023-aprilis-29\">16. Gyop\u00e1rka t\u00fcnd\u00e9r mesemond\u00f3 verseny \u2013 2023. \u00e1prilis 29.<\/a>&nbsp;<\/li>\n<li><a href=\"https:\/\/blog.justhvk.hu\/blog\/2023-as-fotok\/nggallery\/2023-as-forok\/lelekvitamin-2023-aprilis-19\">L\u00e9lekVitamin &#8211; 2023. \u00e1prilis 19.<\/a><\/li>\n<li><a href=\"https:\/\/blog.justhvk.hu\/blog\/2023-as-fotok\/nggallery\/2023-as-forok\/rakoczitelepi-6-es-7-osztalyosok-a-gyermekkonyvtarban-2023-aprilis-19\">R\u00e1k\u00f3czitelepi 6. \u00e9s 7. oszt\u00e1lyosok a gyermekk\u00f6nyvt\u00e1rban &#8211; 2023. \u00e1prilis 19.<\/a><\/li>\n<li><a href=\"https:\/\/blog.justhvk.hu\/blog\/2023-as-fotok\/nggallery\/2023-as-forok\/vakok-es-gyengenlatok-egyesuletenek-klubtalalkozoja-2023-aprilis-18\">Vakok \u00e9s Gyeng\u00e9nl\u00e1t\u00f3k Egyes\u00fclet\u00e9nek klubtal\u00e1lkoz\u00f3ja &#8211; 2023. \u00e1prilis 18.<\/a><\/li>\n<li><a href=\"https:\/\/blog.justhvk.hu\/blog\/2023-as-fotok\/nggallery\/2023-as-forok\/czernak-ferenc-szavaloestje-2023-aprilis-13\">Czern\u00e1k Ferenc szaval\u00f3estje &#8211; 2023. \u00e1prilis 13.<\/a>&nbsp;<\/li>\n<li><a href=\"https:\/\/blog.justhvk.hu\/blog\/2023-as-fotok\/nggallery\/2023-as-forok\/olvasokor-2023-aprilis-12\">Olvas\u00f3k\u00f6r &#8211; 2023. \u00e1prilis 12.<\/a><\/li>\n<li><a href=\"https:\/\/blog.justhvk.hu\/blog\/2023-as-fotok\/nggallery\/2023-as-forok\/kormoczi-zoltan-es-a-klubb-zenekar-2023-aprilis-11\">K\u00f6rm\u00f6czi Zolt\u00e1n \u00e9s a KLuBB zenekar &#8211; 2023. \u00e1prilis 11.<\/a>&nbsp;<\/li>\n<li><a href=\"https:\/\/blog.justhvk.hu\/blog\/2023-as-fotok\/nggallery\/2023-as-forok\/husveti-jatszohaz-2023-aprilis-6\">H\u00fasv\u00e9ti j\u00e1tsz\u00f3h\u00e1z &#8211; 2023. \u00e1prilis 6.<\/a><\/li>\n<li><a href=\"https:\/\/blog.justhvk.hu\/blog\/2023-as-fotok\/nggallery\/2023-as-forok\/rakoczitelepi-3-osztalyosok-a-gyermekkonyvtarban-2023-aprilis-5\">R\u00e1k\u00f3czitelepi 3. oszt\u00e1lyosok a gyermekk\u00f6nyvt\u00e1rban &#8211; 2023. \u00e1prilis 5.<\/a><\/li>\n<li><a href=\"https:\/\/blog.justhvk.hu\/blog\/2023-as-fotok\/nggallery\/2023-as-forok\/eotvos-iskola-1-b-osztalyosai-a-gyermekkonyvtarban-2023-aprilis-4\">E\u00f6tv\u00f6s iskola 1\/b oszt\u00e1lyosai a gyermekk\u00f6nyvt\u00e1rban \u2013 2023. \u00e1prilis 4.<\/a><\/li>\n<li><a href=\"https:\/\/blog.justhvk.hu\/blog\/2023-as-fotok\/nggallery\/2023-as-forok\/eotvos-iskola-4-b-osztalyosai-a-gyermekkonyvtarban-2023-aprilis-4\">E\u00f6tv\u00f6s iskola 4\/b oszt\u00e1lyosai a gyermekk\u00f6nyvt\u00e1rban \u2013 2023. \u00e1prilis 4.<\/a><\/li>\n<li><a href=\"https:\/\/blog.justhvk.hu\/blog\/2023-as-fotok\/nggallery\/2023-as-forok\/eotvos-iskola-4-a-osztalyosai-a-gyermekkonyvtarban-2023-aprilis-4\">E\u00f6tv\u00f6s iskola 4\/a oszt\u00e1lyosai a gyermekk\u00f6nyvt\u00e1rban \u2013 2023. \u00e1prilis 4.<\/a><\/li>\n<li><a href=\"https:\/\/blog.justhvk.hu\/blog\/2023-as-fotok\/nggallery\/2023-as-forok\/eotvos-iskola-1-a-osztalyosai-a-gyermekkonyvtarban-2023-aprilis-3\">E\u00f6tv\u00f6s iskola 1\/a oszt\u00e1lyosai a gyermekk\u00f6nyvt\u00e1rban &#8211; 2023. \u00e1prilis 3.<\/a><\/li>\n<li><a href=\"https:\/\/blog.justhvk.hu\/blog\/2023-as-fotok\/nggallery\/2023-as-forok\/vadvirag-klub-husveti-foglalkozas-a-gyermekkonyvtarban-2023-marcius-30\">Vadvir\u00e1g Klub h\u00fasv\u00e9ti foglalkoz\u00e1s a gyermekk\u00f6nyvt\u00e1rban &#8211; 2023. m\u00e1rcius 30.<\/a><\/li>\n<li><a href=\"https:\/\/blog.justhvk.hu\/blog\/2023-as-fotok\/nggallery\/2023-as-forok\/eotvos-iskola-3-b-osztalyosai-a-gyermekkonyvtarban-2023-marcius-29\">E\u00f6tv\u00f6s iskola 3\/b oszt\u00e1lyosai a gyermekk\u00f6nyvt\u00e1rban &#8211; 2023. m\u00e1rcius 29.<\/a><\/li>\n<li><a href=\"https:\/\/blog.justhvk.hu\/blog\/2023-as-fotok\/nggallery\/2023-as-forok\/eotvos-iskola-2-b-osztalyosai-a-gyermekkonyvtarban-2023-marcius-29\">E\u00f6tv\u00f6s iskola 2\/b oszt\u00e1lyosai a gyermekk\u00f6nyvt\u00e1rban &#8211; 2023. m\u00e1rcius 29.<\/a><\/li>\n<li><a href=\"https:\/\/blog.justhvk.hu\/blog\/2023-as-fotok\/nggallery\/2023-as-forok\/vorosmarty-szavaloverseny-3-es-4-osztaly-2023-marcius-28\">V\u00f6r\u00f6smarty szaval\u00f3verseny 3. \u00e9s 4. oszt\u00e1ly &#8211; 2023. m\u00e1rcius 28.<\/a><\/li>\n<li><a href=\"https:\/\/blog.justhvk.hu\/blog\/2023-as-fotok\/nggallery\/2023-as-forok\/az-eotvos-iskola-3-a-osztalyosai-a-gyermekkonyvtarban-2023-marcius-27\">Az E\u00f6tv\u00f6s iskola 3\/a oszt\u00e1lyosai a gyermekk\u00f6nyvt\u00e1rban &#8211; 2023. m\u00e1rcius 27.<\/a>&nbsp;<\/li>\n<li><a href=\"https:\/\/blog.justhvk.hu\/blog\/2023-as-fotok\/nggallery\/2023-as-forok\/moricz-ovisok-a-gyermekkonyvtarban-2023-marcius-23\">M\u00f3ricz ovisok a gyermekk\u00f6nyvt\u00e1rban &#8211; 2023. m\u00e1rcius 23.<\/a><\/li>\n<li><a href=\"https:\/\/blog.justhvk.hu\/blog\/2023-as-fotok\/nggallery\/2023-as-forok\/lelekvitamin-2023-marcius-22\">L\u00e9lekVitamin &#8211; 2023. m\u00e1rcius 22.<\/a><\/li>\n<li><a href=\"https:\/\/blog.justhvk.hu\/blog\/2023-as-fotok\/nggallery\/2023-as-forok\/vakok-es-gyengenlatok-egyesuletenek-kozgyulese-2023-marcius-21\">Vakok \u00e9s Gyeng\u00e9nl\u00e1t\u00f3k Egyes\u00fclet\u00e9nek k\u00f6zgy\u0171l\u00e9se &#8211; 2023. m\u00e1rcius 21.<\/a><\/li>\n<li><a href=\"https:\/\/blog.justhvk.hu\/blog\/2023-as-fotok\/nggallery\/2023-as-forok\/rakoczitelepi-alsosok-a-gyermekkonyvtarban-2023-marcius-13\">R\u00e1k\u00f3czitelepi als\u00f3sok a gyermekk\u00f6nyvt\u00e1rban &#8211; 2023. m\u00e1rcius 13.<\/a>&nbsp;<\/li>\n<li><a href=\"https:\/\/blog.justhvk.hu\/blog\/2023-as-fotok\/nggallery\/2023-as-forok\/vorosmarty-iskola-4-a-a-gyermekkonyvtarban-2023-marcius-10\">V\u00f6r\u00f6smarty iskola 4\/a a gyermekk\u00f6nyvt\u00e1rban &#8211; 2023. m\u00e1rcius 10.<\/a><\/li>\n<li><a href=\"https:\/\/blog.justhvk.hu\/blog\/2023-as-fotok\/nggallery\/2023-as-forok\/olvasokor-2023-marcius-8\">Olvas\u00f3k\u00f6r &#8211; 2023. m\u00e1rcius 8.<\/a><\/li>\n<li><a href=\"https:\/\/blog.justhvk.hu\/blog\/2023-as-fotok\/nggallery\/2023-as-forok\/bajcsy-ovisok-a-gyermekkonyvtarban-2023-marcius-2\">Bajcsy ovisok a gyermekk\u00f6nyvt\u00e1rban &#8211; 2023. m\u00e1rcius 2.<\/a><\/li>\n<li><a href=\"https:\/\/blog.justhvk.hu\/blog\/2023-as-fotok\/nggallery\/2023-as-forok\/a-klubb-zenekar-koncertje-2023-februar-23\">A KLuBB zenekar koncertje &#8211; 2023. febru\u00e1r 23.<\/a>&nbsp;<\/li>\n<li><a href=\"https:\/\/blog.justhvk.hu\/blog\/2023-as-fotok\/nggallery\/2023-as-forok\/vorosmarty-iskola-2-b-a-gyermekkonyvtarban-2023-februar-23\">V\u00f6r\u00f6smarty iskola 2\/b a gyermekk\u00f6nyvt\u00e1rban &#8211; 2023 febru\u00e1r 23.<\/a><\/li>\n<li><a href=\"https:\/\/blog.justhvk.hu\/blog\/2023-as-fotok\/nggallery\/2023-as-forok\/justh-zsigmond-szavaloverseny-2023-februar-16\">Justh Zsigmond szaval\u00f3verseny &#8211; 2023. febru\u00e1r 16.<\/a><\/li>\n<li><a href=\"https:\/\/blog.justhvk.hu\/blog\/2023-as-fotok\/nggallery\/2023-as-forok\/lelekvitamin-2023-februar-15\">L\u00e9lekVitamin &#8211; 2023. febru\u00e1r 15.<\/a><\/li>\n<li><a href=\"https:\/\/blog.justhvk.hu\/blog\/2023-as-fotok\/nggallery\/2023-as-forok\/olvasokor-2023-februar-8\">Olvas\u00f3k\u00f6r &#8211; 2023. febru\u00e1r 8.<\/a><\/li>\n<li><a href=\"https:\/\/blog.justhvk.hu\/blog\/2023-as-fotok\/nggallery\/2023-as-forok\/farsangi-jatszohaz-2023-februar-3\">Farsangi j\u00e1tsz\u00f3h\u00e1z &#8211; 2023. febru\u00e1r 3.<\/a>&nbsp;<\/li>\n<li><a href=\"https:\/\/blog.justhvk.hu\/blog\/2023-as-fotok\/nggallery\/2023-as-forok\/kazinczy-ferencrol-elnevezett-szep-magyar-beszed-verseny-2023-februar-2\">Kazinczy Ferencr\u0151l elnevezett Sz\u00e9p Magyar Besz\u00e9d verseny &#8211; 2023. febru\u00e1r 2.<\/a><\/li>\n<li><a href=\"https:\/\/blog.justhvk.hu\/blog\/2023-as-fotok\/nggallery\/2023-as-forok\/vorosmarty-iskola-2-a-a-gyermekkonyvtarban-2023-februar-2\">V\u00f6r\u00f6smarty iskola 2\/a a gyermekk\u00f6nyvt\u00e1rban &#8211; 2023. febru\u00e1r 2.<\/a><\/li>\n<li><a href=\"https:\/\/blog.justhvk.hu\/blog\/2023-as-fotok\/nggallery\/2023-as-forok\/kond-utcai-ovoda-2023-februar-1\">K\u00f6nd utcai \u00f3vod\u00e1sok a gyermekk\u00f6nyvt\u00e1rban &#8211; 2023. febru\u00e1r 1.<\/a><\/li>\n<li><a href=\"https:\/\/blog.justhvk.hu\/blog\/2023-as-fotok\/nggallery\/2023-as-forok\/gyongyorzok-europai-mehnyakrak-megelozesi-het-2023-januar-27\">Gy\u00f6ngy\u0151rz\u0151k \u2013 Eur\u00f3pai M\u00e9hnyakr\u00e1k Megel\u0151z\u00e9si H\u00e9t &#8211; 2023. janu\u00e1r 27.<\/a>&nbsp;<\/li>\n<li><a href=\"https:\/\/blog.justhvk.hu\/blog\/2023-as-fotok\/nggallery\/2023-as-forok\/hartay-csaba-kozonsegtalalkozo-2023-januar-26\">Hartay Csaba k\u00f6z\u00f6ns\u00e9gtal\u00e1lkoz\u00f3 &#8211; 2023. janu\u00e1r 26.<\/a>&nbsp;<\/li>\n<li><a href=\"https:\/\/blog.justhvk.hu\/blog\/2023-as-fotok\/nggallery\/2023-as-forok\/z-konkoly-juci-lelekcseppek-konyvbemutato-2023-januar-19\">Z. Konkoly Juci: L\u00e9lekcseppek &#8211; k\u00f6nyvbemutat\u00f3 &#8211; 2023. janu\u00e1r 19.<\/a><\/li>\n<li><a href=\"https:\/\/blog.justhvk.hu\/blog\/2023-as-fotok\/nggallery\/2023-as-forok\/lelekvitamin-2023-januar-18\">L\u00e9lekVitamin &#8211; 2023. janu\u00e1r 18.<\/a><\/li>\n<li><a href=\"https:\/\/blog.justhvk.hu\/blog\/2023-as-fotok\/nggallery\/2023-as-forok\/vakok-es-gyengenlatok-egyesuletenek-klubtalalkozoja-2023-januar-17\">Vakok \u00e9s Gyeng\u00e9nl\u00e1t\u00f3k Egyes\u00fclet\u00e9nek klubtal\u00e1lkoz\u00f3ja &#8211; 2023. janu\u00e1r 17.<\/a><\/li>\n<\/ul>\n<p><strong>2022<\/strong><\/p>\n<ul>\n<li><a href=\"https:\/\/blog.justhvk.hu\/blog\/2023-as-fotok\/nggallery\/2023-as-forok\/vakok-es-gyengenlatok-egyesuletenek-klubtalalkozoja-2023-januar-17\">Kar\u00e1csonyv\u00e1r\u00f3 j\u00e1tsz\u00f3h\u00e1z a gyermekk\u00f6nyvt\u00e1rban &#8211; 2022. december 22.<\/a><\/li>\n<li><a href=\"https:\/\/blog.justhvk.hu\/blog\/2022-es-fotok\/nggallery\/2022-es-fotok\/lelekvitamin-2022-december-21\">L\u00e9lekVitamin &#8211; 2022. december 21.<\/a><\/li>\n<li><a href=\"https:\/\/blog.justhvk.hu\/blog\/2022-es-fotok\/nggallery\/2022-es-fotok\/eotvos-iskola-1-b-2022-december-21\">E\u00f6tv\u00f6s iskola 1\/b &#8211; 2022. december 21.<\/a><\/li>\n<li><a href=\"https:\/\/blog.justhvk.hu\/blog\/2022-es-fotok\/nggallery\/2022-es-fotok\/eotvos-iskola-3-a-2022-december-19\">E\u00f6tv\u00f6s iskola 3\/a &#8211; 2022. december 19.<\/a><\/li>\n<li><a href=\"https:\/\/blog.justhvk.hu\/blog\/2022-es-fotok\/nggallery\/2022-es-fotok\/vorosmarty-iskola-3-c-2022-december-15\">V\u00f6r\u00f6smarty iskola 3\/c \u2013 2022. december 15.<\/a>&nbsp;<\/li>\n<li><a href=\"https:\/\/blog.justhvk.hu\/blog\/2022-es-fotok\/nggallery\/2022-es-fotok\/vorosmarty-iskola-3-b-2022-december-15\">V\u00f6r\u00f6smarty iskola 3\/b &#8211; 2022. december 15.<\/a><\/li>\n<li><a href=\"https:\/\/blog.justhvk.hu\/blog\/2022-es-fotok\/nggallery\/2022-es-fotok\/olvasokor-2022-december-14\">Olvas\u00f3k\u00f6r &#8211; 2022. december 14.<\/a><\/li>\n<li><a href=\"https:\/\/blog.justhvk.hu\/blog\/2022-es-fotok\/nggallery\/2022-es-fotok\/eotvos-iskola-2-a-2022-december-14\">E\u00f6tv\u00f6s iskola 2\/a &#8211; 2022. december 14.<\/a><\/li>\n<li><a href=\"https:\/\/blog.justhvk.hu\/blog\/2022-es-fotok\/nggallery\/2022-es-fotok\/vorosmarty-iskola-3-a-2022-december-14\">V\u00f6r\u00f6smarty iskola 3\/a &#8211; 2022. december 14.<\/a><\/li>\n<li><a href=\"https:\/\/blog.justhvk.hu\/blog\/2022-es-fotok\/nggallery\/2022-es-fotok\/vakok-es-gyengenlatok-egyesuletenek-karacsonyi-programja-2022-december-13\">Vakok \u00e9s Gyeng\u00e9nl\u00e1t\u00f3k Egyes\u00fclet\u00e9nek kar\u00e1csonyi programja &#8211; 2022. december 13.<\/a><\/li>\n<li><a href=\"https:\/\/blog.justhvk.hu\/blog\/2022-es-fotok\/nggallery\/2022-es-fotok\/eotvos-iskola-1-a-2022-december-13\">E\u00f6tv\u00f6s iskola 1\/a &#8211; 2022. december 13.<\/a><\/li>\n<li><a href=\"https:\/\/blog.justhvk.hu\/blog\/2022-es-fotok\/nggallery\/2022-es-fotok\/eotvos-iskola-1-b-2022-december-12\">E\u00f6tv\u00f6s iskola 1\/b &#8211; 2022. december 12.<\/a><\/li>\n<li><a href=\"https:\/\/blog.justhvk.hu\/blog\/2022-es-fotok\/nggallery\/2022-es-fotok\/eotvos-iskola-2-b-2022-december-12\">E\u00f6tv\u00f6s iskola 2\/b &#8211; 2022. december 12.<\/a><\/li>\n<li><a href=\"https:\/\/blog.justhvk.hu\/blog\/2022-es-fotok\/nggallery\/2022-es-fotok\/jarto-roza-konyvbemutatoja-2022-december-8\">J\u00e1rt\u00f3 R\u00f3za k\u00f6nyvbemutat\u00f3ja &#8211; 2022. december 8.<\/a>&nbsp;<\/li>\n<li><a href=\"https:\/\/blog.justhvk.hu\/blog\/2022-es-fotok\/nggallery\/2022-es-fotok\/reformatus-iskola-5-osztaly-a-gyermekkonyvtarban-2022-december-8\">Reform\u00e1tus iskola 5. oszt\u00e1ly a gyermekk\u00f6nyvt\u00e1rban &#8211; 2022. december 8.<\/a>&nbsp;<\/li>\n<li><a href=\"https:\/\/blog.justhvk.hu\/blog\/2022-es-fotok\/nggallery\/2022-es-fotok\/az-eotvos-iskola-1-a-osztalyosai-a-gyermekkonyvtarban-2022-december-5\">Az E\u00f6tv\u00f6s iskola 1\/a oszt\u00e1lyosai a gyermekk\u00f6nyvt\u00e1rban &#8211; 2022. december 5.<\/a><\/li>\n<li><a href=\"https:\/\/blog.justhvk.hu\/blog\/2022-es-fotok\/nggallery\/2022-es-fotok\/vorosmarty-iskola-4-a-2022-december-2\">V\u00f6r\u00f6smarty iskola 4\/a &#8211; 2022. december 2.<\/a><\/li>\n<li><a href=\"https:\/\/blog.justhvk.hu\/blog\/2022-es-fotok\/nggallery\/2022-es-fotok\/eotvos-iskola-4-a-2022-november-30\">E\u00f6tv\u00f6s iskola 4\/a &#8211; 2022. november 30.<\/a><\/li>\n<li><a href=\"https:\/\/blog.justhvk.hu\/blog\/2022-es-fotok\/nggallery\/2022-es-fotok\/szucs-ferenc-konyvbemutatoja-2022-november-25\">Sz\u0171cs Ferenc k\u00f6nyvbemutat\u00f3ja &#8211; 2022. november 25.<\/a><\/li>\n<li><a href=\"https:\/\/blog.justhvk.hu\/blog\/2022-es-fotok\/nggallery\/2022-es-fotok\/eotvos-iskola-3-a-2022-november-21\">E\u00f6tv\u00f6s iskola 3\/a &#8211; 2022. november 21.<\/a><\/li>\n<li><a href=\"https:\/\/blog.justhvk.hu\/blog\/2022-es-fotok\/nggallery\/2022-es-fotok\/vorosmarty-iskola-3-b-2022-november-17\">V\u00f6r\u00f6smarty iskola 3\/b &#8211; 2022. november 17.<\/a><\/li>\n<li><a href=\"https:\/\/blog.justhvk.hu\/blog\/2022-es-fotok\/nggallery\/2022-es-fotok\/lelekvitamin-2022-november-16\">L\u00e9lekVitamin &#8211; 2022. november 16.<\/a><\/li>\n<li><a href=\"https:\/\/blog.justhvk.hu\/blog\/2022-es-fotok\/nggallery\/2022-es-fotok\/eotvos-iskola-3-b-2022-november-16\">E\u00f6tv\u00f6s iskola 3\/b &#8211; 2022. november 16.<\/a><\/li>\n<li><a href=\"https:\/\/blog.justhvk.hu\/blog\/2022-es-fotok\/nggallery\/2022-es-fotok\/100-ev-blues-alabama-mihaly-zoltan-konyvenek-bemutatoja-2022-november-15\">100 \u00e9v blues &#8211; Alabama, Mih\u00e1ly Zolt\u00e1n k\u00f6nyv\u00e9nek bemutat\u00f3ja &#8211; 2022. november 15.<\/a><\/li>\n<li><a href=\"https:\/\/blog.justhvk.hu\/blog\/2022-es-fotok\/nggallery\/2022-es-fotok\/adventi-keszulodes-2022-november-15\">Adventi k\u00e9sz\u00fcl\u0151d\u00e9s &#8211; 2022. november 15.<\/a>&nbsp;<\/li>\n<li><a href=\"https:\/\/blog.justhvk.hu\/blog\/2022-es-fotok\/nggallery\/2022-es-fotok\/eotvos-iskola-4-b-2022-november-14\">E\u00f6tv\u00f6s iskola 4\/b &#8211; 2022. november 14.<\/a><\/li>\n<li><a href=\"https:\/\/blog.justhvk.hu\/blog\/2022-es-fotok\/nggallery\/2022-es-fotok\/olvasokor-2022-november-9\">Olvas\u00f3k\u00f6r &#8211; 2022. november 9.<\/a><\/li>\n<li><a href=\"https:\/\/blog.justhvk.hu\/blog\/2022-es-fotok\/nggallery\/2022-es-fotok\/oszi-kezmuves-foglalkozas-2022-oktober-28\">\u0150szi k\u00e9zm\u0171ves foglalkoz\u00e1s &#8211; 2022. okt\u00f3ber 28.<\/a><\/li>\n<li><a href=\"https:\/\/blog.justhvk.hu\/blog\/2022-es-fotok\/nggallery\/2022-es-fotok\/vorosmarty-iskola-4-a-2022-oktober-28\">V\u00f6r\u00f6smarty iskola 4\/a &#8211; 2022. okt\u00f3ber 28.<\/a><\/li>\n<li><a href=\"https:\/\/blog.justhvk.hu\/blog\/2022-es-fotok\/nggallery\/2022-es-fotok\/wesley-iskola-2022-oktober-28\">Wesley iskola &#8211; 2022. okt\u00f3ber 28.<\/a><\/li>\n<li><a href=\"https:\/\/blog.justhvk.hu\/blog\/2022-es-fotok\/nggallery\/2022-es-fotok\/lelekvitamin-2022-oktober-26\">L\u00e9lekVitamin &#8211; 2022. okt\u00f3ber 26.<\/a><\/li>\n<li><a href=\"https:\/\/blog.justhvk.hu\/blog\/2022-es-fotok\/nggallery\/2022-es-fotok\/nemzetkozi-feher-bot-napi-unnepseg-2022-oktober-18\">Nemzetk\u00f6zi Feh\u00e9r bot napi \u00fcnneps\u00e9g \u2013 2022. okt\u00f3ber 18.<\/a><\/li>\n<li><a href=\"https:\/\/blog.justhvk.hu\/blog\/2022-es-fotok\/nggallery\/2022-es-fotok\/olvasokor-2022-oktober-12\">Olvas\u00f3k\u00f6r &#8211; 2022. okt\u00f3ber 12.<\/a>&nbsp;<\/li>\n<li><a href=\"https:\/\/blog.justhvk.hu\/blog\/2022-es-fotok\/nggallery\/2022-es-fotok\/kerekpartura-gadorosra-2022-oktober-8\">Ker\u00e9kp\u00e1rt\u00fara G\u00e1dorosra &#8211; 2022. okt\u00f3ber 8.<\/a><\/li>\n<li style=\"text-align: left;\"><a href=\"https:\/\/blog.justhvk.hu\/blog\/2022-es-fotok\/nggallery\/2022-es-fotok\/a-noel-trio-koncertje-2022-oktober-7\">A Noel Trio koncertje &#8211; 2022. okt\u00f3ber 7.<\/a><\/li>\n<li><a href=\"https:\/\/blog.justhvk.hu\/blog\/2022-es-fotok\/nggallery\/2022-es-fotok\/olvashaza-dijatado-2022-oktober-7\">Olvash\u00e1za d\u00edj\u00e1tad\u00f3 &#8211; 2022. okt\u00f3ber 7.<\/a><\/li>\n<li><a href=\"https:\/\/blog.justhvk.hu\/blog\/2022-es-fotok\/nggallery\/2022-es-fotok\/vorosmarty-iskola-palyaorientacios-nap-2022-oktober-7\">V\u00f6r\u00f6smarty iskola p\u00e1lyaorient\u00e1ci\u00f3s nap &#8211; 2022. okt\u00f3ber 7.<\/a><\/li>\n<li><a href=\"https:\/\/blog.justhvk.hu\/blog\/2022-es-fotok\/nggallery\/2022-es-fotok\/akit-nem-tort-meg-a-vihar-4-2022-oktober-6\">Akit nem t\u00f6rt meg a vihar 4. &#8211; 2022. okt\u00f3ber 6.<\/a><\/li>\n<li><a href=\"https:\/\/blog.justhvk.hu\/blog\/2022-es-fotok\/nggallery\/2022-es-fotok\/veradas-a-konyvtarban-2022-oktober-4\">V\u00e9rad\u00e1s a k\u00f6nyvt\u00e1rban &#8211; 2022. okt\u00f3ber 4.<\/a><\/li>\n<li><a href=\"https:\/\/blog.justhvk.hu\/blog\/nepmese-napja-2022-szeptember-30\/\">n\u00e9pmese napja &#8211; 2022. szeptember 30.<\/a><\/li>\n<li><a href=\"https:\/\/blog.justhvk.hu\/blog\/2022-es-fotok\/nggallery\/2022-es-fotok\/akit-nem-tort-meg-a-vihar-3-2022-szeptember-29\">Akit nem t\u00f6rt meg a vihar 3. &#8211; 2022. szeptember 29.<\/a><\/li>\n<li><a href=\"https:\/\/blog.justhvk.hu\/blog\/2022-es-fotok\/nggallery\/2022-es-fotok\/akit-nem-tort-meg-a-vihar-2-2022-szeptember-22\">Akit nem t\u00f6rt meg a vihar 2. &#8211; 2022. szeptember 22.<\/a><\/li>\n<li><a href=\"https:\/\/blog.justhvk.hu\/blog\/2022-es-fotok\/nggallery\/2022-es-fotok\/lelekvitamin-2022-szeptember-21\">L\u00e9lekVitamin &#8211; 2022. szeptember 21.<\/a><\/li>\n<li><a href=\"https:\/\/blog.justhvk.hu\/blog\/2022-es-fotok\/nggallery\/2022-es-fotok\/akit-nem-tort-meg-a-vihar-1-2022-szeptember-15\">Akit nem t\u00f6rt meg a vihar 1. &#8211; 2022. szeptember 15.<\/a><\/li>\n<li><a href=\"https:\/\/blog.justhvk.hu\/blog\/2022-es-fotok\/nggallery\/2022-es-fotok\/olvasokor-2022-szeptember-14\">Olvas\u00f3k\u00f6r &#8211; 2022. szeptember 14.<\/a>&nbsp;<\/li>\n<li><a href=\"https:\/\/blog.justhvk.hu\/blog\/2022-es-fotok\/nggallery\/2022-es-fotok\/zenetorteneti-estek-joseph-haydn-2022-szeptember-13\">Zenet\u00f6rt\u00e9neti Est\u00e9k, Joseph Haydn &#8211; 2022. szeptember 13.<\/a>&nbsp;<\/li>\n<li><a href=\"https:\/\/blog.justhvk.hu\/blog\/2022-es-fotok\/nggallery\/2022-es-fotok\/haasz-janos-konyvbemutato-2022-augusztus-22\">Ha\u00e1sz J\u00e1nos k\u00f6nyvbemutat\u00f3 &#8211; 2022. augusztus 22.<\/a>&nbsp;<\/li>\n<li><a href=\"https:\/\/blog.justhvk.hu\/blog\/2022-es-fotok\/nggallery\/2022-es-fotok\/nagycsaladosok-nyari-tabora-2022-augusztus-17\">Nagycsal\u00e1dosok ny\u00e1ri t\u00e1bora &#8211; 2022. augusztus 17.<\/a>&nbsp;<\/li>\n<li><a href=\"https:\/\/blog.justhvk.hu\/blog\/2022-es-fotok\/nggallery\/2022-es-fotok\/nyari-jatszohaz-2022-augusztus-1-5\">Ny\u00e1ri j\u00e1tsz\u00f3h\u00e1z &#8211; 2022. augusztus 1-5.<\/a><\/li>\n<li><a href=\"https:\/\/blog.justhvk.hu\/blog\/2022-es-fotok\/nggallery\/2022-es-fotok\/nyari-napkozi-2022-julius-26\">Ny\u00e1ri napk\u00f6zi &#8211; 2022. j\u00falius 26.<\/a><\/li>\n<li><a href=\"https:\/\/blog.justhvk.hu\/blog\/2022-es-fotok\/nggallery\/2022-es-fotok\/nyari-napkozi-2022-julius-19\">Ny\u00e1ri napk\u00f6zi &#8211; 2022. j\u00falius 19.<\/a><\/li>\n<li><a href=\"https:\/\/blog.justhvk.hu\/blog\/2022-es-fotok\/nggallery\/2022-es-fotok\/torok-olvasotabor-2022-julius-11-15\">(T)\u00f6r\u00f6k olvas\u00f3t\u00e1bor &#8211; 2022. j\u00falius 11-15.<\/a><\/li>\n<li><a href=\"https:\/\/blog.justhvk.hu\/blog\/2022-es-fotok\/nggallery\/2022-es-fotok\/angol-es-sport-tabor-2022-julius-8\">Angol \u00e9s sport t\u00e1bor &#8211; 2022. j\u00falius 8.<\/a><\/li>\n<li><a href=\"https:\/\/blog.justhvk.hu\/blog\/2022-es-fotok\/nggallery\/2022-es-fotok\/nyari-napkozi-2022-julius-7\">Ny\u00e1ri Napk\u00f6zi &#8211; 2022. j\u00falius 7.<\/a><\/li>\n<li><a href=\"https:\/\/blog.justhvk.hu\/blog\/2022-es-fotok\/nggallery\/2022-es-fotok\/nyari-jatszohaz-2022-julius-4-8\">Ny\u00e1ri J\u00e1tsz\u00f3h\u00e1z &#8211; 2022. j\u00falius 4-8.<\/a><\/li>\n<li><a href=\"https:\/\/blog.justhvk.hu\/blog\/2022-es-fotok\/nggallery\/2022-es-fotok\/vorosmarty-iskola-dok-nap-5-6-osztaly-2022-junius-14\">V\u00f6r\u00f6smarty iskola D\u00d6K-nap 5-6. oszt\u00e1ly &#8211; 2022. j\u00fanius 14.<\/a><\/li>\n<li><a href=\"https:\/\/blog.justhvk.hu\/blog\/2022-es-fotok\/nggallery\/2022-es-fotok\/ujfalussy-istvan-muveszeti-albumanak-bemutatoja-2022-junius-13\">Ujfalussy Istv\u00e1n m\u0171v\u00e9szeti album\u00e1nak bemutat\u00f3ja &#8211; 2022. j\u00fanius 13.<\/a><\/li>\n<li><a href=\"https:\/\/blog.justhvk.hu\/blog\/2022-es-fotok\/nggallery\/2022-es-fotok\/szeretnek-neha-visszajonni-meg-molnar-zoltan-szinmuvesz-onallo-estje-2022-junius-10\">Szeretn\u00e9k n\u00e9ha visszaj\u00f6nni m\u00e9g \u2013 Moln\u00e1r Zolt\u00e1n sz\u00ednm\u0171v\u00e9sz \u00f6n\u00e1ll\u00f3 estje &#8211; 2022. j\u00fanius 10.<\/a><\/li>\n<li><a href=\"https:\/\/blog.justhvk.hu\/blog\/2022-es-fotok\/nggallery\/2022-es-fotok\/olvasokor-2022-junius-8\">Olvas\u00f3k\u00f6r &#8211; 2022. j\u00fanius 8.<\/a><\/li>\n<li><a href=\"https:\/\/blog.justhvk.hu\/blog\/2022-es-fotok\/nggallery\/2022-es-fotok\/vorosmarty-iskola-4-c-osztaly-2022-junius-7\">V\u00f6r\u00f6smarty iskola 4\/c oszt\u00e1ly &#8211; 2022. j\u00fanius 7.<\/a><\/li>\n<li><a href=\"https:\/\/blog.justhvk.hu\/blog\/2022-es-fotok\/nggallery\/2022-es-fotok\/vorosmarty-iskola-3-b-osztaly-2022-majus-20\">V\u00f6r\u00f6smarty iskola 3\/b oszt\u00e1ly &#8211; 2022. m\u00e1jus 20.<\/a><\/li>\n<li><a href=\"https:\/\/blog.justhvk.hu\/blog\/2022-es-fotok\/nggallery\/2022-es-fotok\/lelekvitamin-2022-majus-18\">L\u00e9lekVitamin &#8211; 2022. m\u00e1jus 18.<\/a><\/li>\n<li><a href=\"https:\/\/blog.justhvk.hu\/blog\/2022-es-fotok\/nggallery\/2022-es-fotok\/forras-ovisok-a-gyermekkonyvtarban-2022-majus-18\">Forr\u00e1s ovisok a gyermekk\u00f6nyvt\u00e1rban &#8211; 2022. m\u00e1jus 18.<\/a><\/li>\n<li><a href=\"https:\/\/blog.justhvk.hu\/blog\/2022-es-fotok\/nggallery\/2022-es-fotok\/a-vakok-es-gyengenlatok-oroshazi-csoportjanak-anyak-napi-unnepsege-2022-majus-17\">A vakok \u00e9s gyeng\u00e9nl\u00e1t\u00f3k orosh\u00e1zi csoportj\u00e1nak any\u00e1k napi \u00fcnneps\u00e9ge &#8211; 2022. m\u00e1jus 17.<\/a><\/li>\n<li><a href=\"https:\/\/blog.justhvk.hu\/blog\/2022-es-fotok\/nggallery\/2022-es-fotok\/mke-gyermekkonyvtaros-szekcio-szakmai-nap-2022-majus-16\">MKE Gyermekk\u00f6nyvt\u00e1ros Szekci\u00f3 szakmai nap &#8211; 2022. m\u00e1jus 16.<\/a><\/li>\n<li><a href=\"https:\/\/blog.justhvk.hu\/blog\/2022-es-fotok\/nggallery\/2022-es-fotok\/vorosmarty-iskola-3-a-osztaly-2022-majus-13\">V\u00f6r\u00f6smarty iskola 3\/a oszt\u00e1ly &#8211; 2022. m\u00e1jus 13.<\/a><\/li>\n<li><a href=\"https:\/\/blog.justhvk.hu\/blog\/2022-es-fotok\/nggallery\/2022-es-fotok\/autostoppal-lengyelorszagban-konyv-es-filmbemutato-2022-majus-11\">Aut\u00f3stoppal Lengyelorsz\u00e1gban \u2013 k\u00f6nyv- \u00e9s filmbemutat\u00f3 &#8211; 2022. m\u00e1jus 11.<\/a><\/li>\n<li><a href=\"https:\/\/blog.justhvk.hu\/blog\/2022-es-fotok\/nggallery\/2022-es-fotok\/az-eotvos-iskola-3-a-osztalyosai-a-gyermekkonyvtarban-2022-majus-5\">Az E\u00f6tv\u00f6s iskola 3\/a oszt\u00e1lyosai a gyermekk\u00f6nyvt\u00e1rban &#8211; 2022. m\u00e1jus 5.<\/a>&nbsp;<\/li>\n<li><a href=\"https:\/\/blog.justhvk.hu\/blog\/2022-es-fotok\/nggallery\/2022-es-fotok\/kond-utcai-ovoda-katica-csoport-2022-majus-3\">K\u00f6nd Utcai \u00d3voda Katica csoport &#8211; 2022. m\u00e1jus 3.<\/a><\/li>\n<li><a href=\"https:\/\/blog.justhvk.hu\/blog\/2022-es-fotok\/nggallery\/2022-es-fotok\/15-gyoparka-tunder-mesemondo-verseny-2022-aprilis-30\">15. Gyop\u00e1rka t\u00fcnd\u00e9r mesemond\u00f3 verseny &#8211; 2022. \u00e1prilis 30.<\/a><\/li>\n<li><a href=\"https:\/\/blog.justhvk.hu\/blog\/2022-es-fotok\/nggallery\/2022-es-fotok\/inog-vagy-epp-megerosodik-a-vilag-3-2022-aprilis-28\">Inog vagy \u00e9pp meger\u0151s\u00f6dik a vil\u00e1g? 3. &#8211; 2022. \u00e1prilis 28.<\/a><\/li>\n<li><a href=\"https:\/\/blog.justhvk.hu\/blog\/2022-es-fotok\/nggallery\/2022-es-fotok\/lelekvitamin-2022-aprilis-27\">L\u00e9lekVitamin &#8211; 2022. \u00e1prilis 27.<\/a><\/li>\n<li><a href=\"https:\/\/blog.justhvk.hu\/blog\/2022-es-fotok\/nggallery\/2022-es-fotok\/inog-vagy-epp-megerosodik-a-vilag-2-2022-aprilis-21\">Inog vagy \u00e9pp meger\u0151s\u00f6dik a vil\u00e1g? 2. &#8211; 2022. \u00e1prilis 21.<\/a><\/li>\n<li><a href=\"https:\/\/blog.justhvk.hu\/blog\/2022-es-fotok\/nggallery\/2022-es-fotok\/vorosmarty-mesemondo-verseny-3-es-4-osztaly-2022-aprilis-21\">V\u00f6r\u00f6smarty mesemond\u00f3 verseny 3. \u00e9s 4. oszt\u00e1ly &#8211; 2022. \u00e1prilis 21.<\/a><\/li>\n<li><a href=\"https:\/\/blog.justhvk.hu\/blog\/2022-es-fotok\/nggallery\/2022-es-fotok\/a-vakok-es-gyengenlatok-egyesuletenek-klubtalalkozoja-2022-aprilis-19\">A Vakok \u00e9s Gyeng\u00e9nl\u00e1t\u00f3k Egyes\u00fclet\u00e9nek klubtal\u00e1lkoz\u00f3ja &#8211; 2022. \u00e1prilis 19.<\/a>&nbsp;<\/li>\n<li><a href=\"https:\/\/blog.justhvk.hu\/blog\/2022-es-fotok\/nggallery\/2022-es-fotok\/husveti-jatszohaz-2022-aprilis-14\">H\u00fasv\u00e9ti j\u00e1tsz\u00f3h\u00e1z &#8211; 2022. \u00e1prilis 14.<\/a><\/li>\n<li><a href=\"https:\/\/blog.justhvk.hu\/blog\/2022-es-fotok\/nggallery\/2022-es-fotok\/olvasokor-2022-aprilis-13\">Olvas\u00f3k\u00f6r &#8211; 2022. \u00e1prilis 13.<\/a><\/li>\n<li><a href=\"https:\/\/blog.justhvk.hu\/blog\/2022-es-fotok\/nggallery\/2022-es-fotok\/szekacs-iskola-1-b-osztaly-2022-aprilis-13\">Sz\u00e9k\u00e1cs iskola 1\/b oszt\u00e1ly &#8211; 2022. \u00e1prilis 13.<\/a>&nbsp;<\/li>\n<li><a href=\"https:\/\/blog.justhvk.hu\/blog\/2022-es-fotok\/nggallery\/2022-es-fotok\/eotvos-iskola-1-a-osztaly-2022-aprilis-12\">E\u00f6tv\u00f6s iskola 1\/a oszt\u00e1ly &#8211; 2022. \u00e1prilis 12.<\/a>&nbsp;<\/li>\n<li><a href=\"https:\/\/blog.justhvk.hu\/blog\/2022-es-fotok\/nggallery\/2022-es-fotok\/czobel-minka-a-pillanat-erteke-2022-aprilis-11\">Cz\u00f3bel Minka: A pillanat \u00e9rt\u00e9ke &#8211; 2022. \u00e1prilis 11.<\/a>&nbsp;<\/li>\n<li><a href=\"https:\/\/blog.justhvk.hu\/blog\/2022-es-fotok\/nggallery\/2022-es-fotok\/vorosmarty-iskola-3-b-osztaly-2022-aprilis-8\">V\u00f6r\u00f6smarty iskola 3\/b oszt\u00e1ly &#8211; 2022. \u00e1prilis 8.<\/a><\/li>\n<li><a href=\"https:\/\/blog.justhvk.hu\/blog\/2022-es-fotok\/nggallery\/2022-es-fotok\/inog-vagy-epp-megerosodik-a-vilag-1-2022-aprilis-7\">Inog vagy \u00e9pp meger\u0151s\u00f6dik a vil\u00e1g? 1. &#8211; 2022. \u00e1prilis 7.<\/a>&nbsp;<\/li>\n<li><a href=\"https:\/\/blog.justhvk.hu\/blog\/2022-es-fotok\/nggallery\/2022-es-fotok\/vorosmarty-3-c-osztaly-2022-aprilis-6\">V\u00f6r\u00f6smarty 3\/c oszt\u00e1ly &#8211; 2022. \u00e1prilis 6.<\/a><\/li>\n<li><a href=\"https:\/\/blog.justhvk.hu\/blog\/2022-es-fotok\/nggallery\/2022-es-fotok\/eotvos-iskola-1-b-osztaly-2022-aprilis-5\">E\u00f6tv\u00f6s iskola 1\/b oszt\u00e1ly &#8211; 2022. \u00e1prilis 5.<\/a><\/li>\n<li><a href=\"https:\/\/blog.justhvk.hu\/blog\/2022-es-fotok\/nggallery\/2022-es-fotok\/vorosmarty-szavaloverseny-3-es-4-osztaly-2022-aprilis-4\">V\u00f6r\u00f6smarty szaval\u00f3verseny 3. \u00e9s 4. oszt\u00e1ly &#8211; 2022. \u00e1prilis 4.<\/a><\/li>\n<li><a href=\"https:\/\/blog.justhvk.hu\/blog\/2022-es-fotok\/nggallery\/2022-es-fotok\/eotvos-iskola-4-b-2022-aprilis-4\">E\u00f6tv\u00f6s iskola 4\/b oszt\u00e1lyosai a gyermekk\u00f6nyvt\u00e1rban &#8211; 2022. \u00e1prilis 4.<\/a><\/li>\n<li><a href=\"https:\/\/blog.justhvk.hu\/blog\/2022-es-fotok\/nggallery\/2022-es-fotok\/vorosmarty-iskola-3-a-osztaly-2022-aprilis-01\">V\u00f6r\u00f6smarty iskola 3\/a. oszt\u00e1ly &#8211; 2022. \u00e1prilis 01.<\/a>&nbsp;<\/li>\n<li><a href=\"https:\/\/blog.justhvk.hu\/blog\/2022-es-fotok\/nggallery\/2022-es-fotok\/rakoczitelepi-iskola-3-4-osztaly-2022-marcius-30\">R\u00e1k\u00f3czitelepi iskola 3-4. oszt\u00e1ly &#8211; 2022. m\u00e1rcius 30.<\/a><\/li>\n<li><a href=\"https:\/\/blog.justhvk.hu\/blog\/2022-es-fotok\/nggallery\/2022-es-fotok\/eotvos-iskola-3-b-osztalyosai-a-gyermekkonyvtarban-2022-marcius-29\">E\u00f6tv\u00f6s iskola 3\/b oszt\u00e1lyosai a gyermekk\u00f6nyvt\u00e1rban &#8211; 2022. m\u00e1rcius 29.<\/a>&nbsp;<\/li>\n<li><a href=\"https:\/\/blog.justhvk.hu\/blog\/2022-es-fotok\/nggallery\/2022-es-fotok\/evangelikus-iskola-2-osztaly-2022-marcius-26\">Evang\u00e9likus iskola 2. oszt\u00e1ly &#8211; 2022. m\u00e1rcius 26.<\/a><\/li>\n<li><a href=\"https:\/\/blog.justhvk.hu\/blog\/2022-es-fotok\/nggallery\/2022-es-fotok\/moricz-ovi-halacska-csoport-2022-marcius-24\">M\u00f3ricz ovi Halacska csoport &#8211; 2022. m\u00e1rcius 24.<\/a><\/li>\n<li><a href=\"https:\/\/blog.justhvk.hu\/blog\/2022-es-fotok\/nggallery\/2022-es-fotok\/vorosmarty-iskola-3-c-osztaly-2022-marcius-23\">V\u00f6r\u00f6smarty iskola 3\/c oszt\u00e1ly &#8211; 2022. m\u00e1rcius 23.<\/a><\/li>\n<li><a href=\"https:\/\/blog.justhvk.hu\/blog\/2022-es-fotok\/nggallery\/2022-es-fotok\/rakoczitelepi-iskola-1-2-osztaly-2022-marcius-23\">R\u00e1k\u00f3czitelepi iskola 1-2. oszt\u00e1ly &#8211; 2022. m\u00e1rcius 23.<\/a><\/li>\n<li><a href=\"https:\/\/blog.justhvk.hu\/blog\/2022-es-fotok\/nggallery\/2022-es-fotok\/vakok-es-gyengenlatok-egyesulete-oroshazi-korzeti-csoportjanak-klubtalalkozoja-2022-marcius-22\">Vakok \u00e9s Gyeng\u00e9nl\u00e1t\u00f3k Egyes\u00fclet\u00e9nek klubtal\u00e1lkoz\u00f3ja &#8211; 2022. m\u00e1rcius 22.<\/a><\/li>\n<li><a href=\"https:\/\/blog.justhvk.hu\/blog\/2022-es-fotok\/nggallery\/2022-es-fotok\/klimatudatos-akciok-a-kozossegi-fasitas-tapasztalatai-2022-marcius-17\">Kl\u00edmatudatos akci\u00f3k &#8211; a k\u00f6z\u00f6ss\u00e9gi f\u00e1s\u00edt\u00e1s tapasztalatai &#8211; 2022. m\u00e1rcius 17.<\/a><\/li>\n<li><a href=\"https:\/\/blog.justhvk.hu\/blog\/2022-es-fotok\/nggallery\/2022-es-fotok\/lelekvitamin-2022-marcius-16\">L\u00e9lekVitamin &#8211; 2022. m\u00e1rcius 16.<\/a><\/li>\n<li><a href=\"https:\/\/blog.justhvk.hu\/blog\/2022-es-fotok\/nggallery\/2022-es-fotok\/vorosmarty-iskola-3-b-osztaly-2022-marcius-11\">V\u00f6r\u00f6smarty iskola 3\/b oszt\u00e1ly &#8211; 2022. m\u00e1rcius 11.<\/a>&nbsp;<\/li>\n<li><a href=\"https:\/\/blog.justhvk.hu\/blog\/2022-es-fotok\/nggallery\/2022-es-fotok\/eotvos-iskola-2-a-osztaly-2022-marcius-10\">E\u00f6tv\u00f6s iskola 2\/a oszt\u00e1ly &#8211; 2022. m\u00e1rcius 10.<\/a><\/li>\n<li><a href=\"https:\/\/blog.justhvk.hu\/blog\/2022-es-fotok\/nggallery\/2022-es-fotok\/olvasokor-2022-marcius-9\">Olvas\u00f3k\u00f6r &#8211; 2022. m\u00e1rcius 9.<\/a><\/li>\n<li><a href=\"https:\/\/blog.justhvk.hu\/blog\/2022-es-fotok\/nggallery\/2022-es-fotok\/kazinczy-verseny-vorosmarty-iskola-4-evfolyam-2022-marcius-9\">Kazinczy-verseny V\u00f6r\u00f6smarty iskola 4. \u00e9vfolyam &#8211; 2022. m\u00e1rcius 9.<\/a><\/li>\n<li><a href=\"https:\/\/blog.justhvk.hu\/blog\/2022-es-fotok\/nggallery\/2022-es-fotok\/eotvos-iskola-4-a-osztaly-2022-marcius-9\">E\u00f6tv\u00f6s iskola 4\/a oszt\u00e1ly &#8211; 2022. m\u00e1rcius 9.<\/a><\/li>\n<li><a href=\"https:\/\/blog.justhvk.hu\/blog\/2022-es-fotok\/nggallery\/2022-es-fotok\/kazinczy-verseny-vorosmarty-iskola-3-evfolyam-2022-marcius-8\">Kazinczy-verseny V\u00f6r\u00f6smarty iskola 3. \u00e9vfolyam &#8211; 2022. m\u00e1rcius 8.<\/a><\/li>\n<li><a href=\"https:\/\/blog.justhvk.hu\/blog\/2022-es-fotok\/nggallery\/2022-es-fotok\/eotvos-iskola-2-b-osztaly-2022-marcius-8\">E\u00f6tv\u00f6s iskola 2\/b oszt\u00e1ly &#8211; 2022. m\u00e1rcius 8.<\/a><\/li>\n<li><a href=\"https:\/\/blog.justhvk.hu\/blog\/2022-es-fotok\/nggallery\/2022-es-fotok\/konyvmasitas-2022-marcius-5\">K\u00f6nyvm\u00e1s\u00edt\u00e1s &#8211; 2022. m\u00e1rcius 5.<\/a>&nbsp;<\/li>\n<li><a href=\"https:\/\/blog.justhvk.hu\/blog\/2022-es-fotok\/nggallery\/2022-es-fotok\/farsangi-jatszohaz-2022-februar-24\">Farsangi j\u00e1tsz\u00f3h\u00e1z &#8211; 2022. febru\u00e1r 24.<\/a><\/li>\n<li><a href=\"https:\/\/blog.justhvk.hu\/blog\/2022-es-fotok\/nggallery\/2022-es-fotok\/vorosmarty-iskola-4-b-osztaly-2022-februar-23\">V\u00f6r\u00f6smarty iskola 4\/b oszt\u00e1ly \u2013 2022. febru\u00e1r 23.<\/a><\/li>\n<li><a href=\"https:\/\/blog.justhvk.hu\/blog\/2022-es-fotok\/nggallery\/2022-es-fotok\/vorosmarty-iskola-3-c-osztaly-2022-februar-23\">V\u00f6r\u00f6smarty iskola 3\/c oszt\u00e1ly \u2013 2022. febru\u00e1r 23. <\/a><\/li>\n<li><a href=\"https:\/\/blog.justhvk.hu\/blog\/2022-es-fotok\/nggallery\/2022-es-fotok\/eotvos-ovisok-a-gyermekkonyvtarban-2022-februar-22\">E\u00f6tv\u00f6s ovisok a gyermekk\u00f6nyvt\u00e1rban &#8211; 2022. febru\u00e1r 22.<\/a>&nbsp;<\/li>\n<li><a href=\"https:\/\/blog.justhvk.hu\/blog\/2022-es-fotok\/nggallery\/2022-es-fotok\/torkoly-marton-onallo-estje-2022-februar-18\">T\u00f6rk\u00f6ly M\u00e1rton \u00f6n\u00e1ll\u00f3 estje &#8211; 2022. febru\u00e1r 18.<\/a>&nbsp;<\/li>\n<li><a href=\"https:\/\/blog.justhvk.hu\/blog\/2022-es-fotok\/nggallery\/2022-es-fotok\/vorosmarty-iskola-3-a-osztaly-2022-februar-18\">V\u00f6r\u00f6smarty iskola 3\/a oszt\u00e1ly &#8211; 2022. febru\u00e1r 18.<\/a>&nbsp;<\/li>\n<li><a href=\"https:\/\/blog.justhvk.hu\/blog\/2022-es-fotok\/nggallery\/2022-es-fotok\/justh-zsigmond-szavaloverseny-2022-februar-16\">Justh Zsigmond szaval\u00f3verseny &#8211; 2022. febru\u00e1r 16.<\/a>&nbsp;<\/li>\n<li><a href=\"https:\/\/blog.justhvk.hu\/blog\/2022-es-fotok\/nggallery\/2022-es-fotok\/vakok-es-gyengenlatok-farsangja-2022-februar-15\">Vakok \u00e9s gyeng\u00e9nl\u00e1t\u00f3k farsangja &#8211; 2022. febru\u00e1r 15.<\/a>&nbsp;<\/li>\n<li><a href=\"https:\/\/blog.justhvk.hu\/blog\/2022-es-fotok\/nggallery\/2022-es-fotok\/vorosmarty-iskola-3-b-osztaly-2022-februar-11\">V\u00f6r\u00f6smarty iskola 3\/b oszt\u00e1ly &#8211; 2022. febru\u00e1r 11.<\/a>&nbsp;<\/li>\n<li><a href=\"https:\/\/blog.justhvk.hu\/blog\/2022-es-fotok\/nggallery\/2022-es-fotok\/kazinczy-ferencrol-elnevezett-szep-magyar-beszed-verseny-2022-februar-3\">Kazinczy Ferencr\u0151l elnevezett Sz\u00e9p Magyar Besz\u00e9d verseny \u2013 2022. febru\u00e1r 3.<\/a>&nbsp;<\/li>\n<li><a href=\"https:\/\/blog.justhvk.hu\/blog\/2022-es-fotok\/nggallery\/2022-es-fotok\/eletem-gyongye-europai-mehnyakrak-megelozesi-het-2022-januar-21\">\u00c9letem Gy\u00f6ngye Eur\u00f3pai M\u00e9hnyakr\u00e1k Megel\u0151z\u00e9si H\u00e9t &#8211; 2022. janu\u00e1r 21.<\/a>&nbsp;<\/li>\n<li><a href=\"https:\/\/blog.justhvk.hu\/blog\/2022-es-fotok\/nggallery\/2022-es-fotok\/vorosmarty-iskola-3-a-osztaly-2022-januar-21\">V\u00f6r\u00f6smarty iskola 3\/a oszt\u00e1ly &#8211; 2022. janu\u00e1r 21.<\/a>&nbsp;<\/li>\n<\/ul>\n<p><strong>2021<\/strong><\/p>\n<ul>\n<li><a href=\"https:\/\/blog.justhvk.hu\/blog\/2021-es-fotok\/nggallery\/2021-es-fotok\/karacsonyvaro-jatszohaz-2021-december-22\">Kar\u00e1csonyv\u00e1r\u00f3 j\u00e1tsz\u00f3h\u00e1z &#8211; 2021. december 22.<\/a><\/li>\n<li><a href=\"https:\/\/blog.justhvk.hu\/blog\/2021-es-fotok\/nggallery\/2021-es-fotok\/eotvos-iskola-1-b-osztaly-2021-december-14\">E\u00f6tv\u00f6s iskola 1\/B oszt\u00e1ly &#8211; 2021. december 14.<\/a>&nbsp;<\/li>\n<li><a href=\"https:\/\/blog.justhvk.hu\/blog\/2021-es-fotok\/nggallery\/2021-es-fotok\/vorosmarty-iskola-3-a-osztaly-2021-december-10\">V\u00f6r\u00f6smarty iskola 3\/A oszt\u00e1ly &#8211; 2021. december 10.<\/a><\/li>\n<li><a href=\"https:\/\/blog.justhvk.hu\/blog\/2021-es-fotok\/nggallery\/2021-es-fotok\/lehel-ovi-mokus-csoport-2021-december-1\">Lehel ovi M\u00f3kus csoport &#8211; 2021. december 1.<\/a>&nbsp;<\/li>\n<li><a href=\"https:\/\/blog.justhvk.hu\/blog\/2021-es-fotok\/nggallery\/2021-es-fotok\/rakoczitelepi-iskola-3-4-osztalyosai-a-gyermekkonyvtarban-2021-november-23\">R\u00e1k\u00f3czitelepi iskola 3-4. oszt\u00e1lyosai a gyermekk\u00f6nyvt\u00e1rban \u2013 2021. november 23.<\/a>&nbsp;<\/li>\n<li><a href=\"https:\/\/blog.justhvk.hu\/blog\/2021-es-fotok\/nggallery\/2021-es-fotok\/az-eotvos-iskola-3-b-osztalyosai-a-gyermekkonyvtarban-2021-november-18\">Az E\u00f6tv\u00f6s iskola 3\/b. oszt\u00e1lyosai a gyermekk\u00f6nyvt\u00e1rban \u2013 2021. november 18.<\/a><\/li>\n<li><a href=\"https:\/\/blog.justhvk.hu\/blog\/2021-es-fotok\/nggallery\/2021-es-fotok\/renyi-adam-konyvbemutatoja-2021-november-13\">R\u00e9nyi \u00c1d\u00e1m k\u00f6nyvbemutat\u00f3ja &#8211; 2021. november 13.<\/a>&nbsp;<\/li>\n<li><a href=\"https:\/\/blog.justhvk.hu\/blog\/2021-es-fotok\/nggallery\/2021-es-fotok\/hajnal-utcai-ovoda-halacska-csoport-a-gyermekkonyvtarban-2021-november-12\">Hajnal utcai \u00f3voda Halacska csoport a gyermekk\u00f6nyvt\u00e1rban &#8211; 2021. november 12.<\/a>&nbsp;<\/li>\n<li><a href=\"https:\/\/blog.justhvk.hu\/blog\/2021-es-fotok\/nggallery\/2021-es-fotok\/az-eotvos-iskola-3-osztalyosai-a-gyermekkonyvtarban-2021-november-11\">Az E\u00f6tv\u00f6s iskola 3. oszt\u00e1lyosai a gyermekk\u00f6nyvt\u00e1rban \u2013 2021. november 11.<\/a>&nbsp;<\/li>\n<li><a href=\"https:\/\/blog.justhvk.hu\/blog\/2021-es-fotok\/nggallery\/2021-es-fotok\/olvasokor-2021-november-10\">Olvas\u00f3k\u00f6r &#8211; 2021. november 10.<\/a>&nbsp;<\/li>\n<li><a href=\"https:\/\/blog.justhvk.hu\/blog\/2021-es-fotok\/nggallery\/2021-es-fotok\/az-eotvos-iskola-4-osztalyosai-a-gyermekkonyvtarban-2021-november-9\">Az E\u00f6tv\u00f6s iskola 4. oszt\u00e1lyosai a gyermekk\u00f6nyvt\u00e1rban &#8211; 2021. november 9.<\/a><\/li>\n<li><a href=\"https:\/\/blog.justhvk.hu\/blog\/2021-es-fotok\/nggallery\/2021-es-fotok\/lehel-ovi-pillango-csoport-2021-november-8\">Lehel ovi Pillang\u00f3 csoport &#8211; 2021. november 8.<\/a>&nbsp;<\/li>\n<li><a href=\"https:\/\/blog.justhvk.hu\/blog\/2021-es-fotok\/nggallery\/2021-es-fotok\/oszi-kezmuves-foglalkozas-a-gyermekkonyvtarban-2021-oktober-27\">\u0150szi k\u00e9zm\u0171ves foglalkoz\u00e1s a gyermekk\u00f6nyvt\u00e1rban &#8211; 2021. okt\u00f3ber 27.<\/a>&nbsp;<\/li>\n<li><a href=\"https:\/\/blog.justhvk.hu\/blog\/2021-es-fotok\/nggallery\/2021-es-fotok\/palyaorientacios-nap-a-vorosmarty-diakjaival-2021-oktober-22\">P\u00e1lyaorient\u00e1ci\u00f3s nap a V\u00f6r\u00f6smarty di\u00e1kjaival &#8211; 2021. okt\u00f3ber 22.<\/a>&nbsp;<\/li>\n<li><a href=\"https:\/\/blog.justhvk.hu\/blog\/2021-es-fotok\/nggallery\/2021-es-fotok\/nemzetkozi-feher-bot-napi-unnepseg-2021-oktober-19\">Nemzetk\u00f6zi Feh\u00e9r bot napi \u00fcnneps\u00e9g \u2013 2021. okt\u00f3ber 19.<\/a><\/li>\n<li><a href=\"https:\/\/blog.justhvk.hu\/blog\/2021-es-fotok\/nggallery\/2021-es-fotok\/szekacs-ovisok-a-gyermekkonyvtarban-2021-oktober-15\">Sz\u00e9k\u00e1cs ovisok a gyermekk\u00f6nyvt\u00e1rban &#8211; 2021. okt\u00f3ber 15.<\/a><\/li>\n<li><a href=\"https:\/\/blog.justhvk.hu\/blog\/2021-es-fotok\/nggallery\/2021-es-fotok\/szekacs-ovisok-a-gyermekkonyvtarban-2021-oktober-14\">Sz\u00e9k\u00e1cs ovisok a gyermekk\u00f6nyvt\u00e1rban &#8211; 2021. okt\u00f3ber 14.<\/a><\/li>\n<li><a href=\"https:\/\/blog.justhvk.hu\/blog\/2021-es-fotok\/nggallery\/2021-es-fotok\/olvasokor-2021-oktober-13\">Olvas\u00f3k\u00f6r &#8211; 2021. okt\u00f3ber 13.<\/a>&nbsp;<\/li>\n<li><a href=\"https:\/\/blog.justhvk.hu\/blog\/2021-es-fotok\/nggallery\/2021-es-fotok\/az-eotvos-iskola-2-b-osztalyosai-a-gyermekkonyvtarban-2021-oktober-11\">Az E\u00f6tv\u00f6s iskola 2\/b. oszt\u00e1lyosai a gyermekk\u00f6nyvt\u00e1rban &#8211; 2021. okt\u00f3ber 11.<\/a>&nbsp;<\/li>\n<li><a href=\"https:\/\/blog.justhvk.hu\/blog\/2021-es-fotok\/nggallery\/2021-es-fotok\/vizio-koncert-az-olvasoteremben-2021-oktober-9\">V\u00edzi\u00f3 koncert az olvas\u00f3teremben &#8211; 2021. okt\u00f3ber 9.<\/a>&nbsp;<\/li>\n<li><a href=\"https:\/\/blog.justhvk.hu\/blog\/2021-es-fotok\/nggallery\/2021-es-fotok\/kerekpartura-gadorosra-2021-oktober-9\">Ker\u00e9kp\u00e1rt\u00fara G\u00e1dorosra &#8211; 2021. okt\u00f3ber 9.<\/a>&nbsp;<\/li>\n<li><a href=\"https:\/\/blog.justhvk.hu\/blog\/2021-es-fotok\/nggallery\/2021-es-fotok\/sulyok-csaba-konyvbemutato-2021-oktober-8\">Sulyok Csaba k\u00f6nyvbemutat\u00f3 &#8211; 2021. okt\u00f3ber 8.<\/a>&nbsp;<\/li>\n<li><a href=\"https:\/\/blog.justhvk.hu\/blog\/2021-es-fotok\/nggallery\/2021-es-fotok\/olvashaza-dijatado-2021-oktober-7\">Olvash\u00e1za d\u00edj\u00e1tad\u00f3 &#8211; 2021. okt\u00f3ber 7.<\/a>&nbsp;<\/li>\n<li><a href=\"https:\/\/blog.justhvk.hu\/blog\/2021-es-fotok\/nggallery\/2021-es-fotok\/oroshaza-multja-mozgokepeken-2021-oktober-6\">Orosh\u00e1za m\u00faltja mozg\u00f3k\u00e9peken &#8211; 2021. okt\u00f3ber 6.<\/a><\/li>\n<li><a href=\"https:\/\/blog.justhvk.hu\/blog\/2021-es-fotok\/nggallery\/2021-es-fotok\/lelekvitamin-2021-oktober-6\">L\u00e9lekVitamin &#8211; 2021. okt\u00f3ber 6.<\/a>&nbsp;<\/li>\n<li><a href=\"https:\/\/blog.justhvk.hu\/blog\/2021-es-fotok\/nggallery\/2021-es-fotok\/veradas-a-konyvtarban-2021-oktober-5\">V\u00e9rad\u00e1s a k\u00f6nyvt\u00e1rban &#8211; 2021. okt\u00f3ber 5.<\/a><\/li>\n<li><a href=\"https:\/\/blog.justhvk.hu\/blog\/2021-es-fotok\/nggallery\/2021-es-fotok\/lurko-ovisok-a-gyermekkonyvtarban-2021-oktober-1\">Lurk\u00f3 ovisok a gyermekk\u00f6nyvt\u00e1rban &#8211; 2021. okt\u00f3ber 1.&nbsp;<\/a><\/li>\n<li><a href=\"https:\/\/blog.justhvk.hu\/blog\/2021-es-fotok\/nggallery\/2021-es-fotok\/bajcsy-ovisok-a-gyermekkonyvtarban-2021-szeptember-30\">Bajcsy ovisok a gyermekk\u00f6nyvt\u00e1rban &#8211; 2021. szeptember 30.<\/a>&nbsp;<\/li>\n<li><a href=\"https:\/\/blog.justhvk.hu\/blog\/2021-es-fotok\/nggallery\/2021-es-fotok\/a-vorosmarty-iskola-3-osztalyosai-a-gyermekkonyvtarban-2021-szeptember-29\">A V\u00f6r\u00f6smarty iskola 3. oszt\u00e1lyosai a gyermekk\u00f6nyvt\u00e1rban \u2013 2021. szeptember 29.<\/a>&nbsp;<\/li>\n<li><a href=\"https:\/\/blog.justhvk.hu\/blog\/2021-es-fotok\/nggallery\/2021-es-fotok\/ujfalussy-istvan-konyvbemutato-2021-szeptember-9\">Ujfalussy Istv\u00e1n k\u00f6nyvbemutat\u00f3 &#8211; 2021. szeptember 9.<\/a>&nbsp;<\/li>\n<li><a href=\"https:\/\/blog.justhvk.hu\/blog\/2021-es-fotok\/nggallery\/2021-es-fotok\/olvasokor-2021-szeptember-8\">Olvas\u00f3k\u00f6r &#8211; 2021. szeptember 8.<\/a>&nbsp;<\/li>\n<li><a href=\"https:\/\/blog.justhvk.hu\/blog\/2021-es-fotok\/nggallery\/2021-es-fotok\/matuz-gergely-koncertje-2021-szeptember-7\">Matuz Gergely koncertje &#8211; 2021. szeptember 7.<\/a>&nbsp;<\/li>\n<li><a href=\"https:\/\/blog.justhvk.hu\/blog\/2021-es-fotok\/nggallery\/2021-es-fotok\/verraszto-gabor-iro-olvaso-talalkozo-2021-szeptember-2\">Verraszt\u00f3 G\u00e1bor \u00edr\u00f3-olvas\u00f3 tal\u00e1lkoz\u00f3 &#8211; 2021. szeptember 2.<\/a><\/li>\n<li><a href=\"https:\/\/blog.justhvk.hu\/blog\/2021-es-fotok\/nggallery\/2021-es-fotok\/lelekvitamin-2021-szeptember-1\">L\u00e9lekVitamin &#8211; 2021. szeptember 1.<\/a>&nbsp;<\/li>\n<li><a href=\"https:\/\/blog.justhvk.hu\/blog\/index.php\/nggallery\/2021-es-fotok\/nyari-jatszohaz-2021-augusztus-2-13?page_id=18719\">Ny\u00e1ri j\u00e1tsz\u00f3h\u00e1z &#8211; 2021. augusztus 2-13.<\/a>&nbsp;<\/li>\n<li><a href=\"https:\/\/blog.justhvk.hu\/blog\/index.php\/nggallery\/2021-es-fotok\/nyari-napkozi-a-gyermekkonyvtarban-2021-julius-26?page_id=18719\">Ny\u00e1ri napk\u00f6zi a gyermekk\u00f6nyvt\u00e1rban \u2013 2021. j\u00falius 26.<\/a>&nbsp;<\/li>\n<li><a href=\"https:\/\/blog.justhvk.hu\/blog\/index.php\/nggallery\/2021-es-fotok\/nyari-napkozi-a-gyermekkonyvtarban-2021-julius-19?page_id=18719\">Ny\u00e1ri napk\u00f6zi a gyermekk\u00f6nyvt\u00e1rban \u2013 2021. j\u00falius 19.<\/a>&nbsp;<\/li>\n<li><a href=\"https:\/\/blog.justhvk.hu\/blog\/index.php\/nggallery\/2021-es-fotok\/olvasokor-2021-julius-14?page_id=18719\">Olvas\u00f3k\u00f6r &#8211; 2021. j\u00falius 14.<\/a>&nbsp;<\/li>\n<li><a href=\"https:\/\/blog.justhvk.hu\/blog\/index.php\/nggallery\/2021-es-fotok\/szekkutasi-nyari-taborozok-a-gyermekkonyvtarban-2021-julius-14?page_id=18719\">Sz\u00e9kkutasi ny\u00e1ri t\u00e1boroz\u00f3k a gyermekk\u00f6nyvt\u00e1rban &#8211; 2021. j\u00falius 14.<\/a>&nbsp;<\/li>\n<li><a href=\"https:\/\/blog.justhvk.hu\/blog\/index.php\/nggallery\/2021-es-fotok\/szilasi-horvath-tibor-konyvbemutatoja-2021-julius-9?page_id=18719\">Szilasi-Horv\u00e1th Tibor k\u00f6nyvbemutat\u00f3ja &#8211; 2021. j\u00falius 9.<\/a><\/li>\n<li><a href=\"https:\/\/blog.justhvk.hu\/blog\/index.php\/nggallery\/2021-es-fotok\/nyari-napkozi-a-gyermekkonyvtarban-2021-julius-05?page_id=18719\">Ny\u00e1ri napk\u00f6zi a gyermekk\u00f6nyvt\u00e1rban \u2013 2021. j\u00falius 5.<\/a><\/li>\n<li><a href=\"https:\/\/blog.justhvk.hu\/blog\/index.php\/nggallery\/2021-es-fotok\/nyari-jatszohaz-2021-julius-5-16?page_id=18719\">Ny\u00e1ri j\u00e1tsz\u00f3h\u00e1z \u2013 2021. j\u00falius 5-16.<\/a>&nbsp;<\/li>\n<li><a href=\"https:\/\/blog.justhvk.hu\/blog\/index.php\/nggallery\/2021-es-fotok\/szin-es-stilustanacsadas-dubovecz-edinaval-2021-julius-2?page_id=18719\">Sz\u00edn \u00e9s st\u00edlustan\u00e1csad\u00e1s Dubovecz Edin\u00e1val &#8211; 2021. j\u00falius 2.<\/a>&nbsp;<\/li>\n<li><a href=\"https:\/\/blog.justhvk.hu\/blog\/index.php\/nggallery\/2021-es-fotok\/a-vorosmarty-iskola-3-a-osztalyosai-a-gyermekkonyvtarban-2021-junius-15?page_id=18719\">A V\u00f6r\u00f6smarty iskola 3\/a oszt\u00e1lyosai a gyermekk\u00f6nyvt\u00e1rban &#8211; 2021. j\u00fanius 15.<\/a><\/li>\n<li><a href=\"https:\/\/blog.justhvk.hu\/blog\/index.php\/nggallery\/2021-es-fotok\/olvasokor-2021-junius-9?page_id=18719\" data-rich-text-format-boundary=\"true\">Olvas\u00f3k\u00f6r &#8211; 2021. j\u00fanius 9.<\/a><\/li>\n<li><a href=\"https:\/\/blog.justhvk.hu\/blog\/index.php\/nggallery\/2021-es-fotok\/a-vorosmarty-iskola-5-a-es-6-a-osztalyosai-a-gyermekkonyvtarban-2021-junius-8?page_id=18719\" data-rich-text-format-boundary=\"true\">A V\u00f6r\u00f6smarty iskola 5\/a \u00e9s 6\/a oszt\u00e1lyosai a gyermekk\u00f6nyvt\u00e1rban &#8211; 2021. j\u00fanius 8.<\/a><\/li>\n<li><a href=\"https:\/\/blog.justhvk.hu\/blog\/index.php\/nggallery\/2021-es-fotok\/mesekosar-atadasok-2021-aprilis-22-26?page_id=18719\">Mesekos\u00e1r \u00e1tad\u00e1sok &#8211; 2021. \u00e1prilis 22-26.<\/a><\/li>\n<li><a href=\"https:\/\/blog.justhvk.hu\/blog\/index.php\/nggallery\/2021-es-fotok\/malyvavirag-2021-januar-20?page_id=18719\">M\u00e1lyvavir\u00e1g &#8211; 2021. janu\u00e1r 20.<\/a><\/li>\n<\/ul>\n<p><strong>2020<\/strong><\/p>\n<ul>\n<li><a href=\"https:\/\/photos.app.goo.gl\/9jHevaVbgPFj5GQY8\">\u201eAz \u00c9v K\u00f6nyvt\u00e1rosa B\u00e9k\u00e9sben\u201d d\u00edj \u00e1tad\u00e1sa &#8211; 2020. december 15.<\/a><\/li>\n<li><a href=\"https:\/\/photos.app.goo.gl\/qG95KaKeY4MEAHJt8\">K\u00f6nyvjelz\u0151-k\u00e9sz\u00edt\u0151 p\u00e1ly\u00e1zat, 2020.<\/a><\/li>\n<li><a href=\"https:\/\/photos.app.goo.gl\/WxUG5rbypVLkvdHM9\">K\u00f6nyvt\u00e1rPont &#8211; 2020. november 12.<\/a><\/li>\n<li><a href=\"https:\/\/photos.app.goo.gl\/buCFAVHe6LGXCpnM8\">Domonkos L\u00e1szl\u00f3 k\u00f6nyvbemutat\u00f3ja &#8211; 2020. november 3.<\/a><\/li>\n<li><a href=\"https:\/\/photos.app.goo.gl\/KULWH1vH9aqzz5ax9\">\u0150szi k\u00e9zm\u0171ves foglalkoz\u00e1s a gyermekk\u00f6nyvt\u00e1rban &#8211; 2020. okt\u00f3ber 29.<\/a><\/li>\n<li><a href=\"https:\/\/photos.app.goo.gl\/2nDQYYKXUjtMVUUH9\">Matuz Gergely fuvolam\u0171v\u00e9sz koncertje &#8211; 2020. okt\u00f3ber 28.<\/a><\/li>\n<li><a href=\"https:\/\/photos.app.goo.gl\/8pdn4QbGARbapm6X8\">Nemzetk\u00f6zi Feh\u00e9r Bot napi \u00fcnneps\u00e9g \u2013 2020. okt\u00f3ber 20.<\/a><\/li>\n<li><a href=\"https:\/\/photos.app.goo.gl\/XtPjrxmgRm2xdftS7\">Feh\u00e9r Bot napi \u00fcnneps\u00e9g a megyei k\u00f6nyvt\u00e1rban &#8211; 2020. okt\u00f3ber 19.<\/a><\/li>\n<li><a href=\"https:\/\/photos.app.goo.gl\/dVtCTMwbMYiJLaZZ9\">Ker\u00e9kp\u00e1rt\u00fara G\u00e1dorosra &#8211; 2020. okt\u00f3ber 10.<\/a><\/li>\n<li><a href=\"https:\/\/photos.app.goo.gl\/LZ5aoCRE4ZPdQYAs6\">&#8222;Olvash\u00e1za&#8221; olvas\u00e1sn\u00e9pszer\u0171s\u00edt\u0151 j\u00e1t\u00e9k eredm\u00e9nyhirdet\u00e9se &#8211; 2020. okt\u00f3ber 9.<\/a><\/li>\n<li><a href=\"https:\/\/photos.app.goo.gl\/f3mNEec3vtxcR9Yn9\">V\u00e9rad\u00e1s a k\u00f6nyvt\u00e1rban &#8211; 2020. okt\u00f3ber 6.<\/a><\/li>\n<li><a href=\"https:\/\/photos.app.goo.gl\/96pLS6GBERrz1EpXA\">K\u00f6z\u00f6ns\u00e9gtal\u00e1lkoz\u00f3 Szabados \u00c1gival &#8211; 2020. okt\u00f3ber 5.<\/a><\/li>\n<li><a href=\"https:\/\/photos.app.goo.gl\/hAoofFbZcYinTW947\">A reform\u00e1tus iskola harmadikosai a gyermekk\u00f6nyvt\u00e1rban &#8211; 2020. okt\u00f3ber 2.<\/a><\/li>\n<li><a href=\"https:\/\/photos.app.goo.gl\/WLwnbrJzTEHuJX7h9\">J\u00e1rt\u00f3 R\u00f3za: Az \u00e9let zen\u00e9je k\u00f6nyvbemutat\u00f3 &#8211; 2020. szeptember 18.<\/a><\/li>\n<li><a href=\"https:\/\/photos.app.goo.gl\/7n7G3rdQV26mQkkz5\">Olvas\u00f3k\u00f6r &#8211; 2020. szeptember 9.<\/a><\/li>\n<li><a href=\"https:\/\/photos.app.goo.gl\/tvQZuVt86F7Mnpj58\">M\u00e1lyvaPolc \u00e1tad\u00f3 &#8211; 2020. augusztus 14.<\/a><\/li>\n<li><a href=\"https:\/\/photos.app.goo.gl\/3QHWcpxdSNLJTucy5\">Ny\u00e1ri napk\u00f6zi a gyermekk\u00f6nyvt\u00e1rban &#8211; 2020. augusztus 10.<\/a><\/li>\n<li><a href=\"https:\/\/photos.app.goo.gl\/MRWE4sQVjC7AheNk7\">Jazz Man koncert &#8211; 2020. augusztus 7.<\/a><\/li>\n<li><a href=\"https:\/\/photos.app.goo.gl\/axNj7EjJ1LWbEuKcA\">Ny\u00e1ri napk\u00f6zi a gyermekk\u00f6nyvt\u00e1rban &#8211; 2020. augusztus 3.<\/a><\/li>\n<li><a href=\"https:\/\/photos.app.goo.gl\/4QPfwS6UUYcf2v4q6\">Ny\u00e1ri j\u00e1tsz\u00f3h\u00e1z &#8211; 2020. augusztus 3-14.<\/a><\/li>\n<li><a href=\"https:\/\/photos.app.goo.gl\/oUUzUrCcyka8Brid7\">Ny\u00e1ri napk\u00f6zi a gyermekk\u00f6nyvt\u00e1rban &#8211; 2020. j\u00falius 27.<\/a><\/li>\n<li><a href=\"https:\/\/photos.app.goo.gl\/AYxWAuhDA5tjbwEUA\">Angol t\u00e1bor foglalkoz\u00e1sa a gyermekk\u00f6nyvt\u00e1rban &#8211; 2020. j\u00falius 24.<\/a><\/li>\n<li><a href=\"https:\/\/photos.app.goo.gl\/pM2SUXinNdt7j7UK6\">Angol t\u00e1bor foglalkoz\u00e1sa a gyermekk\u00f6nyvt\u00e1rban &#8211; 2020. j\u00falius 17.<\/a><\/li>\n<li><a href=\"https:\/\/photos.app.goo.gl\/4p9c1zhJtXHR8TK97\">Ny\u00e1ri napk\u00f6zi a gyermekk\u00f6nyvt\u00e1rban &#8211; 2020. j\u00falius 13.<\/a><\/li>\n<li><a href=\"https:\/\/photos.app.goo.gl\/AAJ2AnSAkdNSZmiaA\">Ny\u00e1ri napk\u00f6zi a gyermekk\u00f6nyvt\u00e1rban &#8211; 2020. j\u00falius 06.<\/a><\/li>\n<li><a href=\"https:\/\/photos.app.goo.gl\/QkCV4TjeMoSA8cKi7\">Ny\u00e1ri napk\u00f6zi a gyermekk\u00f6nyvt\u00e1rban &#8211; 2020. j\u00fanius 29.<\/a><\/li>\n<li><a href=\"https:\/\/photos.app.goo.gl\/AdS14Z4HGqbXWc6g9\">M\u0171Kedvel\u0151 biblioter\u00e1pi\u00e1s foglalkoz\u00e1s &#8211; 2020. j\u00fanius 26.<\/a><\/li>\n<li><a href=\"https:\/\/photos.app.goo.gl\/waHRRL4QDidMHsmx7\">L\u00e9lekVitamin Klub tal\u00e1lkoz\u00f3 a m\u00fazeumban &#8211; 2020. j\u00fanius 24.<\/a><\/li>\n<li><a href=\"https:\/\/photos.app.goo.gl\/ZQ9jwEb4anFHfMvo6\">OKKSZKSE Aerobic csoport a gyermekk\u00f6nyvt\u00e1rban &#8211; 2020. j\u00fanius 16.<\/a><\/li>\n<li><a href=\"https:\/\/photos.app.goo.gl\/LXdvMsvfcCnhKNWr8\">Olvas\u00f3k\u00f6r \u2013 2020. m\u00e1rcius 11.<\/a><\/li>\n<li><a href=\"https:\/\/photos.app.goo.gl\/PTUPf1kyzKUBbtuk6\">A V\u00f6r\u00f6smarty iskola 3\/b oszt\u00e1lyosai a gyermekk\u00f6nyvt\u00e1rban \u2013 2020. m\u00e1rcius 6.<\/a><\/li>\n<li><a href=\"https:\/\/photos.app.goo.gl\/3jFRiG6ZUeJd2Hct7\">R\u00e1k\u00f3czitelepi iskola 1-2. oszt\u00e1lyosai a gyermekk\u00f6nyvt\u00e1rban \u2013 2020. m\u00e1rcius 4.<\/a><\/li>\n<li><a href=\"https:\/\/photos.app.goo.gl\/TomgmGi8euZjYh5D6\">Az E\u00f6tv\u00f6s iskola 4\/a. oszt\u00e1lyosai a gyermekk\u00f6nyvt\u00e1rban \u2013 2020. febru\u00e1r 26.<\/a><\/li>\n<li><a href=\"https:\/\/photos.app.goo.gl\/2bBpaXR19gz8CxYc7\">Az E\u00f6tv\u00f6s iskola 4\/b. oszt\u00e1lyosai a gyermekk\u00f6nyvt\u00e1rban \u2013 2020. febru\u00e1r 24.<\/a><\/li>\n<li><a href=\"https:\/\/photos.app.goo.gl\/MBM8eMiy4r5X8oui7\">Dr. R\u00e1k\u00f3czi Attila el\u0151ad\u00e1sa &#8211; 2020. febru\u00e1r 18.<\/a><\/li>\n<li><a href=\"https:\/\/photos.app.goo.gl\/jn8ot67CeFkV1HLr8\">20. Justh Zsigmond vers- \u00e9s pr\u00f3zamond\u00f3 verseny &#8211; 2020. febru\u00e1r 14.<\/a><\/li>\n<li><a href=\"https:\/\/photos.app.goo.gl\/LXMQosG6fq7mNnAP9\">A V\u00f6r\u00f6smarty iskola 3\/b oszt\u00e1lyosai a gyermekk\u00f6nyvt\u00e1rban \u2013 2020. febru\u00e1r 14.<\/a><\/li>\n<li><a href=\"https:\/\/photos.app.goo.gl\/GedSWGCfmmgBLZCAA\">Kazinczy Ferencr\u0151l elnevezett Sz\u00e9p Magyar Besz\u00e9d verseny &#8211; 2020. febru\u00e1r 13.<\/a><\/li>\n<li><a href=\"https:\/\/photos.app.goo.gl\/DmF3FEjN7g38CTta8\">Olvas\u00f3k\u00f6r: A Bront\u00eb n\u00f6v\u00e9rek &#8211; 2020. febru\u00e1r 12.<\/a><\/li>\n<li><a href=\"https:\/\/photos.app.goo.gl\/954Rsqyrt7jbZAAc7\">K\u00f6nd utcai ovi Fic\u00e1nka vegyes csoport a gyermekk\u00f6nyvt\u00e1rban &#8211; 2020. febru\u00e1r 6.<\/a><\/li>\n<li><a href=\"https:\/\/photos.app.goo.gl\/tC3mPP4fD6Fvusjo7\">A V\u00f6r\u00f6smarty iskola 3\/b oszt\u00e1lyosai a gyermekk\u00f6nyvt\u00e1rban &#8211; 2020. janu\u00e1r 31.&nbsp;<\/a><\/li>\n<li><a href=\"https:\/\/photos.app.goo.gl\/uQDJ4CZtXitG97Ho6\">\u0170rutaz\u00e1s a Sz\u00e9k\u00e1cs ovi Pillang\u00f3 csoportosaival &#8211; 2020. janu\u00e1r 27.<\/a><\/li>\n<li><a href=\"https:\/\/photos.app.goo.gl\/ko1GV58fsC6ayR4v6\">K\u00f6z\u00f6ns\u00e9gtal\u00e1lkoz\u00f3 B\u00e1n M\u00f3rral &#8211; 2020. janu\u00e1r 23.<\/a><\/li>\n<li><a href=\"https:\/\/photos.app.goo.gl\/c39W6C2HJjLZgzZk7\">Min\u0151s\u00edtett K\u00f6nyvt\u00e1r c\u00edm d\u00edj\u00e1tad\u00f3 &#8211; 2020. janu\u00e1r 22.<\/a><\/li>\n<li><a href=\"https:\/\/photos.app.goo.gl\/WvkAXzvdoc5W3b238\">Vakok \u00e9s Gyeng\u00e9nl\u00e1t\u00f3k Egyes\u00fclet\u00e9nek klubtal\u00e1lkoz\u00f3ja &#8211; 2020. janu\u00e1r 21.<\/a><\/li>\n<li><a href=\"https:\/\/photos.app.goo.gl\/V1JWkyYLL5Qurskz8\">Wesley iskola 1-2. oszt\u00e1ly a gyermekk\u00f6nyvt\u00e1rban &#8211; 2020. janu\u00e1r 17.<\/a><\/li>\n<li><a href=\"https:\/\/photos.app.goo.gl\/pPExBLDk97KL5nJ86\">A V\u00f6r\u00f6smarty iskola 3\/b oszt\u00e1lyosai a gyermekk\u00f6nyvt\u00e1rban &#8211; 2020. janu\u00e1r 17.<\/a><\/li>\n<li><a href=\"https:\/\/photos.app.goo.gl\/Wevs34rwPqnS6VoF6\">L\u00e9lekVitamin Klub tal\u00e1lkoz\u00f3 &#8211; 2020. janu\u00e1r 15.<\/a><\/li>\n<li><a href=\"https:\/\/photos.app.goo.gl\/wbe4JmghM7UCvnwS9\">Sz\u00e9k\u00e1cs ovi Pillang\u00f3 csoport a gyermekk\u00f6nyvt\u00e1rban &#8211; 2020. janu\u00e1r 13.<\/a><\/li>\n<li><a href=\"https:\/\/photos.app.goo.gl\/YGGav3T95Qz9imVR6\">Olvas\u00f3k\u00f6r &#8211; 2020. janu\u00e1r 8.<\/a><\/li>\n<\/ul>\n<p><strong>2019<\/strong><\/p>\n<ul>\n<li><a href=\"https:\/\/photos.app.goo.gl\/My2ipPXqnX8X2PeX6\">Kar\u00e1csonyi j\u00e1tsz\u00f3h\u00e1z &#8211; 2019. december 20.<\/a><\/li>\n<li><a href=\"https:\/\/photos.app.goo.gl\/HBDd129VAzvXFZwM6\">K\u00f6nyvbemutat\u00f3: Az emberis\u00e9g j\u00f6v\u0151je a nevel\u00e9st\u0151l f\u00fcgg &#8211; 2019. december 18.<\/a><\/li>\n<li><a href=\"https:\/\/photos.app.goo.gl\/1BaJ3wX8JRqknyZs8\">R\u00e1k\u00f3czitelepi als\u00f3 tagozatosok a gyermekk\u00f6nyvt\u00e1rban &#8211; 2019. december 18.<\/a><\/li>\n<li><a href=\"https:\/\/photos.app.goo.gl\/b56NEHKMotQJPSrSA\">V\u00f6r\u00f6smarty 3\/b-sek a gyermekk\u00f6nyvt\u00e1rban &#8211; 2019. december 13.<\/a><\/li>\n<li><a href=\"https:\/\/photos.app.goo.gl\/wTidNnV6ExEtp7NH9\">Olvas\u00f3k\u00f6r &#8211; 2019. december 11.<\/a><\/li>\n<li><a href=\"https:\/\/photos.app.goo.gl\/1z7hDhrZc277sPwC8\">R\u00e1k\u00f3czitelepi \u00f3vod\u00e1sok a gyermekk\u00f6nyvt\u00e1rban &#8211; 2019. december 10.<\/a><\/li>\n<li><a href=\"https:\/\/photos.app.goo.gl\/PPEj4fdCmmf3R5wA8\">Adventv\u00e1r\u00e1s a Bibli\u00e1ban &#8211; 2019. december 9.<\/a><\/li>\n<li><a href=\"https:\/\/photos.app.goo.gl\/AjzFk6DM7u883hL37\">Speci\u00e1lis Angol Klub &#8211; 2019. november 27.<\/a><\/li>\n<li><a href=\"https:\/\/photos.app.goo.gl\/nfTKBUoRmCU2QWWY6\">Ezt l\u00e1tta a kamer\u00e1nk\u2026 4. r\u00e9sz: Irodalmi \u00e9s m\u0171v\u00e9szeti percek &#8211; 2019. november 26.&nbsp;<\/a><\/li>\n<li><a href=\"https:\/\/photos.app.goo.gl\/ZSNJ48VsehtgXK3S6\">A V\u00f6r\u00f6smarty iskola 3\/b. oszt\u00e1lyosai a gyermekk\u00f6nyvt\u00e1rban \u2013 2019. november 22.<\/a><\/li>\n<li><a href=\"https:\/\/photos.app.goo.gl\/VFwGSiecgkybvkaH7\">L\u00e9lekVitamin Klub tal\u00e1lkoz\u00f3 &#8211; 2019. november 20.<\/a><\/li>\n<li><a href=\"https:\/\/photos.app.goo.gl\/yWYpkxXjMem3NUgk9\">Vakok \u00e9s Gyeng\u00e9nl\u00e1t\u00f3k orosh\u00e1zi csoportj\u00e1nak s\u00fctem\u00e9nyversenye \u2013 2019. november 19.<\/a><\/li>\n<li><a href=\"https:\/\/photos.app.goo.gl\/WcqZW7tapqdKVTNa9\">Hajnal \u00f3voda Pillang\u00f3 csoportj\u00e1nak l\u00e1togat\u00e1sa a gyermekk\u00f6nyvt\u00e1rban &#8211; 2019. november 18.<\/a><\/li>\n<li><a href=\"https:\/\/photos.app.goo.gl\/NECh6iyCwc3yHTMH6\">Olvas\u00f3k\u00f6r &#8211; 2019. november 13.&nbsp;<\/a><\/li>\n<li><a href=\"https:\/\/photos.app.goo.gl\/tpSdZQjxumaNtm2h8\">Speci\u00e1lis Angol Klub &#8211; 2019. november 13.<\/a><\/li>\n<li><a href=\"https:\/\/photos.app.goo.gl\/B7Yv5NUbpnT1Ckaa7\">Az E\u00f6tv\u00f6s iskola 2\/b. oszt\u00e1lyosai a gyermekk\u00f6nyvt\u00e1rban \u2013 2019. november 13.<\/a><\/li>\n<li><a href=\"https:\/\/photos.app.goo.gl\/h7jB1YGACzKqemYM9\">A V\u00f6r\u00f6smarty iskola 3\/b. oszt\u00e1lyosai a gyermekk\u00f6nyvt\u00e1rban \u2013 2019. november 8.<\/a><\/li>\n<li><a href=\"https:\/\/photos.app.goo.gl\/mPrSEPtwuHyKPPTNA\">A V\u00f6r\u00f6smarty iskola 4. oszt\u00e1lyosai a gyermekk\u00f6nyvt\u00e1rban \u2013 2019. november 6.<\/a><\/li>\n<li><a href=\"https:\/\/photos.app.goo.gl\/3eyucknfW2zpDHyq9\">Az E\u00f6tv\u00f6s iskola 2\/a. oszt\u00e1lyosai a k\u00f6nyvt\u00e1rban \u2013 2019. november 6.<\/a><\/li>\n<li><a href=\"https:\/\/photos.app.goo.gl\/5aKTYKNqZ826sJcc8\">\u00cdr\u00f3-olvas\u00f3 tal\u00e1lkoz\u00f3 Dr. Szigeti Jen\u0151vel \u2013 2019. november 5.<\/a><\/li>\n<li><a href=\"https:\/\/photos.app.goo.gl\/d6ainW42iiXbe9NB8\">Stoeng Vikt\u00f3ria k\u00f6nyvbemutat\u00f3 &#8211; 2019. okt\u00f3ber 29.<\/a><\/li>\n<li><a href=\"https:\/\/photos.app.goo.gl\/uVMKBtTEktw5jYVf8\">Antali Zolt\u00e1n k\u00f6z\u00f6ns\u00e9gtal\u00e1lkoz\u00f3ja &#8211; 2019. okt\u00f3ber 25.<\/a><\/li>\n<li><a href=\"https:\/\/photos.app.goo.gl\/wvfYSrmaUqZWWtVq9\">R\u00e1k\u00f3czitelepi 3-4. oszt\u00e1lyosok \u00e9s a V\u00f6r\u00f6smarty iskola 3\/b-s di\u00e1kjai a gyermekk\u00f6nyvt\u00e1rban &#8211; 2019. okt\u00f3ber 25.<\/a><\/li>\n<li><a href=\"https:\/\/photos.app.goo.gl\/tdEi5a8jQBPxKhm4A\">Bajcsy ovisok a gyermekk\u00f6nyvt\u00e1rban &#8211; 2019. okt\u00f3ber 22.<\/a><\/li>\n<li><a href=\"https:\/\/photos.app.goo.gl\/pC78BWQgrPjR561VA\">V\u00e1ndorBagoly d\u00edj \u00e1tad\u00e1s, Miskolc, megyei k\u00f6nyvt\u00e1r &#8211; 2019. okt\u00f3ber 21.<\/a><\/li>\n<li><a href=\"https:\/\/photos.app.goo.gl\/fcPDbKgxVxo3cMne9\">P\u00e1lyaorient\u00e1ci\u00f3s nap a V\u00f6r\u00f6smarty iskola di\u00e1kjaival &#8211; 2019. okt\u00f3ber 18.<\/a><\/li>\n<li><a href=\"https:\/\/photos.app.goo.gl\/47jFZX6jMbZDb65F7\">L\u00e9lekVitamin Klub tal\u00e1lkoz\u00f3 &#8211; 2019. okt\u00f3ber 16.<\/a><\/li>\n<li><a href=\"https:\/\/photos.app.goo.gl\/1qveiyc7xQBvtvkL9\">Az E\u00f6tv\u00f6s iskola 3\/a. oszt\u00e1lyosai a gyermekk\u00f6nyvt\u00e1rban &#8211; 2019. okt\u00f3ber 16.<\/a><\/li>\n<li><a href=\"https:\/\/photos.app.goo.gl\/qB2Q49ChXB33aozy6\">Nemzetk\u00f6zi Feh\u00e9r bot napi \u00fcnneps\u00e9g \u2013 2019. okt\u00f3ber 15.<\/a><\/li>\n<li><a href=\"https:\/\/photos.app.goo.gl\/noJsBZEvioT4nw386\">A r\u00e1k\u00f3czitelepi iskola 2. oszt\u00e1lyosai a gyermekk\u00f6nyvt\u00e1rban &#8211; 2019. okt\u00f3ber 11.<\/a><\/li>\n<li><a href=\"https:\/\/photos.app.goo.gl\/ozn283AW5Y4TGVmJA\">L\u00e9lekVitamin Klub kir\u00e1ndul\u00e1s a Br\u00e9da kast\u00e9lyba &#8211; 2019. okt\u00f3ber 10.<\/a><\/li>\n<li><a href=\"https:\/\/photos.app.goo.gl\/NAewT35GofwKZ5FBA\">Olvas\u00f3k\u00f6r \u2013 2019. okt\u00f3ber 9.<\/a><\/li>\n<li><a href=\"https:\/\/photos.app.goo.gl\/HqwiHto695BjucLa8\">Mes\u00e9s h\u00e9tpr\u00f3ba az E\u00f6tv\u00f6s iskola 4\/a. oszt\u00e1lyosaival \u2013 2019. okt\u00f3ber 9.<\/a><\/li>\n<li><a href=\"https:\/\/photos.app.goo.gl\/oVoZvfFQHPiF8AzC7\">\u00cdr\u00f3-olvas\u00f3 tal\u00e1lkoz\u00f3 Cserbik J\u00e1nossal &#8211; 2019. okt\u00f3ber 8.<\/a><\/li>\n<li><a href=\"https:\/\/photos.app.goo.gl\/VA9EaP2hfqio99Dn7\">A V\u00f6r\u00f6smarty iskola 3\/a. oszt\u00e1lyosai a gyermekk\u00f6nyvt\u00e1rban &#8211; 2019. okt\u00f3ber 8.<\/a><\/li>\n<li><a href=\"https:\/\/photos.app.goo.gl\/5ny7Y8xx9p6SYkLe6\">Mes\u00e9s h\u00e9tpr\u00f3ba az E\u00f6tv\u00f6s iskola 3\/b. oszt\u00e1lyosaival &#8211; 2019. okt\u00f3ber 7.<\/a><\/li>\n<li><a href=\"https:\/\/photos.app.goo.gl\/YMx4qxMXuEBdZ7CQ8\">Ker\u00e9kp\u00e1rt\u00fara G\u00e1dorosra &#8211; 2019. okt\u00f3ber 5.<\/a><\/li>\n<li><a href=\"https:\/\/photos.app.goo.gl\/V7YXiSHU6drw1ZAj6\">Sulyok Csaba: Viharsarok blues k\u00f6nyvbemutat\u00f3 &#8211; 2019. okt\u00f3ber 4.<\/a><\/li>\n<li><a href=\"https:\/\/photos.app.goo.gl\/ppG5U4fyZnwEJhWq7\">A V\u00f6r\u00f6smarty iskola 3. oszt\u00e1lyosai a gyermekk\u00f6nyvt\u00e1rban &#8211; 2019. okt\u00f3ber 4.<\/a><\/li>\n<li><a href=\"https:\/\/photos.app.goo.gl\/Y4NNpvf2vybv7x6q8\">K\u00f6z\u00f6ns\u00e9gtal\u00e1lkoz\u00f3 Borsa Brownnal &#8211; 2019. okt\u00f3ber 3.<\/a><\/li>\n<li><a href=\"https:\/\/photos.app.goo.gl\/bnUJHoQqmraGcZyH6\">Sz\u00e9k\u00e1cs ovi Pillang\u00f3 csoportosai a gyermekk\u00f6nyvt\u00e1rban &#8211; 2019. okt\u00f3ber 3.<\/a><\/li>\n<li><a href=\"https:\/\/photos.app.goo.gl\/KcmY3d2WvKVtCpKHA\">Az Alf\u00f6ld Quartet hangversenye a zene vil\u00e1gnapja alkalm\u00e1b\u00f3l &#8211; 2019. okt\u00f3ber 2.<\/a><\/li>\n<li><a href=\"https:\/\/photos.app.goo.gl\/KcL95quAzPHybX156\">Az E\u00f6tv\u00f6s iskola 4\/b. oszt\u00e1lyosai a gyermekk\u00f6nyvt\u00e1rban &#8211; 2019. okt\u00f3ber 2.<\/a><\/li>\n<li><a href=\"https:\/\/photos.app.goo.gl\/wKpcdvtwknNu991NA\">V\u00e9rad\u00e1s a k\u00f6nyvt\u00e1rban &#8211; 2019. okt\u00f3ber 1.<\/a><\/li>\n<li><a href=\"https:\/\/photos.app.goo.gl\/NePskxJyG3QXcjxWA\">A V\u00f6r\u00f6smarty iskola 2. oszt\u00e1lyosai a gyermekk\u00f6nyvt\u00e1rban &#8211; 2019. szeptember 24.<\/a><\/li>\n<li><a href=\"https:\/\/photos.app.goo.gl\/h3kwu1U8tGWdarkW9\">A V\u00f6r\u00f6smarty iskola 3. oszt\u00e1lyosai a gyermekk\u00f6nyvt\u00e1rban &#8211; 2019. szeptember 20.<\/a><\/li>\n<li><a href=\"https:\/\/photos.app.goo.gl\/8BMdczek6YZNX88s8\">L\u00e9lekVitamin Klub tal\u00e1lkoz\u00f3 &#8211; 2019. szeptember 18.&nbsp;<\/a><\/li>\n<li><a href=\"https:\/\/photos.app.goo.gl\/ZGjdmH6vT8kbM6ip9\">Speci\u00e1lis Angol Klub &#8211; 2019. szeptember 18.<\/a><\/li>\n<li><a href=\"https:\/\/photos.app.goo.gl\/TTiwJAusXRfGRNiY6\">Ezt l\u00e1tta a kamer\u00e1nk\u2026 3 r\u00e9sz: Zene, zene, zene &#8211; 2019. szeptember 17.<\/a><\/li>\n<li><a href=\"https:\/\/photos.app.goo.gl\/42h5fHKwxUTXKdVE8\">Olvas\u00f3k\u00f6r &#8211; 2019. szeptember 11.<\/a><\/li>\n<li><a href=\"https:\/\/photos.app.goo.gl\/tr2Hj5aqmmMsGTvUA\">Ny\u00e1ri j\u00e1tsz\u00f3h\u00e1z &#8211; 2019. j\u00falius 29.-augusztus 2.<\/a><\/li>\n<li><a href=\"https:\/\/photos.app.goo.gl\/Qf42qHofrjDSXCpb6\">Ny\u00e1ri olvas\u00f3t\u00e1bor a Nyugd\u00edjas Pedag\u00f3gusok Orosh\u00e1zi Egyes\u00fclet\u00e9vel &#8211; 2019. ny\u00e1r<\/a><\/li>\n<li><a href=\"https:\/\/photos.app.goo.gl\/cid5491K8icFWdK5A\">Ny\u00e1ri napk\u00f6zisek a gyermekk\u00f6nyvt\u00e1rban &#8211; 2019. ny\u00e1r<\/a><\/li>\n<li><a href=\"https:\/\/photos.app.goo.gl\/zXJ6RCNYjdrULXoc8\">Kattints vel\u00fcnk! \u2013 2019. ny\u00e1r<\/a><\/li>\n<li><a href=\"https:\/\/photos.app.goo.gl\/tMG1aQ6xYeGMYRbk7\">Ny\u00e1ri j\u00e1tsz\u00f3h\u00e1z &#8211; 2019. j\u00falius 1-5.<\/a><\/li>\n<li><a href=\"https:\/\/photos.app.goo.gl\/HzN51wy9t75bj5aC6\">Mes\u00e9s biblioter\u00e1pia a Karitasz ny\u00e1ri t\u00e1borosaival &#8211; 2019. j\u00fanius 20.<\/a><\/li>\n<li><a href=\"https:\/\/photos.app.goo.gl\/fjfS7dnTQS4Bxs5k9\">Veraszt\u00f3 Antal: Th\u00e9k Endre a m\u00e9lt\u00f3s\u00e1gos asztalos c\u00edm\u0171 k\u00f6nyv\u00e9nek bemutat\u00f3ja &#8211; 2019. j\u00fanius 19.<\/a><\/li>\n<li><a href=\"https:\/\/photos.app.goo.gl\/Ks8syaXT5Czhw1hW9\">Ruby Saw: G\u00e1zt neki, Chiara! c\u00edm\u0171 k\u00f6nyv\u00e9nek bemutat\u00f3ja &#8211; 2019. j\u00fanius 17.<\/a><\/li>\n<li><a href=\"https:\/\/photos.app.goo.gl\/w6aNp5axZV9q7YDXA\">J\u00e1rt\u00f3 R\u00f3za: Bagoly \u0151rs, vigy\u00e1zz! c\u00edm\u0171 k\u00f6nyv\u00e9nek bemutat\u00f3ja &#8211; 2019. j\u00fanius 14.<\/a><\/li>\n<li><a href=\"https:\/\/photos.app.goo.gl\/7ayoEn5A2cHeUq269\">K\u00f6z\u00f6ns\u00e9gtal\u00e1lkoz\u00f3 Bauer Barbar\u00e1val &#8211; 2019. j\u00fanius 13.<\/a><\/li>\n<li><a href=\"https:\/\/photos.app.goo.gl\/5SWyY9AP5ovNxqLR6\">A KLuBB zenekar sz\u00fclet\u00e9snapi koncertje &#8211; 2019. j\u00fanius 12.<\/a><\/li>\n<li><a href=\"https:\/\/photos.app.goo.gl\/CVtPwDxkPa2csiZj8\">Felolvas\u00f3maraton &#8211; 2019. j\u00fanius 12.<\/a><\/li>\n<li><a href=\"https:\/\/photos.app.goo.gl\/KDPEskYJoCM6rCdK6\">Ezt l\u00e1tta a kamer\u00e1nk 2. r\u00e9sz. K\u00f6nyvt\u00e1ri pillanatok &#8211; 2019. j\u00fanius 11.<\/a><\/li>\n<li><a href=\"https:\/\/photos.app.goo.gl\/4gwe3VsuhZmrtvbR8\">R\u00e1k\u00f3czitelepi iskol\u00e1sok a gyermekk\u00f6nyvt\u00e1rban &#8211; 2019. j\u00fanius 11.<\/a><\/li>\n<li><a href=\"https:\/\/photos.app.goo.gl\/5FHFyLccsmh9UEzz5\">XIV. Gyop\u00e1rka T\u00fcnd\u00e9r mesemond\u00f3 verseny &#8211; 2019. j\u00fanius 8.<\/a><\/li>\n<li><a href=\"https:\/\/photos.app.goo.gl\/GSKpPLPCoubsPXBP6\">Vet\u00e9lked\u0151 a Wesley di\u00e1kjaival a gyermekk\u00f6nyvt\u00e1rban &#8211; 2019. j\u00fanius 7.<\/a><\/li>\n<li><a href=\"https:\/\/photos.app.goo.gl\/pzu8pWhwTNZxprHC8\">A V\u00f6r\u00f6smarty iskola 3. oszt\u00e1lyosai a gyermekk\u00f6nyvt\u00e1rban \u2013 2019. j\u00fanius 6.<\/a><\/li>\n<li><a href=\"https:\/\/photos.app.goo.gl\/kE1r1rRVaa4VLQ6p8\">A V\u00f6r\u00f6smarty iskola 3. oszt\u00e1lyosai a gyermekk\u00f6nyvt\u00e1rban \u2013 2019. m\u00e1jus 30.<\/a><\/li>\n<li><a href=\"https:\/\/photos.app.goo.gl\/tJEm7Hw89g7M4B36A\">Vakok \u00e9s Gyeng\u00e9nl\u00e1t\u00f3k orosh\u00e1zi csoportj\u00e1nak Any\u00e1k napi m\u0171sora \u2013 2019. m\u00e1jus 21.<\/a><\/li>\n<li><a href=\"https:\/\/photos.app.goo.gl\/CWKhEGGbeHo2BCgQ8\">L\u00e9lekVitamin Klub tal\u00e1lkoz\u00f3 &#8211; 2019. m\u00e1jus 15.<\/a><\/li>\n<li><a href=\"https:\/\/photos.app.goo.gl\/99gMAaJAkBXhEZoGA\">Hallgassuk egy\u00fctt! &#8211; 2019. m\u00e1jus 9.<\/a><\/li>\n<li><a href=\"https:\/\/photos.app.goo.gl\/WBnA9EHJUUAQU8ch7\">Olvas\u00f3k\u00f6r &#8211; 2019. m\u00e1jus 8.<\/a><\/li>\n<li><a href=\"https:\/\/photos.app.goo.gl\/nM7ACAQYxRyv6d6v5\">Speci\u00e1lis Angol Klub &#8211; 2019. m\u00e1jus 8.<\/a><\/li>\n<li><a href=\"https:\/\/photos.app.goo.gl\/t54UCjFHtYTyFDzR6\">A Sz\u00e9k\u00e1cs-iskola 2. oszt\u00e1lyosai a gyermekk\u00f6nyvt\u00e1rban \u2013 2019. m\u00e1jus 8.<\/a><\/li>\n<li><a href=\"https:\/\/photos.app.goo.gl\/8mYYsaaPywSkjafg7\">\u00cdr\u00f3-olvas\u00f3 tal\u00e1lkoz\u00f3 Dr. Szigeti Jen\u0151vel &#8211; 2019. m\u00e1jus 7.<\/a><\/li>\n<li><a href=\"https:\/\/photos.app.goo.gl\/59iZRqKj2w4FSXzH9\">Wesley iskola 3-5. oszt\u00e1ly a gyermekk\u00f6nyvt\u00e1rban (EFOP-3.3.2-16) \u2013 2019. m\u00e1jus 7.<\/a><\/li>\n<li><a href=\"https:\/\/photos.app.goo.gl\/ASLJTCXQVhtP3aLw6\">Wesley iskola 3-5. oszt\u00e1ly a gyermekk\u00f6nyvt\u00e1rban (EFOP-3.3.2-16) \u2013 2019. \u00e1prilis 30.<\/a><\/li>\n<li><a href=\"https:\/\/photos.app.goo.gl\/W9mkkZpUumeU1a1M7\">T\u00e1rsalg\u00f3 4.: \u00d6sszt\u00e1nc &#8211; 2019. \u00e1prilis 25.<\/a><\/li>\n<li><a href=\"https:\/\/photos.app.goo.gl\/qgXdLcmPiFNobDdA6\">Az E\u00f6tv\u00f6s-iskola 1\/b. oszt\u00e1lyosai a gyermekk\u00f6nyvt\u00e1rban &#8211; 2019. \u00e1prilis 25.<\/a><\/li>\n<li><a href=\"https:\/\/photos.app.goo.gl\/3AtgMPBb4dvcPGAa7\">H\u00fasv\u00e9ti j\u00e1tsz\u00f3h\u00e1z a gyermekk\u00f6nyvt\u00e1rban &#8211; 2019. \u00e1prilis 18.<\/a><\/li>\n<li><a href=\"https:\/\/photos.app.goo.gl\/FVdypUnLotutHNHy6\">L\u00e9lekVitamin Klub tal\u00e1lkoz\u00f3 &#8211; 2019. \u00e1prilis 17.<\/a><\/li>\n<li><a href=\"https:\/\/photos.app.goo.gl\/VqgJJot8NpY3sgmC7\">M\u00f3ricz ovisok a gyermekk\u00f6nyvt\u00e1rban &#8211; 2019. \u00e1prilis 17.<\/a><\/li>\n<li><a href=\"https:\/\/photos.app.goo.gl\/kqU9KvpcGPfU5wPZ9\">Pillanatk\u00e9pek az egykori orosh\u00e1zi zsid\u00f3 k\u00f6z\u00f6ss\u00e9g m\u00faltj\u00e1b\u00f3l: dr. Balogh Istv\u00e1n kult\u00fart\u00f6rt\u00e9n\u00e9sz el\u0151ad\u00e1sa &#8211; 2019. \u00e1prilis 16.<\/a><\/li>\n<li><a href=\"https:\/\/photos.app.goo.gl\/Bp1BcdkqQ5HMH7WD9\">Wesley iskola 3-5. oszt\u00e1ly a gyermekk\u00f6nyvt\u00e1rban (EFOP-3.3.2-16) &#8211; 2019. \u00e1prilis 16.<\/a><\/li>\n<li><a href=\"https:\/\/photos.app.goo.gl\/9wJ6U6nghLi2dwpf6\">Olvas\u00f3k\u00f6r &#8211; 2019. \u00e1prilis 10.<\/a><\/li>\n<li><a href=\"https:\/\/photos.app.goo.gl\/fvTt1CyAsyw49mZj8\">A R\u00e1k\u00f3czitelepi iskola 5-6. oszt\u00e1lyosai a feln\u0151tt k\u00f6nyvt\u00e1rban &#8211; 2019. \u00e1prilis 10.<\/a><\/li>\n<li><a href=\"https:\/\/photos.app.goo.gl\/5e1A8qr1KqYsCP8b9\">Az E\u00f6tv\u00f6s-iskola 1\/a. oszt\u00e1lyosai a gyermekk\u00f6nyvt\u00e1rban &#8211; 2019. \u00e1prilis 10.<\/a><\/li>\n<li><a href=\"https:\/\/photos.app.goo.gl\/K3rK4CY82Lb61L1D6\">M\u00f3ricz ovisok a gyermekk\u00f6nyvt\u00e1rban &#8211; 2019. \u00e1prilis 9.<\/a><\/li>\n<li><a href=\"https:\/\/photos.app.goo.gl\/rjddumDbDEsoCEnC8\">K\u00f6z\u00f6ns\u00e9gtal\u00e1lkoz\u00f3 Varr\u00f3 D\u00e1niellel &#8211; 2019. \u00e1prilis 8.<\/a><\/li>\n<li><a href=\"https:\/\/photos.app.goo.gl\/7XzoomAQzv7KcbzDA\">K\u00f6z\u00f6ns\u00e9gtal\u00e1lkoz\u00f3 Varr\u00f3 D\u00e1niellel gyermekeknek &#8211; 2019. \u00e1prilis 8.<\/a><\/li>\n<li><a href=\"https:\/\/photos.app.goo.gl\/jyLNaLT8UE4XAGTC7\">J\u00e1rtamban-keltemben a Sz\u00e9k\u00e1cs ovisokkal (EFOP3.3.2-16) &#8211; 2019. \u00e1prilis 5.<\/a><\/li>\n<li><a href=\"https:\/\/photos.app.goo.gl\/jGHeTAdUkqHdwPcW6\">J\u00e1rtamban-keltemben a Sz\u00e9k\u00e1cs ovisokkal (EFOP3.3.2-16) &#8211; 2019. \u00e1prilis 4.<\/a><\/li>\n<li><a href=\"https:\/\/photos.app.goo.gl\/6MusBg8wUyhvxanQA\">Tehets\u00e9gnap a gyermekk\u00f6nyvt\u00e1rban &#8211; 2019. \u00e1prilis 4.<\/a><\/li>\n<li><a href=\"https:\/\/photos.app.goo.gl\/tgcHhtErQmPoq16C9\">A R\u00e1k\u00f3czitelepi iskola 3-4. oszt\u00e1lyosai a feln\u0151tt k\u00f6nyvt\u00e1rban &#8211; 2019. \u00e1prilis 3.<\/a><\/li>\n<li><a href=\"https:\/\/photos.app.goo.gl\/yndCeQqF3zKMWXM18\">Az E\u00f6tv\u00f6s-iskola 2\/b. oszt\u00e1lyosai a gyermekk\u00f6nyvt\u00e1rban \u2013 2019. \u00e1prilis 3.<\/a><\/li>\n<li><a href=\"https:\/\/photos.app.goo.gl\/JsqhNjpswNVXQKAN9\">Dr. Tokics Imre \u00edr\u00f3-olvas\u00f3 tal\u00e1lkoz\u00f3 &#8211; 2019. \u00e1prilis 2.<\/a><\/li>\n<li><a href=\"https:\/\/photos.app.goo.gl\/3RvWHdQYUMBASdRa7\">Az E\u00f6tv\u00f6s-iskola 4\/b. oszt\u00e1lyosai a gyermekk\u00f6nyvt\u00e1rban \u2013 2019. m\u00e1rcius 28.<\/a><\/li>\n<li><a href=\"https:\/\/photos.app.goo.gl\/SLasPEkQ88J4Vpkf8\">R\u00e1k\u00f3czitelepi iskola 1-2. oszt\u00e1lyosai a gyermekk\u00f6nyvt\u00e1rban &#8211; 2019. m\u00e1rcius 27.<\/a><\/li>\n<li><a href=\"https:\/\/photos.app.goo.gl\/Yk4Fgf9YFw3uQmL4A\">Ezt l\u00e1tta a kamer\u00e1nk 1. r\u00e9sz &#8211; 2019. m\u00e1rcius 26.<\/a><\/li>\n<li><a href=\"https:\/\/photos.app.goo.gl\/RyfroYuvixxuq1ub8\">L\u00e9lekVitamin Klub tal\u00e1lkoz\u00f3 &#8211; 2019. m\u00e1rcius 20.<\/a><\/li>\n<li><a href=\"https:\/\/photos.app.goo.gl\/VBMsXWichv8jZ41Q7\">Az E\u00f6tv\u00f6s-iskola 4\/a. oszt\u00e1lyosai a gyermekk\u00f6nyvt\u00e1rban &#8211; 2019. m\u00e1rcius 18.<\/a><\/li>\n<li><a href=\"https:\/\/photos.app.goo.gl\/zFeLKKbiF82SzhBD7\">Olvas\u00f3k\u00f6r &#8211; 2019. m\u00e1rcius 13.<\/a><\/li>\n<li><a href=\"https:\/\/photos.app.goo.gl\/H8H9RvWnzHowFzYk6\">Cirkuszos d\u00e9lel\u0151tt a M\u00f3ricz ovisokkal \u2013 2019. m\u00e1rcius 13.<\/a><\/li>\n<li><a href=\"https:\/\/photos.app.goo.gl\/zxRnPoWGNybNxKuNA\">Zenet\u00f6rt\u00e9neti est\u00e9k 11. &#8211; 2019. m\u00e1rcius 12.<\/a><\/li>\n<li><a href=\"https:\/\/photos.app.goo.gl\/ivWsCT35VbVFXc2w6\">Czina iskol\u00e1sok a gyermekk\u00f6nyvt\u00e1rban &#8211; 2019. m\u00e1rcius 9.<\/a><\/li>\n<li><a href=\"https:\/\/photos.app.goo.gl\/oCfQodmBSAswT5GF6\">Sz\u00e9k\u00e1cs ovi Pillang\u00f3 csoport a gyermekk\u00f6nyvt\u00e1rban &#8211; 2019. m\u00e1rcius 7.<\/a><\/li>\n<li><a href=\"https:\/\/photos.app.goo.gl\/rQSa229jnQb7vwgMA\">Nagyn\u00e9 N\u00e9meth Adrienn k\u00f6nyvbemutat\u00f3ja &#8211; 2019. m\u00e1rcius 5.<\/a><\/li>\n<li><a href=\"https:\/\/photos.app.goo.gl\/wCHsHfr1BnFFoXCAA\">Az E\u00f6tv\u00f6s iskola 3\/b oszt\u00e1lyosai a gyermekk\u00f6nyvt\u00e1rban \u2013 2019. m\u00e1rcius 5.<\/a><\/li>\n<li><a href=\"https:\/\/photos.app.goo.gl\/C49B2XmrEGf2xVXR6\">Mihalec G\u00e1bor \u00edr\u00f3-olvas\u00f3 tal\u00e1lkoz\u00f3 &#8211; 2019. m\u00e1rcius 4.<\/a><\/li>\n<li><a href=\"https:\/\/photos.app.goo.gl\/UidmxuYSGgvyw2DHA\">Az E\u00f6tv\u00f6s iskola 3\/a oszt\u00e1lyosai a gyermekk\u00f6nyvt\u00e1rban &#8211; 2019. m\u00e1rcius 4.<\/a><\/li>\n<li><a href=\"https:\/\/photos.app.goo.gl\/oAnbzrfQpYERoKeM6\">Bakelitsztorik &#8211; 2019. febru\u00e1r 26.<\/a><\/li>\n<li><a href=\"https:\/\/photos.app.goo.gl\/nQrbVquLdiYZwAT79\">Hering Zolt\u00e1n k\u00f6nyvbemutat\u00f3ja &#8211; 2019. febru\u00e1r 21.<\/a><\/li>\n<li><a href=\"https:\/\/photos.app.goo.gl\/oq1TtfaEnrdUTVdC6\">K\u00f6nd utcai ovisok a gyermekk\u00f6nyvt\u00e1rban &#8211; 2019. febru\u00e1r 21.<\/a><\/li>\n<li><a href=\"https:\/\/photos.app.goo.gl\/3QYE2VCVWmZFZpmV6\">Ruby Saw k\u00f6nyvbemutat\u00f3 &#8211; 2019. febru\u00e1r 15.<\/a><\/li>\n<li><a href=\"https:\/\/photos.app.goo.gl\/2pHpKYKMUcvNk6Mv7\">19. Justh Zsigmond vers- \u00e9s pr\u00f3zamond\u00f3 verseny \u2013 2019. febru\u00e1r 15.<\/a><\/li>\n<li><a href=\"https:\/\/photos.app.goo.gl\/6ytVBBW57L9kjZEG8\">V\u00f6r\u00f6smarty 3. oszt\u00e1lyosok a gyermekk\u00f6nyvt\u00e1rban &#8211; 2019. febru\u00e1r 15.<\/a><\/li>\n<li><a href=\"https:\/\/photos.app.goo.gl\/W234TnkHXbYY3bTj6\">Olvas\u00f3k\u00f6r &#8211; 2019. febru\u00e1r 13.<\/a><\/li>\n<li><a href=\"https:\/\/photos.app.goo.gl\/KbrfE79dm8b9yhUW6\">Min\u0151s\u00e9gir\u00e1ny\u00edt\u00e1s a gyakorlatban szakmai nap &#8211; 2019. febru\u00e1r 5.<\/a><\/li>\n<li><a href=\"https:\/\/photos.app.goo.gl\/UP15KMfmkxbon3NLA\">Cirkuszos d\u00e9lel\u0151tt a Bajcsy utcai ovisokkal &#8211; 2019. febru\u00e1r 1.<\/a><\/li>\n<li><a href=\"https:\/\/photos.app.goo.gl\/A62fCAWTnJwfQ61g9\">T\u00e1rsas-J\u00e1t\u00e9k-Est &#8211; 2019. janu\u00e1r 25.<\/a><\/li>\n<li><a href=\"https:\/\/photos.app.goo.gl\/c55KJCiywBwih5vi6\">Veraszt\u00f3 Antal: A zs\u00e1kos ember c\u00edm\u0171 k\u00f6nyv\u00e9nek bemutat\u00f3ja &#8211; 2019. janu\u00e1r 23.<\/a><\/li>\n<li><a href=\"https:\/\/photos.app.goo.gl\/Z6tN9tQCtaXpU2UCA\">Cirkuszos d\u00e9lel\u0151tt a K\u00f6nd utcai ovisokkal &#8211; 2019. janu\u00e1r 18.<\/a><\/li>\n<li><a href=\"https:\/\/photos.app.goo.gl\/RxcqLbJjWnABi9XL7\">L\u00e9lekVitamin &#8211; 2019. janu\u00e1r 16.<\/a><\/li>\n<li><a href=\"https:\/\/photos.app.goo.gl\/fkWJ49jr6PCNEzXo8\">Let\u2019s talk English \u2013 2019. janu\u00e1r 9.<\/a><\/li>\n<li><a href=\"https:\/\/photos.app.goo.gl\/J7cFvt1oWmsApSfUA\">Olvas\u00f3k\u00f6r &#8211; 2019. janu\u00e1r 9.<\/a><\/li>\n<li><a href=\"https:\/\/photos.app.goo.gl\/YQvSTqoFsbBwGrEJ6\">Wesley iskola 3. oszt\u00e1lyosainak k\u00f6nyvt\u00e1rl\u00e1togat\u00e1sa &#8211; 2019. janu\u00e1r 8.<\/a><\/li>\n<li><a href=\"https:\/\/photos.app.goo.gl\/Go8ytaPrh21NFEGGA\">Sebesty\u00e9n M\u00e1rta k\u00f6nyvaj\u00e1nl\u00f3 &#8211; 2019. janu\u00e1r 3.<\/a><\/li>\n<li><a href=\"https:\/\/photos.app.goo.gl\/KBd4Pse6aCNdRg1U7\">Diavet\u00edt\u0151s d\u00e9lut\u00e1n &#8211; 2019. janu\u00e1r 2.<\/a><\/li>\n<\/ul>\n<p><strong>2018<\/strong><\/p>\n<ul>\n<li><a href=\"https:\/\/photos.app.goo.gl\/gGXA6SokmAFZXhYYA\">Mester Kata interakt\u00edv k\u00f6nyvbemutat\u00f3ja &#8211; 2018. december 19.<\/a><\/li>\n<li><a href=\"https:\/\/photos.app.goo.gl\/5EUCJnpXTfHw8qFt6\">R\u00e1k\u00f3czitelepi iskol\u00e1sok k\u00f6nyvt\u00e1rl\u00e1togat\u00e1sa \u2013 2018. december 17.<\/a><\/li>\n<li><a href=\"https:\/\/photos.app.goo.gl\/Hbth7x9wCqA3cNDi9\">K\u00f6nyvt\u00e1ri \u00f3ra az E\u00f6tv\u00f6s iskola di\u00e1kjaival \u2013 2018. december 15.<\/a><\/li>\n<li><a href=\"https:\/\/photos.app.goo.gl\/8dGzsBUC8YtvWrka7\">Szud\u00e1r Erika k\u00f6nyvbemutat\u00f3ja &#8211; 2018. december 13.<\/a><\/li>\n<li><a href=\"https:\/\/photos.app.goo.gl\/cvU4xou7BzrykCYR7\">Olvas\u00f3k\u00f6r &#8211; 2018. december 12.<\/a><\/li>\n<li><a href=\"https:\/\/photos.app.goo.gl\/LGNTjsrPnwHdjiDV8\">Let\u2019s talk English \u2013 2018. december 12.<\/a><\/li>\n<li><a href=\"https:\/\/photos.app.goo.gl\/c3WwyMYJPcAvqir57\">K\u00f6nyvt\u00e1ri \u00f3ra a T\u00e1ncsics gimn\u00e1zium 5\/8-os di\u00e1kjaival &#8211; 2018. december 12.<\/a><\/li>\n<li><a href=\"https:\/\/photos.app.goo.gl\/c8ewiTwqB83jujJb9\">K\u00f6nyvt\u00e1ri \u00f3ra az E\u00f6tv\u00f6s iskola di\u00e1kjaival &#8211; 2018. december 11.<\/a><\/li>\n<li><a href=\"https:\/\/photos.app.goo.gl\/AvvZMxkv5f32GJGb9\">Hagyom\u00e1nyos adom\u00e1ny g\u00e1dorosi gyerekekkel (EFOP3.3.2-16) \u2013 2018. november 26.<\/a><\/li>\n<li><a href=\"https:\/\/photos.app.goo.gl\/hKyFE2SDAwJBinhe8\">K\u00f6nyvt\u00e1ri \u00f3ra az E\u00f6tv\u00f6s iskola di\u00e1kjaival &#8211; 2018. november 23.<\/a><\/li>\n<li><a href=\"https:\/\/photos.app.goo.gl\/Zhu7BVeXVjrFN2rm6\">L\u00e9lekVitamin Klub tal\u00e1lkoz\u00f3 \u2013 2018. november 21.<\/a><\/li>\n<li><a href=\"https:\/\/photos.app.goo.gl\/HYBvjuW9ZmyfXZuf7\">Sz\u00e9k\u00e1cs ovisok a gyermekk\u00f6nyvt\u00e1rban \u2013 2018. november 16.<\/a><\/li>\n<li><a style=\"background-color: #ffffff;\" href=\"https:\/\/photos.app.goo.gl\/qMjMGfn8vEzkJXJf7\">Olvas\u00f3k\u00f6r &#8211; 2018. november 14.<\/a><\/li>\n<li><a href=\"https:\/\/photos.app.goo.gl\/GtNMbZ114uK2nR3k8\">K\u00f6nyvt\u00e1ri \u00f3ra az E\u00f6tv\u00f6s iskola 2.b oszt\u00e1ly\u00e1val \u2013 2018. november 13.<\/a><\/li>\n<li><a href=\"https:\/\/photos.app.goo.gl\/vjvKLvoS8D9B1xVZA\">Vajdas\u00e1gi k\u00f6nyvt\u00e1rosok l\u00e1togat\u00e1sa &#8211; 2018. november 12.<\/a><\/li>\n<li><a href=\"https:\/\/photos.app.goo.gl\/CuMZUAZMZgxh1BXNA\">Let\u2019s talk English \u2013 2018. november 7.<\/a><\/li>\n<li><a href=\"https:\/\/photos.app.goo.gl\/XGugQd64uZ3e1mwa6\">Digit\u00e1lis polg\u00e1rs\u00e1g (EFOP3.3.2-16) \u2013 2018. november 6-8.<\/a><\/li>\n<li><a href=\"https:\/\/photos.app.goo.gl\/qhPNUhwfEp1idAub9\">J\u00e1rtamban-keltemben a Wesley di\u00e1kjaival (EFOP3.3.2-16) \u2013 2018. november 6-9.<\/a><\/li>\n<li><a href=\"https:\/\/photos.app.goo.gl\/nZBXop16cHd6ERgQ6\">Sz\u00e9k\u00e1cs ovisok a gyermekk\u00f6nyvt\u00e1rban &#8211; 2018. november 5.<\/a><\/li>\n<li><a href=\"https:\/\/photos.app.goo.gl\/ro9n9pPjWPd2kFaZ7\">Diavet\u00edt\u0151s d\u00e9lut\u00e1n &#8211; 2018. okt\u00f3ber 30.<\/a><\/li>\n<li><a href=\"https:\/\/photos.app.goo.gl\/mfqcwQg4vmaG4xb89\">T\u00e1rsas-J\u00e1t\u00e9k-Est &#8211; 2018. okt\u00f3ber 26.<\/a><\/li>\n<li><a href=\"https:\/\/photos.app.goo.gl\/BwWnVvHRWJGmiWTb7\">K\u00f6nyvt\u00e1ri \u00f3ra a V\u00f6r\u00f6smarty iskola 3.a oszt\u00e1ly\u00e1val &#8211; 2018. okt\u00f3ber 26.<\/a><\/li>\n<li><a href=\"https:\/\/photos.app.goo.gl\/TyF5bpawPQtDxXNb8\">J\u00e1t\u00e9k a gyermekk\u00f6nyvt\u00e1rban az E\u00f6tv\u00f6s iskola di\u00e1kjaival &#8211; 2018. okt\u00f3ber 25.<\/a><\/li>\n<li><a href=\"https:\/\/photos.app.goo.gl\/MfK438B9YPBC136R9\">Digit\u00e1lis polg\u00e1rs\u00e1g (EFOP3.3.2-16) \u2013 2018. okt\u00f3ber 24.<\/a><\/li>\n<li><a href=\"https:\/\/photos.app.goo.gl\/jzeE8worGAULyhJXA\">Digit\u00e1lis polg\u00e1rs\u00e1g (EFOP3.3.2-16) \u2013 2018. okt\u00f3ber 19.<\/a><\/li>\n<li><a href=\"https:\/\/photos.app.goo.gl\/sHo2sNGDdTVdzt149\">J\u00e1tszani is engedd! (EFOP3.3.2-16) &#8211; 2018. okt\u00f3ber 19.<\/a><\/li>\n<li><a href=\"https:\/\/photos.app.goo.gl\/XB72XYC5hWcrEQuz9\">Digit\u00e1lis polg\u00e1rs\u00e1g (EFOP3.3.2-16) &#8211; 2018. okt\u00f3ber 18.<\/a><\/li>\n<li><a href=\"https:\/\/photos.app.goo.gl\/vShqCn1mFYoRVx547\">Rendhagy\u00f3 irodalom\u00f3ra az E\u00f6tv\u00f6s iskola di\u00e1kjaival \u2013 2018. okt\u00f3ber 18.<\/a><\/li>\n<li><a href=\"https:\/\/photos.app.goo.gl\/nKTkoa8CvWTGVyVp6\">L\u00e9lekVitamin Klub tal\u00e1lkoz\u00f3 &#8211; 2018. okt\u00f3ber 17.<\/a><\/li>\n<li><a href=\"https:\/\/photos.app.goo.gl\/QErHaRQgFHjJg8Vq9\">Nemzetk\u00f6zi Feh\u00e9r bot napi \u00fcnneps\u00e9g &#8211; 2018. okt\u00f3ber 16.<\/a><\/li>\n<li><a href=\"https:\/\/photos.app.goo.gl\/628URKQJpBHv4Ryz7\">P\u00e1lyaorient\u00e1ci\u00f3s nap a V\u00f6r\u00f6smarty Mih\u00e1ly \u00c1ltal\u00e1nos Iskola di\u00e1kjaival &#8211; 2018. okt\u00f3ber 13.<\/a><\/li>\n<li><a href=\"https:\/\/photos.app.goo.gl\/Ne4L75Yh1KaXXZK38\">Rendhagy\u00f3 irodalom\u00f3ra az E\u00f6tv\u00f6s iskola di\u00e1kjaival &#8211; 2018. okt\u00f3ber 11.<\/a><\/li>\n<li><a href=\"https:\/\/photos.app.goo.gl\/YRvzcV6sQJDfBzxZA\">Olvas\u00f3k\u00f6r &#8211; 2018. okt\u00f3ber 10.<\/a><\/li>\n<li><a href=\"https:\/\/photos.app.goo.gl\/3uZ5b4VVWnvoUyFM7\">Ker\u00e9kp\u00e1rt\u00fara G\u00e1dorosra &#8211; 2018. okt\u00f3ber 6.<\/a><\/li>\n<li><a href=\"https:\/\/photos.app.goo.gl\/YoRrcp7CfUTHxPmo9\">K\u00f6z\u00f6ns\u00e9gtal\u00e1lkoz\u00f3 Lakatos Levent\u00e9vel &#8211; 2018. okt\u00f3ber 5.<\/a><\/li>\n<li><a href=\"https:\/\/photos.app.goo.gl\/pqbPKiem6bt7kk2X8\">V\u00e9rad\u00e1s a k\u00f6nyvt\u00e1rban &#8211; 2018. okt\u00f3ber 4.<\/a><\/li>\n<li><a href=\"https:\/\/photos.app.goo.gl\/whr2tbUcPvmqK6GB7\">A k\u00f6nyvt\u00e1r \u00faj arculat\u00e1nak bemutat\u00e1sa &#8211; 2018. okt\u00f3ber 4.<\/a><\/li>\n<li><a href=\"https:\/\/photos.app.goo.gl\/HUaozTmbFGa9ELzQ8\">Let&#8217;s talk English &#8211; 2018. okt\u00f3ber 3.<\/a><\/li>\n<li><a href=\"https:\/\/photos.app.goo.gl\/nAKozDB8TkKTaByY6\">A KLuBB zenekar koncertje a Zene vil\u00e1gnapja alkalm\u00e1b\u00f3l &#8211; 2018. okt\u00f3ber 2.<\/a><\/li>\n<li><a href=\"https:\/\/photos.app.goo.gl\/okxCnxTLSDELojrg8\">L\u00e9lekVitamin Klub tal\u00e1lkoz\u00f3 &#8211; 2018. szeptember 26.<\/a><\/li>\n<li><a href=\"https:\/\/photos.app.goo.gl\/ng9qD54EptbJb1CX7\">T\u00e1rsalg\u00f3: Afrika zen\u00e9je az \u00dajvil\u00e1gban &#8211; 2018. szeptember 13.<\/a><\/li>\n<li><a href=\"https:\/\/photos.app.goo.gl\/VktExj87f78oRk6N8\">Olvas\u00f3k\u00f6r &#8211; 2018. szeptember 12.<\/a><\/li>\n<li><a href=\"https:\/\/photos.app.goo.gl\/Tm4gjJMFy11u7WdG7\">Kaszaperi iskol\u00e1sok a k\u00f6nyvt\u00e1rban &#8211; 2018. augusztus 30.<\/a><\/li>\n<li><a href=\"https:\/\/photos.app.goo.gl\/WQ8F6d74SwaL8WGv6\">Ny\u00e1ri j\u00e1tsz\u00f3h\u00e1z \u2013 2018. j\u00falius 30. \u2013 augusztus 10.<\/a><\/li>\n<li><a href=\"https:\/\/photos.app.goo.gl\/Mw6RGeDPvG7Q7tA1A\">Ny\u00e1ri napk\u00f6zisek a gyermekk\u00f6nyvt\u00e1rban &#8211; 2018. j\u00falius 25.<\/a><\/li>\n<li><a href=\"https:\/\/photos.app.goo.gl\/SFgMP1zFyqp3VcCe7\">Ny\u00e1ri olvas\u00f3t\u00e1bor &#8211; 2018. j\u00falius 16-20.<\/a><\/li>\n<li><a href=\"https:\/\/photos.app.goo.gl\/ptJPcRVutujDiQbTA\">Lubics Szilvia el\u0151ad\u00e1sa &#8211; 2018. j\u00falius 11.<\/a><\/li>\n<li><a href=\"https:\/\/photos.app.goo.gl\/P5iwTBaWbWjbDQyc8\">Kattints vel\u00fcnk! \u2013 2018. ny\u00e1r<\/a><\/li>\n<li><a href=\"https:\/\/photos.app.goo.gl\/5z1m1dDZFt4wqDqE8\">Ny\u00e1ri j\u00e1tsz\u00f3h\u00e1z \u2013 2018. j\u00falius 2-13.<\/a><\/li>\n<li><a href=\"https:\/\/photos.app.goo.gl\/YiiisyXH3V7RfJ4JA\">Olvas\u00f3k\u00f6r &#8211; 2018. j\u00fanius 13.<\/a><\/li>\n<li><a href=\"https:\/\/photos.app.goo.gl\/fwNB5a3nexVa2xCV9\">R\u00e1k\u00f3czitelepi iskol\u00e1sok k\u00f6nyvt\u00e1rl\u00e1togat\u00e1sa &#8211; 2018. j\u00fanius 11.<\/a><\/li>\n<li><a href=\"https:\/\/photos.app.goo.gl\/AjfRkvtVRe1qJ8Ly7\">Kov\u00e1cs Attila (Holden Rose) el\u0151ad\u00e1sa a r\u00e1k\u00f3czitelepi iskol\u00e1soknak &#8211; 2018. j\u00fanius 11.<\/a><\/li>\n<li><a href=\"https:\/\/photos.app.goo.gl\/zm3aGeNFVejjJskX8\">Kov\u00e1cs Attila (Holden Rose) el\u0151ad\u00e1sa a reform\u00e1tus iskol\u00e1soknak &#8211; 2018. j\u00fanius 11.<\/a><\/li>\n<li><a href=\"https:\/\/photos.app.goo.gl\/wQFhd5UqUizTE6mj6\">Gyop\u00e1rka T\u00fcnd\u00e9r mesemond\u00f3 verseny \u2013 2018. j\u00fanius 9.<\/a><\/li>\n<li><a href=\"https:\/\/photos.app.goo.gl\/qdDipYsDCdgydP402\">J\u00e1rt\u00f3 R\u00f3za: Sors szimfoniett\u00e1k c\u00edm\u0171 k\u00f6nyv\u00e9nek bemutat\u00f3ja &#8211; 2018. j\u00fanius 7.<\/a><\/li>\n<li><a href=\"https:\/\/photos.app.goo.gl\/0SPT1lmJPy3EqAD33\">J\u00e1rtamban-keltemben a Wesley di\u00e1kjaival (EFOP3.3.2-16) &#8211; 2018. j\u00fanius 4-7.<\/a><\/li>\n<li><a href=\"https:\/\/photos.app.goo.gl\/KlTGywELE21bsBCn2\">Kov\u00e1cs-Torija Vera: Bermuda-4 c\u00edm\u0171 k\u00f6nyv\u00e9nek bemutat\u00f3ja &#8211; 2018. j\u00fanius 1.<\/a><\/li>\n<li><a href=\"https:\/\/photos.app.goo.gl\/knAz6AqIRxdVfwSZ2\">M\u00f3ricz \u00f3voda kiscsoportosai a gyermekk\u00f6nyvt\u00e1rban &#8211; 2018. m\u00e1jus 29.<\/a><\/li>\n<li><a href=\"https:\/\/photos.app.goo.gl\/XierJPqJU5YhcfmH3\">T\u00e1rsas-J\u00e1t\u00e9k-Est \u2013 2018. m\u00e1jus 25.<\/a><\/li>\n<li><a href=\"https:\/\/photos.app.goo.gl\/E76goRgDE7eoyyVs1\">Filmn\u00e9z\u00e9s a L\u00e9lekVitamin Klubban &#8211; 2018. m\u00e1jus 22.<\/a><\/li>\n<li><a href=\"https:\/\/photos.app.goo.gl\/OyAvbHKCiXxoPBx72\">L\u00e9lekVitamin Klub tal\u00e1lkoz\u00f3 &#8211; 2018. m\u00e1jus 16.<\/a><\/li>\n<li><a href=\"https:\/\/photos.app.goo.gl\/t4jz9Z3ppG8rdHTg7\">Vakok \u00e9s Gyeng\u00e9nl\u00e1t\u00f3k orosh\u00e1zi csoportj\u00e1nak Any\u00e1k napi m\u0171sora &#8211; 2018. m\u00e1jus 15.<\/a><\/li>\n<li><a href=\"https:\/\/photos.app.goo.gl\/7IeA21t6mFrR51as2\">K\u00f6nyves program a Sz\u00e9k\u00e1cs J\u00f3zsef Evang\u00e9likus Iskola \u00f3vod\u00e1saival (EFOP-3.3.2-16) &#8211; 2018. m\u00e1jus 14-31.<\/a><\/li>\n<li><a href=\"https:\/\/photos.app.goo.gl\/ha8cuAt4Wpvp4P7w1\">Aranyalma Klub tal\u00e1lkoz\u00f3 &#8211; 2018. m\u00e1jus 12.<\/a><\/li>\n<li><a href=\"https:\/\/photos.app.goo.gl\/p2Xk3De13Z72TwcDA\">Olvas\u00f3k\u00f6r &#8211; 2018. m\u00e1jus 9.<\/a><\/li>\n<li><a href=\"https:\/\/photos.app.goo.gl\/5D254rdAyNSPZojv6\">Sz\u00e9k\u00e1cs J\u00f3zsef Evang\u00e9likus iskola 1\/a. oszt\u00e1lyosok k\u00f6nyvt\u00e1rl\u00e1togat\u00e1sa &#8211; 2018. m\u00e1jus 9.<\/a><\/li>\n<li><a href=\"https:\/\/photos.app.goo.gl\/aqg2tiCUBudYFqhw5\">Az Orosh\u00e1zi Rotary Club ny\u00edlt napja &#8211; 2018. m\u00e1jus 8.<\/a><\/li>\n<li><a href=\"https:\/\/photos.app.goo.gl\/a5bJ35HZy7htir259\">Sz\u00e9k\u00e1cs J\u00f3zsef Evang\u00e9likus iskola 2\/b. k\u00f6nyvt\u00e1rl\u00e1togat\u00e1sa &#8211; 2018. m\u00e1jus 8.<\/a><\/li>\n<li><a href=\"https:\/\/photos.app.goo.gl\/AJjFSqQjP7kH7XQo1\">Mis\u00e1k Darinka &#8222;Sanyi&#8221; c\u00edm\u0171 k\u00f6nyv\u00e9nek bemutat\u00f3ja &#8211; 2018. m\u00e1jus 5.<\/a><\/li>\n<li><a href=\"https:\/\/photos.app.goo.gl\/dTy4aj0f1AdaTUT02\">Felfedez\u0151\u00faton a k\u00f6nyvt\u00e1rban a Katolikus \u00f3voda Margar\u00e9ta csoportj\u00e1val &#8211; 2018. m\u00e1jus 3.<\/a><\/li>\n<li><a href=\"https:\/\/photos.app.goo.gl\/nOwvUP8TaYLzQae42\">Orosh\u00e1zi Moly Galeri tal\u00e1lkoz\u00f3 &#8211; 2018. \u00e1prilis 28.<\/a><\/li>\n<li><a href=\"https:\/\/photos.app.goo.gl\/vBxUMK8D43b3Dtey6\">Hajnal \u00f3voda Halacska csoportj\u00e1nak l\u00e1togat\u00e1sa a gyermekk\u00f6nyvt\u00e1rban &#8211; 2018. \u00e1prilis 26.<\/a><\/li>\n<li><a href=\"https:\/\/photos.app.goo.gl\/n0SWG7dAhq5FWdVf2\">L\u00e9lekVitamin Klub tal\u00e1lkoz\u00f3 &#8211; 2018. \u00e1prilis 18.<\/a><\/li>\n<li><a href=\"https:\/\/photos.app.goo.gl\/ZHb1XlnNCD31adwh2\">Lurk\u00f3 ovisok a k\u00f6nyvt\u00e1rban &#8211; 2018. \u00e1prilis 17.<\/a><\/li>\n<li><a href=\"https:\/\/photos.app.goo.gl\/okmh4ctDYwQRNQV93\">Eg\u00e9szs\u00e9gmeg\u0151rz\u00e9s, a Vakok \u00e9s Gyeng\u00e9nl\u00e1t\u00f3k Egyes\u00fclet\u00e9nek klubtal\u00e1lkoz\u00f3ja &#8211; 2018. \u00e1prilis 17.<\/a><\/li>\n<li><a href=\"https:\/\/photos.app.goo.gl\/NIf4WnJlalZJ4xxC3\">K\u00f6z\u00f6ns\u00e9gtal\u00e1lkoz\u00f3 Szab\u00f3 T. Ann\u00e1val &#8211; 2018. \u00e1prilis 16.<\/a><\/li>\n<li><a href=\"https:\/\/photos.app.goo.gl\/tJH3Ja4PEwhpB97G3\">Szab\u00f3 T. Anna el\u0151ad\u00e1sa a gyermekk\u00f6nyvt\u00e1rban &#8211; 2018. \u00e1prilis 16.<\/a><\/li>\n<li><a href=\"https:\/\/photos.app.goo.gl\/UsRW5IELdso3BvAn2\">J\u00f3zsef Attila szaval\u00f3verseny &#8211; 2018. \u00e1prilis 11.<\/a><\/li>\n<li><a href=\"https:\/\/photos.app.goo.gl\/Nr7Izv3VhHa1FGns1\">Olvas\u00f3k\u00f6r &#8211; 2018. \u00e1prilis 12.<\/a><\/li>\n<li><a href=\"https:\/\/photos.app.goo.gl\/jTAQZxBJ5PDCAxov1\">Posztolj verset! &#8211; 2018. \u00e1prilis 11.<\/a><\/li>\n<li><a href=\"https:\/\/photos.app.goo.gl\/FZbhZGX0aPgEIsqm2\">Rumini-h\u00e9t a g\u00e1dorosi iskol\u00e1ban (EFOP-3.3.2-16) &#8211; 2018. \u00e1prilis 9-13.<\/a><\/li>\n<li><a href=\"https:\/\/photos.app.goo.gl\/Rcc138oXu5Sgd3wc2\">Tehets\u00e9gnap a gyermekk\u00f6nyvt\u00e1rban &#8211; 2018. \u00e1prilis 9.<\/a><\/li>\n<li><a href=\"https:\/\/photos.app.goo.gl\/yPkjOvnr9g4nB2XB3\">H\u00fasv\u00e9ti j\u00e1tsz\u00f3h\u00e1z a gyermekk\u00f6nyvt\u00e1rban &#8211; 2018. m\u00e1rcius 29.<\/a><\/li>\n<li><a href=\"https:\/\/photos.app.goo.gl\/myuBL9bmuiZQxWkM2\">Hagyom\u00e1nyos adom\u00e1ny 1. (EFOP-3.3.2-16): Toj\u00e1sd\u00edsz\u00edt\u00e9s a r\u00e1k\u00f3czitelepi iskol\u00e1ban &#8211; 2018. m\u00e1rcius 28.<\/a><\/li>\n<li><a href=\"https:\/\/photos.app.goo.gl\/kuEq230L91MOdUc62\">R\u00e1k\u00f3czitelepi 5-6. oszt\u00e1lyosok k\u00f6nyvt\u00e1rl\u00e1togat\u00e1sa &#8211; 2018. m\u00e1rcius 28.<\/a><\/li>\n<li><a href=\"https:\/\/photos.app.goo.gl\/xJ3lUITEoTA4nibN2\">V\u00f6r\u00f6smarty Mih\u00e1ly \u00c1ltal\u00e1nos Iskola 3\/b. k\u00f6nyvt\u00e1rl\u00e1togat\u00e1s &#8211; 2018. m\u00e1rcius 27.&nbsp;<\/a><\/li>\n<li><a href=\"https:\/\/photos.app.goo.gl\/RVN93Mbn9PXIXqO03\">Nagy K\u00f6nyvelhagy\u00f3 H\u00e9tv\u00e9ge &#8211; 2018. m\u00e1rcius 23-25.<\/a><\/li>\n<li><a href=\"https:\/\/photos.app.goo.gl\/v1Q58QVRkHMyl0MH2\">Orosh\u00e1zi Moly Galeri tal\u00e1lkoz\u00f3 &#8211; 2018. m\u00e1rcius 23.<\/a><\/li>\n<li><a style=\"background-color: #ffffff;\" href=\"https:\/\/photos.app.goo.gl\/GBOaqbcjwW0MPhA83\">L\u00e9vai Bal\u00e1zs k\u00f6nyvbemutat\u00f3ja &#8211; 2018. m\u00e1rcius 23.<\/a><\/li>\n<li><a href=\"https:\/\/photos.app.goo.gl\/lM8GUBrWjtedOOCW2\">R\u00e1k\u00f3czitelepi iskol\u00e1sok k\u00f6nyvt\u00e1rl\u00e1togat\u00e1sa &#8211; 2018. m\u00e1rcius 23.<\/a><\/li>\n<li><a href=\"https:\/\/photos.app.goo.gl\/td19j4neZcbKzmFt1\">Olvas\u00f3k\u00f6r &#8211; 2018. m\u00e1rcius 14.<\/a><\/li>\n<li><a href=\"https:\/\/photos.app.goo.gl\/oRmRSNyQMnRbnuc93\">Kiegyez\u00e9s, dualizmus, polg\u00e1rosod\u00e1s &#8211; 2018. m\u00e1rcius 12.<\/a><\/li>\n<li><a href=\"https:\/\/photos.app.goo.gl\/zk8KNBrSBWZ1EG7y1\">Volt egyszer egy Alternat\u00edv Zenei Klub &#8211; 2018. m\u00e1rcius 10.<\/a><\/li>\n<li><a href=\"https:\/\/photos.app.goo.gl\/JpeVCEnpdhD9Vfwc2\">Bod P\u00e9ter k\u00f6nyvbemutat\u00f3ja &#8211; 2018. m\u00e1rcius 5.<\/a><\/li>\n<li><a href=\"https:\/\/photos.app.goo.gl\/5dqcCcyqWObUyiuv2\">Z. Konkoly Juci k\u00f6nyvbemutat\u00f3ja &#8211; 2018. febru\u00e1r 23.<\/a><\/li>\n<li><a href=\"https:\/\/photos.app.goo.gl\/3pdGQY2YHbBDbB6l1\">Katolikus ovisok a gyermekk\u00f6nyvt\u00e1rban &#8211; 2018. febru\u00e1r 23.<\/a><\/li>\n<li><a href=\"https:\/\/photos.app.goo.gl\/8HAUF2Tw3AgOalcB3\">18. Justh Zsigmond vers- \u00e9s pr\u00f3zamond\u00f3 verseny \u2013 2018. febru\u00e1r 16.<\/a><\/li>\n<li><a href=\"https:\/\/photos.app.goo.gl\/5lD952APOM7OT2IS2\">Olvas\u00f3k\u00f6r &#8211; 2018. febru\u00e1r 14.<\/a><\/li>\n<li><a href=\"https:\/\/photos.app.goo.gl\/X7d9ZnXTYCN9l3nh2\">Farsangi j\u00e1tsz\u00f3h\u00e1z a gyermekk\u00f6nyvt\u00e1rban &#8211; 2018. febru\u00e1r 9.<\/a><\/li>\n<li><a href=\"https:\/\/photos.app.goo.gl\/wnXzmQQzZzhIcMyJ2\">Besz\u00e9lget\u00e9s Viczi\u00e1n Zolt\u00e1nnal &#8211; 2018. febru\u00e1r 3.<\/a><\/li>\n<li><a href=\"https:\/\/photos.app.goo.gl\/zEbXh7uPa2UynV3D3\">Zilahi Anna k\u00f6nyvbemutat\u00f3ja &#8211; 2018. janu\u00e1r 26.<\/a><\/li>\n<li><a href=\"https:\/\/photos.app.goo.gl\/bkKh6CMUYk2f79G12\">Farsangi szok\u00e1sok \u00e9s \u00e1larc k\u00e9sz\u00edt\u00e9s a Forr\u00e1s \u00f3voda ovisaival &#8211; 2018. janu\u00e1r 25.<\/a><\/li>\n<li><a href=\"https:\/\/photos.app.goo.gl\/YElyxLypKN82BLTI3\">L\u00e9lekVitamin Klub tal\u00e1lkoz\u00f3 &#8211; 2018. janu\u00e1r 17.<\/a><\/li>\n<li><a href=\"https:\/\/photos.app.goo.gl\/y6g2NcmETDzhXJTt2\">Seg\u00e9deszk\u00f6z bemutat\u00f3 Vakok \u00e9s Gyeng\u00e9nl\u00e1t\u00f3k klubtal\u00e1lkoz\u00f3j\u00e1n &#8211; 2018. janu\u00e1r 16.<\/a><\/li>\n<li><a href=\"https:\/\/photos.app.goo.gl\/Q47RhRtmTNavBPBJ2\">L\u00e9lekVitamin Klub tal\u00e1lkoz\u00f3 &#8211; 2018. janu\u00e1r 5.<\/a><\/li>\n<li><a href=\"https:\/\/photos.app.goo.gl\/yBjODIeXjXAgeqnD2\">\u00daj\u00e9vi j\u00e1tsz\u00f3h\u00e1z &#8211; 2018. janu\u00e1r 3.<\/a><\/li>\n<\/ul>\n<p><strong>2017<\/strong><\/p>\n<ul>\n<li><a href=\"https:\/\/photos.app.goo.gl\/A9kSiDTKDP2COgP92\">L\u00e9lekVitamin Klub tal\u00e1lkoz\u00f3 &#8211; 2017. december 20.<\/a><\/li>\n<li><a href=\"https:\/\/photos.app.goo.gl\/SIjMEfiAIthdfBBs2\">M\u0171Kedvel\u0151 &#8211; 2017. december 16.<\/a><\/li>\n<li><a href=\"https:\/\/photos.app.goo.gl\/290uUTOEsaYu53pp2\">Kar\u00e1csonyi j\u00e1tsz\u00f3h\u00e1z a gyermekk\u00f6nyvt\u00e1rban &#8211; 2017. december 15.<\/a><\/li>\n<li><a href=\"https:\/\/photos.app.goo.gl\/DRGkW0Xt7gqA73ss2\">Olvas\u00f3k\u00f6r &#8211; 2017. december 13.<\/a><\/li>\n<li><a href=\"https:\/\/photos.app.goo.gl\/6MDsEGbyYIGb6zQC3\">Munka\u00e9rtekezlet &#8211; 2017. december 6.<\/a><\/li>\n<li><a href=\"https:\/\/photos.app.goo.gl\/8dz9oMowPgBj9VFk1\">Orosh\u00e1zi Moly Galeri tal\u00e1lkoz\u00f3 &#8211; 2017. november 25.<\/a><\/li>\n<li><a href=\"https:\/\/photos.app.goo.gl\/v0fr0pFOmyKrohvI2\">Szerz\u0151i aj\u00e1nl\u00e1sok a b\u00e9csi klasszik\u00e1ban &#8211; 2017. november 21.<\/a><\/li>\n<li><a href=\"https:\/\/photos.app.goo.gl\/O5vFbWEacIsp2ax33\">Dietetikus el\u0151ad\u00e1s &#8211; 2017. november 21.<\/a><\/li>\n<li><a href=\"https:\/\/photos.app.goo.gl\/3vkwmW3nrDGMX8xo1\">R\u00e1k\u00f3czitelepi iskol\u00e1sok k\u00f6nyvt\u00e1rl\u00e1togat\u00e1sa &#8211; 2017. november 17.<\/a><\/li>\n<li><a href=\"https:\/\/photos.app.goo.gl\/xf5O2CNKEbYWpV6f2\">L\u00e9lekVitamin Klub tal\u00e1lkoz\u00f3 &#8211; 2017. november 16.<\/a><\/li>\n<li><a href=\"https:\/\/photos.app.goo.gl\/GukWgIQApmGtRfBa2\">T\u00e1mogatott lakhat\u00e1sr\u00f3l el\u0151ad\u00e1sok &#8211; 2017. november 10.<\/a><\/li>\n<li><a href=\"https:\/\/photos.app.goo.gl\/5sTRZHezLlNCGYtV2\">Munka\u00e9rtekezlet &#8211; 2017. november 7.<\/a><\/li>\n<li><a href=\"https:\/\/photos.app.goo.gl\/Hb8N6w3V6KrfmFpJ3\">L\u00e9lekVitamin Klub tal\u00e1lkoz\u00f3 &#8211; 2017. okt\u00f3ber 26.<\/a><\/li>\n<li><a href=\"https:\/\/photos.app.goo.gl\/49ty4DuQ0U83tliB2\">Nemzetk\u00f6zi Feh\u00e9r bot napi \u00fcnneps\u00e9g &#8211; 2017. okt\u00f3ber 17.<\/a><\/li>\n<li><a href=\"https:\/\/photos.app.goo.gl\/bY8vs2B1NpyRJQd62\">Olvas\u00f3k\u00f6r &#8211; 2017. okt\u00f3ber 11.<\/a><\/li>\n<li><a href=\"https:\/\/photos.app.goo.gl\/DjJSCXDspYmqOpy92\">R\u00e1k\u00f3czitelepi iskol\u00e1sok k\u00f6nyvt\u00e1rl\u00e1togat\u00e1sa &#8211; 2017. okt\u00f3ber 10.<\/a><\/li>\n<li><a href=\"https:\/\/photos.app.goo.gl\/0GA4EaQaMY0l8wkW2\">Ker\u00e9kp\u00e1rt\u00fara G\u00e1dorosra &#8211; 2017. okt\u00f3ber 7.<\/a><\/li>\n<li><a href=\"https:\/\/photos.app.goo.gl\/TCRsLo1nCMUDpjRp2\">T\u00e1rsas-J\u00e1t\u00e9k-Est a gyermekk\u00f6nyvt\u00e1rban &#8211; 2017. okt\u00f3ber 6.<\/a><\/li>\n<li><a href=\"https:\/\/photos.app.goo.gl\/2HQ6lnD6SrKdkc9h1\">Berg Judit k\u00f6z\u00f6ns\u00e9gtal\u00e1lkoz\u00f3ja &#8211; 2017. okt\u00f3ber 6.<\/a><\/li>\n<li><a href=\"https:\/\/photos.app.goo.gl\/k0eKMngMl6HKuplG2\">Foly\u00f3k, tavak, tengerek. Vizes t\u00e9m\u00e1k a zen\u00e9ben &#8211; 2017. okt\u00f3ber 5.&nbsp;<\/a><\/li>\n<li><a href=\"https:\/\/photos.app.goo.gl\/euS1NXPj4f7idOuX2\">NET szakk\u00f6r a Vadvir\u00e1g Es\u00e9ly klub fiataljaival &#8211; 2017. okt\u00f3ber 5.<\/a><\/li>\n<li><a href=\"https:\/\/photos.app.goo.gl\/EFeSgZcdqknZ3YXr1\">V\u00e9rad\u00e1s a k\u00f6nyv\u00e1rban &#8211; 2017. okt\u00f3ber 5.<\/a><\/li>\n<li><a href=\"https:\/\/photos.app.goo.gl\/k7hiqJhWnJaUd9zR2\">L\u00e9lekVitamin Klub kir\u00e1ndul\u00e1s az Orsz\u00e1gos Sz\u00e9ch\u00e9nyi K\u00f6nyvt\u00e1rba &#8211; 2017. okt\u00f3ber 3.<\/a><\/li>\n<li><a href=\"https:\/\/photos.app.goo.gl\/VWXdrCsNVJ4HGsFh1\">Tokai Tam\u00e1s k\u00f6nyvbemutat\u00f3ja &#8211; 2017. okt\u00f3ber 2.<\/a><\/li>\n<li><a href=\"https:\/\/photos.app.goo.gl\/dP8bkoPB89HJ4A1Z2\">Orosh\u00e1zi Moly Galeri tal\u00e1lkoz\u00f3 &#8211; 2017. szeptember 30.<\/a><\/li>\n<li><a href=\"https:\/\/photos.app.goo.gl\/US0EUYJl7SO9lDM93\">Olvas\u00f3k\u00f6r &#8211; 2017. szeptember 27.<\/a><\/li>\n<li><a href=\"https:\/\/photos.app.goo.gl\/15vGK3706ced5CJR2\">Beke Mari k\u00f6nyvbemutat\u00f3 &#8211; 2017. szeptember 26.<\/a><\/li>\n<li><a href=\"https:\/\/photos.app.goo.gl\/Zv52Gye2flsZ5V0i2\">V\u00f6r\u00f6smarty 3\/b. k\u00f6nyvt\u00e1rl\u00e1togat\u00e1s &#8211; 2017. szeptember 26.<\/a><\/li>\n<li><a href=\"https:\/\/photos.app.goo.gl\/KodbD6KwKFV9S8X52\">L\u00e9lekVitamin Klub tal\u00e1lkoz\u00f3 &#8211; 2017. szeptember 20.<\/a><\/li>\n<li><a href=\"https:\/\/photos.app.goo.gl\/yDeYXVdq3E4fHLg52\">Sz\u00e9k\u00e1cs ovisok k\u00f6nyvt\u00e1rl\u00e1togat\u00e1sa &#8211; 2017. szeptember 20.<\/a><\/li>\n<li><a href=\"https:\/\/photos.app.goo.gl\/gAtwX1mEpXnbTw6D3\">TeSzedd! &#8211; 2017. szeptember 15.<\/a><\/li>\n<li><a href=\"https:\/\/photos.app.goo.gl\/yqjDBlSxorUuLt0t2\">T\u00e1rsalg\u00f3 &#8211; 2017. szeptember 14.<\/a><\/li>\n<li><a href=\"https:\/\/photos.app.goo.gl\/v1BA6MCuQoi46EB93\">Munka\u00e9rtekezlet &#8211; 2017. szeptember 12.<\/a><\/li>\n<li><a href=\"https:\/\/goo.gl\/photos\/KXhkFDswEyDiyWgt9\">Vakok \u00e9s gyeng\u00e9nl\u00e1t\u00f3k okostelefonos oktat\u00e1sa &#8211; 2017. augusztus 30.<\/a><\/li>\n<li><a href=\"https:\/\/goo.gl\/photos\/JzHJo5gPiCQzPeYs9\">Ny\u00e1ri j\u00e1tsz\u00f3h\u00e1z &#8211; 2017. j\u00falius 31. &#8211; 2017. augusztus 11.<\/a><\/li>\n<li><a href=\"https:\/\/photos.app.goo.gl\/r1SEPStGxlAxWgrl1\">Ny\u00e1ri napk\u00f6zisek a gyermekk\u00f6nyvt\u00e1rban &#8211; 2017. j\u00falius 28.<\/a><\/li>\n<li><a href=\"https:\/\/photos.app.goo.gl\/iEWp09ob53K9KeQX2\">Kattints vel\u00fcnk! \u2013 2017. ny\u00e1r&nbsp;<\/a><\/li>\n<li><a href=\"https:\/\/photos.app.goo.gl\/2yffiXvHTAYunUf23\">Ny\u00e1ri j\u00e1tsz\u00f3h\u00e1z \u2013 2017. j\u00falius 3-14.<\/a><\/li>\n<li><a href=\"https:\/\/goo.gl\/photos\/2GeRoNZMLoT1Vwwv8\">Born Gergely k\u00f6nyvbemutat\u00f3ja &#8211; 2017. j\u00fanius 27.<\/a><\/li>\n<li><a href=\"https:\/\/goo.gl\/photos\/CSRUYmfvj2Pdy8ZR8\">OMG! Orosh\u00e1zi Moly Galeri tal\u00e1lkot\u00f3 &#8211; 2017. j\u00fanius 24.<\/a><\/li>\n<li><a href=\"https:\/\/goo.gl\/photos\/q1dJKezpSDiWi5SC8\">L\u00e9lekVitamin Klub tal\u00e1lkoz\u00f3 &#8211; 2017. j\u00fanius 21.<\/a><\/li>\n<li><a href=\"https:\/\/goo.gl\/photos\/szfh3fFGCK3fNEbB6\">M\u0171Kedvel\u0151 biblioter\u00e1pi\u00e1s foglalkoz\u00e1s &#8211; 2017. j\u00fanius 17.<\/a><\/li>\n<li><a href=\"https:\/\/goo.gl\/photos\/xXcP6rGCrrNDnGPZ6\">Olvas\u00f3k\u00f6r &#8211; 2017. j\u00fanius 14.<\/a><\/li>\n<li><a href=\"https:\/\/goo.gl\/photos\/SdC4zMJDWMhJx5xa7\">A lusta d\u00f6g c\u00edm\u0171 k\u00f6nyv bemutat\u00f3ja &#8211; 2017. j\u00fanius 12.&nbsp;<\/a><\/li>\n<li><a href=\"https:\/\/goo.gl\/photos\/aacjatmS5U6zA5fx9\">Reform\u00e1tus iskola 1\/b a gyermekk\u00f6nyvt\u00e1rban &#8211; 2017. j\u00fanius 12.<\/a><\/li>\n<li><a href=\"https:\/\/goo.gl\/photos\/nLhtDRAZnvwpkcn36\">Gyop\u00e1rka T\u00fcnd\u00e9r mesemond\u00f3 verseny &#8211; 2017. j\u00fanius 10.<\/a><\/li>\n<li><a href=\"https:\/\/goo.gl\/photos\/9KsfAfra6VLYu7Bt5\">Gyop\u00e1rka T\u00fcnd\u00e9r j\u00e1tsz\u00f3h\u00e1z a gyermekk\u00f6nyvt\u00e1rban &#8211; 2017. j\u00fanius 10.<\/a><\/li>\n<li><a href=\"https:\/\/goo.gl\/photos\/zGW3LxkbDjYUaPU1A\">V\u00f6r\u00f6smarty 3\/b a gyermekk\u00f6nyvt\u00e1rban &#8211; 2017. j\u00fanius 8.<\/a><\/li>\n<li><a href=\"https:\/\/goo.gl\/photos\/HDCc2WquwxZ1ooWM9\">Kov\u00e1cs Attila (Holden Rose) olvas\u00e1sn\u00e9pszer\u0171s\u00edt\u0151 foglalkoz\u00e1sa&nbsp;&#8211; 2017. j\u00fanius 2.<\/a><\/li>\n<li><a href=\"https:\/\/goo.gl\/photos\/SCRHPmXQc9H9zLzf8\">T\u00e1rsas-J\u00e1t\u00e9k-Est a gyermekk\u00f6nyvt\u00e1rban &#8211; 2017. m\u00e1jus 26.<\/a><\/li>\n<li><a href=\"https:\/\/goo.gl\/photos\/rSx9RRecEz1QdFfx5\">E\u00f6tv\u00f6s J\u00f3zsef Katolikus Iskola 3\/b a gyermekk\u00f6nyvt\u00e1rban &#8211; 2017. m\u00e1jus 26.<\/a><\/li>\n<li><a href=\"https:\/\/goo.gl\/photos\/cayAFVkdR7e2JtqY7\">M\u0171Kedvel\u0151 biblioter\u00e1pi\u00e1s foglalkoz\u00e1s &#8211; 2017. m\u00e1jus 20.<\/a><\/li>\n<li><a href=\"https:\/\/goo.gl\/photos\/FAJUscn5jUZzt9x79\">E\u00f6tv\u00f6s J\u00f3zsef Katolikus \u00d3voda Katica csoportosai a gyermekk\u00f6nyvt\u00e1rban &#8211; 2017. m\u00e1jus 18.<\/a><\/li>\n<li><a href=\"https:\/\/goo.gl\/photos\/uUpGZGV2WLdkiuFG8\">L\u00e9lekVitamin Klub tal\u00e1lkoz\u00f3 &#8211; 2017. m\u00e1jus 17.<\/a><\/li>\n<li><a href=\"https:\/\/goo.gl\/photos\/C3xMpYsxfuqkThr67\">R\u00e1k\u00f3czitelepi iskol\u00e1sok a gyermekk\u00f6nyvt\u00e1rban &#8211; 2017. m\u00e1jus 17.<\/a><\/li>\n<li><a href=\"https:\/\/goo.gl\/photos\/yyCKxq7j5i5BFHnY9\">Vakok \u00e9s gyeng\u00e9nl\u00e1t\u00f3k orosh\u00e1zi csoportj\u00e1nak Any\u00e1k napi programja &#8211; 2017. m\u00e1jus 16.<\/a><\/li>\n<li><a href=\"https:\/\/goo.gl\/photos\/t8mCwxKfyCJ3mZTz6\">Olvas\u00f3k\u00f6r &#8211; 2017. m\u00e1jus 10.<\/a><\/li>\n<li><a href=\"https:\/\/goo.gl\/photos\/wQcGZXQjSrEWP9KT9\">R\u00e1k\u00f3czitelepi 3-4. oszt\u00e1lyosok k\u00f6nyvjelz\u0151-k\u00e9sz\u00edt\u00e9se a gyermekk\u00f6nyvt\u00e1rban &#8211; 2017. m\u00e1jus 10.<\/a><\/li>\n<li><a href=\"https:\/\/goo.gl\/photos\/P7wv4BHEK4MtZ2oK6\">Sz\u00e9k\u00e1cs J\u00f3zsef Evang\u00e9likus \u00c1ltal\u00e1nos iskola, 2\/b \u2013 2017. m\u00e1jus 10.<\/a><\/li>\n<li><a href=\"https:\/\/goo.gl\/photos\/gwfZ7jyPfEFxJHzQ7\">Zenet\u00f6rt\u00e9neti est\u00e9k 8.: Kusz Veronika el\u0151ad\u00e1sa &#8211; 2017. m\u00e1jus 9.<\/a><\/li>\n<li><a href=\"https:\/\/goo.gl\/photos\/B3vwrBrrTNcXJGav8\">Sz\u00e9k\u00e1cs J\u00f3zsef Evang\u00e9likus \u00c1ltal\u00e1nos iskola, 2\/a &#8211; 2017. m\u00e1jus 9.<\/a><\/li>\n<li><a href=\"https:\/\/goo.gl\/photos\/Cuf18A8miehcY8F57\">Sz\u00e9k\u00e1cs J\u00f3zsef Evang\u00e9likus \u00c1ltal\u00e1nos iskola, 3\/a &#8211; 2017. m\u00e1jus 8.<\/a><\/li>\n<li><a href=\"https:\/\/goo.gl\/photos\/L6mXaTruULUoHUeQ9\">L\u00e9lekVitamin Klub kir\u00e1ndul\u00e1s Szegedre &#8211; 2017. m\u00e1jus 3.<\/a><\/li>\n<li><a href=\"https:\/\/goo.gl\/photos\/NXJGhGzu4gWS4aZ76\">OMG! Orosh\u00e1zi Moly Galeri &#8211; 2017. \u00e1prilis 29.<\/a><\/li>\n<li><a href=\"https:\/\/goo.gl\/photos\/RzfQ19qoSdNewiYi6\">M\u00e1ty\u00e1s ovisok k\u00f6nyvt\u00e1rl\u00e1togat\u00e1sa &#8211; 2017. \u00e1prilis 28.<\/a><\/li>\n<li><a href=\"https:\/\/goo.gl\/photos\/GzGdLDiGCoPrk2DW7\">K\u00f6nyvt\u00e1ri fot\u00f3k &#8211; 2017. \u00e1prilis 28.<\/a><\/li>\n<li><a href=\"https:\/\/goo.gl\/photos\/LjtAzKViKJEZixWLA\">Sz\u00e1ntai M\u00e1rk el\u0151ad\u00e1sa &#8211; 2017. \u00e1prilis 26.<\/a><\/li>\n<li><a href=\"https:\/\/goo.gl\/photos\/GFpP5NrgMG9oLgdm9\">K\u00f6nyvt\u00e1ri fot\u00f3k &#8211; 2017. \u00e1prilis 22.<\/a><\/li>\n<li><a href=\"https:\/\/goo.gl\/photos\/6sZ3XAKsy2YwyySq5\">K\u00f6nyvfesztiv\u00e1l &#8211; 2017. \u00e1prilis 21.<\/a><\/li>\n<li><a href=\"https:\/\/goo.gl\/photos\/3ArmDfaWoPYRXE6v9\">H\u00fasv\u00e9ti j\u00e1tsz\u00f3h\u00e1z &#8211; 2017. \u00e1prilis 13.<\/a><\/li>\n<li><a href=\"https:\/\/goo.gl\/photos\/ahfjhL2kdfbqhzbn7\">Olvas\u00f3k\u00f6r &#8211; 2017. \u00e1prilis 12.<\/a><\/li>\n<li><a href=\"https:\/\/goo.gl\/photos\/Az8iBTCEgs4xwJ7UA\">Forr\u00e1s ovisok a gyermekk\u00f6nyvt\u00e1rban &#8211; 2017. \u00e1prilis 12.<\/a><\/li>\n<li><a href=\"https:\/\/goo.gl\/photos\/nWix5y1egGFKJE3B8\">Nagy Erika \u00e9s Tomanek G\u00e1bor k\u00f6lt\u00e9szet napi m\u0171sora &#8211; 2017. \u00e1prilis 11.<\/a><\/li>\n<li><a href=\"https:\/\/goo.gl\/photos\/TTvaxihMLk6hcmGj8\">Nagy Erika \u00e9s Tomanek G\u00e1bor gyermekm\u0171sora &#8211; 2017. \u00e1prilis 11.<\/a><\/li>\n<li><a href=\"https:\/\/goo.gl\/photos\/ruRSD7dnXxn5jaUdA\">V\u00e1rosi Tehets\u00e9gnap &#8211; 2017. \u00e1prilis 10.<\/a><\/li>\n<li><a href=\"https:\/\/goo.gl\/photos\/U9gkDR9a23Ffh3Eb6\">T\u00e1rsalg\u00f3 &#8211; A reformkor &#8211; 2017. \u00e1prilis 6.<\/a><\/li>\n<li><a href=\"https:\/\/goo.gl\/photos\/ByEq2F75DRRM9txR9\">Informatikai tanfolyam &#8211; 2017. \u00e1prilis 5-26.<\/a><\/li>\n<li><a href=\"https:\/\/goo.gl\/photos\/nWoFWYCFHUDLHbCbA\">T\u00e1rsas-j\u00e1t\u00e9k-est &#8211; 2017. m\u00e1rcius 31.<\/a><\/li>\n<li><a href=\"https:\/\/goo.gl\/photos\/EYkVCkajh4A5LPBb9\">OMG! Orosh\u00e1zi Moly Galeri tal\u00e1lkoz\u00f3 &#8211; 2017. m\u00e1rcius 25.<\/a><\/li>\n<li><a href=\"https:\/\/goo.gl\/photos\/WEjAVTjrED9ARM3N8\">V\u00edz vil\u00e1gnapja sorsol\u00e1s &#8211; 2017. m\u00e1rcius 24.<\/a><\/li>\n<li><a href=\"https:\/\/goo.gl\/photos\/MQAAs21ALzmpB1VT6\">L\u00e9lekVitamin Klub tal\u00e1lkoz\u00f3 &#8211; 2017. m\u00e1rcius 22.<\/a><\/li>\n<li><a href=\"https:\/\/goo.gl\/photos\/8i4mDW2utohxf6fT6\">Olvas\u00f3k\u00f6r &#8211; 2017. m\u00e1rcius 8.<\/a><\/li>\n<li><a href=\"https:\/\/goo.gl\/photos\/E2zkxKbU4LCTesC99\">\u00c9l\u0151 t\u00e1rsasj\u00e1t\u00e9k a gyermekk\u00f6nyvt\u00e1rban &#8211; 2017. m\u00e1rcius 8.<\/a><\/li>\n<li><a href=\"https:\/\/goo.gl\/photos\/Cjq3q31tEBHao44TA\">Schubert, a k\u00fcl\u00f6n\u00f6s zseni &#8211; 2017. m\u00e1rcius 7.<\/a><\/li>\n<li><a href=\"https:\/\/goo.gl\/photos\/1jCv7KoL49VM29Vo8\">Lehel utcai nagycsoportos ovisok k\u00f6nyvt\u00e1rl\u00e1togat\u00e1sa &#8211; 2017. m\u00e1rcius 7.<\/a><\/li>\n<li><a style=\"line-height: 1.5; background-color: #ffffff;\" href=\"https:\/\/goo.gl\/photos\/WNv1jUK57zUkk75DA\">V\u00f6r\u00f6smarty 2\/b. \u00e9s 2\/c. a gyermekk\u00f6nyvt\u00e1rban &#8211; 2017. m\u00e1rcius 3.<\/a><\/li>\n<li><a href=\"https:\/\/goo.gl\/photos\/ZcAHaeivYD8CZtLq8\">A Wesley iskola di\u00e1kjainak k\u00f6nyvt\u00e1rl\u00e1togat\u00e1sa &#8211; 2017. m\u00e1rcius 3.<\/a><\/li>\n<li><a href=\"https:\/\/goo.gl\/photos\/4HyzmFSDyKy7GpUcA\">Dr. Csath Magdolna el\u0151ad\u00e1sa &#8211; 2017. m\u00e1rcius 2.<\/a><\/li>\n<li><a href=\"https:\/\/goo.gl\/photos\/xVh1msYtGqirGhzL6\">Informatikai tanfolyam &#8211; 2017. m\u00e1rcius 1-27.<\/a><\/li>\n<li><a href=\"https:\/\/goo.gl\/photos\/yBe3svseYkRKUF1D7\">KLuBB zenekar koncertje &#8211; 2017. febru\u00e1r 24.<\/a><\/li>\n<li><a href=\"https:\/\/goo.gl\/photos\/Rw9HYDiv4Hq5B4Et8\">Farsangi j\u00e1tsz\u00f3h\u00e1z &#8211; 2017. febru\u00e1r 24.<\/a><\/li>\n<li><a href=\"https:\/\/goo.gl\/photos\/bNkE3EFGXt2kgpNa9\">M\u0171Kedvel\u0151 &#8211; 2017.&nbsp;febru\u00e1r 18.&nbsp;<\/a><\/li>\n<li><a href=\"https:\/\/goo.gl\/photos\/jbs9E9exuXrNgXjz9\">L\u00e9lekVitamin Klub tal\u00e1lkoz\u00f3 &#8211; 2017. febru\u00e1r 15.<\/a><\/li>\n<li><a href=\"https:\/\/goo.gl\/photos\/jz27r4f6dsmWcMCj9\">17. Justh Zsigmond vers- \u00e9s pr\u00f3zamond\u00f3 verseny &#8211; 2017. febru\u00e1r 13.<\/a><\/li>\n<li><a href=\"https:\/\/goo.gl\/photos\/z9ud5QC4rHdexuV57\">V\u00f6r\u00f6smarty 3. a. k\u00f6nyvt\u00e1ri \u00f3ra &#8211; 2017. febru\u00e1r 10.<\/a><\/li>\n<li><a href=\"https:\/\/goo.gl\/photos\/kJrq5TE6Y4oYPJXM6\">Min\u0151s\u00e9gbiztos\u00edt\u00e1si konzult\u00e1ci\u00f3 &#8211; 2017. febru\u00e1r 9.<\/a><\/li>\n<li><a href=\"https:\/\/goo.gl\/photos\/uMvsftKLPjg87WsZ7\">Olvas\u00f3k\u00f6r &#8211; 2017. febru\u00e1r 8.<\/a><\/li>\n<li><a href=\"https:\/\/goo.gl\/photos\/tWnvHuhq8jJkU3gX9\">R\u00e1k\u00f3czitelepi iskol\u00e1sok k\u00f6nyvt\u00e1rl\u00e1togat\u00e1sa &#8211; 2017. febru\u00e1r 1.<\/a><\/li>\n<li><a href=\"https:\/\/goo.gl\/photos\/z77BJDBPWxuf4hLy8\">OMG! &#8211; 2017. janu\u00e1r 28.<\/a><\/li>\n<li><a href=\"https:\/\/goo.gl\/photos\/Nk2FEzeDraBT3nF48\">T\u00e1rsas-J\u00e1t\u00e9k-Est &#8211; 2017. janu\u00e1r 27.<\/a><\/li>\n<li><a href=\"https:\/\/goo.gl\/photos\/eL1wHx9S4sxxaG3V6\">R\u00e1k\u00f3czitelepi iskol\u00e1sok k\u00f6nyvt\u00e1rl\u00e1togat\u00e1sa &#8211; 2017. janu\u00e1r 27.<\/a><\/li>\n<li><a href=\"https:\/\/goo.gl\/photos\/17t468shTWtAvAFK6\">&#8222;1956 marg\u00f3j\u00e1ra&#8221; &#8211; 2017. janu\u00e1r 26.<\/a><\/li>\n<li><a href=\"https:\/\/goo.gl\/photos\/N6kBhq6jmT4XG2s7A\">NET szakk\u00f6r a Vadvir\u00e1g Es\u00e9ly klub fiataljaival &#8211; 2017. janu\u00e1r 26.<\/a><\/li>\n<li><a href=\"https:\/\/goo.gl\/photos\/dsVDg5BHU5Th2XXB9\">M\u0171Kedvel\u0151 &#8211; 2017. janu\u00e1r 21.<\/a><\/li>\n<li><a href=\"https:\/\/goo.gl\/photos\/kt2qrYo4v3Yn3Rn46\">L\u00e9lekVitamin klubtal\u00e1lkoz\u00f3 &#8211; 2017. janu\u00e1r 18.<\/a><\/li>\n<li><a href=\"https:\/\/goo.gl\/photos\/1yyyhMbGFDGtLS5LA\">Munka\u00e9rtekezlet &#8211; 2017. janu\u00e1r 16.<\/a><\/li>\n<li><a href=\"https:\/\/goo.gl\/photos\/jSywLz3GX6V6v6Tc9\">Olvas\u00f3k\u00f6r &#8211; 2017. janu\u00e1r 11.<\/a><\/li>\n<\/ul>\n<p><strong>2016<\/strong><\/p>\n<ul>\n<li><a href=\"https:\/\/goo.gl\/photos\/hgs4Mp16mReY7k826\">Kar\u00e1csonyi k\u00e9sz\u00fcl\u0151d\u00e9s a gyermekk\u00f6nyvt\u00e1rban &#8211; 2016. december 16.<\/a><\/li>\n<li><a href=\"https:\/\/goo.gl\/photos\/YnZZVKmwQi3YY3ih7\">Olvas\u00f3k\u00f6r &#8211; 2016. december 14.<\/a><\/li>\n<li><a href=\"https:\/\/goo.gl\/photos\/t3kMrkkF2UHsD4Gr6\">D\u00e1vid L\u00e1szl\u00f3 k\u00f6nyvbemutat\u00f3 &#8211; 2016. december 13.<\/a><\/li>\n<li><a href=\"https:\/\/goo.gl\/photos\/aUGxpxHnmh255tMw5\">Min\u0151s\u00e9gbiztos\u00edt\u00e1si konzult\u00e1ci\u00f3 &#8211; 2016. december 13.<\/a><\/li>\n<li><a href=\"https:\/\/goo.gl\/photos\/EKcfavtPMgaVv5ZU8\">Veraszt\u00f3 Antal k\u00f6nyvbemutat\u00f3 &#8211; 2016. december 8.<\/a><\/li>\n<li><a href=\"https:\/\/goo.gl\/photos\/BLm46sY2WzzZJPXj6\">Adventi k\u00e9sz\u00fcl\u0151d\u00e9s a r\u00e1k\u00f3czitelepi iskol\u00e1sokkal &#8211; 2016. december 2.<\/a><\/li>\n<li><a href=\"https:\/\/goo.gl\/photos\/yLrac1Z7NyA1TUVs8\">Sz\u00e9k\u00e1cs-ovisok a gyermekk\u00f6nyvt\u00e1rban &#8211; 2016. november 24.<\/a><\/li>\n<li><a href=\"https:\/\/goo.gl\/photos\/qRUYqgfQNcn9LDTq7\">Hagymakalend\u00e1rium k\u00e9sz\u00edt\u00e9se a reform\u00e1tus ovisokkal &#8211; 2016. november 23.<\/a><\/li>\n<li><a href=\"https:\/\/goo.gl\/photos\/nw2HY1xjQRCivpak7\">Min\u0151s\u00e9gbiztos\u00edt\u00e1si tr\u00e9ning \u2013 2016. november 14.<\/a><\/li>\n<li><a href=\"https:\/\/goo.gl\/photos\/e93gzc41cF1VCAKT9\">1956-os szaval\u00f3verseny &#8211; 2016. okt\u00f3ber 28.<\/a><\/li>\n<li><a href=\"https:\/\/goo.gl\/photos\/W774PYsE8m1m5by58\">Seb\u0151k Erika k\u00f6nyvbemutat\u00f3 &#8211; 2016. okt\u00f3ber 24.<\/a><\/li>\n<li><a href=\"https:\/\/goo.gl\/photos\/d95WUo4cCRsyXqvYA\">Min\u0151s\u00e9gbiztos\u00edt\u00e1si konzult\u00e1ci\u00f3 &#8211; 2016. okt\u00f3ber 20.<\/a><\/li>\n<li><a href=\"https:\/\/goo.gl\/photos\/GAfuitHhrsGmAUrs5\">V\u00f6r\u00f6smarty 3.a a gyermekk\u00f6nyvt\u00e1rban &#8211; 2016. okt\u00f3ber 14.<\/a><\/li>\n<li><a href=\"https:\/\/goo.gl\/photos\/hCAnyis2SjyQ2xrF6\">Olvas\u00f3k\u00f6r &#8211; 2016. okt\u00f3ber 13.<\/a><\/li>\n<li><a href=\"https:\/\/goo.gl\/photos\/K6A1Zb7tdvbGNWR36\">Orosh\u00e1zi Moly Galeri &#8211; 2016. okt\u00f3ber 8.<\/a><\/li>\n<li><a href=\"https:\/\/goo.gl\/photos\/chsYfuFSofS2kwkZ8\">Ker\u00e9kp\u00e1rt\u00fara G\u00e1dorosra &#8211; 2016. okt\u00f3ber 8.<\/a><\/li>\n<li><a href=\"https:\/\/goo.gl\/photos\/7eFtpDqGqpVDZ3bH9\">Hajnal ovisok k\u00f6nyvt\u00e1rl\u00e1togat\u00e1sa &#8211; 2016. okt\u00f3ber 7.<\/a><\/li>\n<li><a href=\"https:\/\/goo.gl\/photos\/3qF4fPRProZc2QJY6\">Petrus M\u00e1rta k\u00f6nyvbemutat\u00f3 &#8211; 2016. okt\u00f3ber 6.<\/a><\/li>\n<li><a href=\"https:\/\/goo.gl\/photos\/9eZxp4W3KeGSZYTr7\">V\u00e9rad\u00e1s &#8211; 2016. okt\u00f3ber 6.<\/a><\/li>\n<li><a href=\"https:\/\/goo.gl\/photos\/zpQZi32GQFZe1XAM7\">V\u00e1laszt\u00e1si \u00dcnneps\u00e9g, \u00e9l\u0151 t\u00e1rsasj\u00e1t\u00e9k &#8211; 2016. okt\u00f3ber 5.<\/a><\/li>\n<li><a href=\"https:\/\/goo.gl\/photos\/QJ6dTWEsbG5pQPBz8\">Dinny\u00e9s Istv\u00e1n el\u0151ad\u00e1sa &#8211; 2016. okt\u00f3ber 4.<\/a><\/li>\n<li><a href=\"https:\/\/goo.gl\/photos\/6bh8PcjAaKQxHkZZA\">\u00d6ko-j\u00e1tsz\u00f3h\u00e1z &#8211; 2016. okt\u00f3ber 4.<\/a><\/li>\n<li><a href=\"https:\/\/goo.gl\/photos\/mBqkkGZ2WyUG64Wp9\">Kem\u00e9ny Zs\u00f3fi \u00e9s a Keep CaLM &#8211; 2016. okt\u00f3ber 3.<\/a><\/li>\n<li><a href=\"https:\/\/goo.gl\/photos\/7xfj4QgCkgUsKsBv7\">Berkes Andr\u00e1s k\u00f6nyvbemutat\u00f3ja &#8211; 2016. szeptember 30.<\/a><\/li>\n<li><a href=\"https:\/\/goo.gl\/photos\/PRdsJKfcQXa8Be5g7\">Holden Rose (Kov\u00e1cs Attila) k\u00f6nyvbemutat\u00f3ja &#8211; 2016. szeptember 30.<\/a><\/li>\n<li><a href=\"https:\/\/goo.gl\/photos\/6bjTK6YJ2GsPq63i9\">N\u00e9pmese napja a r\u00e1k\u00f3czitelepi \u00e1ltal\u00e1nos iskol\u00e1sokkal &#8211; 2016. szeptember 30.<\/a><\/li>\n<li><a href=\"https:\/\/goo.gl\/photos\/34E1YJRh2Sn7t5c17\">Min\u0151s\u00e9gbiztos\u00edt\u00e1si konzult\u00e1ci\u00f3 &#8211; 2016. szeptember 29.<\/a><\/li>\n<li><a style=\"line-height: 1.5em;\" href=\"https:\/\/goo.gl\/photos\/m7XJBjcpVog4LvoC7\">M\u0171Kedvel\u0151 &#8211; 2016. szeptember 17.<\/a><\/li>\n<li><a href=\"https:\/\/goo.gl\/photos\/HBK8Lna6CoS1kzqK8\">Olvas\u00f3k\u00f6r &#8211; 2016. szeptember 14.<\/a><\/li>\n<li><a href=\"https:\/\/goo.gl\/photos\/DC5bpJegbRqgY2ZB6\">Kattints vel\u00fcnk! &#8211; 2016. ny\u00e1r <\/a><\/li>\n<li><a href=\"https:\/\/goo.gl\/photos\/idQZTEnnDZqXAcXb9\">Ny\u00e1ri j\u00e1tsz\u00f3h\u00e1z &#8211; 2016. j\u00falius 4-15.<\/a><\/li>\n<li><a href=\"https:\/\/goo.gl\/photos\/Dzxs3Q9zmPzGhmL27\">M\u0171Kedvel\u0151 &#8211; 2016. j\u00fanius 18. <\/a><\/li>\n<li><a href=\"https:\/\/goo.gl\/photos\/t7r9UvAr49wcvfRS6\">Gyop\u00e1rka T\u00fcnd\u00e9r mesemond\u00f3 verseny &#8211; 2016. j\u00fanius 11.<\/a><\/li>\n<li><a style=\"line-height: 1.5em;\" href=\"https:\/\/goo.gl\/photos\/TqR8PLZHJWAH3rPf6\">R\u00e1k\u00f3czitelepi \u00f6t\u00f6dik oszt\u00e1lyosok ismerked\u00e9se L\u00e1z\u00e1r Ervinnel &#8211; 2016. j\u00fanius 9.<\/a><\/li>\n<li><a href=\"https:\/\/goo.gl\/photos\/eiRPofN8AaN3aHp66\">Olvas\u00f3k\u00f6r &#8211; 2016. j\u00fanius 8.<\/a><\/li>\n<li><a href=\"https:\/\/goo.gl\/photos\/PeXEwtRrM3cpkGa66\">Reform\u00e1tus iskol\u00e1sok k\u00f6nyvt\u00e1rl\u00e1togat\u00e1sa &#8211; 2016. j\u00fanius 6.<\/a><\/li>\n<li><a href=\"https:\/\/goo.gl\/photos\/9g9JZqTVtvPU1grP8\">Rendhagy\u00f3 sz\u00fcl\u0151i \u00e9rtekezlet &#8211; 2016. j\u00fanius 3.<\/a><\/li>\n<li><a href=\"https:\/\/goo.gl\/photos\/i9uPm5wDeLcnCpdb7\">Orosh\u00e1zi Moly Galeri tal\u00e1lkoz\u00f3 &#8211; 2016. m\u00e1jus 28.<\/a><\/li>\n<li><a href=\"https:\/\/goo.gl\/photos\/ELD8CQvZAmshJpuH8\">Reform\u00e1tus iskola k\u00f6nyvt\u00e1rl\u00e1togat\u00e1sa &#8211; 2016. m\u00e1jus 27.<\/a><\/li>\n<li><a style=\"line-height: 1.5em;\" href=\"https:\/\/goo.gl\/photos\/HC4MicFCfqw3GsPHA\">M\u0171Kedvel\u0151 &#8211; 2016. m\u00e1jus 21.<\/a><\/li>\n<li><a href=\"https:\/\/goo.gl\/photos\/G3BxfYqc5TMYSSBL9\">Mester Kata ki\u00e1ll\u00edt\u00e1smegnyit\u00f3 &#8211; 2016. m\u00e1jus 20.<\/a><\/li>\n<li><a href=\"https:\/\/goo.gl\/photos\/kLrMJN2Jt75DB2vr8\">L\u00e9lekVitamin &#8211; 2016. m\u00e1jus 18.<\/a><\/li>\n<li><a href=\"https:\/\/goo.gl\/photos\/YHuFF8fQBo74DzuH9\">Olvas\u00f3k\u00f6r &#8211; 2016. m\u00e1jus 11.<\/a><\/li>\n<li><a href=\"https:\/\/goo.gl\/photos\/FVxTfbqNef684RCd7\">Aranyalma Klub &#8211; 2016. m\u00e1jus 7.<\/a><\/li>\n<li><a href=\"https:\/\/goo.gl\/photos\/vjEgjB5Y9rQ6J4Sb9\">Sz\u00e9k\u00e1cs iskola k\u00f6nyvt\u00e1rl\u00e1togat\u00e1sa &#8211; 2016. m\u00e1jus 2.<\/a><\/li>\n<li><a href=\"https:\/\/goo.gl\/photos\/QFrESQtyfPMQevpm6\">V\u00f6r\u00f6smarty D\u00d6K-nap &#8211; 2016. \u00e1prilis 29.<\/a><\/li>\n<li><a href=\"https:\/\/goo.gl\/photos\/f8KSzhtf9iySACNE7\">TeSzedd &#8211; 2016. \u00e1prilis 28.<\/a><\/li>\n<li><a href=\"https:\/\/goo.gl\/photos\/Rm1rthWipm3UTHUf6\">SOS \u00c9l\u0151 k\u00f6nyvt\u00e1r &#8211; 2016. \u00e1prilis 27.<\/a><\/li>\n<li><a href=\"https:\/\/goo.gl\/photos\/pQS88guvnFTt42MY8\">Az orosh\u00e1zi beatfesztiv\u00e1lok t\u00f6rt\u00e9nete &#8211; 2016. \u00e1prilis 26.<\/a><\/li>\n<li><a href=\"https:\/\/goo.gl\/photos\/BBtZQGQaXz1NeuhN8\">R\u00e1k\u00f3czitelepi l\u00e1togat\u00e1s &#8211; 2016. \u00e1prilis 20.<\/a><\/li>\n<li><a style=\"line-height: 1.5em;\" href=\"https:\/\/goo.gl\/photos\/BBtZQGQaXz1NeuhN8\">L\u00e9lekVitamin &#8211; 2016. \u00e1prilis 20.<\/a><\/li>\n<li><a style=\"line-height: 1.5em;\" href=\"https:\/\/goo.gl\/photos\/66tQUJcgeDNNK1JU8\">M\u0171Kedvel\u0151 &#8211; 2016. \u00e1prilis 16.<\/a><\/li>\n<li><a href=\"https:\/\/goo.gl\/photos\/sJQnG5dkFSRX2yHT7\">Olvas\u00f3k\u00f6r &#8211; 2016. \u00e1prilis 13.<\/a><\/li>\n<li><a href=\"https:\/\/goo.gl\/photos\/Teb2QJK7Yvyjx3MXA\">R\u00e1k\u00f3czitelepi \u00e1ltal\u00e1nos iskol\u00e1sok rendhagy\u00f3 irodalmi \u00f3r\u00e1ja &#8211; 2016. \u00e1prilis 13.<\/a><\/li>\n<li><a href=\"https:\/\/goo.gl\/photos\/ZLavTgqZE9AWYYHf8\">K\u00f6nyvt\u00e1rosok &#8211; 2016. \u00e1prilis 12.<\/a><\/li>\n<li><a href=\"https:\/\/goo.gl\/photos\/mk5MALLiT2HRd1C18\">Bakonyi P\u00e9ter \u00e9s M\u00e1rton Andr\u00e1s &#8211; 2016. \u00e1prilis 11.<\/a><\/li>\n<li><a href=\"https:\/\/goo.gl\/photos\/vFKEWrDKvYged1id9\">Aranyalma Klub tal\u00e1lkoz\u00f3 &#8211; 2016. \u00e1prilis 9.<\/a><\/li>\n<li><a href=\"https:\/\/goo.gl\/photos\/sz3HMgj9TjAorQhW8\">T\u00e1ncsics Mih\u00e1ly Gimn\u00e1zium 9. b k\u00f6nyvt\u00e1rl\u00e1togat\u00e1s &#8211; 2016. \u00e1prilis 8.<\/a><\/li>\n<li><a href=\"https:\/\/goo.gl\/photos\/C9M2FFT15yQSCKha8\">Kiss Ott\u00f3 \u00edr\u00f3-olvas\u00f3 tal\u00e1lkoz\u00f3 &#8211; 2016. \u00e1prilis 8.<\/a><\/li>\n<li><a href=\"https:\/\/goo.gl\/photos\/Eu5YriT9h7U2wiZJ9\">Erasmus+ k\u00f6nyvt\u00e1ri program &#8211; 2016. \u00e1prilis 7.<\/a><\/li>\n<li><a style=\"line-height: 1.5em;\" href=\"https:\/\/goo.gl\/photos\/C9M2FFT15yQSCKha8\">R\u00e1k\u00f3czitelepi \u00e1ltal\u00e1nos iskol\u00e1sok rendhagy\u00f3 irodalmi \u00f3r\u00e1ja &#8211; 2016. \u00e1prilis 6.<\/a><\/li>\n<li><a href=\"https:\/\/goo.gl\/photos\/KAFNmWxGnbYd4Uhd6\">Erasmus+ projekttal\u00e1lkoz\u00f3 &#8211; 2016. \u00e1prilis 4.<\/a><\/li>\n<li><a href=\"https:\/\/goo.gl\/photos\/y2Q6uucy4kcEdqxi9\">Tehets\u00e9gnap &#8211; 2016. \u00e1prilis 4.<\/a><\/li>\n<li><a href=\"https:\/\/goo.gl\/photos\/JSdnDtfy95sMZHoa8\">M\u0171Kedvel\u0151 &#8211; 2016. m\u00e1rcius 26.<\/a><\/li>\n<li><a href=\"https:\/\/goo.gl\/photos\/aTCDsrwDa4kDwEJW6\">H\u00fasv\u00e9ti j\u00e1tsz\u00f3h\u00e1z &#8211; 2016. m\u00e1rcius 25.<\/a><\/li>\n<li><a href=\"https:\/\/goo.gl\/photos\/rCzhd7wJrSsHNaKX9\">Orsz\u00e1gos k\u00f6nyvesblogger tal\u00e1lkoz\u00f3 &#8211; 2016. m\u00e1rcius 19-20.<\/a><\/li>\n<li><a href=\"https:\/\/goo.gl\/photos\/JGSYqH6aRCD6AjnT7\">L\u00e9lekVitamin &#8211; 2016. m\u00e1rcius 16.<\/a><\/li>\n<li><a href=\"https:\/\/goo.gl\/photos\/s3G5MgTJ5p1H1FjA8\">Olvas\u00f3k\u00f6r &#8211; 2016. m\u00e1rcius 9.<\/a><\/li>\n<li><a href=\"https:\/\/goo.gl\/photos\/PHqCbmJt5xeDPQW97\">Evang\u00e9likus ovisok k\u00f6nyvt\u00e1rl\u00e1togat\u00e1sa &#8211; 2016. m\u00e1rcius 8.<\/a><\/li>\n<li><a href=\"https:\/\/goo.gl\/photos\/LirmNnkPy9Ganmcj7\">Utaz\u00e1si el\u0151ad\u00e1s &#8211; 2016. m\u00e1rcius 3.<\/a><\/li>\n<li><a href=\"https:\/\/goo.gl\/photos\/GAa9VCJ6Des6EcmQ8\">Orosh\u00e1zi Moly Galeri &#8211; 2016. febru\u00e1r 27.<\/a><\/li>\n<li><a href=\"https:\/\/goo.gl\/photos\/yJSXaK5zrQzx1oQp9\">Nagy Kolb\u00e1szk\u00f6nyv bemutat\u00f3 &#8211; 2016. febru\u00e1r 26.<\/a><\/li>\n<li><a href=\"https:\/\/goo.gl\/photos\/RHqMFYjYWhtc6Edw7\">V\u00f6r\u00f6smarty Mih\u00e1ly \u00c1ltal\u00e1nos Iskola 4. a &#8211; 2016. febru\u00e1r 25.<\/a><\/li>\n<li><a href=\"https:\/\/goo.gl\/photos\/32rpUrmdLgpPfadt8\">M\u0171Kedvel\u0151 &#8211; 2016. febru\u00e1r 20.<\/a><\/li>\n<li><a href=\"https:\/\/goo.gl\/photos\/foBZqqyjPegjiXok8\">Hajnal utcai \u00f3vod\u00e1sok k\u00f6nyvt\u00e1rl\u00e1togat\u00e1sa &#8211; 2016. febru\u00e1r 18.P\u00e1nty\u00e9n\u00e9 Horv\u00e1th Kl\u00e1ra st\u00edluskommunik\u00e1tor el\u0151ad\u00e1sa &#8211; 2016. febru\u00e1r 17.<\/a><\/li>\n<li><a href=\"https:\/\/goo.gl\/photos\/86kpUSCxu1CMZqft6\">NET szakk\u00f6r a Vadvir\u00e1g Es\u00e9ly Klub tagjaival &#8211; 2016. febru\u00e1r 17.<\/a><\/li>\n<li><a href=\"https:\/\/goo.gl\/photos\/u5FQkuZKqPTVEt3D6\">Strandk\u00f6nyvt\u00e1r &#8211; 2016. febru\u00e1r 16.<\/a><\/li>\n<li><a href=\"https:\/\/goo.gl\/photos\/uPn2L4Eqe8eAarQv6\">Justh Zsigmond vers- \u00e9s pr\u00f3zamond\u00f3 verseny &#8211; 2016. febru\u00e1r 15.<\/a><\/li>\n<li><a href=\"https:\/\/goo.gl\/photos\/5Ajhg2Bpw3gSKHXA8\">Kazinczy-verseny &#8211; 2016. febru\u00e1r 12.<\/a><\/li>\n<li><a href=\"https:\/\/goo.gl\/photos\/J7jqayXuRa1cjh5D9\">\u00c9rzelmi intelligencia gyakorlatok &#8211; k\u00f6nyvbemutat\u00f3 &#8211; 2016. febru\u00e1r 11.<\/a><\/li>\n<li><a href=\"https:\/\/goo.gl\/photos\/DP59ZxD9sdV1boF46\">V\u00f6r\u00f6smarty Mih\u00e1ly \u00c1ltal\u00e1nos Iskola 2. b &#8211; 2016. febru\u00e1r 11.<\/a><\/li>\n<li><a href=\"https:\/\/goo.gl\/photos\/gQHPSoaHovaEaN1f7\">Olvas\u00f3k\u00f6r &#8211; 2016. febru\u00e1r 10.<\/a><\/li>\n<li><a href=\"https:\/\/goo.gl\/photos\/aL1wng7gAkTQmTBm7\">V\u00f6r\u00f6smarty Mih\u00e1ly \u00c1ltal\u00e1nos Iskola 2. c &#8211; 2016. febru\u00e1r 10.<\/a><\/li>\n<li><a href=\"https:\/\/goo.gl\/photos\/b3tsQz38tEPPXG647\">Z. Konkoly Juci k\u00f6nyvbemutat\u00f3 &#8211; 2016. febru\u00e1r 6.<\/a><\/li>\n<li><a href=\"https:\/\/goo.gl\/photos\/62oyV8KWmcyH6jUu9\">Vid\u00e1m farsangol\u00f3 &#8211; 2016. febru\u00e1r 5.<\/a><\/li>\n<li><a href=\"https:\/\/goo.gl\/photos\/bLN3fS1du2NF4di18\">V\u00f6r\u00f6smarty Mih\u00e1ly \u00c1ltal\u00e1nos Iskola 2. a &#8211; 2016. febru\u00e1r 5.<\/a><\/li>\n<li><a href=\"https:\/\/goo.gl\/photos\/BgyfUMAZJUsLm7oQ6\">Biztons\u00e1gos k\u00fclf\u00f6ldi munkav\u00e1llal\u00e1s &#8211; 2016. febru\u00e1r 4.<\/a><\/li>\n<li><a href=\"https:\/\/goo.gl\/photos\/cMGZ8U7kuV3TeXBaA\">OMG tal\u00e1lkoz\u00f3 &#8211; 2016. janu\u00e1r 30.<\/a><\/li>\n<li><a href=\"https:\/\/goo.gl\/photos\/k11CWrdZUHsbNw7z9\">R\u00e1k\u00f3czitelepi iskol\u00e1sok k\u00f6nyvt\u00e1rl\u00e1togat\u00e1sa &#8211; 2016. janu\u00e1r 29.<\/a><\/li>\n<li><a href=\"https:\/\/goo.gl\/photos\/ioC7zHhvxXpFnFGy9\">Nagyv\u00e1rad-Fiume k\u00f6nyvbemutat\u00f3 &#8211; 2016. janu\u00e1r 27.<\/a><\/li>\n<li><a href=\"https:\/\/goo.gl\/photos\/4VymE95bG9QaRBku8\">L\u00e9lekVitamin &#8211; 2016. janu\u00e1r 20.<\/a><\/li>\n<li><a href=\"https:\/\/goo.gl\/photos\/QEBxaDfagk7x3dut8\">M\u0171Kedvel\u0151 &#8211; 2016. janu\u00e1r 16.<\/a><\/li>\n<li><a href=\"https:\/\/goo.gl\/photos\/w6VgF64jtRCWknh76\">Olvas\u00f3k\u00f6r &#8211; 2016. janu\u00e1r 13.<\/a><\/li>\n<li><a href=\"https:\/\/goo.gl\/photos\/UTfd3gTLgMB2AMEx7\">Munka\u00e9rtekezlet &#8211; 2016. janu\u00e1r 11.<\/a><\/li>\n<\/ul>\n<p><strong>2015<\/strong><\/p>\n<ul>\n<li><a href=\"https:\/\/goo.gl\/photos\/QgYoQbroD3YKqCp48\">M\u0171Kedvel\u0151 &#8211; 2015. december 19.<\/a><\/li>\n<li><a href=\"https:\/\/goo.gl\/photos\/QgYoQbroD3YKqCp48\">Dr. Mih\u00e1ly Nikolett k\u00f6nyvbemutat\u00f3ja &#8211; 2015. december 18.<\/a><\/li>\n<li><a href=\"https:\/\/goo.gl\/photos\/tsPKbPs4CXKX4iReA\">L\u00e9gy m\u0171v\u00e9sz, aj\u00e1nd\u00e9kozz okosan! &#8211; 2015. december 11.<\/a><\/li>\n<li><a href=\"https:\/\/goo.gl\/photos\/98W1zZTvG32qK9mG6\">Olvas\u00f3k\u00f6r &#8211; 2015. december 9.<\/a><\/li>\n<li><a href=\"https:\/\/goo.gl\/photos\/F4EhZuL5M9nUayJz5\">B\u00e1tyi Zolt\u00e1n k\u00f6nyvbemutat\u00f3 &#8211; 2015. november 27.<\/a><\/li>\n<li><a href=\"https:\/\/goo.gl\/photos\/maPfAPWZBoq6M55A9\">M\u0171Kedvel\u0151 &#8211; 2015. november 21.<\/a><\/li>\n<li><a href=\"https:\/\/goo.gl\/photos\/9zfSRkcxtMuam7X66\">R\u00e1k\u00f3czitelepi iskol\u00e1sok (3. oszt\u00e1ly) &#8211; 2015. november 18.<\/a><\/li>\n<li><a href=\"https:\/\/goo.gl\/photos\/9zfSRkcxtMuam7X66\">Zenet\u00f6rt\u00e9neti est\u00e9k 4. &#8211; 2015. november 17.<\/a><\/li>\n<li><a href=\"https:\/\/goo.gl\/photos\/ScpHRaRFRbpqeDmK7\">R\u00e1k\u00f3czitelepi iskol\u00e1sok (1-2. oszt\u00e1ly) &#8211; 2015. november 16<\/a><\/li>\n<li><a href=\"https:\/\/goo.gl\/photos\/KUTFdSun6xEptY4z6\">Olvas\u00f3k\u00f6r &#8211; 2015. november 11.<\/a><\/li>\n<li><a href=\"https:\/\/goo.gl\/photos\/oSfKLH3sAStkumoU8\">M\u00e1ty\u00e1s utcai \u00f3vod\u00e1sok k\u00f6nyvt\u00e1rl\u00e1togat\u00e1sa &#8211; 2015. november 10.<\/a><\/li>\n<li><a href=\"https:\/\/goo.gl\/photos\/ew4gzkRYGoZa727y5\">Molynyomoz\u00f3 d\u00edj\u00e1tad\u00e1s r\u00e1k\u00f3czitelepi iskola &#8211; 2015. november 10.<\/a><\/li>\n<li><a href=\"https:\/\/goo.gl\/photos\/siA2hbp5fRWa3BH17\">L\u00e9lekVitamin &#8211; 2015. okt\u00f3ber 21.<\/a><\/li>\n<li><a href=\"https:\/\/goo.gl\/photos\/nunrMmxj4J58LjTj8\">Munka\u00e9rtekezlet &#8211; 2015. okt\u00f3ber 19<\/a><\/li>\n<li><a href=\"https:\/\/goo.gl\/photos\/EBxFSVg7ueXab4ZSA\">Sr\u00f3th \u00d6d\u00f6n k\u00f6nyvbemutat\u00f3ja &#8211; 2015. okt\u00f3ber 16.<\/a><\/li>\n<li><a href=\"https:\/\/goo.gl\/photos\/tRt9gPCraRuPYTwi6\">Olvas\u00f3k\u00f6r &#8211; 2015. okt\u00f3ber 14.<\/a><\/li>\n<li><a href=\"https:\/\/goo.gl\/photos\/U4zQp2Lq7dt5dqFCA\">Molynyomoz\u00f3 j\u00e1t\u00e9k &#8211; 2015. okt\u00f3ber 9.<\/a><\/li>\n<li><a href=\"https:\/\/goo.gl\/photos\/GTVHhTD3t1TZxRRT6\">Ny\u00e1ry Kriszti\u00e1n \u00edr\u00f3-olvas\u00f3 tal\u00e1lkoz\u00f3 &#8211; 2015. okt\u00f3ber 8.<\/a><\/li>\n<li><a href=\"https:\/\/goo.gl\/photos\/9czRzhtgnhwRFgJo6\">V\u00e9rad\u00e1s a k\u00f6nyvt\u00e1rban &#8211; 2015. okt\u00f3ber 8.<\/a><\/li>\n<li><a href=\"https:\/\/goo.gl\/photos\/ajA3Nozk2PpnXjoGA\">Niedzielsky Katalin k\u00f6nyvbemutat\u00f3 &#8211; 2015. okt\u00f3ber 7.<\/a><\/li>\n<li><a href=\"https:\/\/goo.gl\/photos\/zUkVnYLxZWZfKG4m6\">V\u00f6r\u00f6smarty Mih\u00e1ly \u00c1ltal\u00e1nos Iskola 2. a. &#8211; 2015. okt\u00f3ber 2.<\/a><\/li>\n<li><a href=\"https:\/\/goo.gl\/photos\/5sqGBE5jbKXrfZXZ6\">Szokolay B\u00e1lint Madrig\u00e1l K\u00f3rus &#8211; 2015. okt\u00f3ber 1.<\/a><\/li>\n<li><a href=\"https:\/\/goo.gl\/photos\/p7sGAQ6gw8C93orJ6\">Zenet\u00f6rt\u00e9neti est\u00e9k 3. &#8211; 2015. szeptember 22.<\/a><\/li>\n<li><a href=\"https:\/\/goo.gl\/photos\/3pLbweyssHTnoA2D9\">M\u0171Kedvel\u0151 &#8211; 2015. szeptember 19.<\/a><\/li>\n<li><a href=\"https:\/\/goo.gl\/photos\/DmzWU6ygofAPavcP9\">L\u00e9lekVitamin Klub &#8211; 2015. szeptember 16.<\/a><\/li>\n<li><a href=\"https:\/\/goo.gl\/photos\/1Vpv88Yc1EN4zaaK9\">Rom\u00e1n \u00e9s t\u00f6r\u00f6k vend\u00e9gek k\u00f6nyvt\u00e1rl\u00e1togat\u00e1sa &#8211; 2015. szeptember 11.<\/a><\/li>\n<li><a href=\"https:\/\/goo.gl\/photos\/ULJxVUGVTQ4sH8iCA\">Rom\u00e1n \u00e9s t\u00f6r\u00f6k vend\u00e9gek Gyop\u00e1rosf\u00fcrd\u0151n &#8211; 2015. szeptember 10.<\/a><\/li>\n<li><a href=\"https:\/\/goo.gl\/photos\/XLtptYvmRyYGy2pR8\">Olvas\u00f3k\u00f6r &#8211; 2015. szeptember 9.<\/a><\/li>\n<li><a href=\"https:\/\/goo.gl\/photos\/d24dCNXyxZZ8i9B66\">Ny\u00e1ri j\u00e1tsz\u00f3h\u00e1z 2015. j\u00falius 6.<\/a><\/li>\n<li><a href=\"https:\/\/goo.gl\/photos\/evnMuzqks9wLe1sc9\">M\u0171Kedvel\u0151 &#8211; 2015. j\u00fanius 20.<\/a><\/li>\n<li><a href=\"https:\/\/goo.gl\/photos\/FBCQxnaU1dCNrtui7\">Olvas\u00f3k\u00f6r &#8211; 2015. j\u00fanius 10.<\/a><\/li>\n<li><a href=\"https:\/\/goo.gl\/photos\/K4V9Fn7tpyM48Y9c7\">J\u00e1rt\u00f3 R\u00f3za k\u00f6nyvbemutat\u00f3 &#8211; 2015. j\u00fanius 6.<\/a><\/li>\n<li><a href=\"https:\/\/goo.gl\/photos\/3Ga9WzSvJEDSPn1R6\">Gyop\u00e1rka t\u00fcnd\u00e9r mesemond\u00f3 verseny &#8211; 2015. j\u00fanius 6.<\/a><\/li>\n<li><a href=\"https:\/\/goo.gl\/photos\/GwfrTaFom4HHjZev9\">K\u00f6nyvheti k\u00f6nyvki\u00e1rus\u00edt\u00e1s &#8211; 2015. j\u00fanius 4.<\/a><\/li>\n<li><a href=\"https:\/\/goo.gl\/photos\/4xK1VNDKcHHFbahH9\">R\u00e1k\u00f3czitelepi iskol\u00e1sok k\u00f6nyvt\u00e1rl\u00e1togat\u00e1sa &#8211; 2015. j\u00fanius 2.<\/a><\/li>\n<li><a href=\"https:\/\/goo.gl\/photos\/bCR45cchBpkW1E2y5\">Zenet\u00f6rt\u00e9neti est\u00e9k 2. &#8211; 2015. m\u00e1jus 26.<\/a><\/li>\n<li><a href=\"https:\/\/goo.gl\/photos\/g6XiSVemRPQnGzcw7\">Csonti Istv\u00e1n el\u0151ad\u00e1sa a Szent Koron\u00e1r\u00f3l &#8211; 2015. m\u00e1jus 16.<\/a><\/li>\n<li><a href=\"https:\/\/goo.gl\/photos\/FYvHkzsbVTww8zXq5\">Bemutatkozik a Gion N\u00e1ndor Eml\u00e9kh\u00e1z &#8211; 2015. \u00e1prilis 30.<\/a><\/li>\n<li><a href=\"https:\/\/goo.gl\/photos\/rCrKsS6Qk9FkP8vb7\">Molynyomoz\u00f3 a V\u00f6r\u00f6smarty di\u00e1kjaival &#8211; 2015. \u00e1prilis 27.<\/a><\/li>\n<li><a href=\"https:\/\/goo.gl\/photos\/BPMjYnJnJUEMPT1n8\">R\u00e1k\u00f3czitelepi iskol\u00e1sok k\u00f6nyvt\u00e1rl\u00e1togat\u00e1sa &#8211; 2015. \u00e1prilis 22.<\/a><\/li>\n<li><a href=\"https:\/\/goo.gl\/photos\/jrvnzyWi6ojrAEMo6\">Live Coals koncert a k\u00f6lt\u00e9szet napj\u00e1n &#8211; 2015. \u00e1prilis 11.<\/a><\/li>\n<li><a href=\"https:\/\/goo.gl\/photos\/26nhDbk8jZE9cP3g6\">Olvas\u00f3k\u00f6r &#8211; 2015. \u00e1prilis 8.<\/a><\/li>\n<li><a href=\"https:\/\/goo.gl\/photos\/b3tsQz38tEPPXG647\">V\u00e1rosi Tehets\u00e9gnap a gyermekk\u00f6nyvt\u00e1rban &#8211; 2015. \u00e1prilis 1.<\/a><\/li>\n<li><a href=\"https:\/\/goo.gl\/photos\/EAtTLLUc6ALYnuva6\">V\u00edz vil\u00e1gnapja sorsol\u00e1s &#8211; 2015. m\u00e1rcius 31.<\/a><\/li>\n<li><a href=\"https:\/\/goo.gl\/photos\/YDWvXdwki2xzX9aG9\">J\u00e1t\u00e9k a zen\u00e9vel &#8211; 2015. m\u00e1rcius 24.<\/a><\/li>\n<li><a href=\"https:\/\/goo.gl\/photos\/eTrBX8khyPi4mPZ69\">OMG! &#8211; 2015. febru\u00e1r 28.<\/a><\/li>\n<li><a href=\"https:\/\/goo.gl\/photos\/GGgxktLjGqccaTA7A\">Zenet\u00f6rt\u00e9neti est\u00e9k &#8211; 2015. febru\u00e1r 24.<\/a><\/li>\n<li><a href=\"https:\/\/goo.gl\/photos\/z55641HBL581b6gt5\">M\u0171Kedvel\u0151 &#8211; 2015. febru\u00e1r 21.<\/a><\/li>\n<li><a style=\"line-height: 1.5em;\" href=\"https:\/\/goo.gl\/photos\/FQ95vFfgLK9NeHjj9\">L\u00e9lekVitamin &#8211; 2015. febru\u00e1r 18.<\/a><\/li>\n<li><a href=\"https:\/\/goo.gl\/photos\/6uojCR5Ws561j1YZ7\">Justh Zsigmond vers- \u00e9s pr\u00f3zamond\u00f3 verseny &#8211; 2015. febru\u00e1r 16.<\/a><\/li>\n<li><a href=\"https:\/\/goo.gl\/photos\/GHYG6fX84QK4SzLN6\">Aranyalma Klub &#8211; 2015. febru\u00e1r 14.<\/a><\/li>\n<li><a href=\"https:\/\/goo.gl\/photos\/1oni2LXrhqRYbEvX6\">K\u00f6nyvt\u00e1ri karnev\u00e1l &#8211; 2015. febru\u00e1r 13.<\/a><\/li>\n<li><a href=\"https:\/\/goo.gl\/photos\/hNY71HoLRv1TBwQt6\">Kazinczy-verseny &#8211; 2015. febru\u00e1r 13.<\/a><\/li>\n<li><a href=\"https:\/\/goo.gl\/photos\/HuqR3dtQmAWf2vvC7\">Olvas\u00f3k\u00f6r &#8211; 2015. febru\u00e1r 11.<\/a><\/li>\n<li><a href=\"https:\/\/goo.gl\/photos\/kaFp5UNL4JWeouu5A\">D\u00e1vid L\u00e1szl\u00f3 k\u00f6nyvbemutat\u00f3ja &#8211; 2015. janu\u00e1r 20.<\/a><\/li>\n<li><a href=\"https:\/\/goo.gl\/photos\/ri5iosnozuhAURMv6\">Olvas\u00f3k\u00f6r &#8211; 2015. janu\u00e1r 14.<\/a><\/li>\n<\/ul>\n<p><strong>2014<\/strong><\/p>\n<ul>\n<li><a style=\"line-height: 1.5em;\" href=\"https:\/\/goo.gl\/photos\/7nQ6EhkmFHWNqRR76\">A V\u00f6r\u00f6smarty 1\/a oszt\u00e1lyos tanul\u00f3inak k\u00f6nyvt\u00e1rl\u00e1togat\u00e1sa &#8211; 2014. december 11.<\/a><\/li>\n<li><a href=\"https:\/\/goo.gl\/photos\/eZk9oLAVoWreCni89\">Olvas\u00f3k\u00f6r &#8211; 2014. december 10.<\/a><\/li>\n<li><a href=\"https:\/\/goo.gl\/photos\/5AgASwhXnmxrRUtr7\">Orosh\u00e1zi Filharmonikus T\u00e1rsas\u00e1g &#8211; 2014. november 24.Olvas\u00f3k\u00f6r &#8211; 2014. november 12.<\/a><\/li>\n<li><a href=\"https:\/\/goo.gl\/photos\/pTfr3c5g6Eiq7MZa7\">Olvas\u00f3k\u00f6r &#8211; 2014. november 12.<\/a><\/li>\n<li><a href=\"https:\/\/goo.gl\/photos\/26q38tGmsntdbaJt7\">Kop\u00e1r Istv\u00e1n el\u0151ad\u00e1s &#8211; 2014. okt\u00f3ber 20.<\/a><\/li>\n<li><a href=\"https:\/\/goo.gl\/photos\/eADYyJ87DKCJ8H9K7\">Rockvet\u00e9lked\u0151 &#8211; 2014. okt\u00f3ber 16.<\/a><\/li>\n<li><a href=\"https:\/\/goo.gl\/photos\/qVbGrH3uK9FJDEDT7\">K\u00e1rp\u00e1ti Attila Istv\u00e1n el\u0151ad\u00e1sa &#8211; 2014. okt\u00f3ber 13.<\/a><\/li>\n<li><a href=\"https:\/\/goo.gl\/photos\/USDVmgQwBZdzksUB6\">Olvas\u00f3k\u00f6r &#8211; 2014. okt\u00f3ber 8.<\/a><\/li>\n<li><a href=\"https:\/\/goo.gl\/photos\/Q3BboofLmNhKHhMt6\">A V\u00f6r\u00f6smarty 1\/a oszt\u00e1lyos tanul\u00f3inak k\u00f6nyvt\u00e1rl\u00e1togat\u00e1sa &#8211; 2014. okt\u00f3ber 1.<\/a><\/li>\n<li><a href=\"https:\/\/goo.gl\/photos\/eLRqeX621KJSwQUi6\">Olvas\u00f3k\u00f6r &#8211; 2014. szeptember 10.<\/a><\/li>\n<li><a href=\"https:\/\/goo.gl\/photos\/fKYYsrzDBRJD4qmi7\">Lehel ovisok k\u00f6nyvt\u00e1rl\u00e1togat\u00e1sa &#8211; 2014. szeptember 9.<\/a><\/li>\n<li><a href=\"https:\/\/goo.gl\/photos\/AA5gpRcVaq3k1vMQ8\">2014. augusztusi j\u00e1tsz\u00f3h\u00e1z<\/a><\/li>\n<li><a href=\"https:\/\/goo.gl\/photos\/fzoci7GKPcHH3Qxu7\">2014. j\u00faliusi j\u00e1tsz\u00f3h\u00e1z<\/a><\/li>\n<li><a href=\"https:\/\/goo.gl\/photos\/c4GgtahEwrzLnT6j6\">Gyop\u00e1rka t\u00fcnd\u00e9r mesemond\u00f3 verseny &#8211; 2014. j\u00fanius 21.<\/a><\/li>\n<li><a href=\"https:\/\/goo.gl\/photos\/oGFptFkT1TwbRB4JA\">Witt M\u00e1rta k\u00f6nyvbemutat\u00f3ja &#8211; 2014. j\u00fanius 14.<\/a><\/li>\n<li><a href=\"https:\/\/goo.gl\/photos\/pUdVsASHYch1AT7k7\">J\u00e1rt\u00f3 R\u00f3za k\u00f6nyvbemutat\u00f3ja &#8211; 2014. j\u00fanius 13.<\/a><\/li>\n<li><a href=\"https:\/\/goo.gl\/photos\/qV9hQ7iNWFG7P3X37\">K\u00f6nyv\u00e1rus\u00edt\u00e1s a k\u00f6nyvh\u00e9ten &#8211; 2014. j\u00fanius 12-14.<\/a><\/li>\n<li><a href=\"https:\/\/goo.gl\/photos\/DWMyericidsLuYCr6\">Olvas\u00f3k\u00f6r &#8211; 2014. j\u00fanius 11.<\/a><\/li>\n<li><a href=\"https:\/\/goo.gl\/photos\/4XHd7QU4tpZfTA5B6\">Stresszold\u00f3 foglalkoz\u00e1s &#8211; 2014. m\u00e1jus 15.<\/a><\/li>\n<li><a href=\"https:\/\/goo.gl\/photos\/TB6oJvd77arYtFHx7\">Olvas\u00f3k\u00f6r &#8211; 2014. m\u00e1jus 14.<\/a><\/li>\n<li><a href=\"https:\/\/goo.gl\/photos\/WDu88PS4yrQv7HRg6\">K\u00e1rolyi F\u00fcl\u00f6p B\u00e9la eml\u00e9kest &#8211; 2014. \u00e1prilis 28.<\/a><\/li>\n<li><a href=\"https:\/\/goo.gl\/photos\/97NhrnEAUKRzAQQ47\">J\u00e1t\u00e9k a zen\u00e9vel &#8211; 2014. \u00e1prilis 17.<\/a><\/li>\n<li><a href=\"https:\/\/goo.gl\/photos\/ep2nGRS6fmLZ6Msp8\">20 \u00e9ves az Orosh\u00e1zi Harangsz\u00f3 &#8211; 2014. \u00e1prilis 15.<\/a><\/li>\n<li><a href=\"https:\/\/goo.gl\/photos\/qNP98cCQBXi4Bhec8\">K\u00f6lt\u00e9szet napja &#8211; 2014. \u00e1prilis 11.<\/a><\/li>\n<li><a href=\"https:\/\/goo.gl\/photos\/JWtm5VDbPNns869WA\">Olvas\u00f3k\u00f6r &#8211; 2014. \u00e1prilis 9.<\/a><\/li>\n<li><a href=\"https:\/\/goo.gl\/photos\/dc3gFHqh9CTB2j9w7\">V\u00e1rosi tehets\u00e9gnap &#8211; 2014. \u00e1prilis 4.<\/a><\/li>\n<li><a href=\"https:\/\/goo.gl\/photos\/sCi63GyWBeBHjq9s7\">Szokolay S\u00e1ndor eml\u00e9kest &#8211; 2014. m\u00e1rcius 28.<\/a><\/li>\n<li><a href=\"https:\/\/goo.gl\/photos\/fS1nuLdFhNzTMxCSA\">Nagy k\u00f6nyvelhagy\u00f3 nap &#8211; 2014. m\u00e1rcius 21.<\/a><\/li>\n<li><a href=\"https:\/\/goo.gl\/photos\/389zQLQ8i3J7Xhju8\">V\u00edz vil\u00e1gnapja sorsol\u00e1s &#8211; 2014. m\u00e1rcius 21.<\/a><\/li>\n<li><a href=\"https:\/\/goo.gl\/photos\/8fiyRpFzG9WWhovL8\">Olvas\u00f3k\u00f6r &#8211; 2014. m\u00e1rcius 12.<\/a><\/li>\n<li><a href=\"https:\/\/goo.gl\/photos\/4wFvz64nBqBRDsEc6\">K\u00f6nyvt\u00e1ri karnev\u00e1l &#8211; 2014. febru\u00e1r 28.<\/a><\/li>\n<li><a href=\"https:\/\/goo.gl\/photos\/TJpZGQbe2DRuzhxY8\">Hugo Hartung nyom\u00e1ban &#8211; 2014. febru\u00e1r 14.<\/a><\/li>\n<li><a href=\"https:\/\/goo.gl\/photos\/8AbZ2aSM8LYbkgps5\">Justh Zsigmond vers- \u00e9s pr\u00f3zamond\u00f3 verseny &#8211; 2014. febru\u00e1r 10.<\/a><\/li>\n<li><a href=\"https:\/\/goo.gl\/photos\/CHX5gaRaESUGvYz1A\">Kazinczy-verseny &#8211; 2014. febru\u00e1r 7.<\/a><\/li>\n<li><a href=\"https:\/\/goo.gl\/photos\/d9n4E3UPVvs7Mjz2A\">Veraszt\u00f3 Antal k\u00f6nyvbemutat\u00f3ja &#8211; 2014. janu\u00e1r 21.<\/a><\/li>\n<li><a href=\"https:\/\/goo.gl\/photos\/DGrxpN4chuP9EAvf6\">Olvas\u00f3k\u00f6r &#8211; 2014. janu\u00e1r 15.<\/a><\/li>\n<li><a href=\"https:\/\/goo.gl\/photos\/FAUfcRAjTZ2rA9gs7\">NAP K\u00c9PE 2014<\/a><\/li>\n<\/ul>\n<p><strong>2013<\/strong><\/p>\n<ul>\n<li><a href=\"https:\/\/goo.gl\/photos\/qn4JaEtEoER5MBny6\">Olvas\u00f3k\u00f6r &#8211; 2013. december 11.<br \/>\n<\/a><\/li>\n<li><a href=\"https:\/\/goo.gl\/photos\/qn4JaEtEoER5MBny6\">Olvas\u00f3k\u00f6r &#8211; 2013. december 11.<\/a><\/li>\n<li><a href=\"https:\/\/goo.gl\/photos\/BedTx6gJBLezQckt8\">Tud\u00e1sod a j\u00f6v\u0151d! vizsga &#8211; 2013. november 22.<\/a><\/li>\n<li><a href=\"https:\/\/goo.gl\/photos\/Y6KUKsbtDydpUqGRA\">Olvas\u00f3k\u00f6r &#8211; 2013. november 13.<\/a><\/li>\n<li><a href=\"https:\/\/goo.gl\/photos\/NN8Vf2rnZ4SZFd2cA\">R\u00e1k\u00f3czitelepi \u00e1ltal\u00e1nos iskol\u00e1sok k\u00f6nyvt\u00e1rl\u00e1togat\u00e1sa &#8211; 2013. november 11.<\/a><\/li>\n<li><a href=\"https:\/\/goo.gl\/photos\/icBRtUcvrYe1FsqZA\">V\u00f6r\u00f6smarty Mih\u00e1ly \u00c1ltal\u00e1nos Iskola di\u00e1kjainak l\u00e1togat\u00e1sa &#8211; 2013. november 8.<\/a><\/li>\n<li><a href=\"https:\/\/goo.gl\/photos\/mjAyPFChLPYv58JS7\">Rockvet\u00e9lked\u0151 &#8211; 2013. november 7.<\/a><\/li>\n<li><a href=\"https:\/\/goo.gl\/photos\/yD2HPFeoDohXNHEs5\">F\u00fcl\u00f6p Atilla Csaba \u00e9s K\u00e1rolyi F\u00fcl\u00f6p B\u00e9la k\u00f6nyvbemutat\u00f3ja &#8211; 2013. okt\u00f3ber 26.<\/a><\/li>\n<li><a href=\"https:\/\/goo.gl\/photos\/5FNZFkCkbhSzhRVV9\">Molynyomoz\u00f3 j\u00e1t\u00e9k &#8211; 2013. okt\u00f3ber 11.<\/a><\/li>\n<li><a href=\"https:\/\/goo.gl\/photos\/XZGQbYAgcbvqLdi69\">Olvas\u00f3k\u00f6r &#8211; 2013. okt\u00f3ber 9.<\/a><\/li>\n<li><a href=\"https:\/\/goo.gl\/photos\/iC6xcW7L1qrHUAHU6\">Orosh\u00e1zi m\u00faltid\u00e9z\u0151 &#8211; Orosh\u00e1zi Napl\u00f3 &#8211; 2013. okt\u00f3ber 8.<\/a><\/li>\n<li><a href=\"https:\/\/goo.gl\/photos\/RFtZnbpFUvQja7nN7\">OMG! &#8211; 2013. szeptember 28.<\/a><\/li>\n<li><a href=\"https:\/\/goo.gl\/photos\/cLA5efnFQo8Bymen9\">Olvas\u00f3k\u00f6r &#8211; 2013. szeptember 11.<\/a><\/li>\n<li><a href=\"https:\/\/goo.gl\/photos\/WU2TesrffmsVY9UM8\">OMG tal\u00e1lkoz\u00f3 az \u00c1rp\u00e1d kertben &#8211; 2013. szeptember 2.<\/a><\/li>\n<li><a href=\"https:\/\/goo.gl\/photos\/DML8MHn6pwwyS8uM8\">Strandk\u00f6nyvt\u00e1ri \u00faj k\u00f6nyvek &#8211; 2013. augusztus 2.<\/a><\/li>\n<li><a href=\"https:\/\/goo.gl\/photos\/wke8FAvMVpcsAN5e8\">Comenius r\u00e9gi\u00f3 egy\u00fcttm\u0171k\u00f6d\u00e9sek projektz\u00e1r\u00f3 &#8211; 2013. j\u00falius 31.<\/a><\/li>\n<li><a href=\"https:\/\/goo.gl\/photos\/uDuCZLvrSGsVZHWB8\">Orosh\u00e1zi Moly Galeri &#8211; 2013. j\u00fanius 29.<\/a><\/li>\n<li><a href=\"https:\/\/goo.gl\/photos\/5KcKdxrP9fBDfGT9A\">VIII. Gyop\u00e1rka T\u00fcnd\u00e9r mesemond\u00f3 verseny &#8211; 2013. j\u00fanius 22.<\/a><\/li>\n<li><a href=\"https:\/\/goo.gl\/photos\/nBLAkZZRuJxsxVKh6\">Olvas\u00f3k\u00f6r &#8211; 2013. j\u00fanius 12.J\u00e1rt\u00f3 R\u00f3za k\u00f6nyvbemutat\u00f3ja &#8211; 2013. j\u00fanius 10.<\/a><\/li>\n<li><a href=\"https:\/\/goo.gl\/photos\/3Lz7RbtNaTkJaMDQ6\">OMG! t\u00f6r\u00fclk\u00f6z\u0151nap az \u00c1rp\u00e1d-kertben &#8211; 2013. m\u00e1jus 25.<\/a><\/li>\n<li><a href=\"https:\/\/goo.gl\/photos\/SjyeUe4C6yBjSEWC8\">Csonti Istv\u00e1n el\u0151ad\u00e1sa &#8211; 2013. m\u00e1jus 25.<\/a><\/li>\n<li><a href=\"https:\/\/goo.gl\/photos\/2BwUNZYNKagy4cH47\">Witt M\u00e1rta k\u00f6nyvbemutat\u00f3ja &#8211; 2013. m\u00e1jus 18.<\/a><\/li>\n<li><a href=\"https:\/\/goo.gl\/photos\/9rHyiJkyvZyX8Y2f8\">200 \u00e9ve sz\u00fcletett Giuseppe Verdi &#8211; 2013. m\u00e1jus 15.<\/a><\/li>\n<li><a href=\"https:\/\/goo.gl\/photos\/F1sNxxK9oweY1ebT6\">Olvas\u00f3k\u00f6r &#8211; 2013. m\u00e1jus 8.<\/a><\/li>\n<li><a href=\"https:\/\/goo.gl\/photos\/AMcP9HhzpVGVbmWB7\">Orosh\u00e1zi Moly Galeri &#8211; 2013. \u00e1prilis 27.<\/a><\/li>\n<li><a href=\"https:\/\/goo.gl\/photos\/rpsJLt2VhR4StA6D9\">Forr\u00e1s \u00f3voda nagycsoportosainak l\u00e1togat\u00e1sa &#8211; 2013. \u00e1prilis 16.<\/a><\/li>\n<li><a href=\"https:\/\/goo.gl\/photos\/vABwBoRMiugZEkyQ8\">J\u00f3zsa Mih\u00e1ly k\u00f6lt\u00e9szet napi el\u0151ad\u00e1sa &#8211; 2013. \u00e1prilis 11.<\/a><\/li>\n<li><a href=\"https:\/\/goo.gl\/photos\/opqqt1ZfSZpjRxMQ8\">Olvas\u00f3k\u00f6r &#8211; 2013. \u00e1prilis 10.<\/a><\/li>\n<li><a href=\"https:\/\/goo.gl\/photos\/ZE3Vd8BPGcBCSowD6\">J\u00e1t\u00e9k a zen\u00e9vel &#8211; 2013. \u00e1prilis 10.<\/a><\/li>\n<li><a href=\"https:\/\/goo.gl\/photos\/eiD2firMYzThUviK9\">Muhel G\u00e1bor el\u0151ad\u00e1sa &#8211; 2013. \u00e1prilis 5.<\/a><\/li>\n<li><a href=\"https:\/\/goo.gl\/photos\/s77Udex81kuWcnJB6\">Tehets\u00e9gnap a k\u00f6nyvt\u00e1rban is &#8211; 2013. \u00e1prilis 5.<\/a><\/li>\n<li><a href=\"https:\/\/goo.gl\/photos\/s77Udex81kuWcnJB6\">Szv\u00e1mi Dzsotirmaja indiai tan\u00edt\u00f3mester a k\u00f6nyvt\u00e1rban &#8211; 2013. \u00e1prilis 4.<\/a><\/li>\n<li><a href=\"https:\/\/goo.gl\/photos\/731W8repdmNDJdsz9\">OMG tal\u00e1lkoz\u00f3 &#8211; 2013. m\u00e1rcius 30.<\/a><\/li>\n<li><a href=\"https:\/\/goo.gl\/photos\/P7MK4cPGEBCxJxp97\">H\u00fasv\u00e9ti j\u00e1tsz\u00f3h\u00e1z &#8211; 2013. m\u00e1rcius 29.<\/a><\/li>\n<li><a href=\"https:\/\/goo.gl\/photos\/okND4D1c2pNGb14k8\">K\u00f6z\u00f6s k\u00f6nyvelhagy\u00e1s &#8211; 2013. m\u00e1rcius 22.<\/a><\/li>\n<li><a href=\"https:\/\/goo.gl\/photos\/qEpL5Prk3tkqzwa27\">Strandk\u00f6nyvt\u00e1r &#8211; 2013. m\u00e1rcius 21.<\/a><\/li>\n<li><a href=\"https:\/\/goo.gl\/photos\/kjiz4LXB41JKfrF69\">Kok\u00e1rdak\u00e9sz\u00edt\u0151 j\u00e1tsz\u00f3h\u00e1z &#8211; 2013. m\u00e1rcius 13-14.<\/a><\/li>\n<li><a href=\"https:\/\/goo.gl\/photos\/1yZszuwk4ofd3WqGA\">Justh Zsigmond olvas\u00f3k\u00f6r tal\u00e1lkoz\u00f3 &#8211; 2013. m\u00e1rcius 13.<\/a><\/li>\n<li><a href=\"https:\/\/goo.gl\/photos\/9hdPk5y52gybRXx86\">N\u0151nap Gyop\u00e1rosf\u00fcrd\u0151n &#8211; 2013. m\u00e1rcius 9.<\/a><\/li>\n<li><a href=\"https:\/\/goo.gl\/photos\/FX4HQNGQZzFwswPw9\">J\u00f3zsa Mih\u00e1ly felolvas\u00f3estje &#8211; 2013. febru\u00e1r 20.<\/a><\/li>\n<li><a href=\"https:\/\/goo.gl\/photos\/g7q3pDbk2voiqUXX8\">Kardosk\u00fati amat\u0151r sz\u00ednj\u00e1tsz\u00f3k fell\u00e9p\u00e9se &#8211; 2013. febru\u00e1r 16.<\/a><\/li>\n<li><a href=\"https:\/\/goo.gl\/photos\/Ck5FWQrtzGv2XGo16\">Ki volt Justh Zsigmond? &#8211; 2013. febru\u00e1r 15.<\/a><\/li>\n<li><a href=\"https:\/\/goo.gl\/photos\/KowC6QYVseveGkvT7\">Justh Zsigmond s\u00edrja &#8211; 2013. febru\u00e1r 15.<\/a><\/li>\n<li><a href=\"https:\/\/goo.gl\/photos\/gBQccdYVJA92YMum9\">Justh Zsigmond olvas\u00f3k\u00f6r tal\u00e1lkoz\u00f3 &#8211; 2013. febru\u00e1r 13.<\/a><\/li>\n<li><a href=\"https:\/\/goo.gl\/photos\/AMUj52wafPe73C2r8\">Justh Zsigmond vers- \u00e9s pr\u00f3zamond\u00f3 verseny &#8211; 2013. febru\u00e1r 11.<\/a><\/li>\n<li><a href=\"https:\/\/goo.gl\/photos\/UeBuSRt2kiyrECTT6\">K\u00f6nyvt\u00e1ri karnev\u00e1l &#8211; 2013. febru\u00e1r 9.<\/a><\/li>\n<li><a href=\"http:\/\/https:\/\/goo.gl\/photos\/UmuwMr6hhQTyGJbx6\">Kazinczy Ferencr\u0151l elnevezett &#8222;Sz\u00e9p magyar besz\u00e9d&#8221; verseny &#8211; 2013. febru\u00e1r 8.<\/a><\/li>\n<li><a href=\"https:\/\/goo.gl\/photos\/ZtqyKvLkitsL4d1Z8\">OMG tal\u00e1lkoz\u00f3 &#8211; 2013. janu\u00e1r 26.<\/a><\/li>\n<li><a href=\"https:\/\/goo.gl\/photos\/w9MUNbFnGP1jiAfQA\">V\u00f6r\u00f6smarty Mih\u00e1ly Tagint\u00e9zm\u00e9ny, 2. c, k\u00f6nyvt\u00e1rl\u00e1togat\u00e1s &#8211; 2013. 01. 25.R\u00e1k\u00f3czitelepi iskol\u00e1sok k\u00f6nyvt\u00e1rl\u00e1togat\u00e1sa &#8211; 2013. janu\u00e1r 23.<\/a><\/li>\n<li><a href=\"https:\/\/goo.gl\/photos\/cuE9Dc2TPo3kyL1d6\">Bambi csoport a k\u00f6nyvt\u00e1rban &#8211; 2013. janu\u00e1r 21.<\/a><\/li>\n<li><a href=\"https:\/\/goo.gl\/photos\/pDHVBRf1uGwMAaGv6\">Justh Zsigmond olvas\u00f3k\u00f6r tal\u00e1lkoz\u00f3 &#8211; 2013. janu\u00e1r 9.<\/a><\/li>\n<li><a href=\"https:\/\/goo.gl\/photos\/ZzY8x15DRztzn6YT7\">NAP K\u00c9PE 2013<\/a><\/li>\n<\/ul>\n<p><strong>2012<\/strong><\/p>\n<ul>\n<li><a href=\"https:\/\/goo.gl\/photos\/bU5DtA6iTNzuQpji7\">OMG! (Orosh\u00e1zi Moly Galeri) els\u0151 tal\u00e1lkoz\u00f3ja &#8211; 2012. december 15.<\/a><\/li>\n<li><a href=\"https:\/\/goo.gl\/photos\/WhhgDX7uxEWzDpk28\">D\u00e1vid L\u00e1szl\u00f3 k\u00f6nyvbemutat\u00f3ja &#8211; 2012. december 6.<\/a><\/li>\n<li><a href=\"https:\/\/goo.gl\/photos\/deE55dU4p4zQP1nz8\">Bog\u00e1r L\u00e1szl\u00f3 el\u0151ad\u00e1sa &#8211; 2012. november 19.<\/a><\/li>\n<li><a href=\"http:\/\/https:\/\/goo.gl\/photos\/R19BnDseXRBBzSXY8\">A Nyugd\u00edjas pedag\u00f3gusok Justh Zsigmond olvas\u00f3k\u00f6r\u00e9nek tal\u00e1lkoz\u00f3ja &#8211; 2012. november 14.<\/a><\/li>\n<li><a href=\"https:\/\/goo.gl\/photos\/Awxu2pQpBSd59d6a8\">Szv\u00e1mi Vaishampayan indiai tan\u00edt\u00f3mester a k\u00f6nyvt\u00e1rban &#8211; 2012. november 11.<\/a><\/li>\n<li><a href=\"https:\/\/goo.gl\/photos\/bjT9jpGh2YEaw2C1A\">Rockvet\u00e9lked\u0151 &#8211; 2012. okt\u00f3ber 25.<\/a><\/li>\n<li><a href=\"https:\/\/goo.gl\/photos\/zByWKwx4CNdSDBxL8\">F\u0151di Attila k\u00f6nyvbemutat\u00f3ja &#8211; 2012. okt\u00f3ber 19.<\/a><\/li>\n<li><a href=\"https:\/\/goo.gl\/photos\/uZrrGpJ4Zy81J2Dq5\">R\u00e1k\u00f3czitelepi iskol\u00e1sok k\u00f6nyvt\u00e1rl\u00e1togat\u00e1sa &#8211; 2012. okt\u00f3ber 19.<\/a><\/li>\n<li><a href=\"https:\/\/goo.gl\/photos\/1JM3Wx9wGPeazpF86\">Olvas\u00f3k\u00f6r megalakul\u00e1sa &#8211; 2012. okt\u00f3ber 3.<\/a><\/li>\n<li><a href=\"https:\/\/goo.gl\/photos\/geqi1gu8WxH8AVgG8\">Nemere Istv\u00e1n el\u0151ad\u00e1sa &#8211; 2012. okt\u00f3ber 2.<\/a><\/li>\n<li><a href=\"https:\/\/goo.gl\/photos\/VWXmbUr8mdtKShW87\">N\u00e9pmese napja a k\u00f6nyvt\u00e1rban &#8211; 2012. okt\u00f3ber 1.<\/a><\/li>\n<li><a href=\"https:\/\/goo.gl\/photos\/3RTbg3vvLhxUScE97\">Sass Ervin k\u00f6nyvbemutat\u00f3ja &#8211; 2012. j\u00fanius 19.<\/a><\/li>\n<li><a href=\"https:\/\/goo.gl\/photos\/m22QkdwA3ZJ5BVVu9\">J\u00f3zsa Mih\u00e1ly el\u0151ad\u00f3estje &#8211; 2012. \u00e1prilis 11.<\/a><\/li>\n<li><a href=\"https:\/\/goo.gl\/photos\/fvSjGS1Bv2HDd1PN8\">\u00cdrorsz\u00e1gb\u00f3l \u00e9rkezett l\u00e1togat\u00f3k a k\u00f6nyvt\u00e1rban &#8211; 2012. febru\u00e1r 28.<\/a><\/li>\n<li><a href=\"https:\/\/goo.gl\/photos\/PjgyRvXV4ZqPjnrb9\">Justh Zsigmond vers- \u00e9s pr\u00f3zamond\u00f3 verseny, 2012.febru\u00e1r 25.<\/a><\/li>\n<li><a href=\"https:\/\/goo.gl\/photos\/Fqwj3mUQMJJexZrk7\">Kazinczy Ferencr\u0151l elnevezett &#8222;Sz\u00e9p magyar besz\u00e9d&#8221; verseny &#8211; 2012. febru\u00e1r 10.<\/a><\/li>\n<li><a href=\"https:\/\/goo.gl\/photos\/7fxJvHKeScvfb6qq9\">J\u00f3zsa Mih\u00e1ly \u00f6n\u00e1ll\u00f3 estje &#8211; 2012. janu\u00e1r 20.<\/a><\/li>\n<li><a href=\"https:\/\/goo.gl\/photos\/KePvi5652tsUGKVB7\">NAP K\u00c9PE 2012<\/a><\/li>\n<\/ul>\n<p><strong>2011&nbsp;<\/strong><\/p>\n<ul>\n<li><a href=\"https:\/\/goo.gl\/photos\/Wh2W2BMw1z7Q6bh9A\">T\u00c1MOP-3.2.4-08\/1-2009-0035 projektz\u00e1r\u00f3 rendezv\u00e9ny &#8211; 2011. december 12.<\/a><\/li>\n<li><a href=\"https:\/\/goo.gl\/photos\/BQ326wSC5rydXRvC6\">Witt M\u00e1rta k\u00f6nyvbemutat\u00f3ja &#8211; 2011. december 10.<\/a><\/li>\n<li><a href=\"https:\/\/goo.gl\/photos\/cPNYVQ62Pqewb9N58\">L\u00e9n\u00e1rt L\u00e9na Ferenc filmvet\u00edt\u00e9ssel egybek\u00f6t\u00f6tt el\u0151ad\u00e1sa &#8211; 2011. november 24.<\/a><\/li>\n<li><a href=\"https:\/\/goo.gl\/photos\/ELfwUKb6pzZaz6Lv7\">Bog\u00e1r L\u00e1szl\u00f3 el\u0151ad\u00e1sa &#8211; 2011. november 4.<\/a><\/li>\n<li><a href=\"https:\/\/goo.gl\/photos\/oBtoZ6U4dX7LHMBC9\">Rockvet\u00e9lked\u0151 &#8211; 2011. okt\u00f3ber 27.<\/a><\/li>\n<li><a href=\"https:\/\/goo.gl\/photos\/qnwiKgddc2BDN4Lx8\">15 \u00e9ves az Orosh\u00e1zi \u00c9let &#8211; 2011.okt\u00f3ber 19.<\/a><\/li>\n<li><a href=\"https:\/\/goo.gl\/photos\/azVFytDe9dEUi1516\">K\u00e1rolyi F\u00fcl\u00f6p B\u00e9la k\u00f6nyvbemutat\u00f3 &#8211; 2011. j\u00fanius 17.<\/a><\/li>\n<li><a href=\"https:\/\/goo.gl\/photos\/LSYZ6RYmA51G47Ep9\">Sass Ervin k\u00f6nyvbemutat\u00f3 &#8211; 2011. j\u00fanius 7.<\/a><\/li>\n<li><a href=\"https:\/\/goo.gl\/photos\/SwSQHgVxpZD3XXja6\">Kreat\u00edv klub a gyermekk\u00f6nyvt\u00e1rban &#8211; 2011. m\u00e1jus 20.<\/a><\/li>\n<li><a href=\"https:\/\/goo.gl\/photos\/GcsViM6sABa3J4Li7\">Dr. Michael Ben-Menachem (Mark\u00f3 Mikl\u00f3s) k\u00f6nyvbemutat\u00f3ja &#8211; 2011. m\u00e1rcius 27.<\/a><\/li>\n<li><a href=\"https:\/\/goo.gl\/photos\/F5T71Jo8DhwUwDvZ7\">Gyop\u00e1rosi k\u00f6nyvelveszt\u00e9sek &#8211; 2011. m\u00e1rcius 25.<\/a><\/li>\n<li><a href=\"https:\/\/goo.gl\/photos\/ifQfmwcvgvXyJsdN6\">Justh Zsigmond vers- \u00e9s pr\u00f3zamond\u00f3 verseny, 2011.febru\u00e1r 16.<\/a><\/li>\n<li><a href=\"https:\/\/goo.gl\/photos\/FTAHefNJd1oNZFMz5\">Kazinczy Ferencr\u0151l elnevezett &#8222;Sz\u00e9p magyar besz\u00e9d&#8221; verseny &#8211; 2011. febru\u00e1r 4.<\/a><\/li>\n<li><a href=\"https:\/\/goo.gl\/photos\/jFLGU3WT8BENEnmg6\">Sass Ervin k\u00f6nyvbemutat\u00f3ja &#8211; 2011. janu\u00e1r 27.<\/a><\/li>\n<li><a href=\"https:\/\/goo.gl\/photos\/caUdGKuxVxCqurF59\">NAP K\u00c9PE 2011<\/a><\/li>\n<\/ul>\n<p><strong>2010<\/strong><\/p>\n<ul>\n<li><span style=\"line-height: 1.5em;\"><a href=\"https:\/\/goo.gl\/photos\/4bzw6QwFXGwEJ7579\">MESE-VAR\u00c1ZS mesed\u00e9lut\u00e1n &#8211; 2010. december 7.<\/a><\/span><\/li>\n<li><a href=\"https:\/\/goo.gl\/photos\/bjdeqqM5SSzUNEzp9\">Sz\u00fcl\u0151k akad\u00e9mi\u00e1ja &#8211; 2010. november 26.<\/a><\/li>\n<li><a href=\"https:\/\/goo.gl\/photos\/oYFM2LPDqjJ3k9kv9\">Bog\u00e1r L\u00e1szl\u00f3 el\u0151ad\u00e1sa &#8211; 2010. november 22.<\/a><\/li>\n<li><a href=\"https:\/\/goo.gl\/photos\/7U8dM6HDmNtZeX5h9\">Orosh\u00e1zi arck\u00e9pek \u2013 D\u00e1vid L\u00e1szl\u00f3 &#8211; 2010. november 19.<\/a><\/li>\n<li><a href=\"https:\/\/goo.gl\/photos\/tKcRqXdNjqy7THEt7\">Sz\u00fcl\u0151k akad\u00e9mi\u00e1ja &#8211; 2010. november 19.<\/a><\/li>\n<li><a href=\"https:\/\/goo.gl\/photos\/VRyhc7iQ4A6KAySD9\">eMagyarorsz\u00e1g Pont &#8211; Justh Zsigmond V\u00e1rosi K\u00f6nyvt\u00e1r &#8211; 2010.<\/a><\/li>\n<li><a href=\"https:\/\/goo.gl\/photos\/jzWJbiz83mH3FCmM9\">Sz\u00fcl\u0151k akad\u00e9mi\u00e1ja &#8211; 2010. november 12.<\/a><\/li>\n<li><a href=\"https:\/\/goo.gl\/photos\/ptpVpWBDe5QMEMpw6\">J\u00f3kai Anna \u00edr\u00f3-olvas\u00f3 tal\u00e1lkoz\u00f3ja &#8211; 2010. november 11.<\/a><\/li>\n<li><a href=\"https:\/\/goo.gl\/photos\/V6FsqioE7gqYjztE9\">A L\u00e1that\u00f3 N\u0151 \u2014 dr. Pet\u0151 Csilla pszichol\u00f3gus el\u0151ad\u00e1sa &#8211; 2010. november 6.<\/a><\/li>\n<li><a href=\"https:\/\/goo.gl\/photos\/B7zBopwz2vbYUoPB9\">Sz\u00fcl\u0151k akad\u00e9mi\u00e1ja &#8211; 2010. november 5.<\/a><\/li>\n<li><a href=\"https:\/\/goo.gl\/photos\/dmVt5Atrra8wkdB8A\">Rockvet\u00e9lked\u0151 &#8211; 2010. okt\u00f3ber 28.<\/a><\/li>\n<li><a href=\"https:\/\/goo.gl\/photos\/1a8T8TzhESbiFNA59\">A L\u00e1that\u00f3 N\u0151 \u2014 H\u00e1ri Anik\u00f3 kineziol\u00f3gus el\u0151ad\u00e1sa &#8211; 2010. okt\u00f3ber 16.<\/a><\/li>\n<li><a href=\"https:\/\/goo.gl\/photos\/JZnogrhYWWxUahpH8\">Vesz\u00edts el egy k\u00f6nyvet! tal\u00e1lkoz\u00f3-2010.okt\u00f3ber 9-10<\/a>.<\/li>\n<li><a href=\"https:\/\/goo.gl\/photos\/VsZCXVfNGL5NuwJh8\">K\u00f6nyvt\u00e1r\u00fat &#8211; Orosh\u00e1za-Sz\u00e9kkutas &#8211; 2010.okt\u00f3ber 05.<\/a><\/li>\n<li><a href=\"https:\/\/goo.gl\/photos\/jABytsxMXtEZ9Vd39\">Witt M\u00e1rta k\u00f6nyvbemutat\u00f3ja &#8211; 2010. okt\u00f3ber 2.<\/a><\/li>\n<li><a href=\"https:\/\/goo.gl\/photos\/no1zjz6dbUHiYFTh7\">A Jelen Orosh\u00e1zi Almanach 2009 bemutat\u00f3ja &#8211; 2010.szeptember 28<\/a>.<\/li>\n<li><a href=\"https:\/\/goo.gl\/photos\/1vaU24oz4BGWW8hD6\">A L\u00e1that\u00f3 N\u0151 &#8211; dr. Petrovszki Istv\u00e1n el\u0151ad\u00e1sa &#8211; 2010. szeptember 25.<\/a><\/li>\n<li><a href=\"https:\/\/goo.gl\/photos\/PiTvkD5wm6xasLk38\">T\u00c1MOP-3.2.4-08\/1-2009-0035 nyit\u00f3 konferencia &#8211; 2010. j\u00fanius 5.<\/a><\/li>\n<li><a href=\"https:\/\/goo.gl\/photos\/r4oUssA4bjPWoTJ88\">Mi, Orosh\u00e1ziak V. k\u00f6nyvbemutat\u00f3 &#8211; 2010.m\u00e1jus.28.<\/a><\/li>\n<li><a href=\"https:\/\/goo.gl\/photos\/t5eQKh56JTAp76Xz9\">K\u00f6nyvfesztiv\u00e1l &#8211; 2010. \u00e1prilis 25.<\/a><\/li>\n<li><a href=\"https:\/\/goo.gl\/photos\/35QmjMEtLGV2up8f6\">K\u00f6nyvfesztiv\u00e1l &#8211; 2010. \u00e1prilis 24.<\/a><\/li>\n<li><a href=\"https:\/\/goo.gl\/photos\/9nxdzMf8mVGQCzpA6\">logok<\/a><\/li>\n<li><a href=\"https:\/\/goo.gl\/photos\/SNJqqUa6MLPusQ2i9\">K\u00f6nyvbemutat\u00f3 \u00e9s koncert &#8211; 2010.\u00e1prilis 15.<\/a><\/li>\n<li><a href=\"https:\/\/goo.gl\/photos\/HufFv6HxjgTqo6GY7\">Olvas\u00e1s 2010-ben &#8211; 2010.m\u00e1rcius 25.<\/a><\/li>\n<li><a href=\"https:\/\/goo.gl\/photos\/SF6jsVFABcaSQz9PA\">Hagyom\u00e1nyos diszn\u00f3toros \u00e9telek &#8211; k\u00f6nyvbemutat\u00f3 &#8211; 2010.febru\u00e1r 19.<\/a><\/li>\n<li><a href=\"https:\/\/goo.gl\/photos\/HLTLvyG4tb27DdKf8\">Justh Zsigmond vers- \u00e9s pr\u00f3zamond\u00f3 verseny &#8211; 2010.febru\u00e1r 15<\/a>.<\/li>\n<li><a href=\"https:\/\/goo.gl\/photos\/CbfZKv7Kn3rArdjd9\">Kazinczy Ferencr\u0151l elnevezett &#8222;Sz\u00e9p magyar besz\u00e9d&#8221; verseny &#8211; 2010.febru\u00e1r 05.<\/a><\/li>\n<li><a href=\"https:\/\/goo.gl\/photos\/zzSQQPRhragHmbcYA\">Gyermekdalok k\u00f6z\u00f6sen- 2010.janu\u00e1r 29.<\/a><\/li>\n<\/ul>\n<p><strong>2009<\/strong><\/p>\n<ul>\n<li><a href=\"https:\/\/goo.gl\/photos\/A8ZXiSwebnpzAxJs8\">Harminc\u00e9ves az Irodalmi eml\u00e9kh\u00e1z &#8211; 2009. december 3.<\/a><a href=\"https:\/\/goo.gl\/photos\/pyH67yYHB6MPrsmt6\"><span style=\"color: #333333; line-height: 1.5em;\"><br \/>\n<\/span><\/a><\/li>\n<li><a href=\"https:\/\/goo.gl\/photos\/saTDi3BZTDNCEv1MA\">SINOSZ &#8211; rendhagy\u00f3 irodalmi \u00f3ra &#8211; 2009. november 9.<\/a><\/li>\n<li><a href=\"https:\/\/goo.gl\/photos\/iMvr6TtAVs5quqxS7\">Gyermekk\u00f6nyvt\u00e1r \u00faj b\u00fatorainak \u00e1tad\u00e1sa &#8211; 2009. okt\u00f3ber 28.<\/a><\/li>\n<li><a href=\"https:\/\/goo.gl\/photos\/MadbK4iCyvwotcXe8\">Rockvet\u00e9lked\u0151 &#8211; 2009. okt\u00f3ber 22.<\/a><\/li>\n<li><a href=\"https:\/\/goo.gl\/photos\/zohjYnBp6Ea7prrS8\">Tanfolyam &#8211; 2009. okt\u00f3ber 5-9.<\/a><\/li>\n<li><a href=\"https:\/\/goo.gl\/photos\/v2kT7Av3m1x3Rfvp6\">\u00daj b\u00fatorok \u00e9rkeztek a gyermekk\u00f6nyvt\u00e1rba &#8211; 2009. szeptember 22. &#8211; okt\u00f3ber 9.<\/a><\/li>\n<li><a href=\"https:\/\/goo.gl\/photos\/79uaFTZt9Domcr4T6\">B\u00e9k\u00e9ss\u00e1msoni lelt\u00e1roz\u00e1s &#8211; 2009. okt\u00f3ber 6.<\/a><\/li>\n<li><a href=\"https:\/\/goo.gl\/photos\/JutYb7wCmc1AqzTS7\">Tanfolyam &#8211; k\u00e9t h\u00e9t, k\u00e9t csoport &#8211; &nbsp;&#8211; 2009. szeptember 9-17.<\/a><\/li>\n<li><a href=\"https:\/\/goo.gl\/photos\/vWRG8Nws9JocVPkB7\">Sz\u0171cs Ferenc: A M\u00e1trai S\u00e1ndor Stadion t\u00f6rt\u00e9nete &#8211; 2009. augusztus 6.<\/a><\/li>\n<li><a href=\"https:\/\/goo.gl\/photos\/RVHbupGx6FgvGvZMA\">Ifj\u00fas\u00e1gi Magyars\u00e1gt\u00e1bor &#8211; 2009. j\u00fanius 30.<\/a><\/li>\n<li><a href=\"https:\/\/goo.gl\/photos\/NQN1H7rkuKS9ZxVRA\">Ny\u00e1ri j\u00e1tsz\u00f3h\u00e1z a gyermekk\u00f6nyvt\u00e1rban &nbsp;&#8211; 2009. j\u00fanius 29.<\/a><\/li>\n<li><a href=\"https:\/\/goo.gl\/photos\/1o6tENGNURr3MAkj7\">A Jelen Orosh\u00e1zi Almanach &nbsp;\u00e9s &nbsp;Veraszt\u00f3 Antal Batyu a kilincsen c\u00edm\u0171 k\u00f6nyv\u00e9nek bemutat\u00f3ja &#8211; 2009. j\u00fanius 15.<\/a><\/li>\n<li><a href=\"https:\/\/goo.gl\/photos\/NodpXfN927iDURHCA\">Lelt\u00e1roz\u00e1s Kardosk\u00faton &#8211; 2009. j\u00fanius 10.<\/a><\/li>\n<li><a href=\"https:\/\/goo.gl\/photos\/qb3pWDxa855JPfaY7\">J\u00e1tszunk a zen\u00e9vel! &#8211; 2009. \u00e1prilis 28.<\/a><\/li>\n<li><a href=\"http:\/\/https:\/\/goo.gl\/photos\/zxFHD2rFkARqHcf69\">H\u00fasv\u00e9ti k\u00e9sz\u00fcl\u0151d\u00e9s a gyermekk\u00f6nyvt\u00e1rban &#8211; 2009. \u00e1prilis 10.<\/a><\/li>\n<li><a href=\"https:\/\/goo.gl\/photos\/tqr4gdqC84aCLecK9\">Justh Zsigmond vers- \u00e9s pr\u00f3zamond\u00f3 verseny &#8211; 2009. febru\u00e1r 16.<\/a><\/li>\n<li><a href=\"https:\/\/goo.gl\/photos\/3Gb12j39PMvuWtYQA\">Kalyber Joe &#8211; az \u00faj magyar k\u00e9preg\u00e9ny &#8211; 2009. febru\u00e1r 14.<\/a><\/li>\n<li><a href=\"https:\/\/goo.gl\/photos\/YFdo6bnDzhhCBfDh7\">Kazinczy Ferencr\u0151l elnevezett &#8222;Sz\u00e9p magyar besz\u00e9d&#8221; verseny &#8211; 2009. febru\u00e1r 6.&nbsp;<\/a><\/li>\n<li><a href=\"https:\/\/goo.gl\/photos\/ixisL3aeT86f4dnp9\">F\u00fcl\u00f6p B\u00e9la k\u00f6nyvbemutat\u00f3ja &#8211; 2009. janu\u00e1r 20.<\/a><\/li>\n<li><a href=\"https:\/\/goo.gl\/photos\/RngCEWNA7VxqDT358\">NAP K\u00c9PE 2009<\/a><\/li>\n<\/ul>\n<p><strong>2008<a href=\"https:\/\/goo.gl\/photos\/YFdo6bnDzhhCBfDh7\"><br \/>\n<\/a><\/strong><\/p>\n<ul>\n<li><a href=\"https:\/\/goo.gl\/photos\/EzsXUKK3uppgoeXEA\">K\u00f6nyvbemutat\u00f3 &#8211; Csizmadia Ferenc &#8211; 2008. december 19.<\/a><\/li>\n<li><a href=\"https:\/\/goo.gl\/photos\/zoF9Zfx6qajXxXAv9\">Lenin \u00e9s Marx \u00f6sszes &#8211; 2008. okt\u00f3ber 29.<\/a><\/li>\n<li><a href=\"https:\/\/goo.gl\/photos\/U1QyyRTpT2CKWkqj6\">R\u00e1k\u00f3czitelepi \u00e1ltal\u00e1nos iskol\u00e1sok a gyermekk\u00f6nyvt\u00e1rban &#8211; 2008. okt\u00f3ber 22.<\/a><\/li>\n<li><a href=\"https:\/\/goo.gl\/photos\/B2qUZUSZDPMqYS449\">AZ Klub kontra Talon: Klub\u00e9let \u00e9s zenei mozgalom Orosh\u00e1z\u00e1n az 1990-es \u00e9vek els\u0151 fel\u00e9ben &#8211; 2008. okt\u00f3ber 1.<\/a><\/li>\n<li><a href=\"https:\/\/goo.gl\/photos\/YdCwJ621dcfsDUBP8\">Magyar n\u00e9pmese napja &#8211; 2008. szeptember 30.<\/a><\/li>\n<li><a href=\"https:\/\/goo.gl\/photos\/QmxsaaX29zKcp3NFA\">Gyermekk\u00f6nyvt\u00e1ri foglalkoz\u00e1s &#8211; 2008. szeptember 13.<\/a><\/li>\n<li><a href=\"https:\/\/goo.gl\/photos\/wjDKiq7H9P5r8KRS8\">T\u00f6m\u00f6rrakt\u00e1r beszerel\u00e9se &#8211; 2008. szeptember 8-11.<\/a><\/li>\n<li><a href=\"https:\/\/goo.gl\/photos\/oZ6bKmhYsR6WCJvx8\">Kecskem\u00e9t &#8211; Vesz\u00edts el egy k\u00f6nyvet! &#8211; 2008. m\u00e1jus 7-8.<\/a><\/li>\n<li><a href=\"https:\/\/goo.gl\/photos\/8ERXxDUyFJJXPfwy6\">J\u00e1tsszunk a zen\u00e9vel! &#8211; 2008. \u00e1prilis 28.<\/a><\/li>\n<li><a href=\"https:\/\/goo.gl\/photos\/JzUXe1SvSShJ2moT6\">Szakmai nap &#8211; 2008. m\u00e1rcius 31.<\/a><\/li>\n<li><a href=\"https:\/\/goo.gl\/photos\/YK4YZUqERfKWJUaM8\">NAVA bemutat\u00f3 &#8211; 2008. m\u00e1rcius 28.<\/a><\/li>\n<li><a href=\"https:\/\/goo.gl\/photos\/bVAmFKJEVUrs7h8u5\">Justh Zsigmond megyei vers- \u00e9s pr\u00f3zamond\u00f3 verseny &#8211; 2008. febru\u00e1r 18.<\/a><\/li>\n<li><a href=\"https:\/\/goo.gl\/photos\/jGNresaC7ufSF5GLA\">Kazinczy-verseny &#8211; 2008. febru\u00e1r 8.<\/a><\/li>\n<li><a href=\"https:\/\/goo.gl\/photos\/k2kVCyDYTMyjoKm39\">K\u00f6nyvbemutat\u00f3 &#8211; Erosty\u00e1k Zolt\u00e1n &#8211; 2008. janu\u00e1r 31.<\/a><\/li>\n<li><a href=\"https:\/\/photos.app.goo.gl\/FHymdp1pwvP5Zeor9\">Veraszt\u00f3 Antal k\u00f6nyvbemutat\u00f3ja &#8211; 2008. janu\u00e1r 22.<\/a><\/li>\n<\/ul>\n<div class=\"fcbkbttn_buttons_block\" id=\"fcbkbttn_left\"><div class=\"fcbkbttn_like \"><fb:like href=\"https:\/\/blog.justhvk.hu\/blog\/galeria-2\/\" action=\"like\" colorscheme=\"light\" layout=\"button_count\"  size=\"small\"><\/fb:like><\/div><div class=\"fb-share-button  \" data-href=\"https:\/\/blog.justhvk.hu\/blog\/galeria-2\/\" data-type=\"button_count\" data-size=\"small\"><\/div><\/div>","protected":false},"excerpt":{"rendered":"<p>2026 Az E\u00f6tv\u00f6s iskola 2\/c oszt\u00e1lya a gyermekk\u00f6nyvt\u00e1rban &#8211; 2026. \u00e1prilis 29. R\u00e1k\u00f3czitelepi iskola 3-4. oszt\u00e1lyosai a gyermekk\u00f6nyvt\u00e1rban &#8211; 2026. \u00e1prilis 29. A Sz\u00e9k\u00e1cs iskola 4\/c oszt\u00e1lyosai a gyermekk\u00f6nyvt\u00e1rban &#8211; 2026. \u00e1prilis 27. 19. Gyop\u00e1rka T\u00fcnd\u00e9r mesemond\u00f3 verseny &#8211; 2026. \u00e1prilis 25. Utaz\u00e1s bibliai t\u00e1jakon &#8211; el\u0151ad\u00e1ssorozat &#8211; 2026. \u00e1prilis 23. A T\u00e1ncsics gimn\u00e1zium 6\/8 [&hellip;]<\/p>\n","protected":false},"author":5,"featured_media":0,"parent":0,"menu_order":0,"comment_status":"open","ping_status":"open","template":"","meta":{"episode_type":"","audio_file":"","cover_image":"","cover_image_id":"","duration":"","filesize":"","date_recorded":"","explicit":"","block":"","filesize_raw":"","ngg_post_thumbnail":0,"footnotes":""},"class_list":["post-11649","page","type-page","status-publish","hentry"],"_links":{"self":[{"href":"https:\/\/blog.justhvk.hu\/blog\/wp-json\/wp\/v2\/pages\/11649","targetHints":{"allow":["GET"]}}],"collection":[{"href":"https:\/\/blog.justhvk.hu\/blog\/wp-json\/wp\/v2\/pages"}],"about":[{"href":"https:\/\/blog.justhvk.hu\/blog\/wp-json\/wp\/v2\/types\/page"}],"author":[{"embeddable":true,"href":"https:\/\/blog.justhvk.hu\/blog\/wp-json\/wp\/v2\/users\/5"}],"replies":[{"embeddable":true,"href":"https:\/\/blog.justhvk.hu\/blog\/wp-json\/wp\/v2\/comments?post=11649"}],"version-history":[{"count":967,"href":"https:\/\/blog.justhvk.hu\/blog\/wp-json\/wp\/v2\/pages\/11649\/revisions"}],"predecessor-version":[{"id":27958,"href":"https:\/\/blog.justhvk.hu\/blog\/wp-json\/wp\/v2\/pages\/11649\/revisions\/27958"}],"wp:attachment":[{"href":"https:\/\/blog.justhvk.hu\/blog\/wp-json\/wp\/v2\/media?parent=11649"}],"curies":[{"name":"wp","href":"https:\/\/api.w.org\/{rel}","templated":true}]}}