{"id":11831,"date":"2016-09-02T07:17:38","date_gmt":"2016-09-02T07:17:38","guid":{"rendered":"https:\/\/www.justhvk.hu\/blog\/?page_id=11831"},"modified":"2023-04-12T06:23:55","modified_gmt":"2023-04-12T06:23:55","slug":"2014-es-galeria","status":"publish","type":"page","link":"https:\/\/blog.justhvk.hu\/blog\/2014-es-galeria\/","title":{"rendered":"2014-es fot\u00f3k"},"content":{"rendered":"<p><strong>2014<\/strong><\/p>\n<ul>\n<li><a href=\"https:\/\/goo.gl\/photos\/7nQ6EhkmFHWNqRR76\">A V\u00f6r\u00f6smarty 1\/a oszt\u00e1lyos tanul\u00f3inak k\u00f6nyvt\u00e1rl\u00e1togat\u00e1sa &#8211; 2014. december 11.<\/a><\/li>\n<li><a href=\"https:\/\/goo.gl\/photos\/eZk9oLAVoWreCni89\">Olvas\u00f3k\u00f6r &#8211; 2014. december 10.<\/a><\/li>\n<li><a href=\"https:\/\/goo.gl\/photos\/5AgASwhXnmxrRUtr7\">Orosh\u00e1zi Filharmonikus T\u00e1rsas\u00e1g &#8211; 2014. november 24.Olvas\u00f3k\u00f6r &#8211; 2014. november 12.<\/a><\/li>\n<li><a href=\"https:\/\/goo.gl\/photos\/pTfr3c5g6Eiq7MZa7\">Olvas\u00f3k\u00f6r &#8211; 2014. november 12.<\/a><\/li>\n<li><a href=\"https:\/\/goo.gl\/photos\/26q38tGmsntdbaJt7\">Kop\u00e1r Istv\u00e1n el\u0151ad\u00e1s &#8211; 2014. okt\u00f3ber 20.<\/a><\/li>\n<li><a href=\"https:\/\/goo.gl\/photos\/eADYyJ87DKCJ8H9K7\">Rockvet\u00e9lked\u0151 &#8211; 2014. okt\u00f3ber 16.<\/a><\/li>\n<li><a href=\"https:\/\/goo.gl\/photos\/qVbGrH3uK9FJDEDT7\">K\u00e1rp\u00e1ti Attila Istv\u00e1n el\u0151ad\u00e1sa &#8211; 2014. okt\u00f3ber 13.<\/a><\/li>\n<li><a href=\"https:\/\/goo.gl\/photos\/USDVmgQwBZdzksUB6\">Olvas\u00f3k\u00f6r &#8211; 2014. okt\u00f3ber 8.<\/a><\/li>\n<li><a href=\"https:\/\/goo.gl\/photos\/Q3BboofLmNhKHhMt6\">A V\u00f6r\u00f6smarty 1\/a oszt\u00e1lyos tanul\u00f3inak k\u00f6nyvt\u00e1rl\u00e1togat\u00e1sa &#8211; 2014. okt\u00f3ber 1.<\/a><\/li>\n<li><a href=\"https:\/\/goo.gl\/photos\/eLRqeX621KJSwQUi6\">Olvas\u00f3k\u00f6r &#8211; 2014. szeptember 10.<\/a><\/li>\n<li><a href=\"https:\/\/goo.gl\/photos\/fKYYsrzDBRJD4qmi7\">Lehel ovisok k\u00f6nyvt\u00e1rl\u00e1togat\u00e1sa &#8211; 2014. szeptember 9.<\/a><\/li>\n<li><a href=\"https:\/\/goo.gl\/photos\/AA5gpRcVaq3k1vMQ8\">2014. augusztusi j\u00e1tsz\u00f3h\u00e1z<\/a><\/li>\n<li><a href=\"https:\/\/goo.gl\/photos\/fzoci7GKPcHH3Qxu7\">2014. j\u00faliusi j\u00e1tsz\u00f3h\u00e1z<\/a><\/li>\n<li><a href=\"https:\/\/goo.gl\/photos\/c4GgtahEwrzLnT6j6\">Gyop\u00e1rka t\u00fcnd\u00e9r mesemond\u00f3 verseny &#8211; 2014. j\u00fanius 21.<\/a><\/li>\n<li><a href=\"https:\/\/goo.gl\/photos\/oGFptFkT1TwbRB4JA\">Witt M\u00e1rta k\u00f6nyvbemutat\u00f3ja &#8211; 2014. j\u00fanius 14.<\/a><\/li>\n<li><a href=\"https:\/\/goo.gl\/photos\/pUdVsASHYch1AT7k7\">J\u00e1rt\u00f3 R\u00f3za k\u00f6nyvbemutat\u00f3ja &#8211; 2014. j\u00fanius 13.<\/a><\/li>\n<li><a href=\"https:\/\/goo.gl\/photos\/qV9hQ7iNWFG7P3X37\">K\u00f6nyv\u00e1rus\u00edt\u00e1s a k\u00f6nyvh\u00e9ten &#8211; 2014. j\u00fanius 12-14.<\/a><\/li>\n<li><a href=\"https:\/\/goo.gl\/photos\/DWMyericidsLuYCr6\">Olvas\u00f3k\u00f6r &#8211; 2014. j\u00fanius 11.<\/a><\/li>\n<li><a href=\"https:\/\/goo.gl\/photos\/4XHd7QU4tpZfTA5B6\">Stresszold\u00f3 foglalkoz\u00e1s &#8211; 2014. m\u00e1jus 15.<\/a><\/li>\n<li><a href=\"https:\/\/goo.gl\/photos\/TB6oJvd77arYtFHx7\">Olvas\u00f3k\u00f6r &#8211; 2014. m\u00e1jus 14.<\/a><\/li>\n<li><a href=\"https:\/\/goo.gl\/photos\/WDu88PS4yrQv7HRg6\">K\u00e1rolyi F\u00fcl\u00f6p B\u00e9la eml\u00e9kest &#8211; 2014. \u00e1prilis 28.<\/a><\/li>\n<li><a href=\"https:\/\/goo.gl\/photos\/97NhrnEAUKRzAQQ47\">J\u00e1t\u00e9k a zen\u00e9vel &#8211; 2014. \u00e1prilis 17.<\/a><\/li>\n<li><a href=\"https:\/\/goo.gl\/photos\/ep2nGRS6fmLZ6Msp8\">20 \u00e9ves az Orosh\u00e1zi Harangsz\u00f3 &#8211; 2014. \u00e1prilis 15.<\/a><\/li>\n<li><a href=\"https:\/\/goo.gl\/photos\/qNP98cCQBXi4Bhec8\">K\u00f6lt\u00e9szet napja &#8211; 2014. \u00e1prilis 11.<\/a><\/li>\n<li><a href=\"https:\/\/goo.gl\/photos\/JWtm5VDbPNns869WA\">Olvas\u00f3k\u00f6r &#8211; 2014. \u00e1prilis 9.<\/a><\/li>\n<li><a href=\"https:\/\/goo.gl\/photos\/dc3gFHqh9CTB2j9w7\">V\u00e1rosi tehets\u00e9gnap &#8211; 2014. \u00e1prilis 4.<\/a><\/li>\n<li><a href=\"https:\/\/goo.gl\/photos\/sCi63GyWBeBHjq9s7\">Szokolay S\u00e1ndor eml\u00e9kest &#8211; 2014. m\u00e1rcius 28.<\/a><\/li>\n<li><a href=\"https:\/\/goo.gl\/photos\/fS1nuLdFhNzTMxCSA\">Nagy k\u00f6nyvelhagy\u00f3 nap &#8211; 2014. m\u00e1rcius 21.<\/a><\/li>\n<li><a href=\"https:\/\/goo.gl\/photos\/389zQLQ8i3J7Xhju8\">V\u00edz vil\u00e1gnapja sorsol\u00e1s &#8211; 2014. m\u00e1rcius 21.<\/a><\/li>\n<li><a href=\"https:\/\/goo.gl\/photos\/8fiyRpFzG9WWhovL8\">Olvas\u00f3k\u00f6r &#8211; 2014. m\u00e1rcius 12.<\/a><\/li>\n<li><a href=\"https:\/\/goo.gl\/photos\/4wFvz64nBqBRDsEc6\">K\u00f6nyvt\u00e1ri karnev\u00e1l &#8211; 2014. febru\u00e1r 28.<\/a><\/li>\n<li><a href=\"https:\/\/goo.gl\/photos\/TJpZGQbe2DRuzhxY8\">Hugo Hartung nyom\u00e1ban &#8211; 2014. febru\u00e1r 14.<\/a><\/li>\n<li><a href=\"https:\/\/goo.gl\/photos\/8AbZ2aSM8LYbkgps5\">Justh Zsigmond vers- \u00e9s pr\u00f3zamond\u00f3 verseny &#8211; 2014. febru\u00e1r 10.<\/a><\/li>\n<li><a href=\"https:\/\/goo.gl\/photos\/CHX5gaRaESUGvYz1A\">Kazinczy-verseny &#8211; 2014. febru\u00e1r 7.<\/a><\/li>\n<li><a href=\"https:\/\/goo.gl\/photos\/d9n4E3UPVvs7Mjz2A\">Veraszt\u00f3 Antal k\u00f6nyvbemutat\u00f3ja &#8211; 2014. janu\u00e1r 21.<\/a><\/li>\n<li><a href=\"https:\/\/goo.gl\/photos\/DGrxpN4chuP9EAvf6\">Olvas\u00f3k\u00f6r &#8211; 2014. janu\u00e1r 15.<\/a><\/li>\n<li><a href=\"https:\/\/goo.gl\/photos\/FAUfcRAjTZ2rA9gs7\">NAP K\u00c9PE 2014<\/a><\/li>\n<\/ul>\n<p>\u00d6sszes fot\u00f3:&nbsp;<a href=\"https:\/\/www.justhvk.hu\/blog\/?page_id=11649\">https:\/\/www.justhvk.hu\/blog\/?page_id=11649<\/a><\/p>\n<p>&nbsp;<\/p>\n<div class=\"fcbkbttn_buttons_block\" id=\"fcbkbttn_left\"><div class=\"fcbkbttn_like \"><fb:like href=\"https:\/\/blog.justhvk.hu\/blog\/2014-es-galeria\/\" action=\"like\" colorscheme=\"light\" layout=\"button_count\"  size=\"small\"><\/fb:like><\/div><div class=\"fb-share-button  \" data-href=\"https:\/\/blog.justhvk.hu\/blog\/2014-es-galeria\/\" data-type=\"button_count\" data-size=\"small\"><\/div><\/div>","protected":false},"excerpt":{"rendered":"<p>2014 A V\u00f6r\u00f6smarty 1\/a oszt\u00e1lyos tanul\u00f3inak k\u00f6nyvt\u00e1rl\u00e1togat\u00e1sa &#8211; 2014. december 11. Olvas\u00f3k\u00f6r &#8211; 2014. december 10. Orosh\u00e1zi Filharmonikus T\u00e1rsas\u00e1g &#8211; 2014. november 24.Olvas\u00f3k\u00f6r &#8211; 2014. november 12. Olvas\u00f3k\u00f6r &#8211; 2014. november 12. Kop\u00e1r Istv\u00e1n el\u0151ad\u00e1s &#8211; 2014. okt\u00f3ber 20. Rockvet\u00e9lked\u0151 &#8211; 2014. okt\u00f3ber 16. K\u00e1rp\u00e1ti Attila Istv\u00e1n el\u0151ad\u00e1sa &#8211; 2014. okt\u00f3ber 13. Olvas\u00f3k\u00f6r &#8211; 2014. [&hellip;]<\/p>\n","protected":false},"author":5,"featured_media":0,"parent":0,"menu_order":0,"comment_status":"open","ping_status":"open","template":"","meta":{"episode_type":"","audio_file":"","cover_image":"","cover_image_id":"","duration":"","filesize":"","date_recorded":"","explicit":"","block":"","filesize_raw":"","ngg_post_thumbnail":0,"footnotes":""},"class_list":["post-11831","page","type-page","status-publish","hentry"],"_links":{"self":[{"href":"https:\/\/blog.justhvk.hu\/blog\/wp-json\/wp\/v2\/pages\/11831","targetHints":{"allow":["GET"]}}],"collection":[{"href":"https:\/\/blog.justhvk.hu\/blog\/wp-json\/wp\/v2\/pages"}],"about":[{"href":"https:\/\/blog.justhvk.hu\/blog\/wp-json\/wp\/v2\/types\/page"}],"author":[{"embeddable":true,"href":"https:\/\/blog.justhvk.hu\/blog\/wp-json\/wp\/v2\/users\/5"}],"replies":[{"embeddable":true,"href":"https:\/\/blog.justhvk.hu\/blog\/wp-json\/wp\/v2\/comments?post=11831"}],"version-history":[{"count":6,"href":"https:\/\/blog.justhvk.hu\/blog\/wp-json\/wp\/v2\/pages\/11831\/revisions"}],"predecessor-version":[{"id":25689,"href":"https:\/\/blog.justhvk.hu\/blog\/wp-json\/wp\/v2\/pages\/11831\/revisions\/25689"}],"wp:attachment":[{"href":"https:\/\/blog.justhvk.hu\/blog\/wp-json\/wp\/v2\/media?parent=11831"}],"curies":[{"name":"wp","href":"https:\/\/api.w.org\/{rel}","templated":true}]}}