{"id":12146,"date":"2016-09-23T06:32:38","date_gmt":"2016-09-23T06:32:38","guid":{"rendered":"https:\/\/www.justhvk.hu\/blog\/?page_id=12146"},"modified":"2021-01-13T14:31:01","modified_gmt":"2021-01-13T14:31:01","slug":"2008-as-fotok","status":"publish","type":"page","link":"https:\/\/blog.justhvk.hu\/blog\/2008-as-fotok\/","title":{"rendered":"2008-as fot\u00f3k"},"content":{"rendered":"<p><strong>2008<a href=\"https:\/\/goo.gl\/photos\/YFdo6bnDzhhCBfDh7\"><br \/>\n<\/a><\/strong><\/p>\n<ul>\n<li><a href=\"https:\/\/goo.gl\/photos\/EzsXUKK3uppgoeXEA\">K\u00f6nyvbemutat\u00f3 &#8211; Csizmadia Ferenc &#8211; 2008. december 19.<\/a><\/li>\n<li><a href=\"https:\/\/goo.gl\/photos\/zoF9Zfx6qajXxXAv9\">Lenin \u00e9s Marx \u00f6sszes &#8211; 2008. okt\u00f3ber 29.<\/a><\/li>\n<li><a href=\"https:\/\/goo.gl\/photos\/U1QyyRTpT2CKWkqj6\">R\u00e1k\u00f3czitelepi \u00e1ltal\u00e1nos iskol\u00e1sok a gyermekk\u00f6nyvt\u00e1rban &#8211; 2008. okt\u00f3ber 22.<\/a><\/li>\n<li><a href=\"https:\/\/goo.gl\/photos\/B2qUZUSZDPMqYS449\">AZ Klub kontra Talon: Klub\u00e9let \u00e9s zenei mozgalom Orosh\u00e1z\u00e1n az 1990-es \u00e9vek els\u0151 fel\u00e9ben &#8211; 2008. okt\u00f3ber 1.<\/a><\/li>\n<li><a href=\"https:\/\/goo.gl\/photos\/YdCwJ621dcfsDUBP8\">Magyar n\u00e9pmese napja &#8211; 2008. szeptember 30.<\/a><\/li>\n<li><a href=\"https:\/\/goo.gl\/photos\/QmxsaaX29zKcp3NFA\">Gyermekk\u00f6nyvt\u00e1ri foglalkoz\u00e1s &#8211; 2008. szeptember 13.<\/a><\/li>\n<li><a href=\"https:\/\/goo.gl\/photos\/wjDKiq7H9P5r8KRS8\">T\u00f6m\u00f6rrakt\u00e1r beszerel\u00e9se &#8211; 2008. szeptember 8-11.<\/a><\/li>\n<li><a href=\"https:\/\/goo.gl\/photos\/oZ6bKmhYsR6WCJvx8\">Kecskem\u00e9t &#8211; Vesz\u00edts el egy k\u00f6nyvet! &#8211; 2008. m\u00e1jus 7-8.<\/a><\/li>\n<li><a href=\"https:\/\/goo.gl\/photos\/8ERXxDUyFJJXPfwy6\">J\u00e1tsszunk a zen\u00e9vel! &#8211; 2008. \u00e1prilis 28.<\/a><\/li>\n<li><a href=\"https:\/\/goo.gl\/photos\/JzUXe1SvSShJ2moT6\">Szakmai nap &#8211; 2008. m\u00e1rcius 31.<\/a><\/li>\n<li><a href=\"https:\/\/goo.gl\/photos\/YK4YZUqERfKWJUaM8\">NAVA bemutat\u00f3 &#8211; 2008. m\u00e1rcius 28.<\/a><\/li>\n<li><a href=\"https:\/\/goo.gl\/photos\/bVAmFKJEVUrs7h8u5\">Justh Zsigmond megyei vers- \u00e9s pr\u00f3zamond\u00f3 verseny &#8211; 2008. febru\u00e1r 18.<\/a><\/li>\n<li><a href=\"https:\/\/goo.gl\/photos\/jGNresaC7ufSF5GLA\">Kazinczy-verseny &#8211; 2008. febru\u00e1r 8.<\/a><\/li>\n<li><a href=\"https:\/\/goo.gl\/photos\/k2kVCyDYTMyjoKm39\">K\u00f6nyvbemutat\u00f3 &#8211; Erosty\u00e1k Zolt\u00e1n &#8211; 2008. janu\u00e1r 31.<\/a><\/li>\n<li><a href=\"https:\/\/photos.app.goo.gl\/FHymdp1pwvP5Zeor9\">Veraszt\u00f3 Antal k\u00f6nyvbemutat\u00f3ja &#8211; 2008. janu\u00e1r 22.<\/a><\/li>\n<\/ul>\n<p>\u00d6sszes fot\u00f3:\u00a0<a href=\"https:\/\/www.justhvk.hu\/blog\/?page_id=11649\">https:\/\/www.justhvk.hu\/blog\/?page_id=11649<\/a><\/p>\n<div class=\"fcbkbttn_buttons_block\" id=\"fcbkbttn_left\"><div class=\"fcbkbttn_like \"><fb:like href=\"https:\/\/blog.justhvk.hu\/blog\/2008-as-fotok\/\" action=\"like\" colorscheme=\"light\" layout=\"button_count\"  size=\"small\"><\/fb:like><\/div><div class=\"fb-share-button  \" data-href=\"https:\/\/blog.justhvk.hu\/blog\/2008-as-fotok\/\" data-type=\"button_count\" data-size=\"small\"><\/div><\/div>","protected":false},"excerpt":{"rendered":"<p>2008 K\u00f6nyvbemutat\u00f3 &#8211; Csizmadia Ferenc &#8211; 2008. december 19. Lenin \u00e9s Marx \u00f6sszes &#8211; 2008. okt\u00f3ber 29. R\u00e1k\u00f3czitelepi \u00e1ltal\u00e1nos iskol\u00e1sok a gyermekk\u00f6nyvt\u00e1rban &#8211; 2008. okt\u00f3ber 22. AZ Klub kontra Talon: Klub\u00e9let \u00e9s zenei mozgalom Orosh\u00e1z\u00e1n az 1990-es \u00e9vek els\u0151 fel\u00e9ben &#8211; 2008. okt\u00f3ber 1. Magyar n\u00e9pmese napja &#8211; 2008. szeptember 30. Gyermekk\u00f6nyvt\u00e1ri foglalkoz\u00e1s &#8211; 2008. [&hellip;]<\/p>\n","protected":false},"author":5,"featured_media":0,"parent":0,"menu_order":0,"comment_status":"open","ping_status":"open","template":"","meta":{"episode_type":"","audio_file":"","cover_image":"","cover_image_id":"","duration":"","filesize":"","date_recorded":"","explicit":"","block":"","filesize_raw":"","ngg_post_thumbnail":0,"footnotes":""},"class_list":["post-12146","page","type-page","status-publish","hentry"],"_links":{"self":[{"href":"https:\/\/blog.justhvk.hu\/blog\/wp-json\/wp\/v2\/pages\/12146","targetHints":{"allow":["GET"]}}],"collection":[{"href":"https:\/\/blog.justhvk.hu\/blog\/wp-json\/wp\/v2\/pages"}],"about":[{"href":"https:\/\/blog.justhvk.hu\/blog\/wp-json\/wp\/v2\/types\/page"}],"author":[{"embeddable":true,"href":"https:\/\/blog.justhvk.hu\/blog\/wp-json\/wp\/v2\/users\/5"}],"replies":[{"embeddable":true,"href":"https:\/\/blog.justhvk.hu\/blog\/wp-json\/wp\/v2\/comments?post=12146"}],"version-history":[{"count":3,"href":"https:\/\/blog.justhvk.hu\/blog\/wp-json\/wp\/v2\/pages\/12146\/revisions"}],"predecessor-version":[{"id":18514,"href":"https:\/\/blog.justhvk.hu\/blog\/wp-json\/wp\/v2\/pages\/12146\/revisions\/18514"}],"wp:attachment":[{"href":"https:\/\/blog.justhvk.hu\/blog\/wp-json\/wp\/v2\/media?parent=12146"}],"curies":[{"name":"wp","href":"https:\/\/api.w.org\/{rel}","templated":true}]}}