{"id":15007,"date":"2018-10-18T09:33:20","date_gmt":"2018-10-18T09:33:20","guid":{"rendered":"https:\/\/www.justhvk.hu\/blog\/?page_id=15007"},"modified":"2018-10-18T11:38:03","modified_gmt":"2018-10-18T11:38:03","slug":"konyvtar-ahol-az-olvaso-teremt-efop-3-3-2-16-2016-00285","status":"publish","type":"page","link":"https:\/\/blog.justhvk.hu\/blog\/konyvtar-ahol-az-olvaso-teremt-efop-3-3-2-16-2016-00285\/","title":{"rendered":"K\u00f6nyvt\u00e1r \u2013 Ahol az olvas\u00f3 terem(t)\u2026 (EFOP-3.3.2-16-2016-00285)"},"content":{"rendered":"<p><strong>Projekt azonos\u00edt\u00f3sz\u00e1m: <\/strong><\/p>\n<p>EFOP-3.3.2-16-2016-00285<\/p>\n<p><strong>Felh\u00edv\u00e1s megnevez\u00e9se: <\/strong><\/p>\n<p>Kultur\u00e1lis int\u00e9zm\u00e9nyek a k\u00f6znevel\u00e9s eredm\u00e9nyess\u00e9g\u00e9\u00e9rt<\/p>\n<p><strong>C\u00edme:<\/strong><\/p>\n<p>K\u00f6nyvt\u00e1r \u2013 Ahol az olvas\u00f3 terem(t)\u2026<\/p>\n<p><strong>Projekt r\u00f6vid le\u00edr\u00e1sa:<\/strong><\/p>\n<p>A tervezett fejleszt\u00e9s c\u00e9lja, hogy az \u00e1ltala k\u00edn\u00e1lt programokkal tanulm\u00e1nyi, szoci\u00e1lis, kultur\u00e1lis,\u00a0 k\u00e9pess\u00e9gbeli \u00e9s\u00a0szem\u00e9lyis\u00e9gfejleszt\u00e9s\u00e9t t\u00e1mogat\u00f3 tev\u00e9kenys\u00e9gekkel seg\u00edts\u00e9get ny\u00fajtson a tanul\u00f3knak\u00a0 az \u00e9lm\u00e9nyszer\u0171bb\u00a0tanul\u00e1shoz, valamint az \u00f6n\u00e1ll\u00f3 \u00e9letkezd\u00e9shez sz\u00fcks\u00e9ges ismeretek, kompetenci\u00e1k megszerz\u00e9s\u00e9hez. A fejleszt\u00e9s sor\u00e1n a di\u00e1kok az iskol\u00e1ban haszn\u00e1lhat\u00f3, \u00e9rv\u00e9nyes, a legv\u00e1ltozatosabb helyzetekben m\u0171k\u00f6d\u0151 tud\u00e1st saj\u00e1t\u00edtanak\u00a0el, a tanul\u00e1s sor\u00e1n felhaszn\u00e1lt tapasztalatokat, a fejlesztett k\u00e9pess\u00e9geket, k\u00e9szs\u00e9geket a tanul\u00e1s c\u00e9lj\u00e1nak megfelel\u0151en, a tanul\u00e1s konkr\u00e9t kontextus\u00e1ban, illetve att\u00f3l elt\u00e9r\u0151 tanul\u00e1si \u00e9s h\u00e9tk\u00f6znapi helyzetekben is alkalmazhatja.<\/p>\n<p>El\u0151seg\u00edthetj\u00fck \u00e1ltala, hogy a gyerekek a tanul\u00e1st eg\u00e9sz \u00e9leten \u00e1t tart\u00f3 \u00e9s az \u00e9let minden ter\u00fclet\u00e9re kiterjed\u0151 folyamatnak tekints\u00e9k. amely fejl\u0151d\u00e9si lehet\u0151s\u00e9geket rejt mag\u00e1ban, \u00e9s amelyben \u0151, teh\u00e1t a tanul\u00f3 egy\u00e9n akt\u00edv \u00e9s konstrukt\u00edv szerepet t\u00f6lt be. A p\u00e1ly\u00e1zati c\u00e9lok el\u00e9r\u00e9se \u00e9rdek\u00e9ben megv\u00e1lasztott t\u00e9mak\u00f6r\u00f6k \u00e9s fejleszt\u00e9si ir\u00e1nyok megval\u00f3s\u00edt\u00e1s\u00e1hoz tematik\u00e1kat dolgozunk ki, hogy a kit\u0171z\u00f6tt c\u00e9lokat sikeresen megval\u00f3s\u00edtsuk. A foglalkoz\u00e1sok tematik\u00e1j\u00e1nak r\u00e9szletes kidolgoz\u00e1s\u00e1t az egy\u00fcttm\u0171k\u00f6d\u0151 partnerek ig\u00e9nyeihez igaz\u00edtjuk. A k\u00f6nyvt\u00e1r biztons\u00e1gos, befogad\u00f3 k\u00f6zege olyan k\u00f6rnyezeti kontextust biztos\u00edt inspir\u00e1ci\u00f3s- \u00e9s tud\u00e1ster\u00e9vel, a k\u00f6nyvt\u00e1rosokkal val\u00f3 szem\u00e9lyes kapcsolat\u00e1val, amely lehet\u0151v\u00e9 teszi a koroszt\u00e1lyok megsz\u00f3l\u00edthat\u00f3s\u00e1g\u00e1t, bevon\u00e1s\u00e1t, aktivit\u00e1suk mozg\u00f3s\u00edt\u00e1s\u00e1t.<\/p>\n<p>K\u00f6zvetlen c\u00e9lcsoport: az egy\u00fcttm\u0171k\u00f6d\u00e9si meg\u00e1llapod\u00e1ssal a p\u00e1ly\u00e1zatba bevont \u00f3voda, illetve iskol\u00e1k als\u00f3 tagozatos, fels\u0151 tagozatos \u00e9s k\u00f6z\u00e9piskol\u00e1s di\u00e1kjai.<\/p>\n<p>K\u00f6zvetett c\u00e9lcsoport: sz\u00fcl\u0151k, testv\u00e9rek, nyitott programokon r\u00e9sztvev\u0151k.<\/p>\n<p>T\u00e1volabbi lehet\u0151s\u00e9gek: a kidolgozott projektek sikeres megval\u00f3s\u00edt\u00e1sa a bevont oktat\u00e1si- \u00e9s nevel\u00e9si int\u00e9zm\u00e9nyekkel lehet\u0151s\u00e9get ny\u00fajt k\u00f6nyvt\u00e1runk sz\u00e1m\u00e1ra, hogy a k\u00f6znevel\u00e9s hat\u00e9kony t\u00e1mogat\u00e1sa \u00e9rdek\u00e9ben kiterjessz\u00fck azokat a v\u00e1ros tov\u00e1bbi oktat\u00e1si int\u00e9zm\u00e9nyeiben tanul\u00f3kra is, ezzel el\u0151seg\u00edtve a tanul\u00f3k tan\u00f3r\u00e1n k\u00edv\u00fcli nem form\u00e1lis \u00e9s inform\u00e1lis form\u00e1ban t\u00f6rt\u00e9n\u0151 kompetencia \u00e9s\u00a0 szem\u00e9lyis\u00e9gfejleszt\u00e9s\u00e9t.<\/p>\n<p>A projektjeink r\u00f6vid t\u00e1v\u00fa c\u00e9lja, hogy a k\u00f6nyvt\u00e1r a form\u00e1lis oktat\u00e1s t\u00e1mogat\u00f3jak\u00e9nt nagyobb szerepet kapjon a tan\u00f3r\u00e1n k\u00edv\u00fcli kieg\u00e9sz\u00edt\u0151 nevel\u00e9sben. Hozz\u00e1j\u00e1rulunk projekt\u00fcnk programjaival a tanul\u00f3 tan\u00f3r\u00e1n k\u00edv\u00fcli \u00e9s az \u00f3vod\u00e1sok \u00f3vod\u00e1n k\u00edv\u00fcli kompetenciafejleszt\u00e9s\u00e9hez, tud\u00e1s\u00e1nak gyarap\u00edt\u00e1s\u00e1hoz, szem\u00e9lyis\u00e9g\u00fck fejl\u0151d\u00e9s\u00e9hez.<\/p>\n<p>Hossz\u00fa t\u00e1v\u00fa c\u00e9ljaink k\u00f6z\u00f6tt szerepel, hogy a foglalkoz\u00e1sokon megszerzett inform\u00e1ci\u00f3k, k\u00e9pess\u00e9gek \u00e9s kompetenci\u00e1k seg\u00edts\u00e9g\u00e9vel term\u00e9szetes legyen sz\u00e1mukra az \u00e9lethosszig tart\u00f3 tanul\u00e1s ig\u00e9nye, \u00e9s term\u00e9szetesnek vegy\u00e9k azt, hogy a k\u00f6nyvt\u00e1rban ehhez mindig seg\u00edts\u00e9get kapnak. A form\u00e1list oktat\u00e1st t\u00e1mogat\u00f3 \u00e9s kieg\u00e9sz\u00edt\u0151 projektjeink hozz\u00e1j\u00e1rulnak a gyerekek szem\u00e9lyis\u00e9gfejl\u0151d\u00e9s\u00e9hez, kreativit\u00e1suk, \u00f6nbizalmuk, kapcsolatteremt\u0151, probl\u00e9mamegold\u00f3, konfliktuskezel\u0151 k\u00e9pess\u00e9g\u00fck fejl\u0151d\u00e9s\u00e9hez egyar\u00e1nt. Fontos, hogy ez\u00e1ltal hozz\u00e1j\u00e1rulunk a szociokultur\u00e1lis h\u00e1tr\u00e1nyok cs\u00f6kkent\u00e9s\u00e9hez is. T\u00e1volabbi lehet\u0151s\u00e9gek: a kidolgozott projektek sikeres megval\u00f3s\u00edt\u00e1sa a bevont oktat\u00e1si- \u00e9s nevel\u00e9si int\u00e9zm\u00e9nyekkel lehet\u0151s\u00e9get ny\u00fajt k\u00f6nyvt\u00e1runk sz\u00e1m\u00e1ra, hogy a k\u00f6znevel\u00e9s hat\u00e9kony t\u00e1mogat\u00e1sa \u00e9rdek\u00e9ben kiterjessz\u00fck azokat a v\u00e1ros tov\u00e1bbi oktat\u00e1si int\u00e9zm\u00e9nyeiben tanul\u00f3kra is, ezzel el\u0151seg\u00edtve a tanul\u00f3k tan\u00f3r\u00e1n k\u00edv\u00fcli nem form\u00e1lis \u00e9s inform\u00e1lis form\u00e1ban t\u00f6rt\u00e9n\u0151 kompetencia \u00e9s szem\u00e9lyis\u00e9gfejleszt\u00e9s\u00e9t. A gyerekek a tanul\u00e1st eg\u00e9sz \u00e9leten \u00e1t tart\u00f3 \u00e9s az \u00e9let minden ter\u00fclet\u00e9re kiterjed\u0151 folyamatnak tekints\u00e9k. amely fejl\u0151d\u00e9si lehet\u0151s\u00e9geket rejt mag\u00e1ban, \u00e9s amelyben \u0151, teh\u00e1t a tanul\u00f3 egy\u00e9n akt\u00edv \u00e9s konstrukt\u00edv szerepet t\u00f6lt be.<\/p>\n<p><strong>Kedvezm\u00e9nyezett:\u00a0<\/strong><\/p>\n<p>Justh Zsigmond V\u00e1rosi K\u00f6nyvt\u00e1r 5900 Orosh\u00e1za, Kossuth utca 3.<\/p>\n<p>Egy\u00fcttm\u0171k\u00f6d\u0151 partnerek:<\/p>\n<ul>\n<li>Orosh\u00e1zi V\u00f6r\u00f6smarty Mih\u00e1ly \u00c1ltal\u00e1nos Iskola, Orosh\u00e1za (iskola)<\/li>\n<li>Orosh\u00e1zi V\u00f6r\u00f6smarty Mih\u00e1ly \u00c1ltal\u00e1nos Iskola Czina S\u00e1ndor Tagint\u00e9zm\u00e9ny, Orosh\u00e1za (iskola)<\/li>\n<li>Orosh\u00e1zi V\u00f6r\u00f6smarty Mih\u00e1ly \u00c1ltal\u00e1nos Iskola R\u00e1k\u00f3czitelepi Tagint\u00e9zm\u00e9ny (iskola)<\/li>\n<li>Sz\u00e9k\u00e1cs J\u00f3zsef Evang\u00e9likus \u00d3voda, \u00c1ltal\u00e1nos Iskola \u00e9s Gimn\u00e1zium, Orosh\u00e1za (gimn\u00e1zium)<\/li>\n<li>Sz\u00e9k\u00e1cs J\u00f3zsef Evang\u00e9likus \u00d3voda, \u00c1ltal\u00e1nos Iskola \u00e9s Gimn\u00e1zium, Orosh\u00e1za (\u00f3voda)<\/li>\n<li>Wesley J\u00e1nos Gy\u00f3gypedag\u00f3giai \u00d3voda, \u00c1ltal\u00e1nos Iskola, Fejleszt\u0151 Nevel\u00e9s-oktat\u00e1st V\u00e9gz\u0151 Iskola,<br \/>\nSzakiskola, Orosh\u00e1za (iskola)<\/li>\n<li>Kisboldogasszony Katolikus \u00c1ltal\u00e1nos Iskola, G\u00e1doros. (iskola)<\/li>\n<\/ul>\n<p><strong>T\u00e1mogat\u00e1s \u00f6sszege:\u00a0<\/strong><\/p>\n<p>14 989 122,- Ft<\/p>\n<p><strong>T\u00e1mogat\u00e1s intenzit\u00e1sa: <\/strong><\/p>\n<p>100 %<\/p>\n<p><strong>Projekt id\u0151tartama: <\/strong><\/p>\n<p>2018. m\u00e1rcius 1. \u2013 2019. augusztus 31.<\/p>\n<p><strong>Projektmenedzsment:<\/strong><\/p>\n<ul>\n<li>Kiss M\u00e1rta (projektmenedzser)<\/li>\n<li>P\u00f3csikn\u00e9 Tomik Ilona (p\u00e9nz\u00fcgyi vezet\u0151)<\/li>\n<li>Bogd\u00e1nn\u00e9 Kiss T\u00fcnde (szakmai vezet\u0151)<\/li>\n<\/ul>\n<p><a href=\"https:\/\/www.justhvk.hu\/blog\/wp-content\/uploads\/2018\/10\/tamogatasi_szerzodes_efop_332.pdf\">T\u00e1mogat\u00e1si szerz\u0151d\u00e9s &gt;&gt;\u00a0<\/a><\/p>\n<p><a href=\"https:\/\/www.justhvk.hu\/blog\/wp-content\/uploads\/2018\/10\/felhivas_efop_332.pdf\">P\u00e1ly\u00e1zati felh\u00edv\u00e1s &gt;&gt;\u00a0<\/a><\/p>\n<p><a href=\"https:\/\/www.justhvk.hu\/blog\/wp-content\/uploads\/2016\/05\/efop_3_3_2_16_2016_00285_c_fekvo_nyomdai-page-001.jpg\"><img loading=\"lazy\" decoding=\"async\" class=\"aligncenter size-full wp-image-14622\" src=\"https:\/\/www.justhvk.hu\/blog\/wp-content\/uploads\/2016\/05\/efop_3_3_2_16_2016_00285_c_fekvo_nyomdai-page-001.jpg\" alt=\"\" width=\"7008\" height=\"4960\" \/><\/a><\/p>\n<div class=\"fcbkbttn_buttons_block\" id=\"fcbkbttn_left\"><div class=\"fcbkbttn_like \"><fb:like href=\"https:\/\/blog.justhvk.hu\/blog\/konyvtar-ahol-az-olvaso-teremt-efop-3-3-2-16-2016-00285\/\" action=\"like\" colorscheme=\"light\" layout=\"button_count\"  size=\"small\"><\/fb:like><\/div><div class=\"fb-share-button  \" data-href=\"https:\/\/blog.justhvk.hu\/blog\/konyvtar-ahol-az-olvaso-teremt-efop-3-3-2-16-2016-00285\/\" data-type=\"button_count\" data-size=\"small\"><\/div><\/div>","protected":false},"excerpt":{"rendered":"<p>Projekt azonos\u00edt\u00f3sz\u00e1m: EFOP-3.3.2-16-2016-00285 Felh\u00edv\u00e1s megnevez\u00e9se: Kultur\u00e1lis int\u00e9zm\u00e9nyek a k\u00f6znevel\u00e9s eredm\u00e9nyess\u00e9g\u00e9\u00e9rt C\u00edme: K\u00f6nyvt\u00e1r \u2013 Ahol az olvas\u00f3 terem(t)\u2026 Projekt r\u00f6vid le\u00edr\u00e1sa: A tervezett fejleszt\u00e9s c\u00e9lja, hogy az \u00e1ltala k\u00edn\u00e1lt programokkal tanulm\u00e1nyi, szoci\u00e1lis, kultur\u00e1lis,\u00a0 k\u00e9pess\u00e9gbeli \u00e9s\u00a0szem\u00e9lyis\u00e9gfejleszt\u00e9s\u00e9t t\u00e1mogat\u00f3 tev\u00e9kenys\u00e9gekkel seg\u00edts\u00e9get ny\u00fajtson a tanul\u00f3knak\u00a0 az \u00e9lm\u00e9nyszer\u0171bb\u00a0tanul\u00e1shoz, valamint az \u00f6n\u00e1ll\u00f3 \u00e9letkezd\u00e9shez sz\u00fcks\u00e9ges ismeretek, kompetenci\u00e1k megszerz\u00e9s\u00e9hez. A fejleszt\u00e9s sor\u00e1n a di\u00e1kok [&hellip;]<\/p>\n","protected":false},"author":5,"featured_media":0,"parent":0,"menu_order":0,"comment_status":"closed","ping_status":"closed","template":"","meta":{"episode_type":"","audio_file":"","cover_image":"","cover_image_id":"","duration":"","filesize":"","date_recorded":"","explicit":"","block":"","filesize_raw":"","ngg_post_thumbnail":0,"footnotes":""},"class_list":["post-15007","page","type-page","status-publish","hentry"],"_links":{"self":[{"href":"https:\/\/blog.justhvk.hu\/blog\/wp-json\/wp\/v2\/pages\/15007","targetHints":{"allow":["GET"]}}],"collection":[{"href":"https:\/\/blog.justhvk.hu\/blog\/wp-json\/wp\/v2\/pages"}],"about":[{"href":"https:\/\/blog.justhvk.hu\/blog\/wp-json\/wp\/v2\/types\/page"}],"author":[{"embeddable":true,"href":"https:\/\/blog.justhvk.hu\/blog\/wp-json\/wp\/v2\/users\/5"}],"replies":[{"embeddable":true,"href":"https:\/\/blog.justhvk.hu\/blog\/wp-json\/wp\/v2\/comments?post=15007"}],"version-history":[{"count":4,"href":"https:\/\/blog.justhvk.hu\/blog\/wp-json\/wp\/v2\/pages\/15007\/revisions"}],"predecessor-version":[{"id":15023,"href":"https:\/\/blog.justhvk.hu\/blog\/wp-json\/wp\/v2\/pages\/15007\/revisions\/15023"}],"wp:attachment":[{"href":"https:\/\/blog.justhvk.hu\/blog\/wp-json\/wp\/v2\/media?parent=15007"}],"curies":[{"name":"wp","href":"https:\/\/api.w.org\/{rel}","templated":true}]}}