{"id":16739,"date":"2020-01-09T07:22:07","date_gmt":"2020-01-09T07:22:07","guid":{"rendered":"https:\/\/blog.justhvk.hu\/blog\/?page_id=16739"},"modified":"2020-12-15T11:03:41","modified_gmt":"2020-12-15T11:03:41","slug":"2020-as-fotok","status":"publish","type":"page","link":"https:\/\/blog.justhvk.hu\/blog\/2020-as-fotok\/","title":{"rendered":"2020-as fot\u00f3k"},"content":{"rendered":"<p><strong>2020<\/strong><\/p>\n<ul>\n<li><a href=\"https:\/\/photos.app.goo.gl\/9jHevaVbgPFj5GQY8\">\u201eAz \u00c9v K\u00f6nyvt\u00e1rosa B\u00e9k\u00e9sben\u201d d\u00edj \u00e1tad\u00e1sa &#8211; 2020. december 15.<\/a><\/li>\n<li><a href=\"https:\/\/photos.app.goo.gl\/qG95KaKeY4MEAHJt8\">K\u00f6nyvjelz\u0151-k\u00e9sz\u00edt\u0151 p\u00e1ly\u00e1zat, 2020.<\/a><\/li>\n<li><a href=\"https:\/\/photos.app.goo.gl\/WxUG5rbypVLkvdHM9\">K\u00f6nyvt\u00e1rPont &#8211; 2020. november 12.<\/a><\/li>\n<li><a href=\"https:\/\/photos.app.goo.gl\/buCFAVHe6LGXCpnM8\">Domonkos L\u00e1szl\u00f3 k\u00f6nyvbemutat\u00f3ja &#8211; 2020. november 3.<\/a><\/li>\n<li><a href=\"https:\/\/photos.app.goo.gl\/KULWH1vH9aqzz5ax9\">\u0150szi k\u00e9zm\u0171ves foglalkoz\u00e1s a gyermekk\u00f6nyvt\u00e1rban &#8211; 2020. okt\u00f3ber 29.<\/a><\/li>\n<li><a href=\"https:\/\/photos.app.goo.gl\/2nDQYYKXUjtMVUUH9\">Matuz Gergely fuvolam\u0171v\u00e9sz koncertje &#8211; 2020. okt\u00f3ber 28.<\/a><\/li>\n<li><a href=\"https:\/\/photos.app.goo.gl\/8pdn4QbGARbapm6X8\">Nemzetk\u00f6zi Feh\u00e9r Bot napi \u00fcnneps\u00e9g \u2013 2020. okt\u00f3ber 20.<\/a><\/li>\n<li><a href=\"https:\/\/photos.app.goo.gl\/XtPjrxmgRm2xdftS7\">Feh\u00e9r Bot napi \u00fcnneps\u00e9g a megyei k\u00f6nyvt\u00e1rban &#8211; 2020. okt\u00f3ber 19.<\/a><\/li>\n<li><a href=\"https:\/\/photos.app.goo.gl\/dVtCTMwbMYiJLaZZ9\">Ker\u00e9kp\u00e1rt\u00fara G\u00e1dorosra &#8211; 2020. okt\u00f3ber 10.<\/a><\/li>\n<li><a href=\"https:\/\/photos.app.goo.gl\/LZ5aoCRE4ZPdQYAs6\">&#8222;Olvash\u00e1za&#8221; olvas\u00e1sn\u00e9pszer\u0171s\u00edt\u0151 j\u00e1t\u00e9k eredm\u00e9nyhirdet\u00e9se &#8211; 2020. okt\u00f3ber 9.<\/a><\/li>\n<li><a href=\"https:\/\/photos.app.goo.gl\/f3mNEec3vtxcR9Yn9\">V\u00e9rad\u00e1s a k\u00f6nyvt\u00e1rban &#8211; 2020. okt\u00f3ber 6.<\/a><\/li>\n<li><a href=\"https:\/\/photos.app.goo.gl\/96pLS6GBERrz1EpXA\">K\u00f6z\u00f6ns\u00e9gtal\u00e1lkoz\u00f3 Szabados \u00c1gival &#8211; 2020. okt\u00f3ber 5.<\/a><\/li>\n<li><a href=\"https:\/\/photos.app.goo.gl\/hAoofFbZcYinTW947\">A reform\u00e1tus iskola harmadikosai a gyermekk\u00f6nyvt\u00e1rban &#8211; 2020. okt\u00f3ber 2.<\/a><\/li>\n<li><a href=\"https:\/\/photos.app.goo.gl\/WLwnbrJzTEHuJX7h9\">J\u00e1rt\u00f3 R\u00f3za: Az \u00e9let zen\u00e9je k\u00f6nyvbemutat\u00f3 &#8211; 2020. szeptember 18.<\/a><\/li>\n<li><a href=\"https:\/\/photos.app.goo.gl\/7n7G3rdQV26mQkkz5\">Olvas\u00f3k\u00f6r &#8211; 2020. szeptember 9.<\/a><\/li>\n<li><a href=\"https:\/\/photos.app.goo.gl\/tvQZuVt86F7Mnpj58\">M\u00e1lyvaPolc \u00e1tad\u00f3 &#8211; 2020. augusztus 14.<\/a><\/li>\n<li><a href=\"https:\/\/photos.app.goo.gl\/3QHWcpxdSNLJTucy5\">Ny\u00e1ri napk\u00f6zi a gyermekk\u00f6nyvt\u00e1rban &#8211; 2020. augusztus 10.<\/a><\/li>\n<li><a href=\"https:\/\/photos.app.goo.gl\/MRWE4sQVjC7AheNk7\">Jazz Man koncert &#8211; 2020. augusztus 7.<\/a><\/li>\n<li><a href=\"https:\/\/photos.app.goo.gl\/axNj7EjJ1LWbEuKcA\">Ny\u00e1ri napk\u00f6zi a gyermekk\u00f6nyvt\u00e1rban &#8211; 2020. augusztus 3.<\/a><\/li>\n<li><a href=\"https:\/\/photos.app.goo.gl\/4QPfwS6UUYcf2v4q6\">Ny\u00e1ri j\u00e1tsz\u00f3h\u00e1z &#8211; 2020. augusztus 3-14.<\/a><\/li>\n<li><a href=\"https:\/\/photos.app.goo.gl\/oUUzUrCcyka8Brid7\">Ny\u00e1ri napk\u00f6zi a gyermekk\u00f6nyvt\u00e1rban &#8211; 2020. j\u00falius 27.<\/a><\/li>\n<li><a href=\"https:\/\/photos.app.goo.gl\/AYxWAuhDA5tjbwEUA\">Angol t\u00e1bor foglalkoz\u00e1sa a gyermekk\u00f6nyvt\u00e1rban &#8211; 2020. j\u00falius 24.<\/a><\/li>\n<li><a href=\"https:\/\/photos.app.goo.gl\/pM2SUXinNdt7j7UK6\">Angol t\u00e1bor foglalkoz\u00e1sa a gyermekk\u00f6nyvt\u00e1rban &#8211; 2020. j\u00falius 17.<\/a><\/li>\n<li><a href=\"https:\/\/photos.app.goo.gl\/4p9c1zhJtXHR8TK97\">Ny\u00e1ri napk\u00f6zi a gyermekk\u00f6nyvt\u00e1rban &#8211; 2020. j\u00falius 13.<\/a><\/li>\n<li><a href=\"https:\/\/photos.app.goo.gl\/AAJ2AnSAkdNSZmiaA\">Ny\u00e1ri napk\u00f6zi a gyermekk\u00f6nyvt\u00e1rban &#8211; 2020. j\u00falius 06.<\/a><\/li>\n<li><a href=\"https:\/\/photos.app.goo.gl\/QkCV4TjeMoSA8cKi7\">Ny\u00e1ri napk\u00f6zi a gyermekk\u00f6nyvt\u00e1rban &#8211; 2020. j\u00fanius 29.<\/a><\/li>\n<li><a href=\"https:\/\/photos.app.goo.gl\/AdS14Z4HGqbXWc6g9\">M\u0171Kedvel\u0151 biblioter\u00e1pi\u00e1s foglalkoz\u00e1s &#8211; 2020. j\u00fanius 26.<\/a><\/li>\n<li><a href=\"https:\/\/photos.app.goo.gl\/waHRRL4QDidMHsmx7\">L\u00e9lekVitamin Klub tal\u00e1lkoz\u00f3 a m\u00fazeumban &#8211; 2020. j\u00fanius 24.<\/a><\/li>\n<li><a href=\"https:\/\/photos.app.goo.gl\/ZQ9jwEb4anFHfMvo6\">OKKSZKSE Aerobic csoport a gyermekk\u00f6nyvt\u00e1rban &#8211; 2020. j\u00fanius 16.<\/a><\/li>\n<li><a href=\"https:\/\/photos.app.goo.gl\/LXdvMsvfcCnhKNWr8\">Olvas\u00f3k\u00f6r &#8211; 2020. m\u00e1rcius 11.<\/a><\/li>\n<li><a href=\"https:\/\/photos.app.goo.gl\/PTUPf1kyzKUBbtuk6\">A V\u00f6r\u00f6smarty iskola 3\/b oszt\u00e1lyosai a gyermekk\u00f6nyvt\u00e1rban \u2013 2020. m\u00e1rcius 6.<\/a><\/li>\n<li><a href=\"https:\/\/photos.app.goo.gl\/3jFRiG6ZUeJd2Hct7\">R\u00e1k\u00f3czitelepi iskola 1-2. oszt\u00e1lyosai a gyermekk\u00f6nyvt\u00e1rban \u2013 2020. m\u00e1rcius 4.<\/a><\/li>\n<li><a href=\"https:\/\/photos.app.goo.gl\/TomgmGi8euZjYh5D6\">Az E\u00f6tv\u00f6s iskola 4\/a. oszt\u00e1lyosai a gyermekk\u00f6nyvt\u00e1rban \u2013 2020. febru\u00e1r 26.<\/a><\/li>\n<li><a href=\"https:\/\/photos.app.goo.gl\/2bBpaXR19gz8CxYc7\">Az E\u00f6tv\u00f6s iskola 4\/b. oszt\u00e1lyosai a gyermekk\u00f6nyvt\u00e1rban \u2013 2020. febru\u00e1r 24.<\/a><\/li>\n<li><a href=\"https:\/\/photos.app.goo.gl\/MBM8eMiy4r5X8oui7\">Dr. R\u00e1k\u00f3czi Attila el\u0151ad\u00e1sa &#8211; 2020. febru\u00e1r 18.<\/a><\/li>\n<li><a href=\"https:\/\/photos.app.goo.gl\/jn8ot67CeFkV1HLr8\">20. Justh Zsigmond vers- \u00e9s pr\u00f3zamond\u00f3 verseny &#8211; 2020. febru\u00e1r 14.<\/a><\/li>\n<li><a href=\"https:\/\/photos.app.goo.gl\/LXMQosG6fq7mNnAP9\">A V\u00f6r\u00f6smarty iskola 3\/b oszt\u00e1lyosai a gyermekk\u00f6nyvt\u00e1rban \u2013 2020. febru\u00e1r 14.<\/a><\/li>\n<li><a href=\"https:\/\/photos.app.goo.gl\/GedSWGCfmmgBLZCAA\">Kazinczy Ferencr\u0151l elnevezett Sz\u00e9p Magyar Besz\u00e9d verseny &#8211; 2020. febru\u00e1r 13.<\/a><\/li>\n<li><a href=\"https:\/\/photos.app.goo.gl\/DmF3FEjN7g38CTta8\">Olvas\u00f3k\u00f6r: A Bront\u00eb n\u00f6v\u00e9rek &#8211; 2020. febru\u00e1r 12.<\/a><\/li>\n<li><a href=\"https:\/\/photos.app.goo.gl\/954Rsqyrt7jbZAAc7\">K\u00f6nd utcai ovi Fic\u00e1nka vegyes csoport a gyermekk\u00f6nyvt\u00e1rban &#8211; 2020. febru\u00e1r 6.<\/a><\/li>\n<li><a href=\"https:\/\/photos.app.goo.gl\/tC3mPP4fD6Fvusjo7\">A V\u00f6r\u00f6smarty iskola 3\/b oszt\u00e1lyosai a gyermekk\u00f6nyvt\u00e1rban &#8211; 2020. janu\u00e1r 31.\u00a0<\/a><\/li>\n<li><a href=\"https:\/\/photos.app.goo.gl\/uQDJ4CZtXitG97Ho6\">\u0170rutaz\u00e1s a Sz\u00e9k\u00e1cs ovi Pillang\u00f3 csoportosaival &#8211; 2020. janu\u00e1r 27.<\/a><\/li>\n<li><a href=\"https:\/\/photos.app.goo.gl\/ko1GV58fsC6ayR4v6\">K\u00f6z\u00f6ns\u00e9gtal\u00e1lkoz\u00f3 B\u00e1n M\u00f3rral &#8211; 2020. janu\u00e1r 23.<\/a><\/li>\n<li><a href=\"https:\/\/photos.app.goo.gl\/c39W6C2HJjLZgzZk7\">Min\u0151s\u00edtett K\u00f6nyvt\u00e1r c\u00edm d\u00edj\u00e1tad\u00f3 &#8211; 2020. janu\u00e1r 22.<\/a><\/li>\n<li><a href=\"https:\/\/photos.app.goo.gl\/WvkAXzvdoc5W3b238\">Vakok \u00e9s Gyeng\u00e9nl\u00e1t\u00f3k Egyes\u00fclet\u00e9nek klubtal\u00e1lkoz\u00f3ja &#8211; 2020. janu\u00e1r 21.<\/a><\/li>\n<li><a href=\"https:\/\/photos.app.goo.gl\/V1JWkyYLL5Qurskz8\">Wesley iskola 1-2. oszt\u00e1ly a gyermekk\u00f6nyvt\u00e1rban &#8211; 2020. janu\u00e1r 17.<\/a><\/li>\n<li><a href=\"https:\/\/photos.app.goo.gl\/pPExBLDk97KL5nJ86\">A V\u00f6r\u00f6smarty iskola 3\/b oszt\u00e1lyosai a gyermekk\u00f6nyvt\u00e1rban &#8211; 2020. janu\u00e1r 17.<\/a><\/li>\n<li><a href=\"https:\/\/photos.app.goo.gl\/Wevs34rwPqnS6VoF6\">L\u00e9lekVitamin Klub tal\u00e1lkoz\u00f3 &#8211; 2020. janu\u00e1r 15.<\/a><\/li>\n<li><a href=\"https:\/\/photos.app.goo.gl\/wbe4JmghM7UCvnwS9\">Sz\u00e9k\u00e1cs ovi Pillang\u00f3 csoport a gyermekk\u00f6nyvt\u00e1rban &#8211; 2020. janu\u00e1r 13.<\/a><\/li>\n<li><a href=\"https:\/\/photos.app.goo.gl\/YGGav3T95Qz9imVR6\">Olvas\u00f3k\u00f6r \u2013 2020. janu\u00e1r 8.<\/a><\/li>\n<\/ul>\n<div class=\"fcbkbttn_buttons_block\" id=\"fcbkbttn_left\"><div class=\"fcbkbttn_like \"><fb:like href=\"https:\/\/blog.justhvk.hu\/blog\/2020-as-fotok\/\" action=\"like\" colorscheme=\"light\" layout=\"button_count\"  size=\"small\"><\/fb:like><\/div><div class=\"fb-share-button  \" data-href=\"https:\/\/blog.justhvk.hu\/blog\/2020-as-fotok\/\" data-type=\"button_count\" data-size=\"small\"><\/div><\/div>","protected":false},"excerpt":{"rendered":"<p>2020 \u201eAz \u00c9v K\u00f6nyvt\u00e1rosa B\u00e9k\u00e9sben\u201d d\u00edj \u00e1tad\u00e1sa &#8211; 2020. december 15. K\u00f6nyvjelz\u0151-k\u00e9sz\u00edt\u0151 p\u00e1ly\u00e1zat, 2020. K\u00f6nyvt\u00e1rPont &#8211; 2020. november 12. Domonkos L\u00e1szl\u00f3 k\u00f6nyvbemutat\u00f3ja &#8211; 2020. november 3. \u0150szi k\u00e9zm\u0171ves foglalkoz\u00e1s a gyermekk\u00f6nyvt\u00e1rban &#8211; 2020. okt\u00f3ber 29. Matuz Gergely fuvolam\u0171v\u00e9sz koncertje &#8211; 2020. okt\u00f3ber 28. Nemzetk\u00f6zi Feh\u00e9r Bot napi \u00fcnneps\u00e9g \u2013 2020. okt\u00f3ber 20. Feh\u00e9r Bot napi [&hellip;]<\/p>\n","protected":false},"author":5,"featured_media":0,"parent":0,"menu_order":0,"comment_status":"closed","ping_status":"closed","template":"","meta":{"episode_type":"","audio_file":"","cover_image":"","cover_image_id":"","duration":"","filesize":"","date_recorded":"","explicit":"","block":"","filesize_raw":"","ngg_post_thumbnail":0,"footnotes":""},"class_list":["post-16739","page","type-page","status-publish","hentry"],"_links":{"self":[{"href":"https:\/\/blog.justhvk.hu\/blog\/wp-json\/wp\/v2\/pages\/16739","targetHints":{"allow":["GET"]}}],"collection":[{"href":"https:\/\/blog.justhvk.hu\/blog\/wp-json\/wp\/v2\/pages"}],"about":[{"href":"https:\/\/blog.justhvk.hu\/blog\/wp-json\/wp\/v2\/types\/page"}],"author":[{"embeddable":true,"href":"https:\/\/blog.justhvk.hu\/blog\/wp-json\/wp\/v2\/users\/5"}],"replies":[{"embeddable":true,"href":"https:\/\/blog.justhvk.hu\/blog\/wp-json\/wp\/v2\/comments?post=16739"}],"version-history":[{"count":53,"href":"https:\/\/blog.justhvk.hu\/blog\/wp-json\/wp\/v2\/pages\/16739\/revisions"}],"predecessor-version":[{"id":18018,"href":"https:\/\/blog.justhvk.hu\/blog\/wp-json\/wp\/v2\/pages\/16739\/revisions\/18018"}],"wp:attachment":[{"href":"https:\/\/blog.justhvk.hu\/blog\/wp-json\/wp\/v2\/media?parent=16739"}],"curies":[{"name":"wp","href":"https:\/\/api.w.org\/{rel}","templated":true}]}}