{"id":45231,"date":"2025-11-17T09:34:58","date_gmt":"2025-11-17T09:34:58","guid":{"rendered":"https:\/\/blog.justhvk.hu\/blog\/?page_id=45231"},"modified":"2025-11-17T09:34:58","modified_gmt":"2025-11-17T09:34:58","slug":"belso-visszaeles-bejelentesi-rendszer","status":"publish","type":"page","link":"https:\/\/blog.justhvk.hu\/blog\/belso-visszaeles-bejelentesi-rendszer\/","title":{"rendered":"Bels\u0151 vissza\u00e9l\u00e9s-bejelent\u00e9si rendszer"},"content":{"rendered":"\n<p><strong>\u00c1ltal\u00e1nos t\u00e1j\u00e9koztat\u00f3 <\/strong><strong>a bels\u0151 vissza\u00e9l\u00e9s-bejelent\u00e9si rendszerr\u0151l<\/strong><\/p>\n\n\n\n<p>Orosh\u00e1za V\u00e1ros \u00d6nkorm\u00e1nyzata, az Orosh\u00e1zi Polg\u00e1rmesteri Hivatal, tov\u00e1bb\u00e1 az \u00f6nkorm\u00e1nyzat \u00e1ltal ir\u00e1ny\u00edtott valamennyi k\u00f6lts\u00e9gvet\u00e9si int\u00e9zm\u00e9ny \u2013 az Orosh\u00e1za V\u00e1rosi \u00d6nkorm\u00e1nyzat Napk\u00f6ziotthonos \u00d3vod\u00e1ja, az Orosh\u00e1za V\u00e1ros \u00d6nkorm\u00e1nyzat Egys\u00e9ges Szoci\u00e1lis K\u00f6zpont, a Justh Zsigmond V\u00e1rosi K\u00f6nyvt\u00e1r, illetve a Nagy Gyula Ter\u00fcleti M\u00fazeum \u2212 (a tov\u00e1bbiakban egy\u00fctt: helyi \u00f6nkorm\u00e1nyzati szerv) egys\u00e9ges vissza\u00e9l\u00e9s-bejelent\u00e9si rendszert m\u0171k\u00f6dtet.<\/p>\n\n\n\n<p>A bels\u0151 vissza\u00e9l\u00e9s-bejelent\u00e9si rendszerben jogellenes vagy jogellenesnek felt\u00e9telezett cselekm\u00e9nyre vagy mulaszt\u00e1sra, illetve egy\u00e9b vissza\u00e9l\u00e9sre vonatkoz\u00f3 inform\u00e1ci\u00f3t lehet bejelenteni.<\/p>\n\n\n\n<p>A helyi \u00f6nkorm\u00e1nyzati szerv m\u0171k\u00f6d\u00e9s\u00e9vel kapcsolatban felmer\u00fcl\u0151 etikailag agg\u00e1lyos magatart\u00e1s a bels\u0151 vissza\u00e9l\u00e9s-bejelent\u00e9si rendszerben bejelenthet\u0151.<\/p>\n\n\n\n<p><strong>A bels\u0151 vissza\u00e9l\u00e9s-bejelent\u00e9si rendszerben bejelent\u00e9st az al\u00e1bbi szem\u00e9lyek tehetnek:<\/strong><\/p>\n\n\n\n<ul class=\"wp-block-list\">\n<li><strong>helyi \u00f6nkorm\u00e1nyzati szerv azon foglalkoztatottja:<\/strong>\n<ol class=\"wp-block-list\">\n<li>aki foglalkoztatotti jogviszonyban (ide\u00e9rtve a k\u00f6ztisztvisel\u0151i jogviszony, a munkaviszony, egy\u00e9b foglalkoztat\u00e1sra ir\u00e1nyul\u00f3 jogviszony, \u00f6nk\u00e9ntes, gyakornok) \u00e1ll, vagy<\/li>\n\n\n\n<li>akivel a foglalkoztatotti jogviszony l\u00e9tes\u00edt\u00e9s\u00e9re vonatkoz\u00f3 elj\u00e1r\u00e1s megkezd\u0151d\u00f6tt, vagy<\/li>\n\n\n\n<li>akinek a foglalkoztatotti jogviszonya m\u00e1r megsz\u0171nt,<\/li>\n<\/ol>\n<\/li>\n\n\n\n<li><strong>az az egy\u00e9ni v\u00e1llalkoz\u00f3, az egy\u00e9ni c\u00e9g:<\/strong>\n<ol class=\"wp-block-list\">\n<li>amellyel a helyi \u00f6nkorm\u00e1nyzati szerv szerz\u0151d\u00e9ses kapcsolatban \u00e1ll, vagy<\/li>\n\n\n\n<li>amellyel a szerz\u0151d\u00e9ses kapcsolat l\u00e9tes\u00edt\u00e9s\u00e9re vonatkoz\u00f3 elj\u00e1r\u00e1s megkezd\u0151d\u00f6tt, vagy<\/li>\n\n\n\n<li>amelynek a helyi \u00f6nkorm\u00e1nyzati szervvel val\u00f3 szerz\u0151d\u00e9ses kapcsolata m\u00e1r megsz\u0171nt.<\/li>\n<\/ol>\n<\/li>\n\n\n\n<li><strong>az a v\u00e1llalkoz\u00f3, alv\u00e1llalkoz\u00f3, besz\u00e1ll\u00edt\u00f3, illetve megb\u00edzott fel\u00fcgyelete \u00e9s ir\u00e1ny\u00edt\u00e1sa alatt \u00e1ll\u00f3 szem\u00e9ly:<\/strong>\n<ol class=\"wp-block-list\">\n<li>amellyel a helyi \u00f6nkorm\u00e1nyzati szerv szerz\u0151d\u00e9ses kapcsolatban \u00e1ll, vagy<\/li>\n\n\n\n<li>amellyel a szerz\u0151d\u00e9ses kapcsolat l\u00e9tes\u00edt\u00e9s\u00e9re vonatkoz\u00f3 elj\u00e1r\u00e1s megkezd\u0151d\u00f6tt, vagy<\/li>\n\n\n\n<li>amelynek a helyi \u00f6nkorm\u00e1nyzati szervvel val\u00f3 szerz\u0151d\u00e9ses kapcsolata m\u00e1r megsz\u0171nt.<\/li>\n<\/ol>\n<\/li>\n<\/ul>\n\n\n\n<p>A bejelent\u0151 a&nbsp;<strong>bejelent\u00e9st \u00edr\u00e1sban vagy sz\u00f3ban<\/strong>&nbsp;teheti meg. A sz\u00f3beli bejelent\u00e9st szem\u00e9lyesen lehet megtenni a bejelent\u0151 v\u00e9delmi felel\u0151sn\u00e9l el\u0151re egyeztetett id\u0151pontban. A helyi \u00f6nkorm\u00e1nyzati szerv a bejelent\u00e9s megk\u00f6nny\u00edt\u00e9se \u00e9rdek\u00e9ben honlapj\u00e1n bels\u0151 vissza\u00e9l\u00e9s-bejelent\u0151 nyomtatv\u00e1nyt tesz k\u00f6zz\u00e9.<\/p>\n\n\n\n<p><strong>A bejelent\u0151v\u00e9delmi felel\u0151s neve:<\/strong><\/p>\n\n\n\n<p>Hud\u00e1kn\u00e9 Domb\u00f3v\u00e1ri Orsolya<\/p>\n\n\n\n<p><strong>El\u00e9rhet\u0151s\u00e9ge:<\/strong><\/p>\n\n\n\n<ol start=\"6\" class=\"wp-block-list\">\n<li>Szem\u00e9lyesen\/sz\u00f3ban: Orosh\u00e1zi Polg\u00e1rmesteri Hivatal, 5900 Orosh\u00e1za, Szabads\u00e1g t\u00e9r 4-6.<\/li>\n\n\n\n<li>E-mail: visszaelesbejelentes@oroshaza.hu<\/li>\n\n\n\n<li>Postai \u00faton: a bejelent\u0151v\u00e9delmi felel\u0151snek c\u00edmezve, \u201esaj\u00e1t k\u00e9zbe\u201d megjel\u00f6l\u00e9ssel ell\u00e1tva az Orosh\u00e1zi Polg\u00e1rmesteri Hivatal 5900 Orosh\u00e1za, Szabads\u00e1g t\u00e9r 4-6. c\u00edmre megk\u00fcldve.<\/li>\n<\/ol>\n\n\n\n<p>A bejelent\u00e9s menet\u00e9r\u0151l, kivizsg\u00e1l\u00e1s lefolytat\u00e1s\u00e1r\u00f3l, illetve mell\u0151z\u00e9s\u00e9r\u0151l, az \u00fcgyint\u00e9z\u00e9si hat\u00e1rid\u0151kr\u0151l, az adatkezel\u00e9si szab\u00e1lyokr\u00f3l b\u0151vebb inform\u00e1ci\u00f3kat a kapcsol\u00f3d\u00f3 dokumentumok k\u00f6z\u00f6tt tal\u00e1l.<\/p>\n\n\n\n<p><strong>Felh\u00edvjuk figyelm\u00fcket, hogy rosszhiszem\u0171 bejelent\u00e9s eset\u00e9n b\u00fcntet\u0151 vagy polg\u00e1ri peres elj\u00e1r\u00e1s kezdem\u00e9nyezhet\u0151!<\/strong><\/p>\n\n\n\n<p><strong>Tov\u00e1bb\u00e1 felh\u00edvjuk figyelm\u00fcket, hogy \u00fcgyfelek, lakosok, \u00f6nkorm\u00e1nyzati szolg\u00e1ltat\u00e1st ig\u00e9nybevev\u0151k bejelent\u00e9seiket panasz vagy k\u00f6z\u00e9rdek\u0171 bejelent\u00e9s keret\u00e9ben tehetik meg!<\/strong><\/p>\n\n\n\n<p><strong>Kapcsol\u00f3d\u00f3 dokumentumok:<\/strong><\/p>\n\n\n\n<ul class=\"wp-block-list\">\n<li><a href=\"https:\/\/blog.justhvk.hu\/blog\/wp-content\/uploads\/2025\/11\/belso_kontrollrendszer_szabalyzat_konyvtar_2025.pdf\">Bels\u0151 vissza\u00e9l\u00e9s-bejelent\u00e9si rendszer m\u0171k\u00f6dtet\u00e9s\u00e9r\u0151l sz\u00f3l\u00f3 szab\u00e1lyzat<\/a><\/li>\n\n\n\n<li><a href=\"https:\/\/blog.justhvk.hu\/blog\/wp-content\/uploads\/2025\/11\/Belso-visszaeles-bejelento-nyomtatvany.pdf\">Bels\u0151 vissza\u00e9l\u00e9s-bejelent\u0151 nyomtatv\u00e1ny<\/a><\/li>\n\n\n\n<li><a href=\"https:\/\/oroshaza.hu\/adatkezelesi-tajekoztato\/\">Adatkezel\u00e9si T\u00e1j\u00e9koztat\u00f3 Orosh\u00e1za V\u00e1ros \u00d6nkorm\u00e1nyzata adatkezel\u0151 feladatell\u00e1t\u00e1sa sor\u00e1n folytatott adatkezel\u00e9si tev\u00e9kenys\u00e9geir\u0151l <\/a><\/li>\n<\/ul>\n\n\n\n<p><\/p>\n<div class=\"fcbkbttn_buttons_block\" id=\"fcbkbttn_left\"><div class=\"fcbkbttn_like \"><fb:like href=\"https:\/\/blog.justhvk.hu\/blog\/belso-visszaeles-bejelentesi-rendszer\/\" action=\"like\" colorscheme=\"light\" layout=\"button_count\"  size=\"small\"><\/fb:like><\/div><div class=\"fb-share-button  \" data-href=\"https:\/\/blog.justhvk.hu\/blog\/belso-visszaeles-bejelentesi-rendszer\/\" data-type=\"button_count\" data-size=\"small\"><\/div><\/div>","protected":false},"excerpt":{"rendered":"<p>\u00c1ltal\u00e1nos t\u00e1j\u00e9koztat\u00f3 a bels\u0151 vissza\u00e9l\u00e9s-bejelent\u00e9si rendszerr\u0151l Orosh\u00e1za V\u00e1ros \u00d6nkorm\u00e1nyzata, az Orosh\u00e1zi Polg\u00e1rmesteri Hivatal, tov\u00e1bb\u00e1 az \u00f6nkorm\u00e1nyzat \u00e1ltal ir\u00e1ny\u00edtott valamennyi k\u00f6lts\u00e9gvet\u00e9si int\u00e9zm\u00e9ny \u2013 az Orosh\u00e1za V\u00e1rosi \u00d6nkorm\u00e1nyzat Napk\u00f6ziotthonos \u00d3vod\u00e1ja, az Orosh\u00e1za V\u00e1ros \u00d6nkorm\u00e1nyzat Egys\u00e9ges Szoci\u00e1lis K\u00f6zpont, a Justh Zsigmond V\u00e1rosi K\u00f6nyvt\u00e1r, illetve a Nagy Gyula Ter\u00fcleti M\u00fazeum \u2212 (a tov\u00e1bbiakban egy\u00fctt: helyi \u00f6nkorm\u00e1nyzati szerv) egys\u00e9ges vissza\u00e9l\u00e9s-bejelent\u00e9si [&hellip;]<\/p>\n","protected":false},"author":5,"featured_media":0,"parent":0,"menu_order":0,"comment_status":"closed","ping_status":"closed","template":"","meta":{"episode_type":"","audio_file":"","cover_image":"","cover_image_id":"","duration":"","filesize":"","date_recorded":"","explicit":"","block":"","filesize_raw":"","ngg_post_thumbnail":0,"footnotes":""},"class_list":["post-45231","page","type-page","status-publish","hentry"],"_links":{"self":[{"href":"https:\/\/blog.justhvk.hu\/blog\/wp-json\/wp\/v2\/pages\/45231","targetHints":{"allow":["GET"]}}],"collection":[{"href":"https:\/\/blog.justhvk.hu\/blog\/wp-json\/wp\/v2\/pages"}],"about":[{"href":"https:\/\/blog.justhvk.hu\/blog\/wp-json\/wp\/v2\/types\/page"}],"author":[{"embeddable":true,"href":"https:\/\/blog.justhvk.hu\/blog\/wp-json\/wp\/v2\/users\/5"}],"replies":[{"embeddable":true,"href":"https:\/\/blog.justhvk.hu\/blog\/wp-json\/wp\/v2\/comments?post=45231"}],"version-history":[{"count":2,"href":"https:\/\/blog.justhvk.hu\/blog\/wp-json\/wp\/v2\/pages\/45231\/revisions"}],"predecessor-version":[{"id":45235,"href":"https:\/\/blog.justhvk.hu\/blog\/wp-json\/wp\/v2\/pages\/45231\/revisions\/45235"}],"wp:attachment":[{"href":"https:\/\/blog.justhvk.hu\/blog\/wp-json\/wp\/v2\/media?parent=45231"}],"curies":[{"name":"wp","href":"https:\/\/api.w.org\/{rel}","templated":true}]}}